{"id":98082,"date":"2016-10-25T18:04:24","date_gmt":"2016-10-25T18:04:24","guid":{"rendered":"http:\/\/www.filharmonikusok.hu\/?post_type=concerts&#038;p=98082"},"modified":"2017-02-15T13:51:55","modified_gmt":"2017-02-15T13:51:55","slug":"verdi-requiem","status":"publish","type":"concerts","link":"https:\/\/www.filharmonikusok.hu\/en\/koncertek\/verdi-requiem\/","title":{"rendered":"Verdi Requiem"},"content":{"rendered":"","protected":false},"template":"","class_list":["post-98082","concerts","type-concerts","status-publish","hentry"],"translation":{"provider":"WPGlobus","version":"3.0.2","language":"en","enabled_languages":["hu","en"],"languages":{"hu":{"title":true,"content":false,"excerpt":false},"en":{"title":true,"content":false,"excerpt":false}}},"acf":{"alcim":"conducted by Gergely Madaras","kiemelt_kep":{"ID":98914,"id":98914,"title":"nf_nemzetienekkar_2foto_nffelvegi-andrea","filename":"NF_Nemzeti\u00c9nekkar_2@foto_NFFelv\u00e9gi-Andrea.jpg","filesize":1071943,"url":"https:\/\/www.filharmonikusok.hu\/wp-content\/uploads\/2016\/10\/NF_Nemzeti\u00c9nekkar_2@foto_NFFelv\u00e9gi-Andrea.jpg","link":"https:\/\/www.filharmonikusok.hu\/en\/koncertek\/a-cappella-es-egyteteles-oratorikus-muvek-nyiregyhazan\/nf_nemzetienekkar_2foto_nffelvegi-andrea\/","alt":"","author":"1","description":"","caption":"","name":"nf_nemzetienekkar_2foto_nffelvegi-andrea","status":"inherit","uploaded_to":98340,"date":"2016-10-27 13:45:12","modified":"2016-10-27 14:24:30","menu_order":0,"mime_type":"image\/jpeg","type":"image","subtype":"jpeg","icon":"https:\/\/www.filharmonikusok.hu\/wp-includes\/images\/media\/default.png","width":3104,"height":1736,"sizes":{"thumbnail":"https:\/\/www.filharmonikusok.hu\/wp-content\/uploads\/2016\/10\/NF_Nemzeti\u00c9nekkar_2@foto_NFFelv\u00e9gi-Andrea-150x150.jpg","thumbnail-width":150,"thumbnail-height":150,"medium":"https:\/\/www.filharmonikusok.hu\/wp-content\/uploads\/2016\/10\/NF_Nemzeti\u00c9nekkar_2@foto_NFFelv\u00e9gi-Andrea-300x168.jpg","medium-width":300,"medium-height":168,"medium_large":"https:\/\/www.filharmonikusok.hu\/wp-content\/uploads\/2016\/10\/NF_Nemzeti\u00c9nekkar_2@foto_NFFelv\u00e9gi-Andrea-768x430.jpg","medium_large-width":640,"medium_large-height":358,"large":"https:\/\/www.filharmonikusok.hu\/wp-content\/uploads\/2016\/10\/NF_Nemzeti\u00c9nekkar_2@foto_NFFelv\u00e9gi-Andrea-1024x573.jpg","large-width":640,"large-height":358,"1536x1536":"https:\/\/www.filharmonikusok.hu\/wp-content\/uploads\/2016\/10\/NF_Nemzeti\u00c9nekkar_2@foto_NFFelv\u00e9gi-Andrea.jpg","1536x1536-width":1536,"1536x1536-height":859,"2048x2048":"https:\/\/www.filharmonikusok.hu\/wp-content\/uploads\/2016\/10\/NF_Nemzeti\u00c9nekkar_2@foto_NFFelv\u00e9gi-Andrea.jpg","2048x2048-width":2048,"2048x2048-height":1145,"person-size":"https:\/\/www.filharmonikusok.hu\/wp-content\/uploads\/2016\/10\/NF_Nemzeti\u00c9nekkar_2@foto_NFFelv\u00e9gi-Andrea-165x165.jpg","person-size-width":165,"person-size-height":165,"person-size-2":"https:\/\/www.filharmonikusok.hu\/wp-content\/uploads\/2016\/10\/NF_Nemzeti\u00c9nekkar_2@foto_NFFelv\u00e9gi-Andrea.jpg","person-size-2-width":165,"person-size-2-height":92,"album-size":"https:\/\/www.filharmonikusok.hu\/wp-content\/uploads\/2016\/10\/NF_Nemzeti\u00c9nekkar_2@foto_NFFelv\u00e9gi-Andrea-263x263.jpg","album-size-width":263,"album-size-height":263,"news-lead-size":"https:\/\/www.filharmonikusok.hu\/wp-content\/uploads\/2016\/10\/NF_Nemzeti\u00c9nekkar_2@foto_NFFelv\u00e9gi-Andrea-360x203.jpg","news-lead-size-width":360,"news-lead-size-height":203,"director-index-size":"https:\/\/www.filharmonikusok.hu\/wp-content\/uploads\/2016\/10\/NF_Nemzeti\u00c9nekkar_2@foto_NFFelv\u00e9gi-Andrea-359x450.jpg","director-index-size-width":359,"director-index-size-height":450,"person-lead-size":"https:\/\/www.filharmonikusok.hu\/wp-content\/uploads\/2016\/10\/NF_Nemzeti\u00c9nekkar_2@foto_NFFelv\u00e9gi-Andrea-555x555.jpg","person-lead-size-width":555,"person-lead-size-height":555,"slider-size":"https:\/\/www.filharmonikusok.hu\/wp-content\/uploads\/2016\/10\/NF_Nemzeti\u00c9nekkar_2@foto_NFFelv\u00e9gi-Andrea-1600x722.jpg","slider-size-width":1600,"slider-size-height":722}},"kiemelt_kep_en":null,"megjegyzes":"","esemeny_datum":"20170310","esemeny_idopontja":"19.00 - 21.00","sajat_program":false,"esemeny_tipusa":["koncertek"],"esemeny_helyszine":{"ID":87683,"post_author":"1","post_date":"2016-09-08 08:02:38","post_date_gmt":"2016-09-08 08:02:38","post_content":"","post_title":"{:hu}AGORA - M\u0171vel\u0151d\u00e9si \u00e9s Sporth\u00e1z{:}{:en}AGORA - M\u0171vel\u0151d\u00e9si \u00e9s Sporth\u00e1z{:}","post_excerpt":"","post_status":"publish","comment_status":"closed","ping_status":"closed","post_password":"","post_name":"agora-muvelodesi-es-sporthaz","to_ping":"","pinged":"","post_modified":"2016-09-08 08:02:38","post_modified_gmt":"2016-09-08 08:02:38","post_content_filtered":"","post_parent":0,"guid":"http:\/\/www.filharmonikusok.hu\/places\/agora-muvelodesi-es-sporthaz\/","menu_order":0,"post_type":"places","post_mime_type":"","comment_count":"0","filter":"raw","varos":"{:hu}Szombathely{:}{:en}Szombathely{:}","orszag":"{:hu}Magyarorsz\u00e1g{:}{:en}Hungary{:}","cim":"","megjegyzes":"","weboldal":""},"helyszin_kategoria":"videk","karmester":{"ID":87346,"post_author":"1","post_date":"2016-10-18 15:02:31","post_date_gmt":"2016-10-18 15:02:31","post_content":"{:hu}\u00c9vtizedek \u00f3ta nem \u00e9rt el olyan nagy sikert fiatal magyar karmester Nyugat-Eur\u00f3p\u00e1ban, mint Madaras Gergely. Nemzetk\u00f6zi karrierje nem Magyarorsz\u00e1gr\u00f3l, hanem a Besan\u00e7oni Karmesterversennyel indult, amelyen dobog\u00f3s helyen v\u00e9gzett. Az 1984-ben sz\u00fcletett, Junior Prima-d\u00edjas m\u0171v\u00e9sz 2013 \u00f3ta a Dijon Bourgogne Zenekar zeneigazgat\u00f3ja, 2014-t\u0151l pedig a Savaria Szimfonikus Zenekar vezet\u0151 karmestere. A 2015\u20132016-os \u00e9vadban a Deutsche Symphonie Orchester, az Olasz R\u00e1di\u00f3 Zenekara \u00e9s a BBC Szimfonikusok \u00e9l\u00e9n deb\u00fct\u00e1lt, m\u00edg a szint\u00e9n patin\u00e1s egy\u00fcttes, a M\u00fcncheni Kamarazenekarhoz m\u00e1r visszat\u00e9r\u0151 vend\u00e9gk\u00e9nt \u00e9rkezett. Fell\u00e9pett az Academy of Ancient Music egy\u00fcttessel, a Sk\u00f3t Kamarazenekarral, de az Egyes\u00fclt \u00c1llamokban, Ausztr\u00e1li\u00e1ban \u00e9s \u00daj-Z\u00e9landon is k\u00f6z\u00f6ns\u00e9g el\u00e9 \u00e1llt m\u00e1r. Az Angol Nemzeti Opera els\u0151 Charles Mackerras-\u00f6szt\u00f6nd\u00edjasak\u00e9nt k\u00e9t \u00e9v alatt sz\u00e1mos produkci\u00f3t vez\u00e9nyelt a vil\u00e1gh\u00edr\u0171 dalsz\u00ednh\u00e1zban. Nemcsak itt, hanem t\u00f6bb m\u00e1s v\u00e1rosban is dirig\u00e1lta A var\u00e1zsfuvol\u00e1t, emellett a budapesti operah\u00e1zban Figaro h\u00e1zass\u00e1g\u00e1t \u00e9s Verdi Otell\u00f3j\u00e1t vez\u00e9nyelte. Eur\u00f3pa sz\u00e1mos nagy hagyom\u00e1ny\u00fa zenekara \u00e9l\u00e9n \u00e1llt m\u00e1r, ahogyan a kort\u00e1rs zene ter\u00fclet\u00e9n is sz\u00edvesen nyilv\u00e1nul meg. A Lucerni Fesztiv\u00e1l akad\u00e9mi\u00e1j\u00e1n t\u00f6bb \u00e9ven kereszt\u00fcl dolgozott egy\u00fctt Pierre Boulezzel \u2013 annak asszisztensek\u00e9nt \u2013, E\u00f6tv\u00f6s P\u00e9terrel \u00e9s George Benjaminnel. Fuvolista m\u00falttal a h\u00e1ta m\u00f6g\u00f6tt B\u00e9csben v\u00e9gezte el a karmesterk\u00e9pz\u0151t, majd James Levine, Mark Elder, Herbert Blomstedt, David Zinman, Mariss Jansons \u00e9s Colin Davis ir\u00e1ny\u00edt\u00e1s\u00e1val t\u00f6k\u00e9letes\u00edtette tud\u00e1s\u00e1t olyan neves egy\u00fcttesekkel, mint az Amszterdami Concertgebouw Zenekara, a Londoni Szimfonikusok \u00e9s a Hall\u00e9 Zenekar.{:}{:en}In recent decades, few Hungarian conductors have been as successful in Western Europe as Gergely Madaras. His international career began at the Besan\u00e7on International Competition for Young Conductors where he received a prize. Born in 1984, the Junior Prima Award-winning maestro has been artistic director of the Dijon Bourgogne Orchestra since 2013 and principal conductor of the Savaria Syphony Orchestra since 2014. In the 2015\/2016 season he made his d\u00e9but at the helm of the Deutsche Symphonie Orchester, the RAI National Symphony Orchestra and the BBC Symphony Orchestra, and was a returning guest with the Munich Chamber Orchestra. He conducted the Academy of Ancient Music, the Scottish Chamber Orchestra, and appeared in the United States and New Zealand. As first recipient of the Charles Mackerras fellowship, he conducted numerous productions in the world-famous English National Opera. He has conducted many eminent European orchestras and has been involved in contemporary music projects. For many years, he worked as an assistant to Pierre Boulez at the Lucerne Festival Academy, as well as with P\u00e9ter E\u00f6tv\u00f6s and George Benjamin. Having trained as a flautist, he studied conducting in Vienna and went on to study with maestros including James Levine, Mark Elder, Herbert Blomstedt, David Zinman, Mariss Jansons and Colin Davis, with renowned orchestras such as the Amsterdam Concertgebouw Orchestra, the London Symphony Orchestra and the Hall\u00e9 Orchestra.\r\n\r\n&nbsp;{:}","post_title":"{:hu}Madaras Gergely{:}{:en}Gergely Madaras{:}","post_excerpt":"","post_status":"publish","comment_status":"closed","ping_status":"closed","post_password":"","post_name":"madaras-gergely","to_ping":"","pinged":"","post_modified":"2017-02-14 13:16:43","post_modified_gmt":"2017-02-14 13:16:43","post_content_filtered":"","post_parent":0,"guid":"http:\/\/www.filharmonikusok.hu\/?post_type=artists&#038;p=87346","menu_order":0,"post_type":"artists","post_mime_type":"","comment_count":"0","filter":"raw"},"hazigazda":null,"muvek":[{"ID":91039,"post_author":"1","post_date":"2016-09-08 08:57:47","post_date_gmt":"2016-09-08 08:57:47","post_content":"{:hu}Ahogy Hans von B\u00fclow egykor megjegyezte: a <em>Requiem<\/em> \u201e<strong><em>Verdi<\/em><\/strong><em> \u00fajabb oper\u00e1ja, ez\u00fattal egyh\u00e1zi k\u00f6nt\u00f6sben\u201d.<\/em> Nem vitathat\u00f3 a m\u0171 sz\u00ednpadiass\u00e1ga, a kifejez\u00e9sm\u00f3d dr\u00e1mai jellege \u2013 de ez a m\u0171 er\u00e9nye is. Az id\u0151s\u00f6d\u0151 mester a liturgikus sz\u00f6veg megzen\u00e9s\u00edt\u00e9sekor sem tagadta meg \u00f6nmag\u00e1t: b\u00e1mulatosan hat\u00e1sos, dr\u00e1mai t\u00e9teleket alkotott. A m\u0171 \u00e9lvonalbeli \u00e9nekesg\u00e1rda k\u00f6zrem\u0171k\u00f6d\u00e9s\u00e9vel, a <strong>Nemzeti Filharmonikusok<\/strong> el\u0151ad\u00e1s\u00e1ban hangzik fel, a toki\u00f3i <strong>Musashino K\u00f3rus<\/strong> karigazgat\u00f3ja egyben a koncert karmestere, a magyar k\u00f6z\u00f6ns\u00e9g legend\u00e1s kedvence, <strong>Kobayashi Ken-Ichiro.<\/strong>\r\n\r\nVerdit Rossini hal\u00e1la, 1868 \u00f3ta foglalkoztatta a halotti mise megzen\u00e9s\u00edt\u00e9s\u00e9nek terve. El\u0151sz\u00f6r \u00fagy gondolta, olyan nagyszab\u00e1s\u00fa m\u0171vet kellene alkotni, amelynek minden t\u00e9tel\u00e9t m\u00e1s olasz komponista \u00edrja. A terv kudarcba fulladt \u2013 Verdi azonban megkompon\u00e1lta a maga r\u00e9sz\u00e9t, a <em>Libera me-<\/em>t, s\u0151t amikor kider\u00fclt, hogy a <em>Dies irae<\/em>-re sem akad id\u0151ben v\u00e1llalkoz\u00f3, annak v\u00e1zlataiba is belefogott. K\u00e9t \u00e9vvel k\u00e9s\u0151bb hozz\u00e1l\u00e1tott, hogy a t\u00f6bbi t\u00e9telt is kidolgozza. Felgyors\u00edtotta a munk\u00e1t Alessandro Manzoninak, az it\u00e1liai irodalom kiemelked\u0151 alakj\u00e1nak hal\u00e1la (1873). A zeneszerz\u0151 most m\u00e1r kifejezetten Manzoni eml\u00e9k\u00e9nek sz\u00e1nta m\u0171v\u00e9t, amely 1874. m\u00e1jus 22-\u00e9n hangzott el el\u0151sz\u00f6r: a mil\u00e1n\u00f3i San Marco sz\u00e9kesegyh\u00e1zban. Az el\u0151ad\u00e1s hatalmas sikert aratott \u2013 s a <em>Requiem<\/em> az\u00f3ta is t\u00f6retlen\u00fcl n\u00e9pszer\u0171 az eg\u00e9sz vil\u00e1gon. A m\u0171re mindv\u00e9gig jellemz\u0151 az operai dallamoss\u00e1g, a hangszerel\u00e9s p\u00e1ratlan sz\u00edngazdags\u00e1ga, az \u00e9rzelmekben \u00e9s indulatokban b\u0151velked\u0151 kifejez\u00e9sm\u00f3d, a l\u00e1ttat\u00f3 szuggesztivit\u00e1s\u00fa \u00e1br\u00e1zol\u00e1s \u00e9s a rendk\u00edv\u00fcli erej\u0171 kontrasztok alkalmaz\u00e1sa.{:}{:en}<p style=\"text-align: justify;\">The plan for a requiem mass began to occupy Verdi following the death of his fellow Italian composer, Rossini in 1868. Initially, he felt a large scale work should be composed with each individual movement being written by a different Italian composer. It was to have been performed on the first anniversary of Rossini's death, and then later on at major anniversaries, but never at mundane concerts. After much dragging of heels all round, the plan finally failed. Verdi himself did compose his own allotted movement, the Libera me. When it transpired that no one would undertake to write the Dies Irae, Verdi sat down to sketch one. Two years later, a music critic friend (in the days when music critics were actually occasionally useful!) persuaded Verdi to work out the other movements. The process was accelerated by the death in 1873 of Verdi's good friend, Alessandro Manzoni, who was one of the leading figures of literature and the Italian Risorgimento. The composer decided to complete the work in Manzoni's memory and it was premiered on May 22nd 1874 at the San Marco cathedral. The performance was an immense success - and the Requiem has maintained its popularity ever since.<\/p>\r\n<p style=\"text-align: justify;\">As Hans von B\u00fclow rather maliciously noted that the Requiem \"is Verdi's latest opera, this time in ecclesiastical robes.\" There is no disputing the work's theatricality. The ageing master, who after completing Aida had decided to abandon the opera genre for a while, could not hide his true colours when setting the sacred text. The end result is extraordinarily powerful and dramatic.<\/p>\r\n<p style=\"text-align: justify;\">In the first larger unit, the Introitus that begins with the words \"Requiem aeternam\", and also in the Kyrie, it is dark textures that prevail. The composition commences with the whispering chorus and deep strings. Although the music climaxes, at the end of the Kyrie it again dies away into a hushed piano dynamic.<\/p>\r\n<p style=\"text-align: justify;\">The beginning of the Dies irae makes for an unbelievably powerful contrast. Verdi pulls out all the stops to create a musical evocation of the final judgement, with the opening chords sounding like nails being driven into coffins, followed by the tense chromatic melody and the powerful use of the brass instruments. As with most composers of Requiem masses, Verdi unfolds the long sequence of the 13th century verses into individual self-contained movements. The Tuba mirum is introduced by trumpets in the orchestra and by others placed some distance away. The words of the chorus who enter shortly, seem to get lost in the huge panic of the brass instruments. After the evocation of the final judgement, the movement dies away to pianissimo, and the bass soloist sings in an ever more faltering voice that on this day, Death itself was also astonished. The next movement, the Liber scriptus is a mezzo-soprano aria, which Verdi connects to a brief quotation from motifs found in the Dies irae. A trio follows, with a mood of supplication (Quid sum miser) before the entire ensemble is employed (in another dramatic contrast) with Rex tremendae. The Recordare is a duet between soprano and mezzo-soprano, Ingemisco is a tenor aria, while Confutatis is an aria for bass. At the end of this latter, Verdi again evokes the beginning of the Dies irae. This leads to the final unit of the sequentia-text, with the broad lamenting melody of the Lacrymosa.<\/p>\r\n<p style=\"text-align: justify;\">The Offertorium is a symmetrical structure in five parts (A-B-C-B-A), with a particularly lengthy central section, the melody of which (sung by the tenor) is slightly reminiscent of the Gregorian world.<\/p>\r\n<p style=\"text-align: justify;\">At the beginning of the Sanctus, the brass instruments dominate. After the trombone fanfare, the chorus launches into a double fugue. The Agnus Dei is a kind of variation movement, again with a Gregorian like basic theme, heard in major and minor variants. The mezzo, tenor and bass sing the Lux aeterna as a trio - the fourth soloist, the soprano receives the lead role of the Libera me. Although - as we have already mentioned - this was the first movement to be completed, important musical material from the Dies irae and Introitus can be found in it. There is a continuing dispute among musicologists whether Verdi added these details subsequently, or that they were originally present and gave birth and inspiration to the movements that followed.<\/p>{:}","post_title":"{:hu}Requiem{:}{:en}Requiem{:}","post_excerpt":"","post_status":"publish","comment_status":"closed","ping_status":"closed","post_password":"","post_name":"requiem-2","to_ping":"","pinged":"","post_modified":"2019-12-11 11:00:30","post_modified_gmt":"2019-12-11 11:00:30","post_content_filtered":"","post_parent":0,"guid":"http:\/\/www.filharmonikusok.hu\/muvek\/requiem-2\/","menu_order":0,"post_type":"muvek","post_mime_type":"","comment_count":"0","filter":"raw","szerzo":[]}],"muvekrol_reszletesen":null,"kozr_szemelyek":[],"muveszekrol_reszletesen":null,"kozr_szemelyek_feluldefinialasa":"<p>Bibiana Nwobilo <em>szopr\u00e1n<\/em><\/p>\n<p>N\u00e9meth Judit <em>alt<\/em><\/p>\n<p>Horv\u00e1th Istv\u00e1n <em>tenor<\/em><\/p>\n<p>Palerdi Andr\u00e1s<em> basszus<\/em><\/p>\n<p>&nbsp;<\/p>\n","kozr_intezmenyek":[{"ID":87528,"post_author":"1","post_date":"2016-09-08 07:58:45","post_date_gmt":"2016-09-08 07:58:45","post_content":"{:hu}<img class=\"alignnone size-medium wp-image-115522\" src=\"https:\/\/www.filharmonikusok.hu\/wp-content\/uploads\/2017\/10\/MNF_Mupa_Evad-egyuttese_2019_20_foto_Csibi-Szilvia11_555x555-300x300.jpg\" alt=\"\" width=\"300\" height=\"300\" \/>A Nemzeti \u00c9nekkar 1985-ben alakult \u00c1llami \u00c9nekkar n\u00e9ven, 2016. janu\u00e1r 1-t\u0151l vezet\u0151 karnagya Somos Csaba. Az \u00e9nekkar Magyarorsz\u00e1g egyik vezet\u0151 hivat\u00e1sos k\u00f3rusa, amelynek profilja a zenekar-k\u00eds\u00e9retes kompoz\u00edci\u00f3k, orat\u00f3riumok, valamint a cappella m\u0171vek el\u0151ad\u00e1sa. Reperto\u00e1rja ennek megfelel\u0151en rendk\u00edv\u00fcl gazdag, a kora barokk Sch\u00fctz alkot\u00e1sait\u00f3l Bach, a b\u00e9csi klasszikusok \u00e9s a 19. sz\u00e1zad zeneszerz\u0151inek kompoz\u00edci\u00f3in kereszt\u00fcl a 20. sz\u00e1zad \u00e9s a kort\u00e1rs zen\u00e9ig minden ir\u00e1nyba nyitott, m\u0171faji hat\u00e1rok n\u00e9lk\u00fcl, de a ritk\u00e1n m\u0171sorra ker\u00fcl\u0151 alkot\u00e1sok megsz\u00f3laltat\u00e1s\u00e1ban is elk\u00f6telezett. A reperto\u00e1rj\u00e1n hangs\u00falyosan jelen lev\u0151 19. sz\u00e1zadi orat\u00f3riumok mellett az egy\u00fcttes kiemelt fontoss\u00e1got tulajdon\u00edt a kort\u00e1rs m\u0171vek el\u0151ad\u00e1s\u00e1nak, sz\u00e1mos m\u0171 \u0151sbemutat\u00f3ja, illetve magyarorsz\u00e1gi bemutat\u00f3ja f\u0171z\u0151dik a nev\u00e9hez.\r\n\r\nA k\u00f3rus visszat\u00e9r\u0151 k\u00f6zrem\u0171k\u00f6d\u0151je a Nemzeti Filharmonikusok martonv\u00e1s\u00e1ri ny\u00e1ri Beethoven-sorozat\u00e1nak, kiemelked\u0151 szerepl\u0151je a zenekar csal\u00e1di matin\u00e9 koncertsorozat\u00e1nak, valamint a Kocsis Zolt\u00e1n m\u0171v\u00e9szeti vezet\u00e9s\u00e9vel 2006 \u00f3ta fel\u00e9p\u00fcl\u0151 Bart\u00f3k \u00daj Sorozatnak. A Nemzeti Filharmonikusok Richard Strauss oper\u00e1it bemutat\u00f3 nagy siker\u0171 sz\u00e9ri\u00e1j\u00e1ban \u00e9s Schoenberg M\u00f3zes \u00e9s \u00c1ron c\u00edm\u0171 oper\u00e1j\u00e1ban, az \u00e9nekkar mellett t\u00f6bb tagja sz\u00f3listak\u00e9nt is fell\u00e9pett. Az \u00e9nekkar a hazai koncertek mellett nemzetk\u00f6zi felk\u00e9r\u00e9seknek is eleget tesz, rendszeresen koncertezik a magyarok \u00e1ltal is lakott hat\u00e1ront\u00fali telep\u00fcl\u00e9seken. A Nemzeti \u00c9nekkar a M\u00fcp\u00e1ban megrendezett nagyszab\u00e1s\u00fa Wagner-napok rendszeresen megh\u00edvott k\u00f6zrem\u0171k\u00f6d\u0151je.{:}{:en}<img class=\"alignnone size-medium wp-image-115522\" src=\"https:\/\/www.filharmonikusok.hu\/wp-content\/uploads\/2017\/10\/MNF_Mupa_Evad-egyuttese_2019_20_foto_Csibi-Szilvia11_555x555-300x300.jpg\" alt=\"\" width=\"300\" height=\"300\" \/>\r\n\r\nThe Hungarian National Choir (originally called State Choir) was founded in 1985. Between 1990 and 2016 it was headed by M\u00e1ty\u00e1s Antal, who was succeeded by Csaba Somos on 1 January 2016. The choir is one of Hungary\u2019s leading professional choirs. It boasts a rich repertoire chiefly consisting of orchestra-accompanied and a capella choral music, as well as oratorios, ranging from works by the early-Baroque Sch\u00fctz to Bach, Viennese Classical, 19<sup>th<\/sup> and 20<sup>th<\/sup>-century composers, and contemporary music. The Hungarian National Choir is open to every genre and is dedicated to performing rarely heard works. While the backbone of the repertoire consists of 19<sup>th<\/sup>-century oratorios, the Hungarian National Choir attaches great importance to performing contemporary music. Numerous world and national premi\u00e8res are linked with its name.\r\n\r\nThey are\u00a0 returning guests at the Hungarian National Philharmonic Orchestra\u2019s summer Beethoven series in Martonv\u00e1s\u00e1r. It regularly appears in the Orchestra\u2019s family matin\u00e9e concerts, as well as the <em>Bart\u00f3k New Series<\/em>, launched in 2006. The successful performance of Richard Strauss\u2019s operas and Schoenberg\u2019s <em>Moses and Aron<\/em> has involved the National Choir and many of its soloists. In addition to concerts at home, the choir performs extensively abroad and regularly gives concerts in minority Hungarian areas across the border. The Hungarian National Choir is a regular participant of large-scale events at the Palace of Art, such as the Wagner Days.{:}","post_title":"{:hu}Nemzeti \u00c9nekkar (karigazgat\u00f3: Somos Csaba){:}{:en}Hungarian National Choir (choirmaster: Csaba Somos){:}","post_excerpt":"","post_status":"publish","comment_status":"closed","ping_status":"closed","post_password":"","post_name":"nemzeti-enekkar-karigazgato-somos-csaba","to_ping":"","pinged":"","post_modified":"2020-07-22 10:07:10","post_modified_gmt":"2020-07-22 10:07:10","post_content_filtered":"","post_parent":0,"guid":"http:\/\/www.filharmonikusok.hu\/institutions\/nemzeti-enekkar-karigazgato-somos-csaba\/","menu_order":0,"post_type":"institutions","post_mime_type":"","comment_count":"0","filter":"raw"},{"ID":87521,"post_author":"1","post_date":"2016-09-08 07:58:45","post_date_gmt":"2016-09-08 07:58:45","post_content":"{:hu}{:}{:en}{:}","post_title":"{:hu}Savaria Szimfonikus Zenekar{:}{:en}Savaria Symphony Orchestra{:}","post_excerpt":"","post_status":"publish","comment_status":"closed","ping_status":"closed","post_password":"","post_name":"savaria-szimfonikus-zenekar","to_ping":"","pinged":"","post_modified":"2016-09-08 07:58:45","post_modified_gmt":"2016-09-08 07:58:45","post_content_filtered":"","post_parent":0,"guid":"http:\/\/www.filharmonikusok.hu\/institutions\/savaria-szimfonikus-zenekar\/","menu_order":0,"post_type":"institutions","post_mime_type":"","comment_count":"0","filter":"raw"}],"gombtipus":"link","jegyarak":"","jegyvasarlas_gomb":"","elkeltek_a_jegyek":false,"youtube_id":"","old_id":"","hivatkozas_gomb_szovege":"Tov\u00e1bb","hivatkozas_gomg_url-je":"http:\/\/www.sso.hu\/events\/szent-marton-berlet-3-eloadas-2\/"},"publishpress_future_workflow_manual_trigger":{"enabledWorkflows":[]},"_links":{"self":[{"href":"https:\/\/www.filharmonikusok.hu\/en\/wp-json\/wp\/v2\/concerts\/98082","targetHints":{"allow":["GET"]}}],"collection":[{"href":"https:\/\/www.filharmonikusok.hu\/en\/wp-json\/wp\/v2\/concerts"}],"about":[{"href":"https:\/\/www.filharmonikusok.hu\/en\/wp-json\/wp\/v2\/types\/concerts"}],"wp:attachment":[{"href":"https:\/\/www.filharmonikusok.hu\/en\/wp-json\/wp\/v2\/media?parent=98082"}],"curies":[{"name":"wp","href":"https:\/\/api.w.org\/{rel}","templated":true}]}}