{"id":96761,"date":"2016-10-04T13:51:59","date_gmt":"2016-10-04T13:51:59","guid":{"rendered":"http:\/\/www.filharmonikusok.hu\/?post_type=concerts&#038;p=96761"},"modified":"2016-10-26T09:03:56","modified_gmt":"2016-10-26T09:03:56","slug":"vendegunk-krzysztof-penderecki-3-1","status":"publish","type":"concerts","link":"https:\/\/www.filharmonikusok.hu\/en\/koncertek\/vendegunk-krzysztof-penderecki-3-1\/","title":{"rendered":"Our guest is Krzysztof Penderecki &#8211; 3.1"},"content":{"rendered":"<p>This choral symphony, which Penderecki composed to commemorate the third millennium of Jerusalem, had its premiere in Israel in 1997. The libretto, which comprises extracts from psalms and the Books of Ezekiel, Isaiah, Daniel and Jeremiah, inspired the composer to a monumental work, which employs three choruses, a narrator and solo singers, and which is often compared to Mahler\u2019s Symphony No. 8.<\/p>\n<div class=\"concertlistleiras\">\n<p>Penderecki earned fame in the early 1960s with works that relied on radically new, unusual sounds, elicited from string instruments in unconventional ways. It soon became evident, however, that the composer did not consider stylistic extremes an end in itself, and was far more attracted to a new synthesis of avant-garde means and the tradition \u2013 it being a deep tradition composers had already forgotten about by the middle of the 20th century.<\/p>\n<p>From the late 1970s, Penderecki turned to late Romantic models with great gusto, altering them and conjoining them with the achievements of 20th-century music, presenting the old expressivity in a new, individual form.<\/p>\n<\/div>\n","protected":false},"template":"","class_list":["post-96761","concerts","type-concerts","status-publish","hentry"],"translation":{"provider":"WPGlobus","version":"3.0.2","language":"en","enabled_languages":["hu","en"],"languages":{"hu":{"title":true,"content":true,"excerpt":false},"en":{"title":true,"content":true,"excerpt":false}}},"acf":{"alcim":"CAFe Budapest Kort\u00e1rs M\u0171v\u00e9szeti Fesztiv\u00e1l","kiemelt_kep":{"ID":96765,"id":96765,"title":"cafe_budapest_2016_logo_hu_cmyk","filename":"cafe_budapest_2016_logo_hu_cmyk.jpg","filesize":538073,"url":"https:\/\/www.filharmonikusok.hu\/wp-content\/uploads\/2016\/10\/cafe_budapest_2016_logo_hu_cmyk.jpg","link":"https:\/\/www.filharmonikusok.hu\/en\/koncertek\/vendegunk-krzysztof-penderecki-3-1\/cafe_budapest_2016_logo_hu_cmyk-2\/","alt":"","author":"3","description":"","caption":"","name":"cafe_budapest_2016_logo_hu_cmyk-2","status":"inherit","uploaded_to":96761,"date":"2016-10-04 14:06:46","modified":"2016-10-19 08:45:20","menu_order":0,"mime_type":"image\/jpeg","type":"image","subtype":"jpeg","icon":"https:\/\/www.filharmonikusok.hu\/wp-includes\/images\/media\/default.png","width":3508,"height":2480,"sizes":{"thumbnail":"https:\/\/www.filharmonikusok.hu\/wp-content\/uploads\/2016\/10\/cafe_budapest_2016_logo_hu_cmyk-150x150.jpg","thumbnail-width":150,"thumbnail-height":150,"medium":"https:\/\/www.filharmonikusok.hu\/wp-content\/uploads\/2016\/10\/cafe_budapest_2016_logo_hu_cmyk-300x212.jpg","medium-width":300,"medium-height":212,"medium_large":"https:\/\/www.filharmonikusok.hu\/wp-content\/uploads\/2016\/10\/cafe_budapest_2016_logo_hu_cmyk-768x543.jpg","medium_large-width":640,"medium_large-height":453,"large":"https:\/\/www.filharmonikusok.hu\/wp-content\/uploads\/2016\/10\/cafe_budapest_2016_logo_hu_cmyk-1024x724.jpg","large-width":640,"large-height":453,"1536x1536":"https:\/\/www.filharmonikusok.hu\/wp-content\/uploads\/2016\/10\/cafe_budapest_2016_logo_hu_cmyk.jpg","1536x1536-width":1536,"1536x1536-height":1086,"2048x2048":"https:\/\/www.filharmonikusok.hu\/wp-content\/uploads\/2016\/10\/cafe_budapest_2016_logo_hu_cmyk.jpg","2048x2048-width":2048,"2048x2048-height":1448,"person-size":"https:\/\/www.filharmonikusok.hu\/wp-content\/uploads\/2016\/10\/cafe_budapest_2016_logo_hu_cmyk-165x165.jpg","person-size-width":165,"person-size-height":165,"person-size-2":"https:\/\/www.filharmonikusok.hu\/wp-content\/uploads\/2016\/10\/cafe_budapest_2016_logo_hu_cmyk.jpg","person-size-2-width":165,"person-size-2-height":117,"album-size":"https:\/\/www.filharmonikusok.hu\/wp-content\/uploads\/2016\/10\/cafe_budapest_2016_logo_hu_cmyk-263x263.jpg","album-size-width":263,"album-size-height":263,"news-lead-size":"https:\/\/www.filharmonikusok.hu\/wp-content\/uploads\/2016\/10\/cafe_budapest_2016_logo_hu_cmyk-360x203.jpg","news-lead-size-width":360,"news-lead-size-height":203,"director-index-size":"https:\/\/www.filharmonikusok.hu\/wp-content\/uploads\/2016\/10\/cafe_budapest_2016_logo_hu_cmyk-359x450.jpg","director-index-size-width":359,"director-index-size-height":450,"person-lead-size":"https:\/\/www.filharmonikusok.hu\/wp-content\/uploads\/2016\/10\/cafe_budapest_2016_logo_hu_cmyk-555x555.jpg","person-lead-size-width":555,"person-lead-size-height":555,"slider-size":"https:\/\/www.filharmonikusok.hu\/wp-content\/uploads\/2016\/10\/cafe_budapest_2016_logo_hu_cmyk-1600x722.jpg","slider-size-width":1600,"slider-size-height":722}},"megjegyzes":"","esemeny_datum":"20161012","esemeny_idopontja":"19.30 - 21.30","sajat_program":false,"esemeny_tipusa":["koncertek"],"esemeny_helyszine":{"ID":87689,"post_author":"1","post_date":"2016-09-08 08:02:38","post_date_gmt":"2016-09-08 08:02:38","post_content":"","post_title":"{:hu}M\u00fcpa - Bart\u00f3k B\u00e9la Nemzeti Hangversenyterem{:}{:en}M\u00fcpa - B\u00e9la Bart\u00f3k National Concert Hall{:}","post_excerpt":"","post_status":"publish","comment_status":"closed","ping_status":"closed","post_password":"","post_name":"mupa-bartok-bela-nemzeti-hangversenyterem","to_ping":"","pinged":"","post_modified":"2016-09-08 08:02:38","post_modified_gmt":"2016-09-08 08:02:38","post_content_filtered":"","post_parent":0,"guid":"http:\/\/www.filharmonikusok.hu\/places\/mupa-bartok-bela-nemzeti-hangversenyterem\/","menu_order":0,"post_type":"places","post_mime_type":"","comment_count":"0","filter":"raw","varos":"{:hu}Budapest{:}{:en}Budapest{:}","orszag":"{:hu}Magyarorsz\u00e1g{:}{:en}Magyarorsz\u00e1g{:}","cim":"<p>1095 Budapest, Komor Marcell u. 1.<\/p>","megjegyzes":"","weboldal":"http:\/\/www.muveszetekpalotaja.hu"},"helyszin_kategoria":"budapest","karmester":{"ID":86080,"post_author":"1","post_date":"2016-10-17 14:54:43","post_date_gmt":"2016-10-17 14:54:43","post_content":"","post_title":"{:hu}Krzysztof Penderecki{:}{:en}Krzysztof Penderecki{:}","post_excerpt":"","post_status":"publish","comment_status":"closed","ping_status":"closed","post_password":"","post_name":"krzysztof-penderecki","to_ping":"","pinged":"","post_modified":"2016-10-17 14:54:43","post_modified_gmt":"2016-10-17 14:54:43","post_content_filtered":"","post_parent":0,"guid":"http:\/\/www.filharmonikusok.hu\/?post_type=artists&#038;p=86080","menu_order":0,"post_type":"artists","post_mime_type":"","comment_count":"0","filter":"raw"},"hazigazda":null,"muvek":[{"ID":91918,"post_author":"1","post_date":"2016-09-08 08:57:59","post_date_gmt":"2016-09-08 08:57:59","post_content":"","post_title":"{:hu}VII. szimf\u00f3nia \"Jeruzs\u00e1lem h\u00e9t kapuja\"{:}{:en}Symphony No. 7 \"Seven Gates of Jerusalem\"{:}","post_excerpt":"","post_status":"publish","comment_status":"closed","ping_status":"closed","post_password":"","post_name":"vii-szimfonia-jeruzsalem-het-kapuja","to_ping":"","pinged":"","post_modified":"2016-10-04 14:18:29","post_modified_gmt":"2016-10-04 14:18:29","post_content_filtered":"","post_parent":0,"guid":"http:\/\/www.filharmonikusok.hu\/muvek\/vii-szimfonia-jeruzsalem-het-kapuja\/","menu_order":0,"post_type":"muvek","post_mime_type":"","comment_count":"0","filter":"raw","szerzo":["Penderecki"]}],"kozr_szemelyek":[],"kozr_intezmenyek":[{"ID":87497,"post_author":"1","post_date":"2016-09-08 07:58:45","post_date_gmt":"2016-09-08 07:58:45","post_content":"","post_title":"{:hu}A Magyar R\u00e1di\u00f3 \u00c9nekkara (karigazgat\u00f3: Pad Zolt\u00e1n){:}{:en}Hungarian Radio Choir{:}","post_excerpt":"","post_status":"publish","comment_status":"closed","ping_status":"closed","post_password":"","post_name":"a-magyar-radio-enekkara","to_ping":"","pinged":"","post_modified":"2016-12-05 09:06:42","post_modified_gmt":"2016-12-05 09:06:42","post_content_filtered":"","post_parent":0,"guid":"http:\/\/www.filharmonikusok.hu\/institutions\/a-magyar-radio-enekkara\/","menu_order":0,"post_type":"institutions","post_mime_type":"","comment_count":"0","filter":"raw"},{"ID":87528,"post_author":"1","post_date":"2016-09-08 07:58:45","post_date_gmt":"2016-09-08 07:58:45","post_content":"{:hu}<img class=\"alignnone size-medium wp-image-115522\" src=\"https:\/\/www.filharmonikusok.hu\/wp-content\/uploads\/2017\/10\/MNF_Mupa_Evad-egyuttese_2019_20_foto_Csibi-Szilvia11_555x555-300x300.jpg\" alt=\"\" width=\"300\" height=\"300\" \/>A Nemzeti \u00c9nekkar 1985-ben alakult \u00c1llami \u00c9nekkar n\u00e9ven, 2016. janu\u00e1r 1-t\u0151l vezet\u0151 karnagya Somos Csaba. Az \u00e9nekkar Magyarorsz\u00e1g egyik vezet\u0151 hivat\u00e1sos k\u00f3rusa, amelynek profilja a zenekar-k\u00eds\u00e9retes kompoz\u00edci\u00f3k, orat\u00f3riumok, valamint a cappella m\u0171vek el\u0151ad\u00e1sa. Reperto\u00e1rja ennek megfelel\u0151en rendk\u00edv\u00fcl gazdag, a kora barokk Sch\u00fctz alkot\u00e1sait\u00f3l Bach, a b\u00e9csi klasszikusok \u00e9s a 19. sz\u00e1zad zeneszerz\u0151inek kompoz\u00edci\u00f3in kereszt\u00fcl a 20. sz\u00e1zad \u00e9s a kort\u00e1rs zen\u00e9ig minden ir\u00e1nyba nyitott, m\u0171faji hat\u00e1rok n\u00e9lk\u00fcl, de a ritk\u00e1n m\u0171sorra ker\u00fcl\u0151 alkot\u00e1sok megsz\u00f3laltat\u00e1s\u00e1ban is elk\u00f6telezett. A reperto\u00e1rj\u00e1n hangs\u00falyosan jelen lev\u0151 19. sz\u00e1zadi orat\u00f3riumok mellett az egy\u00fcttes kiemelt fontoss\u00e1got tulajdon\u00edt a kort\u00e1rs m\u0171vek el\u0151ad\u00e1s\u00e1nak, sz\u00e1mos m\u0171 \u0151sbemutat\u00f3ja, illetve magyarorsz\u00e1gi bemutat\u00f3ja f\u0171z\u0151dik a nev\u00e9hez.\r\n\r\nA k\u00f3rus visszat\u00e9r\u0151 k\u00f6zrem\u0171k\u00f6d\u0151je a Nemzeti Filharmonikusok martonv\u00e1s\u00e1ri ny\u00e1ri Beethoven-sorozat\u00e1nak, kiemelked\u0151 szerepl\u0151je a zenekar csal\u00e1di matin\u00e9 koncertsorozat\u00e1nak, valamint a Kocsis Zolt\u00e1n m\u0171v\u00e9szeti vezet\u00e9s\u00e9vel 2006 \u00f3ta fel\u00e9p\u00fcl\u0151 Bart\u00f3k \u00daj Sorozatnak. A Nemzeti Filharmonikusok Richard Strauss oper\u00e1it bemutat\u00f3 nagy siker\u0171 sz\u00e9ri\u00e1j\u00e1ban \u00e9s Schoenberg M\u00f3zes \u00e9s \u00c1ron c\u00edm\u0171 oper\u00e1j\u00e1ban, az \u00e9nekkar mellett t\u00f6bb tagja sz\u00f3listak\u00e9nt is fell\u00e9pett. Az \u00e9nekkar a hazai koncertek mellett nemzetk\u00f6zi felk\u00e9r\u00e9seknek is eleget tesz, rendszeresen koncertezik a magyarok \u00e1ltal is lakott hat\u00e1ront\u00fali telep\u00fcl\u00e9seken. A Nemzeti \u00c9nekkar a M\u00fcp\u00e1ban megrendezett nagyszab\u00e1s\u00fa Wagner-napok rendszeresen megh\u00edvott k\u00f6zrem\u0171k\u00f6d\u0151je.{:}{:en}<img class=\"alignnone size-medium wp-image-115522\" src=\"https:\/\/www.filharmonikusok.hu\/wp-content\/uploads\/2017\/10\/MNF_Mupa_Evad-egyuttese_2019_20_foto_Csibi-Szilvia11_555x555-300x300.jpg\" alt=\"\" width=\"300\" height=\"300\" \/>\r\n\r\nThe Hungarian National Choir (originally called State Choir) was founded in 1985. Between 1990 and 2016 it was headed by M\u00e1ty\u00e1s Antal, who was succeeded by Csaba Somos on 1 January 2016. The choir is one of Hungary\u2019s leading professional choirs. It boasts a rich repertoire chiefly consisting of orchestra-accompanied and a capella choral music, as well as oratorios, ranging from works by the early-Baroque Sch\u00fctz to Bach, Viennese Classical, 19<sup>th<\/sup> and 20<sup>th<\/sup>-century composers, and contemporary music. The Hungarian National Choir is open to every genre and is dedicated to performing rarely heard works. While the backbone of the repertoire consists of 19<sup>th<\/sup>-century oratorios, the Hungarian National Choir attaches great importance to performing contemporary music. Numerous world and national premi\u00e8res are linked with its name.\r\n\r\nThey are\u00a0 returning guests at the Hungarian National Philharmonic Orchestra\u2019s summer Beethoven series in Martonv\u00e1s\u00e1r. It regularly appears in the Orchestra\u2019s family matin\u00e9e concerts, as well as the <em>Bart\u00f3k New Series<\/em>, launched in 2006. The successful performance of Richard Strauss\u2019s operas and Schoenberg\u2019s <em>Moses and Aron<\/em> has involved the National Choir and many of its soloists. In addition to concerts at home, the choir performs extensively abroad and regularly gives concerts in minority Hungarian areas across the border. The Hungarian National Choir is a regular participant of large-scale events at the Palace of Art, such as the Wagner Days.{:}","post_title":"{:hu}Nemzeti \u00c9nekkar (karigazgat\u00f3: Somos Csaba){:}{:en}Hungarian National Choir (choirmaster: Csaba Somos){:}","post_excerpt":"","post_status":"publish","comment_status":"closed","ping_status":"closed","post_password":"","post_name":"nemzeti-enekkar-karigazgato-somos-csaba","to_ping":"","pinged":"","post_modified":"2020-07-22 10:07:10","post_modified_gmt":"2020-07-22 10:07:10","post_content_filtered":"","post_parent":0,"guid":"http:\/\/www.filharmonikusok.hu\/institutions\/nemzeti-enekkar-karigazgato-somos-csaba\/","menu_order":0,"post_type":"institutions","post_mime_type":"","comment_count":"0","filter":"raw"},{"ID":87468,"post_author":"1","post_date":"2016-09-08 07:58:44","post_date_gmt":"2016-09-08 07:58:44","post_content":"","post_title":"{:hu}A Magyar R\u00e1di\u00f3 Szimfonikus Zenekara{:}{:en}The Hungarian Radio Symphony Orchestra{:}","post_excerpt":"","post_status":"publish","comment_status":"closed","ping_status":"closed","post_password":"","post_name":"a-magyar-radio-szimfonikus-zenekara","to_ping":"","pinged":"","post_modified":"2016-12-05 09:09:20","post_modified_gmt":"2016-12-05 09:09:20","post_content_filtered":"","post_parent":0,"guid":"http:\/\/www.filharmonikusok.hu\/institutions\/a-magyar-radio-szimfonikus-zenekara\/","menu_order":0,"post_type":"institutions","post_mime_type":"","comment_count":"0","filter":"raw"}],"jegyarak":"2.300 Ft, 3.200 Ft, 3.900 Ft, 4.900 Ft","jegyvasarlas_gomb":"https:\/\/cafebudapestfest.jegy.hu\/program\/vendegunk-krzysztof-penderecki-31-cafe-budapest-2016-70278\/337439\/?tseid=5916&_ga=1.229260252.1111068371.1474462266","kozr_szemelyek_feluldefinialasa":"<p>Iwona Hossa, Ewa Vesin, Agnieszka Rehlis, Rafal Bartminski <em>\u00e9nek,<\/em><br \/>\nPiotr Andreszewski <em>zongora<\/em><\/p>\n","youtube_id":"","old_id":"","elkeltek_a_jegyek":false,"muvekrol_reszletesen":null,"muveszekrol_reszletesen":null,"kiemelt_kep_en":{"ID":96766,"id":96766,"title":"cafe_budapest_2016_logo_eng_cmyk","filename":"cafe_budapest_2016_logo_eng_cmyk.jpg","filesize":535841,"url":"https:\/\/www.filharmonikusok.hu\/wp-content\/uploads\/2016\/10\/cafe_budapest_2016_logo_eng_cmyk.jpg","link":"https:\/\/www.filharmonikusok.hu\/en\/koncertek\/vendegunk-krzysztof-penderecki-3-1\/cafe_budapest_2016_logo_eng_cmyk\/","alt":"","author":"3","description":"","caption":"","name":"cafe_budapest_2016_logo_eng_cmyk","status":"inherit","uploaded_to":96761,"date":"2016-10-04 14:13:59","modified":"2016-10-19 08:45:36","menu_order":0,"mime_type":"image\/jpeg","type":"image","subtype":"jpeg","icon":"https:\/\/www.filharmonikusok.hu\/wp-includes\/images\/media\/default.png","width":3508,"height":2480,"sizes":{"thumbnail":"https:\/\/www.filharmonikusok.hu\/wp-content\/uploads\/2016\/10\/cafe_budapest_2016_logo_eng_cmyk-150x150.jpg","thumbnail-width":150,"thumbnail-height":150,"medium":"https:\/\/www.filharmonikusok.hu\/wp-content\/uploads\/2016\/10\/cafe_budapest_2016_logo_eng_cmyk-300x212.jpg","medium-width":300,"medium-height":212,"medium_large":"https:\/\/www.filharmonikusok.hu\/wp-content\/uploads\/2016\/10\/cafe_budapest_2016_logo_eng_cmyk-768x543.jpg","medium_large-width":640,"medium_large-height":453,"large":"https:\/\/www.filharmonikusok.hu\/wp-content\/uploads\/2016\/10\/cafe_budapest_2016_logo_eng_cmyk-1024x724.jpg","large-width":640,"large-height":453,"1536x1536":"https:\/\/www.filharmonikusok.hu\/wp-content\/uploads\/2016\/10\/cafe_budapest_2016_logo_eng_cmyk.jpg","1536x1536-width":1536,"1536x1536-height":1086,"2048x2048":"https:\/\/www.filharmonikusok.hu\/wp-content\/uploads\/2016\/10\/cafe_budapest_2016_logo_eng_cmyk.jpg","2048x2048-width":2048,"2048x2048-height":1448,"person-size":"https:\/\/www.filharmonikusok.hu\/wp-content\/uploads\/2016\/10\/cafe_budapest_2016_logo_eng_cmyk-165x165.jpg","person-size-width":165,"person-size-height":165,"person-size-2":"https:\/\/www.filharmonikusok.hu\/wp-content\/uploads\/2016\/10\/cafe_budapest_2016_logo_eng_cmyk.jpg","person-size-2-width":165,"person-size-2-height":117,"album-size":"https:\/\/www.filharmonikusok.hu\/wp-content\/uploads\/2016\/10\/cafe_budapest_2016_logo_eng_cmyk-263x263.jpg","album-size-width":263,"album-size-height":263,"news-lead-size":"https:\/\/www.filharmonikusok.hu\/wp-content\/uploads\/2016\/10\/cafe_budapest_2016_logo_eng_cmyk-360x203.jpg","news-lead-size-width":360,"news-lead-size-height":203,"director-index-size":"https:\/\/www.filharmonikusok.hu\/wp-content\/uploads\/2016\/10\/cafe_budapest_2016_logo_eng_cmyk-359x450.jpg","director-index-size-width":359,"director-index-size-height":450,"person-lead-size":"https:\/\/www.filharmonikusok.hu\/wp-content\/uploads\/2016\/10\/cafe_budapest_2016_logo_eng_cmyk-555x555.jpg","person-lead-size-width":555,"person-lead-size-height":555,"slider-size":"https:\/\/www.filharmonikusok.hu\/wp-content\/uploads\/2016\/10\/cafe_budapest_2016_logo_eng_cmyk-1600x722.jpg","slider-size-width":1600,"slider-size-height":722}},"gombtipus":"link","hivatkozas_gomb_szovege":"Jegyv\u00e1s\u00e1rl\u00e1s","hivatkozas_gomg_url-je":"https:\/\/cafebudapestfest.jegy.hu\/program\/vendegunk-krzysztof-penderecki-31-cafe-budapest-2016-70278\/337439\/?tseid=5916&_ga=1.229260252.1111068371.1474462266"},"publishpress_future_workflow_manual_trigger":{"enabledWorkflows":[]},"_links":{"self":[{"href":"https:\/\/www.filharmonikusok.hu\/en\/wp-json\/wp\/v2\/concerts\/96761","targetHints":{"allow":["GET"]}}],"collection":[{"href":"https:\/\/www.filharmonikusok.hu\/en\/wp-json\/wp\/v2\/concerts"}],"about":[{"href":"https:\/\/www.filharmonikusok.hu\/en\/wp-json\/wp\/v2\/types\/concerts"}],"wp:attachment":[{"href":"https:\/\/www.filharmonikusok.hu\/en\/wp-json\/wp\/v2\/media?parent=96761"}],"curies":[{"name":"wp","href":"https:\/\/api.w.org\/{rel}","templated":true}]}}