{"id":96737,"date":"2016-10-10T08:54:00","date_gmt":"2016-10-10T08:54:00","guid":{"rendered":"http:\/\/www.filharmonikusok.hu\/?post_type=concerts&#038;p=96737"},"modified":"2016-10-28T13:49:55","modified_gmt":"2016-10-28T13:49:55","slug":"turne-japanban-toyama","status":"publish","type":"concerts","link":"https:\/\/www.filharmonikusok.hu\/en\/koncertek\/turne-japanban-toyama\/","title":{"rendered":"Koncert  Jap\u00e1nban &#8211; Toyama"},"content":{"rendered":"","protected":false},"template":"","class_list":["post-96737","concerts","type-concerts","status-publish","hentry"],"translation":{"provider":"WPGlobus","version":"3.0.2","language":"en","enabled_languages":["hu","en"],"languages":{"hu":{"title":true,"content":false,"excerpt":false},"en":{"title":false,"content":false,"excerpt":false}}},"acf":{"alcim":"Kobayashi Ken-ichiro vez\u00e9nylet\u00e9vel","kiemelt_kep":{"ID":98848,"id":98848,"title":"toyama_shutterstock","filename":"toyama_shutterstock.jpg","filesize":235468,"url":"https:\/\/www.filharmonikusok.hu\/wp-content\/uploads\/2016\/10\/toyama_shutterstock.jpg","link":"https:\/\/www.filharmonikusok.hu\/en\/koncertek\/turne-japanban-toyama\/toyama_shutterstock\/","alt":"","author":"1","description":"","caption":"","name":"toyama_shutterstock","status":"inherit","uploaded_to":96737,"date":"2016-10-27 11:33:27","modified":"2016-10-27 11:33:31","menu_order":0,"mime_type":"image\/jpeg","type":"image","subtype":"jpeg","icon":"https:\/\/www.filharmonikusok.hu\/wp-includes\/images\/media\/default.png","width":1920,"height":560,"sizes":{"thumbnail":"https:\/\/www.filharmonikusok.hu\/wp-content\/uploads\/2016\/10\/toyama_shutterstock-150x150.jpg","thumbnail-width":150,"thumbnail-height":150,"medium":"https:\/\/www.filharmonikusok.hu\/wp-content\/uploads\/2016\/10\/toyama_shutterstock-300x88.jpg","medium-width":300,"medium-height":88,"medium_large":"https:\/\/www.filharmonikusok.hu\/wp-content\/uploads\/2016\/10\/toyama_shutterstock-768x224.jpg","medium_large-width":640,"medium_large-height":187,"large":"https:\/\/www.filharmonikusok.hu\/wp-content\/uploads\/2016\/10\/toyama_shutterstock-1024x299.jpg","large-width":640,"large-height":187,"1536x1536":"https:\/\/www.filharmonikusok.hu\/wp-content\/uploads\/2016\/10\/toyama_shutterstock.jpg","1536x1536-width":1536,"1536x1536-height":448,"2048x2048":"https:\/\/www.filharmonikusok.hu\/wp-content\/uploads\/2016\/10\/toyama_shutterstock.jpg","2048x2048-width":1920,"2048x2048-height":560,"person-size":"https:\/\/www.filharmonikusok.hu\/wp-content\/uploads\/2016\/10\/toyama_shutterstock-165x165.jpg","person-size-width":165,"person-size-height":165,"person-size-2":"https:\/\/www.filharmonikusok.hu\/wp-content\/uploads\/2016\/10\/toyama_shutterstock.jpg","person-size-2-width":165,"person-size-2-height":48,"album-size":"https:\/\/www.filharmonikusok.hu\/wp-content\/uploads\/2016\/10\/toyama_shutterstock-263x263.jpg","album-size-width":263,"album-size-height":263,"news-lead-size":"https:\/\/www.filharmonikusok.hu\/wp-content\/uploads\/2016\/10\/toyama_shutterstock-360x203.jpg","news-lead-size-width":360,"news-lead-size-height":203,"director-index-size":"https:\/\/www.filharmonikusok.hu\/wp-content\/uploads\/2016\/10\/toyama_shutterstock-359x450.jpg","director-index-size-width":359,"director-index-size-height":450,"person-lead-size":"https:\/\/www.filharmonikusok.hu\/wp-content\/uploads\/2016\/10\/toyama_shutterstock-555x555.jpg","person-lead-size-width":555,"person-lead-size-height":555,"slider-size":"https:\/\/www.filharmonikusok.hu\/wp-content\/uploads\/2016\/10\/toyama_shutterstock-1600x560.jpg","slider-size-width":1600,"slider-size-height":560}},"megjegyzes":"","esemeny_datum":"20161029","esemeny_idopontja":"15.00 - 18.00","sajat_program":false,"esemeny_tipusa":["koncertek"],"esemeny_helyszine":{"ID":87880,"post_author":"1","post_date":"2016-09-08 08:02:39","post_date_gmt":"2016-09-08 08:02:39","post_content":"","post_title":"{:hu}Aubade Hall{:}{:en}Aubade Hall{:}","post_excerpt":"","post_status":"publish","comment_status":"closed","ping_status":"closed","post_password":"","post_name":"aubade-hall","to_ping":"","pinged":"","post_modified":"2016-09-08 08:02:39","post_modified_gmt":"2016-09-08 08:02:39","post_content_filtered":"","post_parent":0,"guid":"http:\/\/www.filharmonikusok.hu\/places\/aubade-hall\/","menu_order":0,"post_type":"places","post_mime_type":"","comment_count":"0","filter":"raw","varos":"{:hu}Toyama{:}{:en}Toyama{:}","orszag":"{:hu}Jap\u00e1n{:}{:en}Japan{:}","cim":"","megjegyzes":"","weboldal":""},"helyszin_kategoria":"kulfold","karmester":{"ID":86518,"post_author":"1","post_date":"2016-10-18 16:13:17","post_date_gmt":"2016-10-18 16:13:17","post_content":"{:hu}Kobayashi Ken-Ichiro 1940-ben sz\u00fcletett Jap\u00e1nban, karmesteri tanulm\u00e1nyait Watanabe Ake\u00f3n\u00e1l \u00e9s Yamada Kazu\u00f3n\u00e1l folytatta a Toki\u00f3i M\u0171v\u00e9szeti \u00e9s Zenei Egyetemen. 1974-ben ker\u00fclt be a nemzetk\u00f6zi zenei \u00e9let k\u00f6z\u00e9ppontj\u00e1ba, amikor els\u0151 d\u00edjat nyert a Magyar Telev\u00edzi\u00f3 I. Nemzetk\u00f6zi Karmesterverseny\u00e9n. Sikere az\u00f3ta is t\u00f6retlen, a legnevesebb zenekarokat dirig\u00e1lja N\u00e9metorsz\u00e1gban, Ausztri\u00e1ban \u00e9s Angli\u00e1ban. A Magyar \u00c1llami Hangversenyzenekar (ma Nemzeti Filharmonikus Zenekar) vezet\u0151 karmestere 1987-t\u0151l, \u00f6r\u00f6k\u00f6s tiszteletbeli eln\u00f6k-karnagya 1992-t\u0151l. 1994-ben megkapta a Magyar K\u00f6zt\u00e1rsas\u00e1g egyik legmagasabb kit\u00fcntet\u00e9s\u00e9t. Jelenleg a Jap\u00e1n Filharmonikusok vezet\u0151 karmestere.{:}{:en}Born in 1940. He studied conducting under WATANABE Akeo and YAMADA Kazuo at the Tokyo National University of Fine Arts and Music. It was in 1974 when he studied gaining international attention after receiving first prize at the International Conductors Competition of the Hungarian Television. Since then he has gained a reputation by conducting major orchestras in countries such as Germany, Austria and the UK. He was appointed Principal Conductor of the Hungary State Symphony Orchestra (Hungary National Philharmonic Orchestra nowaday) in 1987, and General Director of the Orchestra in 1992. In 1994, he received \"Middle Cross with the Star of the Order of the Republic of Hungary\". The Japan Philharmonic appointed him Chief Conductor in 1998, Principal Conductor in 1990, and Chief Guest Principal Conductor in 1994.\r\nIn 1997, he returns to the Japan Philharmonic as Chief Conductor.{:}","post_title":"{:hu}Kobayashi Ken-Ichiro{:}{:en}Ken-Ichiro Kobayashi{:}","post_excerpt":"","post_status":"publish","comment_status":"closed","ping_status":"closed","post_password":"","post_name":"kobayashi-ken-ichiro","to_ping":"","pinged":"","post_modified":"2018-05-30 08:13:14","post_modified_gmt":"2018-05-30 08:13:14","post_content_filtered":"","post_parent":0,"guid":"http:\/\/www.filharmonikusok.hu\/?post_type=artists&#038;p=86518","menu_order":0,"post_type":"artists","post_mime_type":"","comment_count":"0","filter":"raw"},"hazigazda":null,"muvek":[{"ID":91921,"post_author":"1","post_date":"2016-09-08 08:57:59","post_date_gmt":"2016-09-08 08:57:59","post_content":"","post_title":"{:hu}Magyar T\u00e1ncok (1., 6., 5.){:}{:en}Hungarian Dances No.1, No.6. No. 5.{:}","post_excerpt":"","post_status":"publish","comment_status":"closed","ping_status":"closed","post_password":"","post_name":"magyar-tancok-1-6-5","to_ping":"","pinged":"","post_modified":"2016-10-04 12:12:33","post_modified_gmt":"2016-10-04 12:12:33","post_content_filtered":"","post_parent":0,"guid":"http:\/\/www.filharmonikusok.hu\/muvek\/magyar-tancok-1-6-5\/","menu_order":0,"post_type":"muvek","post_mime_type":"","comment_count":"0","filter":"raw","szerzo":["Brahms"]},{"ID":96583,"post_author":"3","post_date":"2016-09-26 12:04:38","post_date_gmt":"2016-09-26 12:04:38","post_content":"Edvard Hagerup Grieg, a skandin\u00e1v nemzeti romantika legismertebb zeneszerz\u0151je mind\u00f6ssze huszon\u00f6t \u00e9ves kor\u00e1ban, 1868-ban kompon\u00e1lta zongoraverseny\u00e9t, a romantikus versenym\u0171-irodalom egyik legn\u00e9pszer\u0171bb darabj\u00e1t. A versenym\u0171vet gyakran \u00e1ll\u00edtj\u00e1k p\u00e1rba Robert Schumann szint\u00e9n h\u00e1romt\u00e9teles \u00e9s a-moll hangnem\u0171 zongoraverseny\u00e9vel. Grieg r\u00e1ad\u00e1sul ismerte is Schumann m\u0171v\u00e9t, hiszen Clara Schumann el\u0151ad\u00e1s\u00e1ban hallotta azt di\u00e1k\u00e9veiben. Schumann zen\u00e9je mellett a norv\u00e9g n\u00e9pzene is inspir\u00e1lta Grieget a versenym\u0171 kompon\u00e1l\u00e1sa folyam\u00e1n, norv\u00e9g n\u00e9pt\u00e1nc- \u00e9s n\u00e9pi hangszerimit\u00e1ci\u00f3kat is felfedezhet\u00fcnk a darabban.\r\n\r\nGrieg 1870-ben ismerkedett meg Liszt Ferenccel, s m\u00e1sodik tal\u00e1lkoz\u00e1suk alkalm\u00e1val megmutatta neki zongoraversenye k\u00e9zirat\u00e1t. Liszt els\u0151 l\u00e1t\u00e1sra lej\u00e1tszotta a m\u0171vet, \u00e9s m\u00e9g n\u00e9h\u00e1ny hangszerel\u00e9si javaslatot is adott a fiatal norv\u00e9g zeneszerz\u0151nek. A zongoraverseny m\u00e1r ekkor nagy hat\u00e1st tett a jelenl\u00e9v\u0151kre, m\u00e9g akkor is, ha Grieg szerint Liszt t\u00fal gyorsan j\u00e1tszotta az els\u0151 t\u00e9telt.","post_title":"{:hu}Zongoraverseny a-moll, op. 16{:}{:en}Piano Concerto in A minor, op. 16{:}","post_excerpt":"","post_status":"publish","comment_status":"closed","ping_status":"closed","post_password":"","post_name":"zongoraverseny-a-moll-op-16","to_ping":"","pinged":"","post_modified":"2018-02-08 16:56:19","post_modified_gmt":"2018-02-08 16:56:19","post_content_filtered":"","post_parent":0,"guid":"http:\/\/www.filharmonikusok.hu\/?post_type=muvek&#038;p=96583","menu_order":0,"post_type":"muvek","post_mime_type":"","comment_count":"0","filter":"raw","szerzo":["Grieg"]},{"ID":91270,"post_author":"1","post_date":"2016-09-08 08:57:49","post_date_gmt":"2016-09-08 08:57:49","post_content":"{:hu}I. \u00c1lmok, szenved\u00e9lyek \u2013 Largo-Allegro II. A b\u00e1l \u2013 Valse. Allegro non troppo III. Jelenet a mez\u0151n \u2013 Adagio IV. Menet a veszt\u0151helyre \u2013 Allegretto non troppo V. Boszork\u00e1nyszombat \u2013 Larghetto-Allegro\r\n\r\nNem kevesebb, mint 14 v\u00e1ltozatban fogalmazta meg Berlioz Fantasztikus szimf\u00f3ni\u00e1j\u00e1nak k\u00f6lt\u0151i programj\u00e1t. A v\u00e1ltozatok k\u00f6zt persze jelent\u0151s elt\u00e9r\u00e9s nincs: a \u201em\u0171v\u00e9sz\u201d mindegyikben a m\u0171 k\u00e9pzeletbeli f\u0151h\u0151se, akit egyetlen r\u00f6geszme \u2013 a szerelem \u2013 gy\u00f6t\u00f6r. Az els\u0151 t\u00e9telben hossz\u00fa bevezet\u0151 ut\u00e1n jeleneik meg a C-d\u00far akkordfelbont\u00e1ssal kezd\u0151d\u0151 \u201eid\u00e9e fixe\u201d, azaz r\u00f6geszme-dallam. A m\u00e1sodikban h\u0151s\u00fcnk egy k\u00e9pzeletbeli b\u00e1lon t\u0171nik fel: itt l\u00e1tja viszont \u00e1lmai ide\u00e1lj\u00e1t. A jelenet a mez\u0151n egyfajta pihen\u0151. A m\u0171v\u00e9sz mintha feled\u00e9st keresne a term\u00e9szetben. P\u00e1sztorok s\u00edpj\u00e1t, a k\u00f6zelg\u0151 vihar hangjait hallja. De nincs menek\u00fcl\u00e9s a r\u00f6geszme el\u0151l. A csal\u00f3dott szerelmes \u00f6ngyilkos akar lenni, \u00e1m t\u00fal kev\u00e9s \u00f3piumot vesz be. Ez\u00e9rt csak elk\u00e1bul \u00e9s k\u00e9pzel\u0151dik. Azt k\u00e9pzeli, meg\u00f6lte szerelm\u00e9t, s most a veszt\u0151helyre viszik. V\u00e9g\u00fcl az \u00f6t\u00f6dik t\u00e9tel egy boszork\u00e1nyszombat l\u00e1tom\u00e1sa. Az egykori ide\u00e1l, a m\u0171v\u00e9sz sz\u00edv\u00e9nek h\u00f6lgye itt is felt\u0171nik \u2013 dallama bizarr m\u00f3don eltorzul. S felhangzik az utols\u00f3 \u00edt\u00e9let zen\u00e9je: a k\u00f6z\u00e9pkori, Celan\u00f3i Tam\u00e1snak tulajdon\u00edtott \u00fan. \u201esequentia\u201d f\u00e9lelmetesen \u00f3don dallama, a Dies irae\u2026\r\n\r\n1830.december 5-\u00e9n mutatt\u00e1k be P\u00e1rizsban a szimf\u00f3ni\u00e1t. Hogy a programnak \u00f6n\u00e9letrajzi vonatkoz\u00e1sai vannak, azt t\u00f6bb\u00e9-kev\u00e9sb\u00e9 mindenki sejtette. Harriet Smithson kisasszony is, akinek Berlioz n\u00e9h\u00e1ny \u00e9vvel kor\u00e1bban szerelmet vallott, hi\u00e1ba. A sz\u0151ke angol sz\u00edn\u00e9szn\u0151 v\u00e9g\u00fcl is nemes bossz\u00fat \u00e1llt a boszork\u00e1nyszombat-zen\u00e9\u00e9rt. S\u00fcrg\u0151sen f\u00e9rjhez ment --Berliozhoz.{:}{:en}I. Reveries and Passions - Largo-Allegro II. The Ball - Valse. Allegro non troppo III.\u00a0 Scene from the Meadows - Adagio IV. March to the Scaffold - Allegretto non troppo V. Dream of the Witches' Sabbath - Larghetto-Allegro\r\n\r\nBerlioz gave no less than 14 different descriptions of the poetic programme behind his Symphonie Fantastique. There are no profound variations among the different versions: in each \"The Artist\" as the principal player of the work, is tortured by a single obsession: love. In the first movement, after a lengthy introduction, we hear the \"id\u00e9e fixe\", commencing with a break down of a C major chord. This is the melody of the obsession. In the second movement, our hero appears at an imaginary ball: here he sees the ideal of his dreams (and we also hear a Waltz that has been described as the finest that Tchaikovsky did not write!). The Scene from the Meadows then offers us some breathing space. The artist seems to seek oblivion in nature. We hear the sounds of shepherd's flutes and the approaching storm. But there is no escaping the obsession. The unhappy Artist elects to commit suicide by ingesting opium, but he takes too little and experiences two narcotic induced nightmares. In the first (the Fourth movement) he thinks he has murdered his love and is marched to the scaffold to be executed. In the fifth, he sees a Witches Sabbath, and his former ideal, the woman at the centre of his heart, is here espied among the hags - her melody now bizarrely distorted. And we also hear the music of the final judgement, the Dies irae melody (beloved by many composers such as Liszt and Rachmaninov) attributed to Thomas of Celano.\r\n\r\nThe Symphony was premiered in Paris on December 5th 1830. Berlioz's inspiration for composing this remarkable work was his own romantic obsession for the Irish actress Harriet Smithson, who initially rejected his advances. Several years later, however, after Berlioz had used this symphony to exorcise her ghost, so to speak, they met again and eventually did marry in 1834.{:}","post_title":"{:hu}Fantasztikus szimf\u00f3nia{:}{:en}Symphonie Fantastique{:}","post_excerpt":"","post_status":"publish","comment_status":"closed","ping_status":"closed","post_password":"","post_name":"fantasztikus-szimfonia-op-14","to_ping":"","pinged":"","post_modified":"2018-02-26 14:20:12","post_modified_gmt":"2018-02-26 14:20:12","post_content_filtered":"","post_parent":0,"guid":"http:\/\/www.filharmonikusok.hu\/muvek\/fantasztikus-szimfonia-op-14\/","menu_order":0,"post_type":"muvek","post_mime_type":"","comment_count":"0","filter":"raw","szerzo":["Berlioz"]}],"kozr_szemelyek":[{"ID":96738,"post_author":"3","post_date":"2016-10-07 11:28:00","post_date_gmt":"2016-10-07 11:28:00","post_content":"Ikuyo NAKAMICHI won the first prize and the Masuzawa Prize at the 51st Annual Japan Music Competition in her freshman year at Toho Gakuen School of Music. After taking numerous prizes in Japan and abroad, she began her performing activity in Europe and Japan in 1987.\r\nWith a broad repertory ranging from Classical to Romantic, NAKAMICHI has performed as a soloist with Japan\u2019s leading orchestras as well as many European and American orchestras. She is recognized as one of the leading Japanese pianists in terms of both popularity and ability.\r\nShe has performed as a soloist with the Finnish Radio Symphony Orchestra under Jukka-Pekka Saraste; the Pittsburgh Symphony Orchestra, the Symphonieorchester des Bayerischen Rundfunk, and the Philharmonia Orchestra, all under Lorin Maazel; the Hungarian National Philharmonic Orchestra under Ken-Ichiro Kobayashi; the English Chamber Orchestra under Pinchas Zukerman; the Rundfunk Sinfonieorchester Berlin under Rafael Fr\u00fchbeck de Burgos; and the Deutsche Kammerphilharmonie Bremen under Paavo J\u00e4rvi?earning high critical acclaim.\r\nIn 1999, NAKAMICHI gave her debut recital performance at Carnegie Hall in New York. In 2001 she made her concerto debuts in St. Petersburg and at the Berlin Philharmonie.\r\nHighlights of 2016\/2017 season include the tour with Hungarian National Philharmonic Orchestra, the tour with Gewandhaus Quartett and recital tour to celebrate 30th anniversary of her debut.\r\nNAKAMICHI has an exclusive recording contract with Sony Music Japan International and has released many CDs. She appears frequently on TV and radio, and contributes to newspapers and magazines. By conveying the joy of music in rich and varied ways, she has gained a large following among the public.\r\n\uff08April 2016\uff09","post_title":"Ikuyo Nakamichi","post_excerpt":"","post_status":"publish","comment_status":"closed","ping_status":"closed","post_password":"","post_name":"ikuyo-nakamichi","to_ping":"","pinged":"","post_modified":"2016-10-07 11:28:00","post_modified_gmt":"2016-10-07 11:28:00","post_content_filtered":"","post_parent":0,"guid":"http:\/\/www.filharmonikusok.hu\/?post_type=artists&#038;p=96738","menu_order":0,"post_type":"artists","post_mime_type":"","comment_count":"0","filter":"raw","hangszer":"{:hu}zongora{:}{:en}piano{:}"}],"kozr_intezmenyek":[{"ID":87472,"post_author":"1","post_date":"2016-09-08 07:58:44","post_date_gmt":"2016-09-08 07:58:44","post_content":"{:hu}<img class=\"size-medium wp-image-115524 alignnone\" src=\"https:\/\/www.filharmonikusok.hu\/wp-content\/uploads\/2016\/09\/MNF_Mupa_Evad-egyuttese_2019_20_foto_Csibi-Szilvia10-555x555-1-300x300.jpg\" alt=\"\" width=\"300\" height=\"300\" \/>\r\n\r\nA Nemzeti Filharmonikus Zenekar Magyarorsz\u00e1g egyik vezet\u0151 szimfonikus zenekara t\u00f6bb mint kilencven \u00e9ve. Ferencsik J\u00e1nos, Kobayashi Ken-Ichiro ut\u00e1n 1997-ben Kocsis Zolt\u00e1n f\u0151zeneigazgat\u00f3 ir\u00e1ny\u00edt\u00e1sa alatt a zenekar meg\u00fajult, a nemzeti szimfonikus egy\u00fctteshez m\u00e9lt\u00f3 sokoldal\u00fas\u00e1ggal nemcsak a klasszikus m\u0171veket, hanem ezek mellett a megszokott reperto\u00e1rr\u00f3l hi\u00e1nyz\u00f3 fontos alkot\u00e1sokat is megsz\u00f3laltatott, tov\u00e1bb\u00e1 a k\u00f6zelm\u00falt \u00e9s napjaink magyar zen\u00e9j\u00e9t is megismerteti k\u00f6z\u00f6ns\u00e9g\u00e9vel, valamint n\u00e9pszer\u0171ek kamarazenei \u00e9s ifj\u00fas\u00e1gi sorozatai is. \u00a02017 m\u00e1rcius\u00e1t\u00f3l 2020 augusztus\u00e1ig a a zenekarn\u00e1l kor\u00e1bban \u00e9veken \u00e1t els\u0151 \u00e1lland\u00f3 karmesterk\u00e9nt k\u00f6zrem\u0171k\u00f6d\u0151, komoly nemzetk\u00f6zi karriert maga m\u00f6g\u00f6tt tudhat\u00f3, Liszt Ferenc-d\u00edjas Hamar Zsolt t\u00f6lt\u00f6tte be a Nemzeti Filharmonikusok zeneigazgat\u00f3i posztj\u00e1t.\r\n\r\nAz egy\u00fcttes reperto\u00e1rj\u00e1n hangs\u00falyosan szerepel a Bart\u00f3k-\u00e9letm\u0171; m\u00e9rt\u00e9kad\u00f3 interpret\u00e1ci\u00f3i 2006 \u00f3ta a Bart\u00f3k \u00daj Sorozatban jelennek meg, de sz\u00ednfoltot k\u00e9pviselnek reperto\u00e1rj\u00e1n Kocsis Zolt\u00e1n Debussy, Rachmaninov, Bart\u00f3k m\u0171veib\u0151l k\u00e9sz\u00edtett \u00e1tiratai is. Hangversenyb\u00e9rleti el\u0151ad\u00e1sain vil\u00e1gh\u00edr\u0171 vend\u00e9gm\u0171v\u00e9szek \u00e9s vend\u00e9gkarmesterek l\u00e9pnek fel, valamint feladat\u00e1nak tekinti a kiemelked\u0151 p\u00e1lyakezd\u0151 magyar muzsikusok megh\u00edv\u00e1s\u00e1t is. Olyan neves helysz\u00edneken \u00e9s fesztiv\u00e1lokon l\u00e9pett fel az ut\u00f3bbi \u00e9vtizedekben, mint a New York-i Avery Fisher Hall, a toki\u00f3i Suntory Hall, a birminghami Symphony Hall, az ath\u00e9ni Megaron, a br\u00fcsszeli Bozar K\u00f6zpont, a bukaresti Enescu Fesztiv\u00e1l, a Colmari \u00e9s a Kan\u00e1ri-szigeteki Fesztiv\u00e1l. Az elm\u00falt 15 \u00e9vben mintegy 40 orsz\u00e1gban t\u00f6bb mint 330 k\u00fclf\u00f6ldi turn\u00e9koncertet adott.{:}{:en}<img class=\"size-medium wp-image-115524 alignnone\" src=\"https:\/\/www.filharmonikusok.hu\/wp-content\/uploads\/2016\/09\/MNF_Mupa_Evad-egyuttese_2019_20_foto_Csibi-Szilvia10-555x555-1-300x300.jpg\" alt=\"\" width=\"300\" height=\"300\" \/>\r\nThe Hungarian National Philharmonic Orchestra has been one of Hungary\u2019s leading symphony orchestras for over ninety years. The era marked by the name of J\u00e1nos Ferencsik and Kobayashi Ken-Ichiro was followed by a new chapter in the history of the orchestra when in 1997 Zolt\u00e1n Kocsis became general music director until his death. In almost two decades the National Philharmonic Orchestra underwent renewal. After the death of Zolt\u00e1n Kocsis, the Ferenc Liszt Award-winning Zsolt Hamar held the post of Musical Director at the Hungarian National Philharmonic from March 2017 to August 2020. He previously worked with the orchestra as its first permanent conductor and built up an impressive international career.\r\n\r\nThe Orchestra is one of the top interpreters of the work of B\u00e9la Bart\u00f3k, and the albums of the <em>Bart\u00f3k New Series<\/em> have won numerous accolades in Hungary and abroad. The orchestra perform not only classics but also numerous other important works previously missing from the repertoire, many of which require a large orchestral apparatus. It attaches great importance to introducing contemporary Hungarian works to the audiences. It has given many popular chamber music concerts and hosted events for young people.\r\n\r\nThe orchestra\u2019s concerts have featured world-famous soloists and conductors. It supports young musicians recently embarked on an international career. In recent decades, the National Philharmonic Orchestra has appeared in the greatest venues and festivals around the world, including the Avery Fisher Hall in New York, the Suntory Hall in Tokyo, the Birmingham Symphony Hall, the Megaron in Athens, Bozar Centre in Brussels, the Enescu Festival in Bucharest, the Beethoven Festival in Bogot\u00e1, as well as the Colmar and Canary Island Festivals. In the past two decades, the National Philharmonic Orchestra has given more than 330 concerts in some 40 countries.\r\n\r\n&nbsp;\r\n\r\n&nbsp;\r\n\r\n&nbsp;{:}","post_title":"{:hu}Nemzeti Filharmonikus Zenekar{:}{:en}Hungarian National Philharmonic Orchestra{:}","post_excerpt":"","post_status":"publish","comment_status":"closed","ping_status":"closed","post_password":"","post_name":"nemzeti-filharmonikus-zenekar","to_ping":"","pinged":"","post_modified":"2020-08-10 08:27:54","post_modified_gmt":"2020-08-10 08:27:54","post_content_filtered":"","post_parent":0,"guid":"http:\/\/www.filharmonikusok.hu\/institutions\/nemzeti-filharmonikus-zenekar\/","menu_order":0,"post_type":"institutions","post_mime_type":"","comment_count":"0","filter":"raw"}],"jegyarak":"","jegyvasarlas_gomb":"","kozr_szemelyek_feluldefinialasa":"","youtube_id":"","old_id":"","elkeltek_a_jegyek":false,"muvekrol_reszletesen":null,"muveszekrol_reszletesen":null,"kiemelt_kep_en":null,"gombtipus":"link","hivatkozas_gomb_szovege":"Tov\u00e1bb","hivatkozas_gomg_url-je":"http:\/\/www.filharmonikusok.hu\/koncertek\/turne-japanban-toyama\/"},"publishpress_future_workflow_manual_trigger":{"enabledWorkflows":[]},"_links":{"self":[{"href":"https:\/\/www.filharmonikusok.hu\/en\/wp-json\/wp\/v2\/concerts\/96737","targetHints":{"allow":["GET"]}}],"collection":[{"href":"https:\/\/www.filharmonikusok.hu\/en\/wp-json\/wp\/v2\/concerts"}],"about":[{"href":"https:\/\/www.filharmonikusok.hu\/en\/wp-json\/wp\/v2\/types\/concerts"}],"wp:attachment":[{"href":"https:\/\/www.filharmonikusok.hu\/en\/wp-json\/wp\/v2\/media?parent=96737"}],"curies":[{"name":"wp","href":"https:\/\/api.w.org\/{rel}","templated":true}]}}