{"id":126407,"date":"2026-04-21T06:08:18","date_gmt":"2026-04-21T06:08:18","guid":{"rendered":"https:\/\/www.filharmonikusok.hu\/?post_type=concerts&#038;p=126407"},"modified":"2026-04-21T06:08:18","modified_gmt":"2026-04-21T06:08:18","slug":"kosa-bartok-sugar-kovacs-janos","status":"publish","type":"concerts","link":"https:\/\/www.filharmonikusok.hu\/en\/koncertek\/kosa-bartok-sugar-kovacs-janos\/","title":{"rendered":"K\u00d3SA, BART\u00d3K, SUG\u00c1R \u2013 J\u00c1NOS KOV\u00c1CS"},"content":{"rendered":"<p>Gy\u00f6rgy K\u00d3SA: Symphony No. 7 (\u201cMoh\u00e1cs\u201d) \u2013 world premiere<br \/>\nB\u00e9la BART\u00d3K: Violin Concerto No. 1, Sz. 36, BB 48a<br \/>\n***<br \/>\nRezs\u0151 SUG\u00c1R: Hunyadi \u2013 Heroic Song<\/p>\n<p><strong><a href=\"https:\/\/www.juliapusker.com\/about\/4917\">J\u00falia Pusker<\/a> <\/strong>violin<br \/>\n<strong>Andrea Brass\u00f3i-J\u0151r\u00f6s<\/strong> soprano<br \/>\n<a href=\"https:\/\/www.atalaschock.com\/\"><strong>Atala Sch\u00f6ck<\/strong> <\/a>alto<br \/>\n<strong>Istv\u00e1n Kov\u00e1csh\u00e1zi<\/strong> tenor<br \/>\n<a href=\"https:\/\/csabasandor.com\/\"><strong>Csaba S\u00e1ndor<\/strong> <\/a>baritone<br \/>\n<strong>\u00c1d\u00e1m Lux<\/strong> narrator<br \/>\n<strong>Hungarian National Philharmonic Orchestra<\/strong><br \/>\n<strong>Hungarian National Choir<\/strong> (choirmaster:<a href=\"https:\/\/www.filharmonikusok.hu\/artists\/somos-csaba-2\/\"><strong> Csaba Somos<\/strong><\/a>)<br \/>\n<a href=\"https:\/\/kzmk.hu\/korusaink\/laudate\/\"><strong>The Laudate and Exsultate Children\u2019s Choir of the Zolt\u00e1n Kod\u00e1ly Hungarian Choir School <\/strong><\/a>(choirmasters:<strong> Borb\u00e1la Sapszon and M\u00e1rton T\u00f3th<\/strong>)<\/p>\n<p>Conductor: <strong>J\u00e1nos Kov\u00e1cs<\/strong><\/p>\n<p>Gy\u00f6rgy K\u00f3sa (1897\u20131984) deliberately chose the theme for his <em>Symphony No. 7<\/em> as the battle of Moh\u00e1cs. Composed a year after 1956 and hitherto never performed, it makes a veiled allusion to one of the great cataclysms of Hungary\u2019s more recent history. B\u00e9la Bart\u00f3k\u2019s (1881\u20131945) <em>Violin Concerto No. 1<\/em> (1907\/08) is the post-romantic imprint of the young composer\u2019s unrequited love for the violinist Stefi Geyer. Rezs\u0151 Sug\u00e1r\u2019s (1919\u20131988) magnum opus, the oratorio <em>Hunyadi \u2013 Heroic Song<\/em> (1951), does not lament defeat but rather celebrates triumph in paying homage to the figure of J\u00e1nos Hunyadi, the victor over the Turks at N\u00e1ndorfeh\u00e9rv\u00e1r. J\u00falia Pusker is a leading figure among the younger generation of Hungarian violinists, Andrea Brass\u00f3i-J\u0151r\u00f6s, Atala Sch\u00f6ck, Istv\u00e1n Kov\u00e1csh\u00e1zi and Csaba S\u00e1ndor are versatile luminaries of the Hungarian singing community. Meanwhile, J\u00e1nos Kov\u00e1cs is one of our most knowledgeable and exacting conductors.<\/p>\n","protected":false},"template":"","class_list":["post-126407","concerts","type-concerts","status-publish","hentry"],"translation":{"provider":"WPGlobus","version":"3.0.2","language":"en","enabled_languages":["hu","en"],"languages":{"hu":{"title":true,"content":true,"excerpt":false},"en":{"title":true,"content":true,"excerpt":false}}},"acf":{"slides":[{"ID":126408,"id":126408,"title":"2026.09.25_esem\u00e9nyslider_1","filename":"2026.09.25_esemenyslider_1.png","filesize":1246636,"url":"https:\/\/www.filharmonikusok.hu\/wp-content\/uploads\/2026\/04\/2026.09.25_esemenyslider_1.png","link":"https:\/\/www.filharmonikusok.hu\/en\/koncertek\/kosa-bartok-sugar-kovacs-janos\/2026-09-25_esemenyslider_1\/","alt":"","author":"951582","description":"","caption":"","name":"2026-09-25_esemenyslider_1","status":"inherit","uploaded_to":126407,"date":"2026-04-16 09:06:32","modified":"2026-04-16 09:06:32","menu_order":0,"mime_type":"image\/png","type":"image","subtype":"png","icon":"https:\/\/www.filharmonikusok.hu\/wp-includes\/images\/media\/default.png","width":1920,"height":560,"sizes":{"thumbnail":"https:\/\/www.filharmonikusok.hu\/wp-content\/uploads\/2026\/04\/2026.09.25_esemenyslider_1-150x150.png","thumbnail-width":150,"thumbnail-height":150,"medium":"https:\/\/www.filharmonikusok.hu\/wp-content\/uploads\/2026\/04\/2026.09.25_esemenyslider_1-300x88.png","medium-width":300,"medium-height":88,"medium_large":"https:\/\/www.filharmonikusok.hu\/wp-content\/uploads\/2026\/04\/2026.09.25_esemenyslider_1-768x224.png","medium_large-width":640,"medium_large-height":187,"large":"https:\/\/www.filharmonikusok.hu\/wp-content\/uploads\/2026\/04\/2026.09.25_esemenyslider_1-1024x299.png","large-width":640,"large-height":187,"1536x1536":"https:\/\/www.filharmonikusok.hu\/wp-content\/uploads\/2026\/04\/2026.09.25_esemenyslider_1-1536x448.png","1536x1536-width":1536,"1536x1536-height":448,"2048x2048":"https:\/\/www.filharmonikusok.hu\/wp-content\/uploads\/2026\/04\/2026.09.25_esemenyslider_1.png","2048x2048-width":1920,"2048x2048-height":560,"person-size":"https:\/\/www.filharmonikusok.hu\/wp-content\/uploads\/2026\/04\/2026.09.25_esemenyslider_1-165x165.png","person-size-width":165,"person-size-height":165,"person-size-2":"https:\/\/www.filharmonikusok.hu\/wp-content\/uploads\/2026\/04\/2026.09.25_esemenyslider_1-165x220.png","person-size-2-width":165,"person-size-2-height":220,"album-size":"https:\/\/www.filharmonikusok.hu\/wp-content\/uploads\/2026\/04\/2026.09.25_esemenyslider_1-263x263.png","album-size-width":263,"album-size-height":263,"news-lead-size":"https:\/\/www.filharmonikusok.hu\/wp-content\/uploads\/2026\/04\/2026.09.25_esemenyslider_1-360x203.png","news-lead-size-width":360,"news-lead-size-height":203,"director-index-size":"https:\/\/www.filharmonikusok.hu\/wp-content\/uploads\/2026\/04\/2026.09.25_esemenyslider_1-359x450.png","director-index-size-width":359,"director-index-size-height":450,"person-lead-size":"https:\/\/www.filharmonikusok.hu\/wp-content\/uploads\/2026\/04\/2026.09.25_esemenyslider_1-555x555.png","person-lead-size-width":555,"person-lead-size-height":555,"slider-size":"https:\/\/www.filharmonikusok.hu\/wp-content\/uploads\/2026\/04\/2026.09.25_esemenyslider_1-1600x560.png","slider-size-width":1600,"slider-size-height":560}},{"ID":126409,"id":126409,"title":"2026.09.25_esem\u00e9nyslider_2","filename":"2026.09.25_esemenyslider_2.png","filesize":1148849,"url":"https:\/\/www.filharmonikusok.hu\/wp-content\/uploads\/2026\/04\/2026.09.25_esemenyslider_2.png","link":"https:\/\/www.filharmonikusok.hu\/en\/koncertek\/kosa-bartok-sugar-kovacs-janos\/2026-09-25_esemenyslider_2\/","alt":"","author":"951582","description":"","caption":"","name":"2026-09-25_esemenyslider_2","status":"inherit","uploaded_to":126407,"date":"2026-04-16 09:06:41","modified":"2026-04-16 09:08:00","menu_order":0,"mime_type":"image\/png","type":"image","subtype":"png","icon":"https:\/\/www.filharmonikusok.hu\/wp-includes\/images\/media\/default.png","width":1920,"height":560,"sizes":{"thumbnail":"https:\/\/www.filharmonikusok.hu\/wp-content\/uploads\/2026\/04\/2026.09.25_esemenyslider_2-150x150.png","thumbnail-width":150,"thumbnail-height":150,"medium":"https:\/\/www.filharmonikusok.hu\/wp-content\/uploads\/2026\/04\/2026.09.25_esemenyslider_2-300x88.png","medium-width":300,"medium-height":88,"medium_large":"https:\/\/www.filharmonikusok.hu\/wp-content\/uploads\/2026\/04\/2026.09.25_esemenyslider_2-768x224.png","medium_large-width":640,"medium_large-height":187,"large":"https:\/\/www.filharmonikusok.hu\/wp-content\/uploads\/2026\/04\/2026.09.25_esemenyslider_2-1024x299.png","large-width":640,"large-height":187,"1536x1536":"https:\/\/www.filharmonikusok.hu\/wp-content\/uploads\/2026\/04\/2026.09.25_esemenyslider_2-1536x448.png","1536x1536-width":1536,"1536x1536-height":448,"2048x2048":"https:\/\/www.filharmonikusok.hu\/wp-content\/uploads\/2026\/04\/2026.09.25_esemenyslider_2.png","2048x2048-width":1920,"2048x2048-height":560,"person-size":"https:\/\/www.filharmonikusok.hu\/wp-content\/uploads\/2026\/04\/2026.09.25_esemenyslider_2-165x165.png","person-size-width":165,"person-size-height":165,"person-size-2":"https:\/\/www.filharmonikusok.hu\/wp-content\/uploads\/2026\/04\/2026.09.25_esemenyslider_2-165x220.png","person-size-2-width":165,"person-size-2-height":220,"album-size":"https:\/\/www.filharmonikusok.hu\/wp-content\/uploads\/2026\/04\/2026.09.25_esemenyslider_2-263x263.png","album-size-width":263,"album-size-height":263,"news-lead-size":"https:\/\/www.filharmonikusok.hu\/wp-content\/uploads\/2026\/04\/2026.09.25_esemenyslider_2-360x203.png","news-lead-size-width":360,"news-lead-size-height":203,"director-index-size":"https:\/\/www.filharmonikusok.hu\/wp-content\/uploads\/2026\/04\/2026.09.25_esemenyslider_2-359x450.png","director-index-size-width":359,"director-index-size-height":450,"person-lead-size":"https:\/\/www.filharmonikusok.hu\/wp-content\/uploads\/2026\/04\/2026.09.25_esemenyslider_2-555x555.png","person-lead-size-width":555,"person-lead-size-height":555,"slider-size":"https:\/\/www.filharmonikusok.hu\/wp-content\/uploads\/2026\/04\/2026.09.25_esemenyslider_2-1600x560.png","slider-size-width":1600,"slider-size-height":560}}],"alcim":"Season-opening concert by the Hungarian National Philharmonic - Kocsis season ticket 1","kiemelt_kep":{"ID":126408,"id":126408,"title":"2026.09.25_esem\u00e9nyslider_1","filename":"2026.09.25_esemenyslider_1.png","filesize":1246636,"url":"https:\/\/www.filharmonikusok.hu\/wp-content\/uploads\/2026\/04\/2026.09.25_esemenyslider_1.png","link":"https:\/\/www.filharmonikusok.hu\/en\/koncertek\/kosa-bartok-sugar-kovacs-janos\/2026-09-25_esemenyslider_1\/","alt":"","author":"951582","description":"","caption":"","name":"2026-09-25_esemenyslider_1","status":"inherit","uploaded_to":126407,"date":"2026-04-16 09:06:32","modified":"2026-04-16 09:06:32","menu_order":0,"mime_type":"image\/png","type":"image","subtype":"png","icon":"https:\/\/www.filharmonikusok.hu\/wp-includes\/images\/media\/default.png","width":1920,"height":560,"sizes":{"thumbnail":"https:\/\/www.filharmonikusok.hu\/wp-content\/uploads\/2026\/04\/2026.09.25_esemenyslider_1-150x150.png","thumbnail-width":150,"thumbnail-height":150,"medium":"https:\/\/www.filharmonikusok.hu\/wp-content\/uploads\/2026\/04\/2026.09.25_esemenyslider_1-300x88.png","medium-width":300,"medium-height":88,"medium_large":"https:\/\/www.filharmonikusok.hu\/wp-content\/uploads\/2026\/04\/2026.09.25_esemenyslider_1-768x224.png","medium_large-width":640,"medium_large-height":187,"large":"https:\/\/www.filharmonikusok.hu\/wp-content\/uploads\/2026\/04\/2026.09.25_esemenyslider_1-1024x299.png","large-width":640,"large-height":187,"1536x1536":"https:\/\/www.filharmonikusok.hu\/wp-content\/uploads\/2026\/04\/2026.09.25_esemenyslider_1-1536x448.png","1536x1536-width":1536,"1536x1536-height":448,"2048x2048":"https:\/\/www.filharmonikusok.hu\/wp-content\/uploads\/2026\/04\/2026.09.25_esemenyslider_1.png","2048x2048-width":1920,"2048x2048-height":560,"person-size":"https:\/\/www.filharmonikusok.hu\/wp-content\/uploads\/2026\/04\/2026.09.25_esemenyslider_1-165x165.png","person-size-width":165,"person-size-height":165,"person-size-2":"https:\/\/www.filharmonikusok.hu\/wp-content\/uploads\/2026\/04\/2026.09.25_esemenyslider_1-165x220.png","person-size-2-width":165,"person-size-2-height":220,"album-size":"https:\/\/www.filharmonikusok.hu\/wp-content\/uploads\/2026\/04\/2026.09.25_esemenyslider_1-263x263.png","album-size-width":263,"album-size-height":263,"news-lead-size":"https:\/\/www.filharmonikusok.hu\/wp-content\/uploads\/2026\/04\/2026.09.25_esemenyslider_1-360x203.png","news-lead-size-width":360,"news-lead-size-height":203,"director-index-size":"https:\/\/www.filharmonikusok.hu\/wp-content\/uploads\/2026\/04\/2026.09.25_esemenyslider_1-359x450.png","director-index-size-width":359,"director-index-size-height":450,"person-lead-size":"https:\/\/www.filharmonikusok.hu\/wp-content\/uploads\/2026\/04\/2026.09.25_esemenyslider_1-555x555.png","person-lead-size-width":555,"person-lead-size-height":555,"slider-size":"https:\/\/www.filharmonikusok.hu\/wp-content\/uploads\/2026\/04\/2026.09.25_esemenyslider_1-1600x560.png","slider-size-width":1600,"slider-size-height":560}},"kiemelt_kep_en":{"ID":126408,"id":126408,"title":"2026.09.25_esem\u00e9nyslider_1","filename":"2026.09.25_esemenyslider_1.png","filesize":1246636,"url":"https:\/\/www.filharmonikusok.hu\/wp-content\/uploads\/2026\/04\/2026.09.25_esemenyslider_1.png","link":"https:\/\/www.filharmonikusok.hu\/en\/koncertek\/kosa-bartok-sugar-kovacs-janos\/2026-09-25_esemenyslider_1\/","alt":"","author":"951582","description":"","caption":"","name":"2026-09-25_esemenyslider_1","status":"inherit","uploaded_to":126407,"date":"2026-04-16 09:06:32","modified":"2026-04-16 09:06:32","menu_order":0,"mime_type":"image\/png","type":"image","subtype":"png","icon":"https:\/\/www.filharmonikusok.hu\/wp-includes\/images\/media\/default.png","width":1920,"height":560,"sizes":{"thumbnail":"https:\/\/www.filharmonikusok.hu\/wp-content\/uploads\/2026\/04\/2026.09.25_esemenyslider_1-150x150.png","thumbnail-width":150,"thumbnail-height":150,"medium":"https:\/\/www.filharmonikusok.hu\/wp-content\/uploads\/2026\/04\/2026.09.25_esemenyslider_1-300x88.png","medium-width":300,"medium-height":88,"medium_large":"https:\/\/www.filharmonikusok.hu\/wp-content\/uploads\/2026\/04\/2026.09.25_esemenyslider_1-768x224.png","medium_large-width":640,"medium_large-height":187,"large":"https:\/\/www.filharmonikusok.hu\/wp-content\/uploads\/2026\/04\/2026.09.25_esemenyslider_1-1024x299.png","large-width":640,"large-height":187,"1536x1536":"https:\/\/www.filharmonikusok.hu\/wp-content\/uploads\/2026\/04\/2026.09.25_esemenyslider_1-1536x448.png","1536x1536-width":1536,"1536x1536-height":448,"2048x2048":"https:\/\/www.filharmonikusok.hu\/wp-content\/uploads\/2026\/04\/2026.09.25_esemenyslider_1.png","2048x2048-width":1920,"2048x2048-height":560,"person-size":"https:\/\/www.filharmonikusok.hu\/wp-content\/uploads\/2026\/04\/2026.09.25_esemenyslider_1-165x165.png","person-size-width":165,"person-size-height":165,"person-size-2":"https:\/\/www.filharmonikusok.hu\/wp-content\/uploads\/2026\/04\/2026.09.25_esemenyslider_1-165x220.png","person-size-2-width":165,"person-size-2-height":220,"album-size":"https:\/\/www.filharmonikusok.hu\/wp-content\/uploads\/2026\/04\/2026.09.25_esemenyslider_1-263x263.png","album-size-width":263,"album-size-height":263,"news-lead-size":"https:\/\/www.filharmonikusok.hu\/wp-content\/uploads\/2026\/04\/2026.09.25_esemenyslider_1-360x203.png","news-lead-size-width":360,"news-lead-size-height":203,"director-index-size":"https:\/\/www.filharmonikusok.hu\/wp-content\/uploads\/2026\/04\/2026.09.25_esemenyslider_1-359x450.png","director-index-size-width":359,"director-index-size-height":450,"person-lead-size":"https:\/\/www.filharmonikusok.hu\/wp-content\/uploads\/2026\/04\/2026.09.25_esemenyslider_1-555x555.png","person-lead-size-width":555,"person-lead-size-height":555,"slider-size":"https:\/\/www.filharmonikusok.hu\/wp-content\/uploads\/2026\/04\/2026.09.25_esemenyslider_1-1600x560.png","slider-size-width":1600,"slider-size-height":560}},"megjegyzes":"","esemeny_datum":"20260925","esemeny_idopontja":"7.30 pm","esemeny_vege":"9.45 pm","sajat_program":true,"esemeny_tipusa":["koncertek"],"esemeny_helyszine":{"ID":87689,"post_author":"1","post_date":"2016-09-08 08:02:38","post_date_gmt":"2016-09-08 08:02:38","post_content":"","post_title":"{:hu}M\u00fcpa - Bart\u00f3k B\u00e9la Nemzeti Hangversenyterem{:}{:en}M\u00fcpa - B\u00e9la Bart\u00f3k National Concert Hall{:}","post_excerpt":"","post_status":"publish","comment_status":"closed","ping_status":"closed","post_password":"","post_name":"mupa-bartok-bela-nemzeti-hangversenyterem","to_ping":"","pinged":"","post_modified":"2016-09-08 08:02:38","post_modified_gmt":"2016-09-08 08:02:38","post_content_filtered":"","post_parent":0,"guid":"http:\/\/www.filharmonikusok.hu\/places\/mupa-bartok-bela-nemzeti-hangversenyterem\/","menu_order":0,"post_type":"places","post_mime_type":"","comment_count":"0","filter":"raw","varos":"{:hu}Budapest{:}{:en}Budapest{:}","orszag":"{:hu}Magyarorsz\u00e1g{:}{:en}Magyarorsz\u00e1g{:}","cim":"<p>1095 Budapest, Komor Marcell u. 1.<\/p>","megjegyzes":"","weboldal":"http:\/\/www.muveszetekpalotaja.hu"},"helyszin_kategoria":"budapest","karmester":{"ID":109962,"post_author":"951590","post_date":"2019-11-05 13:45:33","post_date_gmt":"2019-11-05 13:45:33","post_content":"1973-ban szerzett karmesteri diplom\u00e1t a Liszt Ferenc Zenem\u0171v\u00e9szeti F\u0151iskol\u00e1n K\u00f3rodi Andr\u00e1s tan\u00edtv\u00e1nyak\u00e9nt, k\u00e9s\u0151bb a zongoraszakot is elv\u00e9gezte, majd 1976-t\u00f3l a Magyar \u00c1llami Operah\u00e1zhoz szerz\u0151d\u00f6tt karmesterk\u00e9nt. 1979-t\u0151l 1981-ig a Bayreuthi \u00dcnnepi J\u00e1t\u00e9kok zenei asszisztense volt.\u00a0 1984-ben Liszt Ferenc-d\u00edjjal t\u00fcntett\u00e9k ki. 1987-t\u0151l 1990-ig volt a Magyar \u00c1llami Operah\u00e1z vezet\u0151 karmestere. A budapesti Operah\u00e1zban bet\u00f6lt\u00f6tt \u00e1ll\u00e1sa mellett rendszeresen fell\u00e9pett a h\u00e1rom nagy budapesti zenekar koncertkarmesterek\u00e9nt, \u00e9s gyakran szerepelt a Budapesti Fesztiv\u00e1lzenekar vend\u00e9gkarmesterek\u00e9nt is. Kov\u00e1cs J\u00e1nos a Szlov\u00e9n Filharmonikusok els\u0151 vend\u00e9gkarmestere volt, \u00e9s 1992 \u00f3ta a Toki\u00f3i Filharmonikusok \u00e1lland\u00f3 vend\u00e9gkarmestere, majd 1998 \u00f3ta els\u0151 vend\u00e9gkarmestere. Vend\u00e9gm\u0171v\u00e9szk\u00e9nt fell\u00e9pett m\u00e9g Olaszorsz\u00e1gban, Spanyolorsz\u00e1gban, Portug\u00e1li\u00e1ban, Sv\u00e1jcban, valamint a Magyar \u00c1llami Operah\u00e1z t\u00e1rsulat\u00e1val Berlinben \u00e9s Londonban is. A Nemzeti Filharmonikusokkal t\u00f6bbek k\u00f6z\u00f6tt N\u00e9metorsz\u00e1gban \u00e9s Braz\u00edli\u00e1ban turn\u00e9zott. Nagy sikerrel szerepelt \u00e9s elismerts\u00e9gre tett szert opera- \u00e9s koncertkarmesterk\u00e9nt a Badeni \u00c1llami Sz\u00ednh\u00e1zban is. Kov\u00e1cs J\u00e1nos 2001-t\u0151l a Budapesti Filharm\u00f3niai T\u00e1rsas\u00e1g els\u0151 vend\u00e9gkarmestere. Ugyanebben az \u00e9vben munk\u00e1ss\u00e1g\u00e1\u00e9rt Kossuth-d\u00edjat kapott. 2007 \u0151sz\u00e9t\u0151l az Operah\u00e1z karmestere, 2014\/2015-ben az MR Szimfonikus Zenekar vezet\u0151 karmestere.\r\n\r\n2015-ben Prima Primissima d\u00edjjal, 2018-ban a Magyar \u00c9rdemrend k\u00f6z\u00e9pkeresztje polg\u00e1ri tagozat d\u00edjjal, 2019-ben Artisjus-d\u00edjjal t\u00fcntett\u00e9k ki.","post_title":"{:hu}Kov\u00e1cs J\u00e1nos{:}{:en}J\u00e1nos Kov\u00e1cs{:}","post_excerpt":"","post_status":"publish","comment_status":"closed","ping_status":"closed","post_password":"","post_name":"kovacs-janos-2","to_ping":"","pinged":"","post_modified":"2025-03-31 11:24:04","post_modified_gmt":"2025-03-31 11:24:04","post_content_filtered":"","post_parent":0,"guid":"http:\/\/www.filharmonikusok.hu\/?post_type=artists&#038;p=109962","menu_order":0,"post_type":"artists","post_mime_type":"","comment_count":"0","filter":"raw"},"karmester_2":false,"hazigazda":null,"muvek":[],"muvek_feluldefinialasa":false,"muvekrol_reszletesen":null,"is_muvekrol_reszletesen_en":false,"kozr_szemelyek":[],"muveszekrol_reszletesen":null,"is_muveszekrol_reszletesen_en":false,"kozr_szemelyek_feluldefinialasa":"","kozr_intezmenyek":[],"gombtipus":"link","jegyarak":"HUF 12,500, HUF 11,000, HUF 9,000, HUF 7,500, HUF 6,000","jegyvasarlas_gomb":"","elkeltek_a_jegyek":false,"youtube_id":"","old_id":"","hivatkozas_gomb_szovege":"Buy ticket","hivatkozas_gomg_url-je":"https:\/\/nfz.jegy.hu\/program\/kosa-bartok-sugar-kovacs-janos-evadnyito-hangverseny-kocsis1-190069\/1415969"},"publishpress_future_workflow_manual_trigger":{"enabledWorkflows":[]},"_links":{"self":[{"href":"https:\/\/www.filharmonikusok.hu\/en\/wp-json\/wp\/v2\/concerts\/126407","targetHints":{"allow":["GET"]}}],"collection":[{"href":"https:\/\/www.filharmonikusok.hu\/en\/wp-json\/wp\/v2\/concerts"}],"about":[{"href":"https:\/\/www.filharmonikusok.hu\/en\/wp-json\/wp\/v2\/types\/concerts"}],"wp:attachment":[{"href":"https:\/\/www.filharmonikusok.hu\/en\/wp-json\/wp\/v2\/media?parent=126407"}],"curies":[{"name":"wp","href":"https:\/\/api.w.org\/{rel}","templated":true}]}}