{"id":125093,"date":"2025-09-15T07:53:02","date_gmt":"2025-09-15T07:53:02","guid":{"rendered":"https:\/\/www.filharmonikusok.hu\/?post_type=concerts&#038;p=125093"},"modified":"2025-09-15T08:03:59","modified_gmt":"2025-09-15T08:03:59","slug":"europa-izei-angol-teazsur","status":"publish","type":"concerts","link":"https:\/\/www.filharmonikusok.hu\/en\/koncertek\/europa-izei-angol-teazsur\/","title":{"rendered":"Flavours of Europe \u2013 English Tea Party"},"content":{"rendered":"<p>Purcell: Abdelazer, Z. 570 &#8211; I. Overture \u2013 Starter<br \/>\nBritten: Variations and Fugue on a Theme of Purcell, Op. 34 \u2013 Main course<br \/>\nElgar: Pomp and Circumstance, March No. 1 \u2013 Dessert<\/p>\n<div class=\"mb-4 flex flex-col\"><strong><span class=\"font-sans text-sm font-normal leading-5\">Hungarian National Philharmonic Orchestra<\/span><\/strong><\/div>\n<div class=\"mb-4 flex flex-col\"><span class=\"font-sans text-sm font-normal italic leading-5 text-black-m-300\">Moderator <\/span><strong><span class=\"font-sans text-sm font-normal leading-5\">Szilveszter Sz\u00e9lp\u00e1l<\/span><\/strong><\/div>\n<div><\/div>\n<div>Conductor <strong>R\u00f3bert Farkas<\/strong><\/div>\n<p>Let us imagine we are attending an elegant English reception where the musical experiences are just as refined as the classical tradition of sipping tea. As part of the matin\u00e9e series, this performance provides a glance into British musical traditions by means of an exciting \u201cmenu\u201d. Purcell\u2019s overture is a genuine Baroque treat that evokes the magical world of Shakespeare. Britten\u2019s variations and fugue demonstrate how a 17th century melody can be transformed for the modern age, rendering it full of playfulness and surprises. Elgar\u2019s iconic work, meanwhile, is heard at almost every official celebration in the UK. The programme takes an informal approach in leading the young guests from Baroque elegance to the lofty heights of the Romantic age, with the interactive talks between courses providing proof positive that classical music can also be easily digestible.<\/p>\n<p>FELHANGOLVA!<br \/>\nThe concert takes place as part of the Felhangolva! programme supported by the MOL New Europe Foundation.<\/p>\n<p>Age: 10-14 year<\/p>\n<p>Presented by: M\u00fcpa Budapest<\/p>\n","protected":false},"template":"","class_list":["post-125093","concerts","type-concerts","status-publish","hentry"],"translation":{"provider":"WPGlobus","version":"3.0.2","language":"en","enabled_languages":["hu","en"],"languages":{"hu":{"title":true,"content":true,"excerpt":false},"en":{"title":true,"content":true,"excerpt":false}}},"acf":{"alcim":"A M\u00fcpa szervez\u00e9s\u00e9ben","kiemelt_kep":{"ID":119914,"id":119914,"title":"nemzeti filharmonikus zenekar 2022","filename":"nemzeti-filharmonikus-zenekar-2022.jpg","filesize":1120775,"url":"https:\/\/www.filharmonikusok.hu\/wp-content\/uploads\/2022\/09\/nemzeti-filharmonikus-zenekar-2022.jpg","link":"https:\/\/www.filharmonikusok.hu\/en\/bemutatkozunk\/nemzeti-filharmonikus-zenekar\/nemzeti-filharmonikus-zenekar-2022\/","alt":"","author":"951590","description":"","caption":"","name":"nemzeti-filharmonikus-zenekar-2022","status":"inherit","uploaded_to":78085,"date":"2022-09-14 13:34:50","modified":"2022-09-14 13:34:50","menu_order":0,"mime_type":"image\/jpeg","type":"image","subtype":"jpeg","icon":"https:\/\/www.filharmonikusok.hu\/wp-includes\/images\/media\/default.png","width":1600,"height":722,"sizes":{"thumbnail":"https:\/\/www.filharmonikusok.hu\/wp-content\/uploads\/2022\/09\/nemzeti-filharmonikus-zenekar-2022-150x150.jpg","thumbnail-width":150,"thumbnail-height":150,"medium":"https:\/\/www.filharmonikusok.hu\/wp-content\/uploads\/2022\/09\/nemzeti-filharmonikus-zenekar-2022-300x135.jpg","medium-width":300,"medium-height":135,"medium_large":"https:\/\/www.filharmonikusok.hu\/wp-content\/uploads\/2022\/09\/nemzeti-filharmonikus-zenekar-2022-768x347.jpg","medium_large-width":640,"medium_large-height":289,"large":"https:\/\/www.filharmonikusok.hu\/wp-content\/uploads\/2022\/09\/nemzeti-filharmonikus-zenekar-2022-1024x462.jpg","large-width":640,"large-height":289,"1536x1536":"https:\/\/www.filharmonikusok.hu\/wp-content\/uploads\/2022\/09\/nemzeti-filharmonikus-zenekar-2022-1536x693.jpg","1536x1536-width":1536,"1536x1536-height":693,"2048x2048":"https:\/\/www.filharmonikusok.hu\/wp-content\/uploads\/2022\/09\/nemzeti-filharmonikus-zenekar-2022.jpg","2048x2048-width":1600,"2048x2048-height":722,"person-size":"https:\/\/www.filharmonikusok.hu\/wp-content\/uploads\/2022\/09\/nemzeti-filharmonikus-zenekar-2022-165x165.jpg","person-size-width":165,"person-size-height":165,"person-size-2":"https:\/\/www.filharmonikusok.hu\/wp-content\/uploads\/2022\/09\/nemzeti-filharmonikus-zenekar-2022-165x220.jpg","person-size-2-width":165,"person-size-2-height":220,"album-size":"https:\/\/www.filharmonikusok.hu\/wp-content\/uploads\/2022\/09\/nemzeti-filharmonikus-zenekar-2022-263x263.jpg","album-size-width":263,"album-size-height":263,"news-lead-size":"https:\/\/www.filharmonikusok.hu\/wp-content\/uploads\/2022\/09\/nemzeti-filharmonikus-zenekar-2022-360x203.jpg","news-lead-size-width":360,"news-lead-size-height":203,"director-index-size":"https:\/\/www.filharmonikusok.hu\/wp-content\/uploads\/2022\/09\/nemzeti-filharmonikus-zenekar-2022-359x450.jpg","director-index-size-width":359,"director-index-size-height":450,"person-lead-size":"https:\/\/www.filharmonikusok.hu\/wp-content\/uploads\/2022\/09\/nemzeti-filharmonikus-zenekar-2022-555x555.jpg","person-lead-size-width":555,"person-lead-size-height":555,"slider-size":"https:\/\/www.filharmonikusok.hu\/wp-content\/uploads\/2022\/09\/nemzeti-filharmonikus-zenekar-2022-1600x722.jpg","slider-size-width":1600,"slider-size-height":722}},"kiemelt_kep_en":{"ID":119914,"id":119914,"title":"nemzeti filharmonikus zenekar 2022","filename":"nemzeti-filharmonikus-zenekar-2022.jpg","filesize":1120775,"url":"https:\/\/www.filharmonikusok.hu\/wp-content\/uploads\/2022\/09\/nemzeti-filharmonikus-zenekar-2022.jpg","link":"https:\/\/www.filharmonikusok.hu\/en\/bemutatkozunk\/nemzeti-filharmonikus-zenekar\/nemzeti-filharmonikus-zenekar-2022\/","alt":"","author":"951590","description":"","caption":"","name":"nemzeti-filharmonikus-zenekar-2022","status":"inherit","uploaded_to":78085,"date":"2022-09-14 13:34:50","modified":"2022-09-14 13:34:50","menu_order":0,"mime_type":"image\/jpeg","type":"image","subtype":"jpeg","icon":"https:\/\/www.filharmonikusok.hu\/wp-includes\/images\/media\/default.png","width":1600,"height":722,"sizes":{"thumbnail":"https:\/\/www.filharmonikusok.hu\/wp-content\/uploads\/2022\/09\/nemzeti-filharmonikus-zenekar-2022-150x150.jpg","thumbnail-width":150,"thumbnail-height":150,"medium":"https:\/\/www.filharmonikusok.hu\/wp-content\/uploads\/2022\/09\/nemzeti-filharmonikus-zenekar-2022-300x135.jpg","medium-width":300,"medium-height":135,"medium_large":"https:\/\/www.filharmonikusok.hu\/wp-content\/uploads\/2022\/09\/nemzeti-filharmonikus-zenekar-2022-768x347.jpg","medium_large-width":640,"medium_large-height":289,"large":"https:\/\/www.filharmonikusok.hu\/wp-content\/uploads\/2022\/09\/nemzeti-filharmonikus-zenekar-2022-1024x462.jpg","large-width":640,"large-height":289,"1536x1536":"https:\/\/www.filharmonikusok.hu\/wp-content\/uploads\/2022\/09\/nemzeti-filharmonikus-zenekar-2022-1536x693.jpg","1536x1536-width":1536,"1536x1536-height":693,"2048x2048":"https:\/\/www.filharmonikusok.hu\/wp-content\/uploads\/2022\/09\/nemzeti-filharmonikus-zenekar-2022.jpg","2048x2048-width":1600,"2048x2048-height":722,"person-size":"https:\/\/www.filharmonikusok.hu\/wp-content\/uploads\/2022\/09\/nemzeti-filharmonikus-zenekar-2022-165x165.jpg","person-size-width":165,"person-size-height":165,"person-size-2":"https:\/\/www.filharmonikusok.hu\/wp-content\/uploads\/2022\/09\/nemzeti-filharmonikus-zenekar-2022-165x220.jpg","person-size-2-width":165,"person-size-2-height":220,"album-size":"https:\/\/www.filharmonikusok.hu\/wp-content\/uploads\/2022\/09\/nemzeti-filharmonikus-zenekar-2022-263x263.jpg","album-size-width":263,"album-size-height":263,"news-lead-size":"https:\/\/www.filharmonikusok.hu\/wp-content\/uploads\/2022\/09\/nemzeti-filharmonikus-zenekar-2022-360x203.jpg","news-lead-size-width":360,"news-lead-size-height":203,"director-index-size":"https:\/\/www.filharmonikusok.hu\/wp-content\/uploads\/2022\/09\/nemzeti-filharmonikus-zenekar-2022-359x450.jpg","director-index-size-width":359,"director-index-size-height":450,"person-lead-size":"https:\/\/www.filharmonikusok.hu\/wp-content\/uploads\/2022\/09\/nemzeti-filharmonikus-zenekar-2022-555x555.jpg","person-lead-size-width":555,"person-lead-size-height":555,"slider-size":"https:\/\/www.filharmonikusok.hu\/wp-content\/uploads\/2022\/09\/nemzeti-filharmonikus-zenekar-2022-1600x722.jpg","slider-size-width":1600,"slider-size-height":722}},"megjegyzes":"","esemeny_datum":"20251019","esemeny_idopontja":"am 11","esemeny_vege":"pm 1","sajat_program":false,"esemeny_tipusa":["koncertek"],"esemeny_helyszine":{"ID":87689,"post_author":"1","post_date":"2016-09-08 08:02:38","post_date_gmt":"2016-09-08 08:02:38","post_content":"","post_title":"{:hu}M\u00fcpa - Bart\u00f3k B\u00e9la Nemzeti Hangversenyterem{:}{:en}M\u00fcpa - B\u00e9la Bart\u00f3k National Concert Hall{:}","post_excerpt":"","post_status":"publish","comment_status":"closed","ping_status":"closed","post_password":"","post_name":"mupa-bartok-bela-nemzeti-hangversenyterem","to_ping":"","pinged":"","post_modified":"2016-09-08 08:02:38","post_modified_gmt":"2016-09-08 08:02:38","post_content_filtered":"","post_parent":0,"guid":"http:\/\/www.filharmonikusok.hu\/places\/mupa-bartok-bela-nemzeti-hangversenyterem\/","menu_order":0,"post_type":"places","post_mime_type":"","comment_count":"0","filter":"raw","varos":"{:hu}Budapest{:}{:en}Budapest{:}","orszag":"{:hu}Magyarorsz\u00e1g{:}{:en}Magyarorsz\u00e1g{:}","cim":"<p>1095 Budapest, Komor Marcell u. 1.<\/p>","megjegyzes":"","weboldal":"http:\/\/www.muveszetekpalotaja.hu"},"helyszin_kategoria":"budapest","karmester":{"ID":96374,"post_author":"3","post_date":"2016-10-21 19:36:46","post_date_gmt":"2016-10-21 19:36:46","post_content":"Farkas R\u00f3bert 1982-ben sz\u00fcletett \u00d3zdon. Zenei tanulm\u00e1nyait 8 \u00e9vesen kezdte Hevesen, majd a miskolci illetve budapesti Bart\u00f3k B\u00e9la Zenem\u0171v\u00e9szeti Szakk\u00f6z\u00e9piskol\u00e1ban szolf\u00e9zs-zeneelm\u00e9let \u00e9s zongora szakon v\u00e9gzett. A Zeneakad\u00e9mia \u00e9nek-zenetan\u00e1r-karvezet\u00e9s diplom\u00e1ja, valamint karmesterk\u00e9pz\u0151ben elkezdett tanulm\u00e1nyai ut\u00e1n 2006-ban egy \u00f6szt\u00f6nd\u00edjnak k\u00f6sz\u00f6nhet\u0151en a berlini Universit\u00e4t der K\u00fcnste-n folytatta k\u00e9pz\u00e9s\u00e9t \u00e9s 2012-ben v\u00e9gzett Lutz K\u00f6hler oszt\u00e1ly\u00e1ban. Az egyetem utols\u00f3 \u00e9v\u00e9ben a Lovro von Matacic karmester versenyen 3. helyez\u00e9st \u00e9rt el \u00e9s megkapta a Horv\u00e1t Zeneszerz\u0151k T\u00e1rsas\u00e1g\u00e1nak k\u00fcl\u00f6nd\u00edj\u00e1t valamint a Horv\u00e1t R\u00e1di\u00f3- \u00e9s Telev\u00edzi\u00f3 zenekar\u00e1nak d\u00edj\u00e1t.\r\n\r\nAz egyetem ut\u00e1n a Staatsoper Unter den Linden Berlin korrepet\u00edtora \u00e9s zenei asszisztense volt olyan produkci\u00f3kban, mint Sosztakovics: Moszka, Cserjomuski, Hindemith-Brecht: Lehrst\u00fcck valamint John Cage: Europeras 3&amp;4. K\u00e9s\u00f6bb a Theater und Orchester Heidelberg zenei asszisztense \u00e9s korrepet\u00edtorak\u00e9nt Wolfgang Rihm: Dionysos c\u00edm\u00fc oper\u00e1j\u00e1nak 2. n\u00e9met bemutat\u00f3j\u00e1t el\u0151k\u00e9sz\u00edt\u00e9s\u00e9n \u00e9s betan\u00edt\u00e1s\u00e1n dolgozott. A nagy siker\u0171 deb\u00fct\u00e1l\u00e1snak k\u00f6sz\u00f6nhet\u0151en az operah\u00e1z korrepetitora \u00e9s karmestere volt h\u00e1rom \u00e9ven kereszt\u00fcl. Erdekl\u0151d\u00e9se a modern zene ir\u00e1nt olyan produkci\u00f3khoz vezette, mint p\u00e9ld\u00e1ul a t\u00e1ncoperak\u00e9nt bemutatott Philipp Glass Echnaton cim\u00fc oper\u00e1ja vagy Christian Jost: Rumor cim\u00fc m\u00fcve. Ezen k\u00edv\u00fcl r\u00e9szt vett \u0151sbemutat\u00f3k el\u0151k\u00e9sz\u00fcletein, ahol a zeneszerz\u0151k szem\u00e9lyes asszisztensek\u00e9nt m\u0171k\u00f6d\u00f6tt k\u00f6zre. Nev\u00e9hez f\u0171z\u0151dik Peter Maxwell Davis: The Turn oft he Tide cim\u00fc m\u0171v\u00e9nek n\u00e9metorsz\u00e1gi bemutat\u00e1sa. 2016-ban dolgozott David Robertsonnal \u00e9s az Echo Klassik g\u00e1lakoncert betan\u00edt\u00f3 karmesterek\u00e9nt Pablo Heras Casadoval is. 2013-ban Berlinben kapcsolatba ker\u00fclt Fischer Iv\u00e1nnal, akivel az\u00f3ta a Konzerthausorchestern\u00e9l, 2015 \u00f3ta pedig a Budapest Fesztiv\u00e1lzenekarn\u00e1l dolgoznak egy\u00fctt \u00e9s asszisztensk\u00e9nt seg\u00edti a zenekarok koncertjeinek illetve turn\u00e9inak el\u0151k\u00e9sz\u00fcleteit.\r\n\r\nFarkas R\u00f3bert a fent eml\u00edtett zenekarok mellett olyan egy\u00fcttesekkel dolgozott egy\u00fctt, mint p\u00e9ld\u00e1ul a Berliner Symphoniker, a Luzern Festivalstrings, a Philharmonisches Kammerorchester Wernigerode, Collegium Musicum Pommersfelden Iifj\u00fas\u00e1gi Zenekar vagy a Szombathelyi Szimfonikus Zenekar. Jelenleg Berlinben \u00e9l \u00e9s dolgozik.\r\n\r\n&nbsp;","post_title":"Farkas R\u00f3bert","post_excerpt":"","post_status":"publish","comment_status":"closed","ping_status":"closed","post_password":"","post_name":"farkas-robert","to_ping":"","pinged":"","post_modified":"2016-10-21 19:36:46","post_modified_gmt":"2016-10-21 19:36:46","post_content_filtered":"","post_parent":0,"guid":"http:\/\/www.filharmonikusok.hu\/?post_type=artists&#038;p=96374","menu_order":0,"post_type":"artists","post_mime_type":"","comment_count":"0","filter":"raw"},"karmester_2":false,"hazigazda":null,"muvek":[],"muvek_feluldefinialasa":false,"muvekrol_reszletesen":null,"is_muvekrol_reszletesen_en":false,"kozr_szemelyek":[],"muveszekrol_reszletesen":null,"is_muveszekrol_reszletesen_en":false,"kozr_szemelyek_feluldefinialasa":"","kozr_intezmenyek":[],"gombtipus":"link","jegyarak":"HUF 3,000 - HUF 5,000 (Tickets for this performance are being sold based on a dynamic pricing system)","jegyvasarlas_gomb":"","elkeltek_a_jegyek":false,"youtube_id":"","old_id":"","hivatkozas_gomb_szovege":"Buy ticket","hivatkozas_gomg_url-je":"https:\/\/mupa.hu\/program\/csaladi-es-ifjusagi-programok\/europa-izei-angol-teazsur-2025-10-19_11-00-bbnh"},"publishpress_future_workflow_manual_trigger":{"enabledWorkflows":[]},"_links":{"self":[{"href":"https:\/\/www.filharmonikusok.hu\/en\/wp-json\/wp\/v2\/concerts\/125093","targetHints":{"allow":["GET"]}}],"collection":[{"href":"https:\/\/www.filharmonikusok.hu\/en\/wp-json\/wp\/v2\/concerts"}],"about":[{"href":"https:\/\/www.filharmonikusok.hu\/en\/wp-json\/wp\/v2\/types\/concerts"}],"wp:attachment":[{"href":"https:\/\/www.filharmonikusok.hu\/en\/wp-json\/wp\/v2\/media?parent=125093"}],"curies":[{"name":"wp","href":"https:\/\/api.w.org\/{rel}","templated":true}]}}