{"id":124325,"date":"2025-04-02T09:42:48","date_gmt":"2025-04-02T09:42:48","guid":{"rendered":"https:\/\/www.filharmonikusok.hu\/?post_type=concerts&#038;p=124325"},"modified":"2025-12-02T12:20:25","modified_gmt":"2025-12-02T12:20:25","slug":"mozart-berecz-mihaly-vashegyi-gyorgy","status":"publish","type":"concerts","link":"https:\/\/www.filharmonikusok.hu\/en\/koncertek\/mozart-berecz-mihaly-vashegyi-gyorgy\/","title":{"rendered":"MOZART \u2013 MIH\u00c1LY BERECZ \u2013 GY\u00d6RGY VASHEGYI"},"content":{"rendered":"<p>Wolfgang Amadeus MOZART: Don Giovanni \u2013 overture, K. 527<br \/>\nWolfgang Amadeus Mozart: Piano Concerto No. 24 in C minor, K. 491<br \/>\n***<br \/>\nWolfgang Amadeus MOZART: Symphony No. 40 in G minor, K. 550<\/p>\n<p><strong><a href=\"https:\/\/mihalyberecz.com\/\">Mih\u00e1ly Berecz<\/a> <\/strong>piano<br \/>\n<strong>Hungarian National Philharmonic Orchestra<\/strong><\/p>\n<p>Conductor:<a href=\"https:\/\/www.filharmonikusok.hu\/en\/artists\/vashegyi-gyorgy-fozeneigazgato\/\"><strong> Gy\u00f6rgy Vashegyi<\/strong><\/a><\/p>\n<p>An evening with Mozart: could there be any greater happiness? The answer to this rhetorical question is never in doubt even if we add that the works to be heard on the fourth evening of the Hungarian National Philharmonic Orchestra\u2019s Ferencsik season ticket are all in minor keys, so the concert will be steeped in dark tones, tragedy and drama. The <em>Don Giovanni Overture<\/em>, the <em>Piano Concerto in C minor<\/em> and the<em>\u201cGreat\u201d Symphony in G minor<\/em> were written when Wolfgang Amadeus was at the peak of his creative powers, so it is no coincidence that these are all later masterpieces. The conductor for the evening will be the Hungarian National Philharmonic\u2019s Kossuth Prize-winning general music director Gy\u00f6rgy Vashegyi, while the soloist is the excellent young pianist Mih\u00e1ly Berecz, who is also at home in the world of early music.<\/p>\n<p>The main \u2018musical hunting ground\u2019 of the Hungarian National Philharmonic Orchestra\u2019s\u00a0 Ferencsik season ticket is the Viennese Classical period, and the concept largely comprises rare and colourful treasures waiting to be discovered. On this evening, however, we will hear solely from one of the three greats, the immortal Mozart, and in the language of his greatest masterpieces. Is it of significance that all these works strike a tragic note, and that all three were written in a minor key? Let\u2019s not look for any rhyme of reason here: Mozart was able to formulate eternal truths in tones of both blue skies and grey. The <em>Don Giovanni Overture<\/em>, the<em> Piano Concerto in C minor<\/em> and the <em>\u201cGreat\u201d Symphony in G minor<\/em> all present the serious side of his being beyond doubt: weighty, powerful, dramatic and dark tones await. And, of course, great pleasure \u2013 we are talking about his most significant works, after all. The soloist for the piano concerto is one of the most outstanding Hungarian discoveries of recent years, Mih\u00e1ly Berecz, who is also well versed in historically informed performance. The orchestra will be conducted by the Kossuth Prize-winning general music director of the orchestra, Gy\u00f6rgy Vashegyi, who is Hungary\u2019s most dedicated interpreter of early music.<\/p>\n<p>&nbsp;<\/p>\n","protected":false},"template":"","class_list":["post-124325","concerts","type-concerts","status-publish","hentry"],"translation":{"provider":"WPGlobus","version":"3.0.2","language":"en","enabled_languages":["hu","en"],"languages":{"hu":{"title":true,"content":true,"excerpt":false},"en":{"title":true,"content":true,"excerpt":false}}},"acf":{"alcim":"Ferencsik season ticket 4","kiemelt_kep":{"ID":124264,"id":124264,"title":"2026.02.19.","filename":"2026.02.19.png","filesize":563388,"url":"https:\/\/www.filharmonikusok.hu\/wp-content\/uploads\/2025\/03\/2026.02.19.png","link":"https:\/\/www.filharmonikusok.hu\/en\/koncertek\/mozart-berecz-mihaly-vashegyi-gyorgy\/2026-02-19\/","alt":"","author":"951582","description":"","caption":"","name":"2026-02-19","status":"inherit","uploaded_to":124325,"date":"2025-03-24 09:58:16","modified":"2025-03-28 12:43:27","menu_order":0,"mime_type":"image\/png","type":"image","subtype":"png","icon":"https:\/\/www.filharmonikusok.hu\/wp-includes\/images\/media\/default.png","width":1920,"height":560,"sizes":{"thumbnail":"https:\/\/www.filharmonikusok.hu\/wp-content\/uploads\/2025\/03\/2026.02.19-150x150.png","thumbnail-width":150,"thumbnail-height":150,"medium":"https:\/\/www.filharmonikusok.hu\/wp-content\/uploads\/2025\/03\/2026.02.19-300x88.png","medium-width":300,"medium-height":88,"medium_large":"https:\/\/www.filharmonikusok.hu\/wp-content\/uploads\/2025\/03\/2026.02.19-768x224.png","medium_large-width":640,"medium_large-height":187,"large":"https:\/\/www.filharmonikusok.hu\/wp-content\/uploads\/2025\/03\/2026.02.19-1024x299.png","large-width":640,"large-height":187,"1536x1536":"https:\/\/www.filharmonikusok.hu\/wp-content\/uploads\/2025\/03\/2026.02.19-1536x448.png","1536x1536-width":1536,"1536x1536-height":448,"2048x2048":"https:\/\/www.filharmonikusok.hu\/wp-content\/uploads\/2025\/03\/2026.02.19.png","2048x2048-width":1920,"2048x2048-height":560,"person-size":"https:\/\/www.filharmonikusok.hu\/wp-content\/uploads\/2025\/03\/2026.02.19-165x165.png","person-size-width":165,"person-size-height":165,"person-size-2":"https:\/\/www.filharmonikusok.hu\/wp-content\/uploads\/2025\/03\/2026.02.19-165x220.png","person-size-2-width":165,"person-size-2-height":220,"album-size":"https:\/\/www.filharmonikusok.hu\/wp-content\/uploads\/2025\/03\/2026.02.19-263x263.png","album-size-width":263,"album-size-height":263,"news-lead-size":"https:\/\/www.filharmonikusok.hu\/wp-content\/uploads\/2025\/03\/2026.02.19-360x203.png","news-lead-size-width":360,"news-lead-size-height":203,"director-index-size":"https:\/\/www.filharmonikusok.hu\/wp-content\/uploads\/2025\/03\/2026.02.19-359x450.png","director-index-size-width":359,"director-index-size-height":450,"person-lead-size":"https:\/\/www.filharmonikusok.hu\/wp-content\/uploads\/2025\/03\/2026.02.19-555x555.png","person-lead-size-width":555,"person-lead-size-height":555,"slider-size":"https:\/\/www.filharmonikusok.hu\/wp-content\/uploads\/2025\/03\/2026.02.19-1600x560.png","slider-size-width":1600,"slider-size-height":560}},"kiemelt_kep_en":{"ID":124264,"id":124264,"title":"2026.02.19.","filename":"2026.02.19.png","filesize":563388,"url":"https:\/\/www.filharmonikusok.hu\/wp-content\/uploads\/2025\/03\/2026.02.19.png","link":"https:\/\/www.filharmonikusok.hu\/en\/koncertek\/mozart-berecz-mihaly-vashegyi-gyorgy\/2026-02-19\/","alt":"","author":"951582","description":"","caption":"","name":"2026-02-19","status":"inherit","uploaded_to":124325,"date":"2025-03-24 09:58:16","modified":"2025-03-28 12:43:27","menu_order":0,"mime_type":"image\/png","type":"image","subtype":"png","icon":"https:\/\/www.filharmonikusok.hu\/wp-includes\/images\/media\/default.png","width":1920,"height":560,"sizes":{"thumbnail":"https:\/\/www.filharmonikusok.hu\/wp-content\/uploads\/2025\/03\/2026.02.19-150x150.png","thumbnail-width":150,"thumbnail-height":150,"medium":"https:\/\/www.filharmonikusok.hu\/wp-content\/uploads\/2025\/03\/2026.02.19-300x88.png","medium-width":300,"medium-height":88,"medium_large":"https:\/\/www.filharmonikusok.hu\/wp-content\/uploads\/2025\/03\/2026.02.19-768x224.png","medium_large-width":640,"medium_large-height":187,"large":"https:\/\/www.filharmonikusok.hu\/wp-content\/uploads\/2025\/03\/2026.02.19-1024x299.png","large-width":640,"large-height":187,"1536x1536":"https:\/\/www.filharmonikusok.hu\/wp-content\/uploads\/2025\/03\/2026.02.19-1536x448.png","1536x1536-width":1536,"1536x1536-height":448,"2048x2048":"https:\/\/www.filharmonikusok.hu\/wp-content\/uploads\/2025\/03\/2026.02.19.png","2048x2048-width":1920,"2048x2048-height":560,"person-size":"https:\/\/www.filharmonikusok.hu\/wp-content\/uploads\/2025\/03\/2026.02.19-165x165.png","person-size-width":165,"person-size-height":165,"person-size-2":"https:\/\/www.filharmonikusok.hu\/wp-content\/uploads\/2025\/03\/2026.02.19-165x220.png","person-size-2-width":165,"person-size-2-height":220,"album-size":"https:\/\/www.filharmonikusok.hu\/wp-content\/uploads\/2025\/03\/2026.02.19-263x263.png","album-size-width":263,"album-size-height":263,"news-lead-size":"https:\/\/www.filharmonikusok.hu\/wp-content\/uploads\/2025\/03\/2026.02.19-360x203.png","news-lead-size-width":360,"news-lead-size-height":203,"director-index-size":"https:\/\/www.filharmonikusok.hu\/wp-content\/uploads\/2025\/03\/2026.02.19-359x450.png","director-index-size-width":359,"director-index-size-height":450,"person-lead-size":"https:\/\/www.filharmonikusok.hu\/wp-content\/uploads\/2025\/03\/2026.02.19-555x555.png","person-lead-size-width":555,"person-lead-size-height":555,"slider-size":"https:\/\/www.filharmonikusok.hu\/wp-content\/uploads\/2025\/03\/2026.02.19-1600x560.png","slider-size-width":1600,"slider-size-height":560}},"megjegyzes":"","esemeny_datum":"20260219","esemeny_idopontja":"pm 7.30","esemeny_vege":"pm 9.20","sajat_program":true,"esemeny_tipusa":["koncertek"],"esemeny_helyszine":{"ID":87537,"post_author":"1","post_date":"2016-09-08 08:02:37","post_date_gmt":"2016-09-08 08:02:37","post_content":"","post_title":"{:hu}Zeneakad\u00e9mia{:}{:en}Liszt Academy{:}","post_excerpt":"","post_status":"publish","comment_status":"closed","ping_status":"closed","post_password":"","post_name":"zeneakademia","to_ping":"","pinged":"","post_modified":"2021-02-17 10:09:02","post_modified_gmt":"2021-02-17 10:09:02","post_content_filtered":"","post_parent":0,"guid":"http:\/\/www.filharmonikusok.hu\/places\/zeneakademia\/","menu_order":0,"post_type":"places","post_mime_type":"","comment_count":"0","filter":"raw","varos":"Budapest","orszag":"Hungary","cim":"VI. Liszt Ferenc t\u00e9r 8.","megjegyzes":"","weboldal":""},"helyszin_kategoria":"budapest","karmester":{"ID":85976,"post_author":"1","post_date":"2017-05-30 19:53:04","post_date_gmt":"2017-05-30 19:53:04","post_content":"{:hu}A budapesti Zeneakad\u00e9mi\u00e1n 1993-ban szerzett karmesteri diplom\u00e1t. A historikus el\u0151ad\u00e1sm\u00f3d ir\u00e1nti \u00e9rdekl\u0151d\u00e9s\u00e9ben nagy hat\u00e1ssal volt r\u00e1 H. Rilling, J. Eliot Gardiner, J. Toll, M. Bilson \u00e9s S. Standage. Rendszeres vend\u00e9gkarmestere a legt\u00f6bb magyarorsz\u00e1gi szimfonikus zenekarnak, \u00e9s 2000 augusztusa \u00f3ta a Magyar \u00c1llami Operah\u00e1znak.\r\n\r\n1990-ben megalap\u00edtotta a Purcell K\u00f3rust, 1991-ben az Orfeo Zenekart. Ezek \u00e9l\u00e9n az elm\u00falt 28 \u00e9vben sz\u00e1mtalan jelent\u0151s opera- \u00e9s orat\u00f3riumprodukci\u00f3t, kant\u00e1ta- \u00e9s zenekari m\u0171sort hozott l\u00e9tre.\r\n\r\nNev\u00e9hez sz\u00e1mos \u00fajkori vil\u00e1gpremier \u00e9s magyarorsz\u00e1gi bemutat\u00f3 f\u0171z\u0151dik: egy\u00fcttesei \u00e9l\u00e9n eddig k\u00f6zel 30 lemezfelv\u00e9telt k\u00e9sz\u00edtett. 2014 \u00f3ta a Versailles-i Barokk Zenei K\u00f6zponttal \u00e1pol szoros kapcsolatot, amelyb\u0151l a k\u00f6vetkez\u0151 francia barokk hangfelv\u00e9telek jelentek meg a Glossa kiad\u00f3n\u00e1l: Rameau Les F\u00eates de Polymnie c. \"ballet h\u00e9roique\"-j\u00e1nak vil\u00e1gpremier-r\u00f6gz\u00edt\u00e9se; Mondonville Grands Motets c. hanglemeze, majd az Isb\u00e9 vil\u00e1gbemutat\u00f3-el\u0151ad\u00e1sa; az Un op\u00e9ra pour trois rois c. op\u00e9ra-pastiche; valamint Rameau Nais sz\u00ednpadi m\u0171ve.\r\n\r\n1992 \u00f3ta a Zeneakad\u00e9mia tan\u00e1ra, jelenleg egyetemi docens. 2008\u2013ban Liszt-d\u00edjban, 2015-ben \u201eMagyar \u00c9rdemrend Lovagkereszt Polg\u00e1ri Tagozat\u201d kit\u00fcntet\u00e9sben r\u00e9szes\u00fclt. 2013 \u00f3ta tagja, 2017 okt\u00f3bere \u00f3ta eln\u00f6ke a Magyar M\u0171v\u00e9szeti Akad\u00e9mi\u00e1nak.\r\n<p style=\"text-align: justify;\">2024. m\u00e1rcius 15-i nemzeti \u00fcnnep\u00fcnk alkalm\u00e1b\u00f3l \u00e9rt\u00e9kteremt\u0151 tev\u00e9kenys\u00e9g\u00e9nek, valamint a m\u0171v\u00e9szeti k\u00f6z\u00e9letben v\u00e9gzett munk\u00e1j\u00e1nak elismer\u00e9s\u00e9\u00e9rt j\u00e1r\u00f3 legmagasabb magyar \u00e1llami kit\u00fcntet\u00e9sben, Kossuth-d\u00edjban r\u00e9szes\u00fclt.<\/p>{:}{:en}<strong>Gy\u00f6rgy Vashegyi<\/strong> earned a degree in conducting studies at the Budapest Academy of Music in 1993. His interest in historical performance was greatly influenced by Helmuth Rilling, John Eliot Gardiner, John Toll, Malcolm Bilson and Simon Standage.\r\n\r\nVashegyi has been a regular guest conductor for several Hungarian symphony orchestras and the Hungarian State Opera since the year 2000.\r\n\r\nHe founded the Purcell Choir and the Orfeo Zenekar in 1991 and has been responsible for countless important opera and oratorio productions, as well as cantata and orchestral programmes.\r\n\r\nHis name is associated with dozens of contemporary world and Hungarian premieres, while he has also released some 30 albums with his groups. Since 2014, he has developed a close relationship with the Centre de Musique Baroque de Versailles, releasing the following French Baroque recordings through the Glossa music label: the world premier of Rameau\u2019s <em>Les F\u00eates de Polymnie \u2013 Ballet h\u00e9roique<\/em>; the album <em>Mondonville: Grands Motets<\/em>; a world premiere of <em>Isb\u00e9<\/em>; the opera pastiche <em>Un op\u00e9ra pour trois rois<\/em> and a theatrical performance of Rameau\u2019s <em>Nais<\/em>.\r\n\r\nVashegyi has taught at the Academy of Music since 1992 and is currently an associate professor. He was awarded the Liszt Award in 2008 and the Knight\u2019s Cross of the Hungarian Order of Merit in 2015, and has been a member of the Hungarian Academy of Arts since 2013 and its president since October 2017.\r\n<p style=\"font-weight: 400;\">On the occasion of Hungary\u2019s national holiday on 15 March 2024, in recognition of his valuable work as an artist and in artistic public life, he was the country\u2019s highest state decoration, he was awarded the Kossuth Prize.<\/p>\r\n&nbsp;{:}","post_title":"{:hu}Vashegyi Gy\u00f6rgy{:}{:en}Gy\u00f6rgy Vashegyi{:}","post_excerpt":"","post_status":"publish","comment_status":"closed","ping_status":"closed","post_password":"","post_name":"vashegyi-gyorgy","to_ping":"","pinged":"","post_modified":"2024-04-08 09:49:02","post_modified_gmt":"2024-04-08 09:49:02","post_content_filtered":"","post_parent":0,"guid":"http:\/\/www.filharmonikusok.hu\/?post_type=artists&#038;p=85976","menu_order":0,"post_type":"artists","post_mime_type":"","comment_count":"0","filter":"raw"},"karmester_2":false,"hazigazda":null,"muvek":[],"muvek_feluldefinialasa":false,"muvekrol_reszletesen":null,"is_muvekrol_reszletesen_en":false,"kozr_szemelyek":[],"muveszekrol_reszletesen":null,"is_muveszekrol_reszletesen_en":false,"kozr_szemelyek_feluldefinialasa":"","kozr_intezmenyek":[],"gombtipus":"link","jegyarak":"HUF 10,000, HUF 8,500, HUF 7,500, HUF 6,000","jegyvasarlas_gomb":"","elkeltek_a_jegyek":false,"youtube_id":"","old_id":"","hivatkozas_gomb_szovege":"Buy ticket","hivatkozas_gomg_url-je":"https:\/\/nfz.jegy.hu\/program\/mozart-berecz-mihaly-vashegyi-gyorgy-ferencsik4-173885\/1260532"},"publishpress_future_workflow_manual_trigger":{"enabledWorkflows":[]},"_links":{"self":[{"href":"https:\/\/www.filharmonikusok.hu\/en\/wp-json\/wp\/v2\/concerts\/124325","targetHints":{"allow":["GET"]}}],"collection":[{"href":"https:\/\/www.filharmonikusok.hu\/en\/wp-json\/wp\/v2\/concerts"}],"about":[{"href":"https:\/\/www.filharmonikusok.hu\/en\/wp-json\/wp\/v2\/types\/concerts"}],"wp:attachment":[{"href":"https:\/\/www.filharmonikusok.hu\/en\/wp-json\/wp\/v2\/media?parent=124325"}],"curies":[{"name":"wp","href":"https:\/\/api.w.org\/{rel}","templated":true}]}}