{"id":124299,"date":"2025-04-02T09:36:12","date_gmt":"2025-04-02T09:36:12","guid":{"rendered":"https:\/\/www.filharmonikusok.hu\/?post_type=concerts&#038;p=124299"},"modified":"2025-12-17T10:21:54","modified_gmt":"2025-12-17T10:21:54","slug":"karacsonyi-koncert-a-nemzeti-filharmonikusok-unnepi-hangversenye","status":"publish","type":"concerts","link":"https:\/\/www.filharmonikusok.hu\/en\/koncertek\/karacsonyi-koncert-a-nemzeti-filharmonikusok-unnepi-hangversenye\/","title":{"rendered":"CHRISTMAS CONCERT &#8211; The Hungarian National Philharmonic\u2019s Holiday Concert"},"content":{"rendered":"<p>Hector BERLIOZ: L\u2019enfance du Christ (The Childhood of Christ), Op. 25<br \/>\nOratorio in French, with one intermission<\/p>\n<p><em>Le r\u00e9citant (Narrator)\/Le Centurion (Roman centurion)<\/em>:<strong>\u00a0<a href=\"https:\/\/www.filharmonikusok.hu\/wp-content\/uploads\/2025\/03\/DUBOIS_ang_2024-25.pdf\">Cyrille Dubois<\/a><\/strong><br \/>\n<em>La vierge Marie (Virgin Mary):<\/em><strong><a href=\"https:\/\/annadowsley.com\/\"> <b>Anna Dowsley<\/b><\/a><\/strong><br \/>\n<em>Joseph\/Polydorus: <\/em><a href=\"https:\/\/www.filharmonikusok.hu\/wp-content\/uploads\/2025\/03\/Bio-anglais-mars-2025.pdf\"><strong>Lysandre Ch\u00e2lon<\/strong><\/a><br \/>\n<em>H\u00e9rode (Herod)\/Le p\u00e8re de famille (Father of the family)<\/em>:<strong>\u00a0<a href=\"https:\/\/www.filharmonikusok.hu\/wp-content\/uploads\/2025\/03\/RSBartists_biography_thomas-dolie.pdf\">Thomas Doli\u00e9<\/a><\/strong><br \/>\n<strong>Hungarian National Philharmonic Orchestra<\/strong><br \/>\n<strong>Hungarian National Choir <\/strong>(choirmaster: <a href=\"https:\/\/www.filharmonikusok.hu\/en\/artists\/somos-csaba-2\/\"><strong>Csaba<\/strong> <strong>Somos<\/strong><\/a>)<\/p>\n<p>Conductor:<a href=\"https:\/\/www.filharmonikusok.hu\/en\/artists\/vashegyi-gyorgy-fozeneigazgato\/\"><strong> Gy\u00f6rgy Vashegyi<\/strong><\/a><\/p>\n<p>What could be a more beautiful sounding gift one week before Christmas than a three-part oratorio that is unknown in Hungary and recalls a less well documented part of Jesus\u2019s life, the Redeemer\u2019s childhood? Hector Belioz worked on the composition from 1850 to 1854 and the work deals with the episode of Jesus\u2019s life when the holy family fled to Egypt. The concert by the Hungarian National Philharmonic Orchestra and Choir will be conducted by Gy\u00f6rgy Vashegyi, a man committed to preserving the riches of French musical culture, while the soloists for <em>L\u2019enfance du Christ<\/em> will be Cyrille Dubois, Anna Dowsley, Lysandre Ch\u00e2lon and Thomas Doli\u00e9.<\/p>\n<p>In recent years, the Hungarian National Philhamonic Orchestra and Choir have put on countless productions that have proved to be exciting discoveries for the audience. With chief music director Gy\u00f6rgy Vashegyi at the helm, they are now preparing to present another special work at the Hungarian National Philharmonic\u2019s traditional Christmas concert: Hector Belioz\u2019s monumental three-part oratorio, <em>L\u2019enfance du Christ<\/em>. The composer wrote the work to his own text between 1850 and 1854 and elected to tell the story of the holy family\u2019s escape to Egypt.<\/p>\n<p>There is a noteworthy story associated with the first bars of a particular section of the piece. Berlioz, who frequently experienced antipathy and bad blood during his career, presented a later movement of the composition that he intended as antecedent to the oratorio under a pseudonym. Those who had been passionate in rejecting his work received the music of the \u201cunknown 17th century composer Ducr\u00e9\u201d with great enthusiasm.<\/p>\n","protected":false},"template":"","class_list":["post-124299","concerts","type-concerts","status-publish","hentry"],"translation":{"provider":"WPGlobus","version":"3.0.2","language":"en","enabled_languages":["hu","en"],"languages":{"hu":{"title":true,"content":true,"excerpt":false},"en":{"title":true,"content":true,"excerpt":false}}},"acf":{"alcim":"Non-season ticket performance","kiemelt_kep":{"ID":125890,"id":125890,"title":"Vil\u00e1gosk\u00e9k Esk\u00fcv\u0151 Megh\u00edv\u00f3 Facebook Bor\u00edt\u00f3 (1920 \u00d7 560 k\u00e9ppont) m\u00e1solata m\u00e1solata m\u00e1solata m\u00e1solata m\u00e1solata (1)","filename":"Vilagoskek-Eskuvo-Meghivo-Facebook-Borito-1920-\u00d7-560-keppont-masolata-masolata-masolata-masolata-masolata-1-1.png","filesize":292815,"url":"https:\/\/www.filharmonikusok.hu\/wp-content\/uploads\/2025\/04\/Vilagoskek-Eskuvo-Meghivo-Facebook-Borito-1920-\u00d7-560-keppont-masolata-masolata-masolata-masolata-masolata-1-1.png","link":"https:\/\/www.filharmonikusok.hu\/en\/koncertek\/karacsonyi-koncert-a-nemzeti-filharmonikusok-unnepi-hangversenye\/vilagoskek-eskuvo-meghivo-facebook-borito-1920-x-560-keppont-masolata-masolata-masolata-masolata-masolata-1-2\/","alt":"","author":"951582","description":"","caption":"","name":"vilagoskek-eskuvo-meghivo-facebook-borito-1920-x-560-keppont-masolata-masolata-masolata-masolata-masolata-1-2","status":"inherit","uploaded_to":124299,"date":"2025-12-04 12:58:40","modified":"2025-12-04 12:58:40","menu_order":0,"mime_type":"image\/png","type":"image","subtype":"png","icon":"https:\/\/www.filharmonikusok.hu\/wp-includes\/images\/media\/default.png","width":1920,"height":560,"sizes":{"thumbnail":"https:\/\/www.filharmonikusok.hu\/wp-content\/uploads\/2025\/04\/Vilagoskek-Eskuvo-Meghivo-Facebook-Borito-1920-\u00d7-560-keppont-masolata-masolata-masolata-masolata-masolata-1-1-150x150.png","thumbnail-width":150,"thumbnail-height":150,"medium":"https:\/\/www.filharmonikusok.hu\/wp-content\/uploads\/2025\/04\/Vilagoskek-Eskuvo-Meghivo-Facebook-Borito-1920-\u00d7-560-keppont-masolata-masolata-masolata-masolata-masolata-1-1-300x88.png","medium-width":300,"medium-height":88,"medium_large":"https:\/\/www.filharmonikusok.hu\/wp-content\/uploads\/2025\/04\/Vilagoskek-Eskuvo-Meghivo-Facebook-Borito-1920-\u00d7-560-keppont-masolata-masolata-masolata-masolata-masolata-1-1-768x224.png","medium_large-width":640,"medium_large-height":187,"large":"https:\/\/www.filharmonikusok.hu\/wp-content\/uploads\/2025\/04\/Vilagoskek-Eskuvo-Meghivo-Facebook-Borito-1920-\u00d7-560-keppont-masolata-masolata-masolata-masolata-masolata-1-1-1024x299.png","large-width":640,"large-height":187,"1536x1536":"https:\/\/www.filharmonikusok.hu\/wp-content\/uploads\/2025\/04\/Vilagoskek-Eskuvo-Meghivo-Facebook-Borito-1920-\u00d7-560-keppont-masolata-masolata-masolata-masolata-masolata-1-1-1536x448.png","1536x1536-width":1536,"1536x1536-height":448,"2048x2048":"https:\/\/www.filharmonikusok.hu\/wp-content\/uploads\/2025\/04\/Vilagoskek-Eskuvo-Meghivo-Facebook-Borito-1920-\u00d7-560-keppont-masolata-masolata-masolata-masolata-masolata-1-1.png","2048x2048-width":1920,"2048x2048-height":560,"person-size":"https:\/\/www.filharmonikusok.hu\/wp-content\/uploads\/2025\/04\/Vilagoskek-Eskuvo-Meghivo-Facebook-Borito-1920-\u00d7-560-keppont-masolata-masolata-masolata-masolata-masolata-1-1-165x165.png","person-size-width":165,"person-size-height":165,"person-size-2":"https:\/\/www.filharmonikusok.hu\/wp-content\/uploads\/2025\/04\/Vilagoskek-Eskuvo-Meghivo-Facebook-Borito-1920-\u00d7-560-keppont-masolata-masolata-masolata-masolata-masolata-1-1-165x220.png","person-size-2-width":165,"person-size-2-height":220,"album-size":"https:\/\/www.filharmonikusok.hu\/wp-content\/uploads\/2025\/04\/Vilagoskek-Eskuvo-Meghivo-Facebook-Borito-1920-\u00d7-560-keppont-masolata-masolata-masolata-masolata-masolata-1-1-263x263.png","album-size-width":263,"album-size-height":263,"news-lead-size":"https:\/\/www.filharmonikusok.hu\/wp-content\/uploads\/2025\/04\/Vilagoskek-Eskuvo-Meghivo-Facebook-Borito-1920-\u00d7-560-keppont-masolata-masolata-masolata-masolata-masolata-1-1-360x203.png","news-lead-size-width":360,"news-lead-size-height":203,"director-index-size":"https:\/\/www.filharmonikusok.hu\/wp-content\/uploads\/2025\/04\/Vilagoskek-Eskuvo-Meghivo-Facebook-Borito-1920-\u00d7-560-keppont-masolata-masolata-masolata-masolata-masolata-1-1-359x450.png","director-index-size-width":359,"director-index-size-height":450,"person-lead-size":"https:\/\/www.filharmonikusok.hu\/wp-content\/uploads\/2025\/04\/Vilagoskek-Eskuvo-Meghivo-Facebook-Borito-1920-\u00d7-560-keppont-masolata-masolata-masolata-masolata-masolata-1-1-555x555.png","person-lead-size-width":555,"person-lead-size-height":555,"slider-size":"https:\/\/www.filharmonikusok.hu\/wp-content\/uploads\/2025\/04\/Vilagoskek-Eskuvo-Meghivo-Facebook-Borito-1920-\u00d7-560-keppont-masolata-masolata-masolata-masolata-masolata-1-1-1600x560.png","slider-size-width":1600,"slider-size-height":560}},"kiemelt_kep_en":{"ID":125890,"id":125890,"title":"Vil\u00e1gosk\u00e9k Esk\u00fcv\u0151 Megh\u00edv\u00f3 Facebook Bor\u00edt\u00f3 (1920 \u00d7 560 k\u00e9ppont) m\u00e1solata m\u00e1solata m\u00e1solata m\u00e1solata m\u00e1solata (1)","filename":"Vilagoskek-Eskuvo-Meghivo-Facebook-Borito-1920-\u00d7-560-keppont-masolata-masolata-masolata-masolata-masolata-1-1.png","filesize":292815,"url":"https:\/\/www.filharmonikusok.hu\/wp-content\/uploads\/2025\/04\/Vilagoskek-Eskuvo-Meghivo-Facebook-Borito-1920-\u00d7-560-keppont-masolata-masolata-masolata-masolata-masolata-1-1.png","link":"https:\/\/www.filharmonikusok.hu\/en\/koncertek\/karacsonyi-koncert-a-nemzeti-filharmonikusok-unnepi-hangversenye\/vilagoskek-eskuvo-meghivo-facebook-borito-1920-x-560-keppont-masolata-masolata-masolata-masolata-masolata-1-2\/","alt":"","author":"951582","description":"","caption":"","name":"vilagoskek-eskuvo-meghivo-facebook-borito-1920-x-560-keppont-masolata-masolata-masolata-masolata-masolata-1-2","status":"inherit","uploaded_to":124299,"date":"2025-12-04 12:58:40","modified":"2025-12-04 12:58:40","menu_order":0,"mime_type":"image\/png","type":"image","subtype":"png","icon":"https:\/\/www.filharmonikusok.hu\/wp-includes\/images\/media\/default.png","width":1920,"height":560,"sizes":{"thumbnail":"https:\/\/www.filharmonikusok.hu\/wp-content\/uploads\/2025\/04\/Vilagoskek-Eskuvo-Meghivo-Facebook-Borito-1920-\u00d7-560-keppont-masolata-masolata-masolata-masolata-masolata-1-1-150x150.png","thumbnail-width":150,"thumbnail-height":150,"medium":"https:\/\/www.filharmonikusok.hu\/wp-content\/uploads\/2025\/04\/Vilagoskek-Eskuvo-Meghivo-Facebook-Borito-1920-\u00d7-560-keppont-masolata-masolata-masolata-masolata-masolata-1-1-300x88.png","medium-width":300,"medium-height":88,"medium_large":"https:\/\/www.filharmonikusok.hu\/wp-content\/uploads\/2025\/04\/Vilagoskek-Eskuvo-Meghivo-Facebook-Borito-1920-\u00d7-560-keppont-masolata-masolata-masolata-masolata-masolata-1-1-768x224.png","medium_large-width":640,"medium_large-height":187,"large":"https:\/\/www.filharmonikusok.hu\/wp-content\/uploads\/2025\/04\/Vilagoskek-Eskuvo-Meghivo-Facebook-Borito-1920-\u00d7-560-keppont-masolata-masolata-masolata-masolata-masolata-1-1-1024x299.png","large-width":640,"large-height":187,"1536x1536":"https:\/\/www.filharmonikusok.hu\/wp-content\/uploads\/2025\/04\/Vilagoskek-Eskuvo-Meghivo-Facebook-Borito-1920-\u00d7-560-keppont-masolata-masolata-masolata-masolata-masolata-1-1-1536x448.png","1536x1536-width":1536,"1536x1536-height":448,"2048x2048":"https:\/\/www.filharmonikusok.hu\/wp-content\/uploads\/2025\/04\/Vilagoskek-Eskuvo-Meghivo-Facebook-Borito-1920-\u00d7-560-keppont-masolata-masolata-masolata-masolata-masolata-1-1.png","2048x2048-width":1920,"2048x2048-height":560,"person-size":"https:\/\/www.filharmonikusok.hu\/wp-content\/uploads\/2025\/04\/Vilagoskek-Eskuvo-Meghivo-Facebook-Borito-1920-\u00d7-560-keppont-masolata-masolata-masolata-masolata-masolata-1-1-165x165.png","person-size-width":165,"person-size-height":165,"person-size-2":"https:\/\/www.filharmonikusok.hu\/wp-content\/uploads\/2025\/04\/Vilagoskek-Eskuvo-Meghivo-Facebook-Borito-1920-\u00d7-560-keppont-masolata-masolata-masolata-masolata-masolata-1-1-165x220.png","person-size-2-width":165,"person-size-2-height":220,"album-size":"https:\/\/www.filharmonikusok.hu\/wp-content\/uploads\/2025\/04\/Vilagoskek-Eskuvo-Meghivo-Facebook-Borito-1920-\u00d7-560-keppont-masolata-masolata-masolata-masolata-masolata-1-1-263x263.png","album-size-width":263,"album-size-height":263,"news-lead-size":"https:\/\/www.filharmonikusok.hu\/wp-content\/uploads\/2025\/04\/Vilagoskek-Eskuvo-Meghivo-Facebook-Borito-1920-\u00d7-560-keppont-masolata-masolata-masolata-masolata-masolata-1-1-360x203.png","news-lead-size-width":360,"news-lead-size-height":203,"director-index-size":"https:\/\/www.filharmonikusok.hu\/wp-content\/uploads\/2025\/04\/Vilagoskek-Eskuvo-Meghivo-Facebook-Borito-1920-\u00d7-560-keppont-masolata-masolata-masolata-masolata-masolata-1-1-359x450.png","director-index-size-width":359,"director-index-size-height":450,"person-lead-size":"https:\/\/www.filharmonikusok.hu\/wp-content\/uploads\/2025\/04\/Vilagoskek-Eskuvo-Meghivo-Facebook-Borito-1920-\u00d7-560-keppont-masolata-masolata-masolata-masolata-masolata-1-1-555x555.png","person-lead-size-width":555,"person-lead-size-height":555,"slider-size":"https:\/\/www.filharmonikusok.hu\/wp-content\/uploads\/2025\/04\/Vilagoskek-Eskuvo-Meghivo-Facebook-Borito-1920-\u00d7-560-keppont-masolata-masolata-masolata-masolata-masolata-1-1-1600x560.png","slider-size-width":1600,"slider-size-height":560}},"megjegyzes":"","esemeny_datum":"20251217","esemeny_idopontja":"pm 7.30","esemeny_vege":"pm 9.20","sajat_program":true,"esemeny_tipusa":["koncertek"],"esemeny_helyszine":{"ID":87689,"post_author":"1","post_date":"2016-09-08 08:02:38","post_date_gmt":"2016-09-08 08:02:38","post_content":"","post_title":"{:hu}M\u00fcpa - Bart\u00f3k B\u00e9la Nemzeti Hangversenyterem{:}{:en}M\u00fcpa - B\u00e9la Bart\u00f3k National Concert Hall{:}","post_excerpt":"","post_status":"publish","comment_status":"closed","ping_status":"closed","post_password":"","post_name":"mupa-bartok-bela-nemzeti-hangversenyterem","to_ping":"","pinged":"","post_modified":"2016-09-08 08:02:38","post_modified_gmt":"2016-09-08 08:02:38","post_content_filtered":"","post_parent":0,"guid":"http:\/\/www.filharmonikusok.hu\/places\/mupa-bartok-bela-nemzeti-hangversenyterem\/","menu_order":0,"post_type":"places","post_mime_type":"","comment_count":"0","filter":"raw","varos":"{:hu}Budapest{:}{:en}Budapest{:}","orszag":"{:hu}Magyarorsz\u00e1g{:}{:en}Magyarorsz\u00e1g{:}","cim":"<p>1095 Budapest, Komor Marcell u. 1.<\/p>","megjegyzes":"","weboldal":"http:\/\/www.muveszetekpalotaja.hu"},"helyszin_kategoria":"budapest","karmester":{"ID":85976,"post_author":"1","post_date":"2017-05-30 19:53:04","post_date_gmt":"2017-05-30 19:53:04","post_content":"{:hu}A budapesti Zeneakad\u00e9mi\u00e1n 1993-ban szerzett karmesteri diplom\u00e1t. A historikus el\u0151ad\u00e1sm\u00f3d ir\u00e1nti \u00e9rdekl\u0151d\u00e9s\u00e9ben nagy hat\u00e1ssal volt r\u00e1 H. Rilling, J. Eliot Gardiner, J. Toll, M. Bilson \u00e9s S. Standage. Rendszeres vend\u00e9gkarmestere a legt\u00f6bb magyarorsz\u00e1gi szimfonikus zenekarnak, \u00e9s 2000 augusztusa \u00f3ta a Magyar \u00c1llami Operah\u00e1znak.\r\n\r\n1990-ben megalap\u00edtotta a Purcell K\u00f3rust, 1991-ben az Orfeo Zenekart. Ezek \u00e9l\u00e9n az elm\u00falt 28 \u00e9vben sz\u00e1mtalan jelent\u0151s opera- \u00e9s orat\u00f3riumprodukci\u00f3t, kant\u00e1ta- \u00e9s zenekari m\u0171sort hozott l\u00e9tre.\r\n\r\nNev\u00e9hez sz\u00e1mos \u00fajkori vil\u00e1gpremier \u00e9s magyarorsz\u00e1gi bemutat\u00f3 f\u0171z\u0151dik: egy\u00fcttesei \u00e9l\u00e9n eddig k\u00f6zel 30 lemezfelv\u00e9telt k\u00e9sz\u00edtett. 2014 \u00f3ta a Versailles-i Barokk Zenei K\u00f6zponttal \u00e1pol szoros kapcsolatot, amelyb\u0151l a k\u00f6vetkez\u0151 francia barokk hangfelv\u00e9telek jelentek meg a Glossa kiad\u00f3n\u00e1l: Rameau Les F\u00eates de Polymnie c. \"ballet h\u00e9roique\"-j\u00e1nak vil\u00e1gpremier-r\u00f6gz\u00edt\u00e9se; Mondonville Grands Motets c. hanglemeze, majd az Isb\u00e9 vil\u00e1gbemutat\u00f3-el\u0151ad\u00e1sa; az Un op\u00e9ra pour trois rois c. op\u00e9ra-pastiche; valamint Rameau Nais sz\u00ednpadi m\u0171ve.\r\n\r\n1992 \u00f3ta a Zeneakad\u00e9mia tan\u00e1ra, jelenleg egyetemi docens. 2008\u2013ban Liszt-d\u00edjban, 2015-ben \u201eMagyar \u00c9rdemrend Lovagkereszt Polg\u00e1ri Tagozat\u201d kit\u00fcntet\u00e9sben r\u00e9szes\u00fclt. 2013 \u00f3ta tagja, 2017 okt\u00f3bere \u00f3ta eln\u00f6ke a Magyar M\u0171v\u00e9szeti Akad\u00e9mi\u00e1nak.\r\n<p style=\"text-align: justify;\">2024. m\u00e1rcius 15-i nemzeti \u00fcnnep\u00fcnk alkalm\u00e1b\u00f3l \u00e9rt\u00e9kteremt\u0151 tev\u00e9kenys\u00e9g\u00e9nek, valamint a m\u0171v\u00e9szeti k\u00f6z\u00e9letben v\u00e9gzett munk\u00e1j\u00e1nak elismer\u00e9s\u00e9\u00e9rt j\u00e1r\u00f3 legmagasabb magyar \u00e1llami kit\u00fcntet\u00e9sben, Kossuth-d\u00edjban r\u00e9szes\u00fclt.<\/p>{:}{:en}<strong>Gy\u00f6rgy Vashegyi<\/strong> earned a degree in conducting studies at the Budapest Academy of Music in 1993. His interest in historical performance was greatly influenced by Helmuth Rilling, John Eliot Gardiner, John Toll, Malcolm Bilson and Simon Standage.\r\n\r\nVashegyi has been a regular guest conductor for several Hungarian symphony orchestras and the Hungarian State Opera since the year 2000.\r\n\r\nHe founded the Purcell Choir and the Orfeo Zenekar in 1991 and has been responsible for countless important opera and oratorio productions, as well as cantata and orchestral programmes.\r\n\r\nHis name is associated with dozens of contemporary world and Hungarian premieres, while he has also released some 30 albums with his groups. Since 2014, he has developed a close relationship with the Centre de Musique Baroque de Versailles, releasing the following French Baroque recordings through the Glossa music label: the world premier of Rameau\u2019s <em>Les F\u00eates de Polymnie \u2013 Ballet h\u00e9roique<\/em>; the album <em>Mondonville: Grands Motets<\/em>; a world premiere of <em>Isb\u00e9<\/em>; the opera pastiche <em>Un op\u00e9ra pour trois rois<\/em> and a theatrical performance of Rameau\u2019s <em>Nais<\/em>.\r\n\r\nVashegyi has taught at the Academy of Music since 1992 and is currently an associate professor. He was awarded the Liszt Award in 2008 and the Knight\u2019s Cross of the Hungarian Order of Merit in 2015, and has been a member of the Hungarian Academy of Arts since 2013 and its president since October 2017.\r\n<p style=\"font-weight: 400;\">On the occasion of Hungary\u2019s national holiday on 15 March 2024, in recognition of his valuable work as an artist and in artistic public life, he was the country\u2019s highest state decoration, he was awarded the Kossuth Prize.<\/p>\r\n&nbsp;{:}","post_title":"{:hu}Vashegyi Gy\u00f6rgy{:}{:en}Gy\u00f6rgy Vashegyi{:}","post_excerpt":"","post_status":"publish","comment_status":"closed","ping_status":"closed","post_password":"","post_name":"vashegyi-gyorgy","to_ping":"","pinged":"","post_modified":"2024-04-08 09:49:02","post_modified_gmt":"2024-04-08 09:49:02","post_content_filtered":"","post_parent":0,"guid":"http:\/\/www.filharmonikusok.hu\/?post_type=artists&#038;p=85976","menu_order":0,"post_type":"artists","post_mime_type":"","comment_count":"0","filter":"raw"},"karmester_2":false,"hazigazda":null,"muvek":[],"muvek_feluldefinialasa":false,"muvekrol_reszletesen":null,"is_muvekrol_reszletesen_en":false,"kozr_szemelyek":[],"muveszekrol_reszletesen":null,"is_muveszekrol_reszletesen_en":false,"kozr_szemelyek_feluldefinialasa":"","kozr_intezmenyek":[],"gombtipus":"link","jegyarak":"HUF 12,500, HUF 10,000, HUF 8,500, HUF 7,500, HUF 5,500","jegyvasarlas_gomb":"","elkeltek_a_jegyek":false,"youtube_id":"","old_id":"","hivatkozas_gomb_szovege":"Buy ticket","hivatkozas_gomg_url-je":"https:\/\/nfz.jegy.hu\/program\/karacsonyi-koncert-a-nemzeti-filharmonikusok-unnepi-hangversenye-173863\/1260521"},"publishpress_future_workflow_manual_trigger":{"enabledWorkflows":[]},"_links":{"self":[{"href":"https:\/\/www.filharmonikusok.hu\/en\/wp-json\/wp\/v2\/concerts\/124299","targetHints":{"allow":["GET"]}}],"collection":[{"href":"https:\/\/www.filharmonikusok.hu\/en\/wp-json\/wp\/v2\/concerts"}],"about":[{"href":"https:\/\/www.filharmonikusok.hu\/en\/wp-json\/wp\/v2\/types\/concerts"}],"wp:attachment":[{"href":"https:\/\/www.filharmonikusok.hu\/en\/wp-json\/wp\/v2\/media?parent=124299"}],"curies":[{"name":"wp","href":"https:\/\/api.w.org\/{rel}","templated":true}]}}