{"id":124285,"date":"2025-04-02T09:33:59","date_gmt":"2025-04-02T09:33:59","guid":{"rendered":"https:\/\/www.filharmonikusok.hu\/?post_type=concerts&#038;p=124285"},"modified":"2025-07-03T10:39:16","modified_gmt":"2025-07-03T10:39:16","slug":"antal-matyas-80","status":"publish","type":"concerts","link":"https:\/\/www.filharmonikusok.hu\/en\/koncertek\/antal-matyas-80\/","title":{"rendered":"M\u00c1TY\u00c1S ANTAL 80"},"content":{"rendered":"<p>Joseph HAYDN: Symphony No. 80 in D minor, Hob. I:80<br \/>\nB\u00e9la BART\u00d3K: Cantata profana, BB 100, Sz 94<br \/>\n***<br \/>\nIgor STRAVINSKY: Symphony of Psalms<\/p>\n<p><em>The son<\/em><a href=\"https:\/\/laszloboldizsar.hu\/\"><strong> Boldizs\u00e1r L\u00e1szl\u00f3<\/strong><\/a> tenor<br \/>\n<em>The father <\/em><strong>Mikl\u00f3s Sebesty\u00e9n <\/strong>bass-baritone<br \/>\n<strong>Hungarian National Choir <\/strong>(choirmaster:<a href=\"https:\/\/www.filharmonikusok.hu\/en\/artists\/somos-csaba-2\/\"><strong> Csaba <\/strong><strong>Somos<\/strong><\/a>)<br \/>\n<strong>Hungarian National Philharmonic Orchestra<\/strong><\/p>\n<p>Conductor: <a href=\"https:\/\/www.filharmonikusok.hu\/en\/artists\/antal-matyas\/\"><strong>M\u00e1ty\u00e1s <\/strong><strong>Antal<\/strong><\/a><\/p>\n<p>M\u00e1ty\u00e1s Antal, the former choir director of the Hungarian National Choir, is turning 80. This versatile musician, who led the choir for a quarter-century from 1990 to 2016, has a double connection to the Hungarian National Philharmonic, having previously been a flautist with its predecessor, the State Concert Orchestra, for decades. To mark the occasion, he is not the one receiving but giving the gift, by conducting a celebratory concert first featuring \u2013 as a playful nod to his age \u2013 Haydn\u2019s <em>Symphony No. 80 in D minor<\/em>, followed by exceptionally significant oratorical works from Bart\u00f3k and Stravinsky, <em>Cantata Profana<\/em> and the <em>Symphony of<\/em> <em>Psalms<\/em>. The solo parts in Bart\u00f3k\u2019s piece will be performed by two outstanding figures on the Hungarian vocal scene, Boldizs\u00e1r L\u00e1szl\u00f3 and Mikl\u00f3s Sebesty\u00e9n.<\/p>\n<p>While specialization is a defining feature of our era, there remain some prominent musical figures who excel in producing memorable output in multiple disciplines. M\u00e1ty\u00e1s Antal is one such individual. In his student years, he played piano, flute, double bass and percussion, before earning degrees in the flute and choral conducting at the Liszt Academy, and subsequently studying conducting at the Royal Conservatory of Brussels. His career is accordingly rich and varied. From 1967 to 1986, he was a flautist with the State Concert Orchestra (now Hungarian National Philharmonic); from 1990 to 2016, he served as choir director of the Hungarian National Choir, while also working continuously as a conductor and choir director with ensembles like the Miskolc Symphony Orchestra and the Budapest Chorus. He is turning 80 in 2025 and we are celebrating this milestone with a concert. Under his baton, the National Philharmonic Orchestra will first perform Haydn\u2019s <em>Symphony No. 80<\/em>, followed by two defining 20th-century oratorical works: Bart\u00f3k\u2019s <em>Cantata Profana<\/em> and Stravinsky\u2019s <em>Symphony of Psalms<\/em>, featuring the Hungarian National Choir, with Boldizs\u00e1r L\u00e1szl\u00f3 and Mikl\u00f3s Sebesty\u00e9n the soloists for the Bart\u00f3k piece.<\/p>\n<p>*****<\/p>\n<p>Named after the founder and former leader of the Hungarian State Choir, the predecessor of the National Choir, the P\u00e1szti season ticket unsurprisingly offers a rich bounty of vocal music: early music and contemporary pieces, as well as a cappella works and oratorical masterpieces, all courtesy of composers from both Hungary and elsewhere.<\/p>\n<p>Conducting the first concert will be M\u00e1ty\u00e1s Antal, who headed the Hungarian National Choir for a quarter of a century and is turning 80 this year. After appropriately kicking off the occasion with Haydn\u2019s 80th symphony, he will then go on to lead the ensemble in two legendary masterpieces: Bart\u00f3k\u2019s <em>Cantata Profana<\/em> and Stravinsky\u2019s <em>Symphony of Psalms<\/em>. For the second concert, current choirmaster Csaba Somos invites music lovers on a journey through Italy with works (where either the composer or the theme is Italian) by Bruno Bettinelli, Pietro Clausetti, Morten Lauridsen, Jonathan Dove, Willem Jeths and Tam\u00e1s Beischer-Maty\u00f3.<\/p>\n<p>The third concert commemorates yet another birthday, this time that of the Hungarian National Choir itself, which to celebrate the 40th anniversary of its founding will perform \u2013 again with Somos wielding the baton \u2013 works by Brahms and Mendelssohn: the former\u2019s <em>Schicksalslied<\/em> (\u201cSong of Destiny\u201d) and the latter\u2019s anthem <em>H\u00f6r\u2019 mein Bitten<\/em> and the massive but rarely heard <em>Lobgesang<\/em>, the \u201cSong of Praise\u201d catalogued as Mendelssohn\u2019s <em>second symphony<\/em>. The soloists for this evening will be Polina Pasztircs\u00e1k, Lilla Horti and Szabolcs Brickner.<\/p>\n<p>The final event in the subscription will be truly sensational. The 2025\/2026 season of the Hungarian National Philharmonic features several remarkable events, one of which is Massenet\u2019s oratorio <em>La Vierge<\/em>, now being presented for the first time ever in Hungary, with Gy\u00f6rgy Vashegyi on the podium. Taking the stage to sing the title role will be the outstanding French mezzo-soprano Aude Extremo.<\/p>\n<p><img loading=\"lazy\" decoding=\"async\" class=\"alignnone  wp-image-123687\" src=\"https:\/\/www.filharmonikusok.hu\/wp-content\/uploads\/2024\/04\/MMAlogoC_angol_haromsoros-294x300.jpg\" alt=\"\" width=\"157\" height=\"160\" srcset=\"https:\/\/www.filharmonikusok.hu\/wp-content\/uploads\/2024\/04\/MMAlogoC_angol_haromsoros-294x300.jpg 294w, https:\/\/www.filharmonikusok.hu\/wp-content\/uploads\/2024\/04\/MMAlogoC_angol_haromsoros.jpg 300w\" sizes=\"auto, (max-width: 157px) 100vw, 157px\" \/><\/p>\n","protected":false},"template":"","class_list":["post-124285","concerts","type-concerts","status-publish","hentry"],"translation":{"provider":"WPGlobus","version":"3.0.2","language":"en","enabled_languages":["hu","en"],"languages":{"hu":{"title":true,"content":true,"excerpt":false},"en":{"title":true,"content":true,"excerpt":false}}},"acf":{"alcim":"P\u00e1szti season ticket 1","kiemelt_kep":{"ID":124254,"id":124254,"title":"2025.10.31.","filename":"2025.10.31.png","filesize":191385,"url":"https:\/\/www.filharmonikusok.hu\/wp-content\/uploads\/2025\/03\/2025.10.31.png","link":"https:\/\/www.filharmonikusok.hu\/en\/koncertek\/antal-matyas-80\/2025-10-31\/","alt":"","author":"951582","description":"","caption":"","name":"2025-10-31","status":"inherit","uploaded_to":124285,"date":"2025-03-24 09:56:28","modified":"2025-03-27 10:20:06","menu_order":0,"mime_type":"image\/png","type":"image","subtype":"png","icon":"https:\/\/www.filharmonikusok.hu\/wp-includes\/images\/media\/default.png","width":1920,"height":560,"sizes":{"thumbnail":"https:\/\/www.filharmonikusok.hu\/wp-content\/uploads\/2025\/03\/2025.10.31-150x150.png","thumbnail-width":150,"thumbnail-height":150,"medium":"https:\/\/www.filharmonikusok.hu\/wp-content\/uploads\/2025\/03\/2025.10.31-300x88.png","medium-width":300,"medium-height":88,"medium_large":"https:\/\/www.filharmonikusok.hu\/wp-content\/uploads\/2025\/03\/2025.10.31-768x224.png","medium_large-width":640,"medium_large-height":187,"large":"https:\/\/www.filharmonikusok.hu\/wp-content\/uploads\/2025\/03\/2025.10.31-1024x299.png","large-width":640,"large-height":187,"1536x1536":"https:\/\/www.filharmonikusok.hu\/wp-content\/uploads\/2025\/03\/2025.10.31-1536x448.png","1536x1536-width":1536,"1536x1536-height":448,"2048x2048":"https:\/\/www.filharmonikusok.hu\/wp-content\/uploads\/2025\/03\/2025.10.31.png","2048x2048-width":1920,"2048x2048-height":560,"person-size":"https:\/\/www.filharmonikusok.hu\/wp-content\/uploads\/2025\/03\/2025.10.31-165x165.png","person-size-width":165,"person-size-height":165,"person-size-2":"https:\/\/www.filharmonikusok.hu\/wp-content\/uploads\/2025\/03\/2025.10.31-165x220.png","person-size-2-width":165,"person-size-2-height":220,"album-size":"https:\/\/www.filharmonikusok.hu\/wp-content\/uploads\/2025\/03\/2025.10.31-263x263.png","album-size-width":263,"album-size-height":263,"news-lead-size":"https:\/\/www.filharmonikusok.hu\/wp-content\/uploads\/2025\/03\/2025.10.31-360x203.png","news-lead-size-width":360,"news-lead-size-height":203,"director-index-size":"https:\/\/www.filharmonikusok.hu\/wp-content\/uploads\/2025\/03\/2025.10.31-359x450.png","director-index-size-width":359,"director-index-size-height":450,"person-lead-size":"https:\/\/www.filharmonikusok.hu\/wp-content\/uploads\/2025\/03\/2025.10.31-555x555.png","person-lead-size-width":555,"person-lead-size-height":555,"slider-size":"https:\/\/www.filharmonikusok.hu\/wp-content\/uploads\/2025\/03\/2025.10.31-1600x560.png","slider-size-width":1600,"slider-size-height":560}},"kiemelt_kep_en":{"ID":124254,"id":124254,"title":"2025.10.31.","filename":"2025.10.31.png","filesize":191385,"url":"https:\/\/www.filharmonikusok.hu\/wp-content\/uploads\/2025\/03\/2025.10.31.png","link":"https:\/\/www.filharmonikusok.hu\/en\/koncertek\/antal-matyas-80\/2025-10-31\/","alt":"","author":"951582","description":"","caption":"","name":"2025-10-31","status":"inherit","uploaded_to":124285,"date":"2025-03-24 09:56:28","modified":"2025-03-27 10:20:06","menu_order":0,"mime_type":"image\/png","type":"image","subtype":"png","icon":"https:\/\/www.filharmonikusok.hu\/wp-includes\/images\/media\/default.png","width":1920,"height":560,"sizes":{"thumbnail":"https:\/\/www.filharmonikusok.hu\/wp-content\/uploads\/2025\/03\/2025.10.31-150x150.png","thumbnail-width":150,"thumbnail-height":150,"medium":"https:\/\/www.filharmonikusok.hu\/wp-content\/uploads\/2025\/03\/2025.10.31-300x88.png","medium-width":300,"medium-height":88,"medium_large":"https:\/\/www.filharmonikusok.hu\/wp-content\/uploads\/2025\/03\/2025.10.31-768x224.png","medium_large-width":640,"medium_large-height":187,"large":"https:\/\/www.filharmonikusok.hu\/wp-content\/uploads\/2025\/03\/2025.10.31-1024x299.png","large-width":640,"large-height":187,"1536x1536":"https:\/\/www.filharmonikusok.hu\/wp-content\/uploads\/2025\/03\/2025.10.31-1536x448.png","1536x1536-width":1536,"1536x1536-height":448,"2048x2048":"https:\/\/www.filharmonikusok.hu\/wp-content\/uploads\/2025\/03\/2025.10.31.png","2048x2048-width":1920,"2048x2048-height":560,"person-size":"https:\/\/www.filharmonikusok.hu\/wp-content\/uploads\/2025\/03\/2025.10.31-165x165.png","person-size-width":165,"person-size-height":165,"person-size-2":"https:\/\/www.filharmonikusok.hu\/wp-content\/uploads\/2025\/03\/2025.10.31-165x220.png","person-size-2-width":165,"person-size-2-height":220,"album-size":"https:\/\/www.filharmonikusok.hu\/wp-content\/uploads\/2025\/03\/2025.10.31-263x263.png","album-size-width":263,"album-size-height":263,"news-lead-size":"https:\/\/www.filharmonikusok.hu\/wp-content\/uploads\/2025\/03\/2025.10.31-360x203.png","news-lead-size-width":360,"news-lead-size-height":203,"director-index-size":"https:\/\/www.filharmonikusok.hu\/wp-content\/uploads\/2025\/03\/2025.10.31-359x450.png","director-index-size-width":359,"director-index-size-height":450,"person-lead-size":"https:\/\/www.filharmonikusok.hu\/wp-content\/uploads\/2025\/03\/2025.10.31-555x555.png","person-lead-size-width":555,"person-lead-size-height":555,"slider-size":"https:\/\/www.filharmonikusok.hu\/wp-content\/uploads\/2025\/03\/2025.10.31-1600x560.png","slider-size-width":1600,"slider-size-height":560}},"megjegyzes":"","esemeny_datum":"20251031","esemeny_idopontja":"pm 7.30","esemeny_vege":"pm 9","sajat_program":true,"esemeny_tipusa":["koncertek"],"esemeny_helyszine":{"ID":87584,"post_author":"1","post_date":"2016-09-08 08:02:37","post_date_gmt":"2016-09-08 08:02:37","post_content":"","post_title":"{:hu}Pesti Vigad\u00f3{:}{:en}Pesti Vigad\u00f3 Ceremonial Hall{:}","post_excerpt":"","post_status":"publish","comment_status":"closed","ping_status":"closed","post_password":"","post_name":"pesti-vigado","to_ping":"","pinged":"","post_modified":"2021-10-22 08:33:35","post_modified_gmt":"2021-10-22 08:33:35","post_content_filtered":"","post_parent":0,"guid":"http:\/\/www.filharmonikusok.hu\/places\/pesti-vigado\/","menu_order":0,"post_type":"places","post_mime_type":"","comment_count":"0","filter":"raw","varos":"Budapest","orszag":"Magyarorsz\u00e1g","cim":"1051. Vigad\u00f3 t\u00e9r 2.","megjegyzes":"","weboldal":""},"helyszin_kategoria":"budapest","karmester":{"ID":85558,"post_author":"1","post_date":"2016-10-25 12:11:00","post_date_gmt":"2016-10-25 12:11:00","post_content":"{:hu}<p style=\"text-align: justify;\">A muzsikus csal\u00e1dban sz\u00fcletett m\u0171v\u00e9sz m\u00e1r kisgyermekk\u00e9nt kezdett zongor\u00e1zni, majd fuvol\u00e1zni, k\u00e9s\u0151bb tanult nagyb\u0151g\u0151zni \u00e9s \u00fct\u0151hangszereken j\u00e1tszani. A Bart\u00f3k B\u00e9la Zenem\u0171v\u00e9szeti Szakk\u00f6z\u00e9piskola n\u00f6vend\u00e9ke volt fuvola szakon, diplom\u00e1j\u00e1t a Liszt Ferenc Zenem\u0171v\u00e9szeti F\u0151iskola fuvola \u00e9s karnagy szak\u00e1n szerezte. Ezt k\u00f6vet\u0151en a Magyar \u00c1llami Hangversenyzenekar fuvolist\u00e1jak\u00e9nt dolgozott 1990-ig. Vez\u00e9nyelni a hetvenes \u00e9vek m\u00e1sodik fel\u00e9ben kezdett, el\u0151bb a Miskolci Szimfonikus Zenekar m\u00e1sodkarnagya, majd a Sz\u00e9kesfeh\u00e9rv\u00e1ri Szimfonikus Zenekar karnagya lett. 1984-t\u0151l a Budapesti K\u00f3rus vezet\u0151je, 1986-ban az \u00c1HZ betan\u00edt\u00f3 karmestere, 1990-t\u0151l 2016. \u00e1prilis 1-ig\u00a0 az \u00c1llami \u00c9nekkar - ma Nemzeti \u00c9nekkar - karigazgat\u00f3ja volt. Karmesterk\u00e9nt Eur\u00f3pa szinte minden orsz\u00e1g\u00e1ban \u00e9s Jap\u00e1nban is megfordult, s sz\u00e1mos lemezfelv\u00e9tele k\u00e9sz\u00fclt a Hungaroton, Naxos \u00e9s Portugalsom kiad\u00f3kn\u00e1l. 2015-ben Bart\u00f3k-P\u00e1sztory-d\u00edjjal t\u00fcntett\u00e9k ki.<\/p>{:}{:en}<p style=\"text-align: justify;\">He was born into a musical family, and as a young child, studied both piano and flute. Later, he learned the double bass and percussion. He was a student in the flute faculty of the B\u00e9la Bart\u00f3k Music College in Budapest, and later graduated from the Franz Liszt Academy from both the flute and choir conducting faculties. Until 1990 he was a flautist at the Hungarian State Concert Orchestra. He began conducting in the second half of the 1970's, being deputy conductor of the Miskolc Symphony Orchestra, and then choir master of the Sz\u00e9kesfeh\u00e9rv\u00e1r Symphony Orchestra. From 1984, he was the leader of the Budapest Chorus. In 1986, he became a repetiteur at the State Orchestra, a post he only left when he was made choir master of the State Choir (now National Choir). He has performed as a conductor in virtually all of the European countries and has also worked in Japan. He has made numerous recordings for the Hungaroton, Naxos and Portugalsom record companies.<\/p>{:}","post_title":"{:hu}Antal M\u00e1ty\u00e1s{:}{:en}M\u00e1ty\u00e1s Antal{:}","post_excerpt":"","post_status":"publish","comment_status":"closed","ping_status":"closed","post_password":"","post_name":"antal-matyas","to_ping":"","pinged":"","post_modified":"2016-10-25 12:11:00","post_modified_gmt":"2016-10-25 12:11:00","post_content_filtered":"","post_parent":0,"guid":"http:\/\/www.filharmonikusok.hu\/?post_type=artists&#038;p=85558","menu_order":0,"post_type":"artists","post_mime_type":"","comment_count":"0","filter":"raw"},"karmester_2":false,"hazigazda":null,"muvek":[],"muvek_feluldefinialasa":false,"muvekrol_reszletesen":null,"is_muvekrol_reszletesen_en":false,"kozr_szemelyek":[],"muveszekrol_reszletesen":null,"is_muveszekrol_reszletesen_en":false,"kozr_szemelyek_feluldefinialasa":"","kozr_intezmenyek":[],"gombtipus":"link","jegyarak":"HUF 6 500, HUF 5,500","jegyvasarlas_gomb":"","elkeltek_a_jegyek":false,"youtube_id":"","old_id":"","hivatkozas_gomb_szovege":"Buy ticket","hivatkozas_gomg_url-je":"https:\/\/nfz.jegy.hu\/program\/antal-matyas-80-paszti1-173890\/1260518"},"publishpress_future_workflow_manual_trigger":{"enabledWorkflows":[]},"_links":{"self":[{"href":"https:\/\/www.filharmonikusok.hu\/en\/wp-json\/wp\/v2\/concerts\/124285","targetHints":{"allow":["GET"]}}],"collection":[{"href":"https:\/\/www.filharmonikusok.hu\/en\/wp-json\/wp\/v2\/concerts"}],"about":[{"href":"https:\/\/www.filharmonikusok.hu\/en\/wp-json\/wp\/v2\/types\/concerts"}],"wp:attachment":[{"href":"https:\/\/www.filharmonikusok.hu\/en\/wp-json\/wp\/v2\/media?parent=124285"}],"curies":[{"name":"wp","href":"https:\/\/api.w.org\/{rel}","templated":true}]}}