{"id":123614,"date":"2024-09-06T08:15:35","date_gmt":"2024-09-06T08:15:35","guid":{"rendered":"https:\/\/www.filharmonikusok.hu\/?post_type=concerts&#038;p=123614"},"modified":"2024-10-11T10:40:14","modified_gmt":"2024-10-11T10:40:14","slug":"liszt-szent-erzsebet-legendaja-4","status":"publish","type":"concerts","link":"https:\/\/www.filharmonikusok.hu\/en\/koncertek\/liszt-szent-erzsebet-legendaja-4\/","title":{"rendered":"Liszt: The Legend of St Elizabeth"},"content":{"rendered":"<p>Liszt: The Legend of St Elizabeth<\/p>\n<p class=\"sidebar-group-title\">Featuring:<\/p>\n<p class=\"sidebar-group-title\"><em>voice<\/em><\/p>\n<dl class=\"list-artists-reverse\">\n<dt>Gabriela Scherer<br \/>\nJohannes Kammler<br \/>\nBogdan Talos<br \/>\nDorottya L\u00e1ng<br \/>\nZolt\u00e1n Nagy<\/dt>\n<dt>Ad\u00e9l B\u00edber, member of the Children\u2019s Choir of the Zolt\u00e1n Kod\u00e1ly Hungarian Choir School<\/dt>\n<dt>Zsombor Csap\u00f3, member of the Children\u2019s Choir of the Zolt\u00e1n Kod\u00e1ly Hungarian Choir School<\/dt>\n<dt><\/dt>\n<dt><\/dt>\n<dt><\/dt>\n<dt><\/dt>\n<dt>Hungarian National Philharmonic Orchestra<\/dt>\n<dt>Hungarian National Choir (choirmaster: Csaba Somos)<\/dt>\n<dt><\/dt>\n<\/dl>\n<p>Conductor: Gy\u00f6rgy Vashegyi<\/p>\n<p>From the autumn of 1861, Liszt spent more and more time in Rome, where his interest turned towards church music. In 1862 he completed his first oratorio, The Legend of St Elizabeth. Liszt had long been intrigued by the life of the Hungarian princess, and he even visited her former home, the castle of Wartburg, in the company of the Grand Duke of Weimar. \u2018My relationship to St Elizabeth is particularly tender. Like she, I was born in Hungary, and I spent twelve years that were key to\u00a0<span class=\"more-content-rest\">my life and career in Thuringia, very close to the castle of Wartburg, where she lived, and to Marburg, where she died.\u2019<br \/>\nThe title role in the oratorio will be sung by Gabriela Scherer. The distinguished Swiss dramatic soprano made her debut in the 2023\/2024 season at the Hamburg Opera as Senta in Wagner\u2019s The Flying Dutchman, with \u00c1d\u00e1m Fischer conducting, and this summer she will also take the stage in Bayreuth in the role of Gutrune (G\u00f6tterd\u00e4mmerung). The Hungarian National Philharmonic will be conducted by their music director, Gy\u00f6rgy Vashegyi.<\/span><\/p>\n<p>This production is being organised by M\u00fcpa Budapest as an accompanying programme to the Hungarian Presidency of the Council of the European Union.<\/p>\n<p><img loading=\"lazy\" decoding=\"async\" class=\"alignnone wp-image-123701\" src=\"https:\/\/www.filharmonikusok.hu\/wp-content\/uploads\/2024\/09\/mupa_logo_2020_TEXT-300x180.jpg\" alt=\"\" width=\"142\" height=\"85\" srcset=\"https:\/\/www.filharmonikusok.hu\/wp-content\/uploads\/2024\/09\/mupa_logo_2020_TEXT-300x180.jpg 300w, https:\/\/www.filharmonikusok.hu\/wp-content\/uploads\/2024\/09\/mupa_logo_2020_TEXT.jpg 600w\" sizes=\"auto, (max-width: 142px) 100vw, 142px\" \/><\/p>\n","protected":false},"template":"","class_list":["post-123614","concerts","type-concerts","status-publish","hentry"],"translation":{"provider":"WPGlobus","version":"3.0.2","language":"en","enabled_languages":["hu","en"],"languages":{"hu":{"title":true,"content":true,"excerpt":false},"en":{"title":true,"content":true,"excerpt":false}}},"acf":{"alcim":"Concert of the Hungarian National Philharmonic Orchestra in Bruxelles","kiemelt_kep":{"ID":123566,"id":123566,"title":"Scherer Gabriela _final_gross 11-2023(c)Harald Hoffmann (20)","filename":"Scherer-Gabriela-_final_gross-11-2023cHarald-Hoffmann-20-scaled.jpg","filesize":92680,"url":"https:\/\/www.filharmonikusok.hu\/wp-content\/uploads\/2024\/08\/Scherer-Gabriela-_final_gross-11-2023cHarald-Hoffmann-20-scaled.jpg","link":"https:\/\/www.filharmonikusok.hu\/en\/koncertek\/liszt-szent-erzsebet-legendaja-3\/scherer-gabriela-_final_gross-11-2023charald-hoffmann-20\/","alt":"","author":"951582","description":"","caption":"","name":"scherer-gabriela-_final_gross-11-2023charald-hoffmann-20","status":"inherit","uploaded_to":123564,"date":"2024-08-15 09:00:38","modified":"2024-08-15 09:00:38","menu_order":0,"mime_type":"image\/jpeg","type":"image","subtype":"jpeg","icon":"https:\/\/www.filharmonikusok.hu\/wp-includes\/images\/media\/default.png","width":2560,"height":731,"sizes":{"thumbnail":"https:\/\/www.filharmonikusok.hu\/wp-content\/uploads\/2024\/08\/Scherer-Gabriela-_final_gross-11-2023cHarald-Hoffmann-20-150x150.jpg","thumbnail-width":150,"thumbnail-height":150,"medium":"https:\/\/www.filharmonikusok.hu\/wp-content\/uploads\/2024\/08\/Scherer-Gabriela-_final_gross-11-2023cHarald-Hoffmann-20-300x86.jpg","medium-width":300,"medium-height":86,"medium_large":"https:\/\/www.filharmonikusok.hu\/wp-content\/uploads\/2024\/08\/Scherer-Gabriela-_final_gross-11-2023cHarald-Hoffmann-20-768x219.jpg","medium_large-width":640,"medium_large-height":183,"large":"https:\/\/www.filharmonikusok.hu\/wp-content\/uploads\/2024\/08\/Scherer-Gabriela-_final_gross-11-2023cHarald-Hoffmann-20-1024x292.jpg","large-width":640,"large-height":183,"1536x1536":"https:\/\/www.filharmonikusok.hu\/wp-content\/uploads\/2024\/08\/Scherer-Gabriela-_final_gross-11-2023cHarald-Hoffmann-20-1536x438.jpg","1536x1536-width":1536,"1536x1536-height":438,"2048x2048":"https:\/\/www.filharmonikusok.hu\/wp-content\/uploads\/2024\/08\/Scherer-Gabriela-_final_gross-11-2023cHarald-Hoffmann-20-2048x585.jpg","2048x2048-width":2048,"2048x2048-height":585,"person-size":"https:\/\/www.filharmonikusok.hu\/wp-content\/uploads\/2024\/08\/Scherer-Gabriela-_final_gross-11-2023cHarald-Hoffmann-20-165x165.jpg","person-size-width":165,"person-size-height":165,"person-size-2":"https:\/\/www.filharmonikusok.hu\/wp-content\/uploads\/2024\/08\/Scherer-Gabriela-_final_gross-11-2023cHarald-Hoffmann-20-165x220.jpg","person-size-2-width":165,"person-size-2-height":220,"album-size":"https:\/\/www.filharmonikusok.hu\/wp-content\/uploads\/2024\/08\/Scherer-Gabriela-_final_gross-11-2023cHarald-Hoffmann-20-263x263.jpg","album-size-width":263,"album-size-height":263,"news-lead-size":"https:\/\/www.filharmonikusok.hu\/wp-content\/uploads\/2024\/08\/Scherer-Gabriela-_final_gross-11-2023cHarald-Hoffmann-20-360x203.jpg","news-lead-size-width":360,"news-lead-size-height":203,"director-index-size":"https:\/\/www.filharmonikusok.hu\/wp-content\/uploads\/2024\/08\/Scherer-Gabriela-_final_gross-11-2023cHarald-Hoffmann-20-359x450.jpg","director-index-size-width":359,"director-index-size-height":450,"person-lead-size":"https:\/\/www.filharmonikusok.hu\/wp-content\/uploads\/2024\/08\/Scherer-Gabriela-_final_gross-11-2023cHarald-Hoffmann-20-555x555.jpg","person-lead-size-width":555,"person-lead-size-height":555,"slider-size":"https:\/\/www.filharmonikusok.hu\/wp-content\/uploads\/2024\/08\/Scherer-Gabriela-_final_gross-11-2023cHarald-Hoffmann-20-1600x722.jpg","slider-size-width":1600,"slider-size-height":722}},"kiemelt_kep_en":{"ID":123566,"id":123566,"title":"Scherer Gabriela _final_gross 11-2023(c)Harald Hoffmann (20)","filename":"Scherer-Gabriela-_final_gross-11-2023cHarald-Hoffmann-20-scaled.jpg","filesize":92680,"url":"https:\/\/www.filharmonikusok.hu\/wp-content\/uploads\/2024\/08\/Scherer-Gabriela-_final_gross-11-2023cHarald-Hoffmann-20-scaled.jpg","link":"https:\/\/www.filharmonikusok.hu\/en\/koncertek\/liszt-szent-erzsebet-legendaja-3\/scherer-gabriela-_final_gross-11-2023charald-hoffmann-20\/","alt":"","author":"951582","description":"","caption":"","name":"scherer-gabriela-_final_gross-11-2023charald-hoffmann-20","status":"inherit","uploaded_to":123564,"date":"2024-08-15 09:00:38","modified":"2024-08-15 09:00:38","menu_order":0,"mime_type":"image\/jpeg","type":"image","subtype":"jpeg","icon":"https:\/\/www.filharmonikusok.hu\/wp-includes\/images\/media\/default.png","width":2560,"height":731,"sizes":{"thumbnail":"https:\/\/www.filharmonikusok.hu\/wp-content\/uploads\/2024\/08\/Scherer-Gabriela-_final_gross-11-2023cHarald-Hoffmann-20-150x150.jpg","thumbnail-width":150,"thumbnail-height":150,"medium":"https:\/\/www.filharmonikusok.hu\/wp-content\/uploads\/2024\/08\/Scherer-Gabriela-_final_gross-11-2023cHarald-Hoffmann-20-300x86.jpg","medium-width":300,"medium-height":86,"medium_large":"https:\/\/www.filharmonikusok.hu\/wp-content\/uploads\/2024\/08\/Scherer-Gabriela-_final_gross-11-2023cHarald-Hoffmann-20-768x219.jpg","medium_large-width":640,"medium_large-height":183,"large":"https:\/\/www.filharmonikusok.hu\/wp-content\/uploads\/2024\/08\/Scherer-Gabriela-_final_gross-11-2023cHarald-Hoffmann-20-1024x292.jpg","large-width":640,"large-height":183,"1536x1536":"https:\/\/www.filharmonikusok.hu\/wp-content\/uploads\/2024\/08\/Scherer-Gabriela-_final_gross-11-2023cHarald-Hoffmann-20-1536x438.jpg","1536x1536-width":1536,"1536x1536-height":438,"2048x2048":"https:\/\/www.filharmonikusok.hu\/wp-content\/uploads\/2024\/08\/Scherer-Gabriela-_final_gross-11-2023cHarald-Hoffmann-20-2048x585.jpg","2048x2048-width":2048,"2048x2048-height":585,"person-size":"https:\/\/www.filharmonikusok.hu\/wp-content\/uploads\/2024\/08\/Scherer-Gabriela-_final_gross-11-2023cHarald-Hoffmann-20-165x165.jpg","person-size-width":165,"person-size-height":165,"person-size-2":"https:\/\/www.filharmonikusok.hu\/wp-content\/uploads\/2024\/08\/Scherer-Gabriela-_final_gross-11-2023cHarald-Hoffmann-20-165x220.jpg","person-size-2-width":165,"person-size-2-height":220,"album-size":"https:\/\/www.filharmonikusok.hu\/wp-content\/uploads\/2024\/08\/Scherer-Gabriela-_final_gross-11-2023cHarald-Hoffmann-20-263x263.jpg","album-size-width":263,"album-size-height":263,"news-lead-size":"https:\/\/www.filharmonikusok.hu\/wp-content\/uploads\/2024\/08\/Scherer-Gabriela-_final_gross-11-2023cHarald-Hoffmann-20-360x203.jpg","news-lead-size-width":360,"news-lead-size-height":203,"director-index-size":"https:\/\/www.filharmonikusok.hu\/wp-content\/uploads\/2024\/08\/Scherer-Gabriela-_final_gross-11-2023cHarald-Hoffmann-20-359x450.jpg","director-index-size-width":359,"director-index-size-height":450,"person-lead-size":"https:\/\/www.filharmonikusok.hu\/wp-content\/uploads\/2024\/08\/Scherer-Gabriela-_final_gross-11-2023cHarald-Hoffmann-20-555x555.jpg","person-lead-size-width":555,"person-lead-size-height":555,"slider-size":"https:\/\/www.filharmonikusok.hu\/wp-content\/uploads\/2024\/08\/Scherer-Gabriela-_final_gross-11-2023cHarald-Hoffmann-20-1600x722.jpg","slider-size-width":1600,"slider-size-height":722}},"megjegyzes":"","esemeny_datum":"20241013","esemeny_idopontja":"7 pm","esemeny_vege":"10 pm","sajat_program":false,"esemeny_tipusa":["koncertek"],"esemeny_helyszine":{"ID":123612,"post_author":"951582","post_date":"2024-09-06 08:07:14","post_date_gmt":"2024-09-06 08:07:14","post_content":"","post_title":"{:hu}Flagey{:}{:en}Flagey{:}","post_excerpt":"","post_status":"publish","comment_status":"closed","ping_status":"closed","post_password":"","post_name":"flagey","to_ping":"","pinged":"","post_modified":"2024-09-06 08:07:14","post_modified_gmt":"2024-09-06 08:07:14","post_content_filtered":"","post_parent":0,"guid":"https:\/\/www.filharmonikusok.hu\/?post_type=places&#038;p=123612","menu_order":0,"post_type":"places","post_mime_type":"","comment_count":"0","filter":"raw","varos":"Bruxelles","orszag":"Belgium","cim":"","megjegyzes":"","weboldal":""},"helyszin_kategoria":"kulfold","karmester":{"ID":85976,"post_author":"1","post_date":"2017-05-30 19:53:04","post_date_gmt":"2017-05-30 19:53:04","post_content":"{:hu}A budapesti Zeneakad\u00e9mi\u00e1n 1993-ban szerzett karmesteri diplom\u00e1t. A historikus el\u0151ad\u00e1sm\u00f3d ir\u00e1nti \u00e9rdekl\u0151d\u00e9s\u00e9ben nagy hat\u00e1ssal volt r\u00e1 H. Rilling, J. Eliot Gardiner, J. Toll, M. Bilson \u00e9s S. Standage. Rendszeres vend\u00e9gkarmestere a legt\u00f6bb magyarorsz\u00e1gi szimfonikus zenekarnak, \u00e9s 2000 augusztusa \u00f3ta a Magyar \u00c1llami Operah\u00e1znak.\r\n\r\n1990-ben megalap\u00edtotta a Purcell K\u00f3rust, 1991-ben az Orfeo Zenekart. Ezek \u00e9l\u00e9n az elm\u00falt 28 \u00e9vben sz\u00e1mtalan jelent\u0151s opera- \u00e9s orat\u00f3riumprodukci\u00f3t, kant\u00e1ta- \u00e9s zenekari m\u0171sort hozott l\u00e9tre.\r\n\r\nNev\u00e9hez sz\u00e1mos \u00fajkori vil\u00e1gpremier \u00e9s magyarorsz\u00e1gi bemutat\u00f3 f\u0171z\u0151dik: egy\u00fcttesei \u00e9l\u00e9n eddig k\u00f6zel 30 lemezfelv\u00e9telt k\u00e9sz\u00edtett. 2014 \u00f3ta a Versailles-i Barokk Zenei K\u00f6zponttal \u00e1pol szoros kapcsolatot, amelyb\u0151l a k\u00f6vetkez\u0151 francia barokk hangfelv\u00e9telek jelentek meg a Glossa kiad\u00f3n\u00e1l: Rameau Les F\u00eates de Polymnie c. \"ballet h\u00e9roique\"-j\u00e1nak vil\u00e1gpremier-r\u00f6gz\u00edt\u00e9se; Mondonville Grands Motets c. hanglemeze, majd az Isb\u00e9 vil\u00e1gbemutat\u00f3-el\u0151ad\u00e1sa; az Un op\u00e9ra pour trois rois c. op\u00e9ra-pastiche; valamint Rameau Nais sz\u00ednpadi m\u0171ve.\r\n\r\n1992 \u00f3ta a Zeneakad\u00e9mia tan\u00e1ra, jelenleg egyetemi docens. 2008\u2013ban Liszt-d\u00edjban, 2015-ben \u201eMagyar \u00c9rdemrend Lovagkereszt Polg\u00e1ri Tagozat\u201d kit\u00fcntet\u00e9sben r\u00e9szes\u00fclt. 2013 \u00f3ta tagja, 2017 okt\u00f3bere \u00f3ta eln\u00f6ke a Magyar M\u0171v\u00e9szeti Akad\u00e9mi\u00e1nak.\r\n<p style=\"text-align: justify;\">2024. m\u00e1rcius 15-i nemzeti \u00fcnnep\u00fcnk alkalm\u00e1b\u00f3l \u00e9rt\u00e9kteremt\u0151 tev\u00e9kenys\u00e9g\u00e9nek, valamint a m\u0171v\u00e9szeti k\u00f6z\u00e9letben v\u00e9gzett munk\u00e1j\u00e1nak elismer\u00e9s\u00e9\u00e9rt j\u00e1r\u00f3 legmagasabb magyar \u00e1llami kit\u00fcntet\u00e9sben, Kossuth-d\u00edjban r\u00e9szes\u00fclt.<\/p>{:}{:en}<strong>Gy\u00f6rgy Vashegyi<\/strong> earned a degree in conducting studies at the Budapest Academy of Music in 1993. His interest in historical performance was greatly influenced by Helmuth Rilling, John Eliot Gardiner, John Toll, Malcolm Bilson and Simon Standage.\r\n\r\nVashegyi has been a regular guest conductor for several Hungarian symphony orchestras and the Hungarian State Opera since the year 2000.\r\n\r\nHe founded the Purcell Choir and the Orfeo Zenekar in 1991 and has been responsible for countless important opera and oratorio productions, as well as cantata and orchestral programmes.\r\n\r\nHis name is associated with dozens of contemporary world and Hungarian premieres, while he has also released some 30 albums with his groups. Since 2014, he has developed a close relationship with the Centre de Musique Baroque de Versailles, releasing the following French Baroque recordings through the Glossa music label: the world premier of Rameau\u2019s <em>Les F\u00eates de Polymnie \u2013 Ballet h\u00e9roique<\/em>; the album <em>Mondonville: Grands Motets<\/em>; a world premiere of <em>Isb\u00e9<\/em>; the opera pastiche <em>Un op\u00e9ra pour trois rois<\/em> and a theatrical performance of Rameau\u2019s <em>Nais<\/em>.\r\n\r\nVashegyi has taught at the Academy of Music since 1992 and is currently an associate professor. He was awarded the Liszt Award in 2008 and the Knight\u2019s Cross of the Hungarian Order of Merit in 2015, and has been a member of the Hungarian Academy of Arts since 2013 and its president since October 2017.\r\n<p style=\"font-weight: 400;\">On the occasion of Hungary\u2019s national holiday on 15 March 2024, in recognition of his valuable work as an artist and in artistic public life, he was the country\u2019s highest state decoration, he was awarded the Kossuth Prize.<\/p>\r\n&nbsp;{:}","post_title":"{:hu}Vashegyi Gy\u00f6rgy{:}{:en}Gy\u00f6rgy Vashegyi{:}","post_excerpt":"","post_status":"publish","comment_status":"closed","ping_status":"closed","post_password":"","post_name":"vashegyi-gyorgy","to_ping":"","pinged":"","post_modified":"2024-04-08 09:49:02","post_modified_gmt":"2024-04-08 09:49:02","post_content_filtered":"","post_parent":0,"guid":"http:\/\/www.filharmonikusok.hu\/?post_type=artists&#038;p=85976","menu_order":0,"post_type":"artists","post_mime_type":"","comment_count":"0","filter":"raw"},"karmester_2":false,"hazigazda":null,"muvek":[],"muvek_feluldefinialasa":false,"muvekrol_reszletesen":null,"is_muvekrol_reszletesen_en":false,"kozr_szemelyek":[],"muveszekrol_reszletesen":null,"is_muveszekrol_reszletesen_en":false,"kozr_szemelyek_feluldefinialasa":"","kozr_intezmenyek":[],"gombtipus":"link","jegyarak":"","jegyvasarlas_gomb":"","elkeltek_a_jegyek":false,"youtube_id":"","old_id":"","hivatkozas_gomb_szovege":"MORE","hivatkozas_gomg_url-je":"https:\/\/www.flagey.be\/en\/activity\/11842-liszt-the-legend-of-st-elisabeth"},"publishpress_future_workflow_manual_trigger":{"enabledWorkflows":[]},"_links":{"self":[{"href":"https:\/\/www.filharmonikusok.hu\/en\/wp-json\/wp\/v2\/concerts\/123614","targetHints":{"allow":["GET"]}}],"collection":[{"href":"https:\/\/www.filharmonikusok.hu\/en\/wp-json\/wp\/v2\/concerts"}],"about":[{"href":"https:\/\/www.filharmonikusok.hu\/en\/wp-json\/wp\/v2\/types\/concerts"}],"wp:attachment":[{"href":"https:\/\/www.filharmonikusok.hu\/en\/wp-json\/wp\/v2\/media?parent=123614"}],"curies":[{"name":"wp","href":"https:\/\/api.w.org\/{rel}","templated":true}]}}