{"id":123221,"date":"2024-04-24T09:22:47","date_gmt":"2024-04-24T09:22:47","guid":{"rendered":"https:\/\/www.filharmonikusok.hu\/?post_type=concerts&#038;p=123221"},"modified":"2025-04-03T11:07:21","modified_gmt":"2025-04-03T11:07:21","slug":"xxi-szazadi-kortarsaink","status":"publish","type":"concerts","link":"https:\/\/www.filharmonikusok.hu\/en\/koncertek\/xxi-szazadi-kortarsaink\/","title":{"rendered":"OUR 21ST CENTURY CONTEMPORARIES"},"content":{"rendered":"<p>Open rehearsal room 3<\/p>\n<p>Selection from the last quarter century of Hungarian chamber music.<\/p>\n<p>Host: <strong>Antal T\u00f3th<\/strong><\/p>\n<p>Tam\u00e1s Beischer-Maty\u00f3: Coloritum (2024) \u2013 excerpt<\/p>\n<p><strong>Eszter Zita D\u00f3ri<\/strong> soprano<br \/>\n<strong>T\u00fcnde Estef\u00e1n<\/strong> alto<br \/>\n<strong>S\u00e1ndor Boros<\/strong>\u00a0tenor<br \/>\n<strong>P\u00e1l Sebesty\u00e9n<\/strong>\u00a0bass<br \/>\n<strong>Krisztina Szab\u00f3<\/strong>\u00a0first violin<br \/>\n<strong>R\u00e9ka Koltai<\/strong>\u00a0second violin<br \/>\n<strong>Gyula Moh\u00e1csi<\/strong>\u00a0viola<br \/>\n<strong>Bal\u00e1zs K\u00e1ntor<\/strong> cello<\/p>\n<p>Roland Szentp\u00e1li: Barbaro<\/p>\n<p><strong>R\u00f3bert St\u00fcrzenbaum<\/strong> trombone<br \/>\n<strong>Roland Szentp\u00e1li<\/strong> tuba<br \/>\n<strong>N\u00e1ndor Weisz<\/strong> frame drum<br \/>\n<strong>M\u00e1ty\u00e1s Hotzi<\/strong> cello<br \/>\n<strong>D\u00f3ra Bizj\u00e1k<\/strong> piano<\/p>\n<p>Conductor: <strong>Judit Varga-Szathm\u00e1ry<\/strong><\/p>\n<p>M\u00e1rton Levente Horv\u00e1th: O vos omnes (version for male choir)<br \/>\nLevente Gy\u00f6ngy\u00f6si: Quo ibo a spiritu tuo (for female choir)<br \/>\nP\u00e9ter Zombola: Psalm CXXXVIII. (for mixed choir)<\/p>\n<p><em>Jubilus Chamber Choir:<\/em><br \/>\n<strong>Aliz Ballab\u00e1s, Andrea Fekete, Edit K\u00e1roly, Julianna Kl\u00e9zli, Erika Kovalik, Anna S\u00e1ra Nagy<\/strong> soprano<br \/>\n<strong>Emese Boros, Enik\u0151 Derzsi-Pap, Judit Kir\u00e1ly, Eszter Pusk\u00e1s, D\u00f3ra Galg\u00f3czy<\/strong> alto<br \/>\n<strong>S\u00e1ndor Boros, Zolt\u00e1n Czier,<\/strong><strong>\u00a0Tibor Kun,<\/strong><strong> G\u00e1bor Pivarcsi<\/strong> tenor<br \/>\n<strong>\u00c1goston Cser,\u00a0<\/strong><strong>Domonkos Dergez, <\/strong><strong>Tam\u00e1s Egresi, L\u00e1szl\u00f3 Mok\u00e1n, D\u00f6m\u00f6t\u00f6r Pint\u00e9r<\/strong> bass<\/p>\n<p>Conductor:<strong> Zolt\u00e1n Gavodi<\/strong><\/p>\n<p>P\u00e9ter E\u00f6tv\u00f6s: Psy<\/p>\n<p><strong>Zs\u00f3fia Embey-Isztin<\/strong> flute<br \/>\n<strong>Gy\u00f6ngyi Ujh\u00e1zy<\/strong> cello<br \/>\n<strong>Szabolcs Jo\u00f3<\/strong> marimba<\/p>\n<p>Gergely Vajda: Further Conversations with Children<\/p>\n<p><strong>Zs\u00f3fia Embey-Isztin<\/strong> flute<br \/>\n<strong>Gy\u00f6rgy Salamon<\/strong> clarinet<br \/>\n<strong>Szabolcs Jo\u00f3<\/strong> percussion instruments<\/p>\n<p>***<\/p>\n<p>\u00c1d\u00e1m Cser: Intermezzo for Two Voices and Two Percussionists<br \/>\n(Set to the words of Hindu creation poetry)<\/p>\n<p><strong>Judit Varga-Szathm\u00e1ry, M\u00e1rta Mur\u00e1nyi<\/strong> voice<br \/>\n<strong>Gergely B\u00edr\u00f3, \u00c1d\u00e1m Cser<\/strong> percussion<\/p>\n<p>Zolt\u00e1n Kov\u00e1cs: Flute Quintet<\/p>\n<p><strong>Ir\u00e9n M\u00f3r\u00e9<\/strong> flute<br \/>\n<strong>\u00c9va D\u00falfalvy<\/strong> violin<br \/>\n<strong>Enik\u0151 Balogh<\/strong> viola<br \/>\n<strong>M\u00e1t\u00e9 Thomas<\/strong> cello<br \/>\n<strong>Iv\u00e1n Sztankov<\/strong> double bass<\/p>\n<p>\u00c1kos Zar\u00e1ndy: Eternal Fire (2020) \u2013 mixed choir set to a poem by S\u00e1ndor Rem\u00e9nyik<br \/>\nBence Kutrik: Song on a Spring Evening (2022) \u2013 mixed choir set to a poem by Gyula Juh\u00e1sz<\/p>\n<p><strong>\u00c1gnes B\u00e1lint,\u00a0<\/strong><strong>Eszter Zita D\u00f3ri,\u00a0<\/strong><strong>Erika Kovalik<\/strong><strong>, Anna S\u00e1ra Nagy<\/strong>\u00a0soprano<br \/>\n<strong>T\u00fcnde Estef\u00e1n, <\/strong><strong>Judit Kir\u00e1ly, Be\u00e1ta Kar\u00e1csonyin\u00e9 M\u00fcller, Aliz Andrea Kiss<\/strong>\u00a0alto<br \/>\n<strong>Jen\u0151 D\u00e9k\u00e1n,\u00a0<\/strong><strong>Tibor Kun,\u00a0<\/strong><strong>G\u00e1bor Pivarcsi, <\/strong><strong>Don\u00e1t Varga<\/strong>\u00a0tenor<br \/>\n<strong>J\u00e1nos F\u00e1trai, <\/strong><strong>Zolt\u00e1n Gradsach, Gy\u00f6rgy B\u00e9la Sill\u00f3, P\u00e1l M\u00e1ty\u00e1s T\u00f3th<\/strong> bass<\/p>\n<p>Conductor: <strong>P\u00e1l Bencsik<\/strong><\/p>\n<p>Danielo Melone: \u00a0The Latecomer<\/p>\n<p><strong>\u00c1gnes Krist\u00f3fi<\/strong> soprano<br \/>\n<strong>D\u00f3ra Bizj\u00e1k<\/strong> piano<\/p>\n","protected":false},"template":"","class_list":["post-123221","concerts","type-concerts","status-publish","hentry"],"translation":{"provider":"WPGlobus","version":"3.0.2","language":"en","enabled_languages":["hu","en"],"languages":{"hu":{"title":true,"content":true,"excerpt":false},"en":{"title":true,"content":true,"excerpt":false}}},"acf":{"alcim":"Concert by artists of the Hungarian National Philharmonic","kiemelt_kep":{"ID":123222,"id":123222,"title":"20231216_Probatermi vendegseg_kicsi_csibi_62","filename":"20231216_Probatermi-vendegseg_kicsi_csibi_62.jpg","filesize":1113767,"url":"https:\/\/www.filharmonikusok.hu\/wp-content\/uploads\/2024\/04\/20231216_Probatermi-vendegseg_kicsi_csibi_62.jpg","link":"https:\/\/www.filharmonikusok.hu\/en\/koncertek\/xxi-szazadi-kortarsaink\/20231216_probatermi-vendegseg_kicsi_csibi_62\/","alt":"","author":"951582","description":"","caption":"","name":"20231216_probatermi-vendegseg_kicsi_csibi_62","status":"inherit","uploaded_to":123221,"date":"2024-04-19 09:17:44","modified":"2024-04-19 09:17:44","menu_order":0,"mime_type":"image\/jpeg","type":"image","subtype":"jpeg","icon":"https:\/\/www.filharmonikusok.hu\/wp-includes\/images\/media\/default.png","width":1500,"height":922,"sizes":{"thumbnail":"https:\/\/www.filharmonikusok.hu\/wp-content\/uploads\/2024\/04\/20231216_Probatermi-vendegseg_kicsi_csibi_62-150x150.jpg","thumbnail-width":150,"thumbnail-height":150,"medium":"https:\/\/www.filharmonikusok.hu\/wp-content\/uploads\/2024\/04\/20231216_Probatermi-vendegseg_kicsi_csibi_62-300x184.jpg","medium-width":300,"medium-height":184,"medium_large":"https:\/\/www.filharmonikusok.hu\/wp-content\/uploads\/2024\/04\/20231216_Probatermi-vendegseg_kicsi_csibi_62-768x472.jpg","medium_large-width":640,"medium_large-height":393,"large":"https:\/\/www.filharmonikusok.hu\/wp-content\/uploads\/2024\/04\/20231216_Probatermi-vendegseg_kicsi_csibi_62-1024x629.jpg","large-width":640,"large-height":393,"1536x1536":"https:\/\/www.filharmonikusok.hu\/wp-content\/uploads\/2024\/04\/20231216_Probatermi-vendegseg_kicsi_csibi_62.jpg","1536x1536-width":1500,"1536x1536-height":922,"2048x2048":"https:\/\/www.filharmonikusok.hu\/wp-content\/uploads\/2024\/04\/20231216_Probatermi-vendegseg_kicsi_csibi_62.jpg","2048x2048-width":1500,"2048x2048-height":922,"person-size":"https:\/\/www.filharmonikusok.hu\/wp-content\/uploads\/2024\/04\/20231216_Probatermi-vendegseg_kicsi_csibi_62-165x165.jpg","person-size-width":165,"person-size-height":165,"person-size-2":"https:\/\/www.filharmonikusok.hu\/wp-content\/uploads\/2024\/04\/20231216_Probatermi-vendegseg_kicsi_csibi_62-165x220.jpg","person-size-2-width":165,"person-size-2-height":220,"album-size":"https:\/\/www.filharmonikusok.hu\/wp-content\/uploads\/2024\/04\/20231216_Probatermi-vendegseg_kicsi_csibi_62-263x263.jpg","album-size-width":263,"album-size-height":263,"news-lead-size":"https:\/\/www.filharmonikusok.hu\/wp-content\/uploads\/2024\/04\/20231216_Probatermi-vendegseg_kicsi_csibi_62-360x203.jpg","news-lead-size-width":360,"news-lead-size-height":203,"director-index-size":"https:\/\/www.filharmonikusok.hu\/wp-content\/uploads\/2024\/04\/20231216_Probatermi-vendegseg_kicsi_csibi_62-359x450.jpg","director-index-size-width":359,"director-index-size-height":450,"person-lead-size":"https:\/\/www.filharmonikusok.hu\/wp-content\/uploads\/2024\/04\/20231216_Probatermi-vendegseg_kicsi_csibi_62-555x555.jpg","person-lead-size-width":555,"person-lead-size-height":555,"slider-size":"https:\/\/www.filharmonikusok.hu\/wp-content\/uploads\/2024\/04\/20231216_Probatermi-vendegseg_kicsi_csibi_62-1500x722.jpg","slider-size-width":1500,"slider-size-height":722}},"kiemelt_kep_en":{"ID":123222,"id":123222,"title":"20231216_Probatermi vendegseg_kicsi_csibi_62","filename":"20231216_Probatermi-vendegseg_kicsi_csibi_62.jpg","filesize":1113767,"url":"https:\/\/www.filharmonikusok.hu\/wp-content\/uploads\/2024\/04\/20231216_Probatermi-vendegseg_kicsi_csibi_62.jpg","link":"https:\/\/www.filharmonikusok.hu\/en\/koncertek\/xxi-szazadi-kortarsaink\/20231216_probatermi-vendegseg_kicsi_csibi_62\/","alt":"","author":"951582","description":"","caption":"","name":"20231216_probatermi-vendegseg_kicsi_csibi_62","status":"inherit","uploaded_to":123221,"date":"2024-04-19 09:17:44","modified":"2024-04-19 09:17:44","menu_order":0,"mime_type":"image\/jpeg","type":"image","subtype":"jpeg","icon":"https:\/\/www.filharmonikusok.hu\/wp-includes\/images\/media\/default.png","width":1500,"height":922,"sizes":{"thumbnail":"https:\/\/www.filharmonikusok.hu\/wp-content\/uploads\/2024\/04\/20231216_Probatermi-vendegseg_kicsi_csibi_62-150x150.jpg","thumbnail-width":150,"thumbnail-height":150,"medium":"https:\/\/www.filharmonikusok.hu\/wp-content\/uploads\/2024\/04\/20231216_Probatermi-vendegseg_kicsi_csibi_62-300x184.jpg","medium-width":300,"medium-height":184,"medium_large":"https:\/\/www.filharmonikusok.hu\/wp-content\/uploads\/2024\/04\/20231216_Probatermi-vendegseg_kicsi_csibi_62-768x472.jpg","medium_large-width":640,"medium_large-height":393,"large":"https:\/\/www.filharmonikusok.hu\/wp-content\/uploads\/2024\/04\/20231216_Probatermi-vendegseg_kicsi_csibi_62-1024x629.jpg","large-width":640,"large-height":393,"1536x1536":"https:\/\/www.filharmonikusok.hu\/wp-content\/uploads\/2024\/04\/20231216_Probatermi-vendegseg_kicsi_csibi_62.jpg","1536x1536-width":1500,"1536x1536-height":922,"2048x2048":"https:\/\/www.filharmonikusok.hu\/wp-content\/uploads\/2024\/04\/20231216_Probatermi-vendegseg_kicsi_csibi_62.jpg","2048x2048-width":1500,"2048x2048-height":922,"person-size":"https:\/\/www.filharmonikusok.hu\/wp-content\/uploads\/2024\/04\/20231216_Probatermi-vendegseg_kicsi_csibi_62-165x165.jpg","person-size-width":165,"person-size-height":165,"person-size-2":"https:\/\/www.filharmonikusok.hu\/wp-content\/uploads\/2024\/04\/20231216_Probatermi-vendegseg_kicsi_csibi_62-165x220.jpg","person-size-2-width":165,"person-size-2-height":220,"album-size":"https:\/\/www.filharmonikusok.hu\/wp-content\/uploads\/2024\/04\/20231216_Probatermi-vendegseg_kicsi_csibi_62-263x263.jpg","album-size-width":263,"album-size-height":263,"news-lead-size":"https:\/\/www.filharmonikusok.hu\/wp-content\/uploads\/2024\/04\/20231216_Probatermi-vendegseg_kicsi_csibi_62-360x203.jpg","news-lead-size-width":360,"news-lead-size-height":203,"director-index-size":"https:\/\/www.filharmonikusok.hu\/wp-content\/uploads\/2024\/04\/20231216_Probatermi-vendegseg_kicsi_csibi_62-359x450.jpg","director-index-size-width":359,"director-index-size-height":450,"person-lead-size":"https:\/\/www.filharmonikusok.hu\/wp-content\/uploads\/2024\/04\/20231216_Probatermi-vendegseg_kicsi_csibi_62-555x555.jpg","person-lead-size-width":555,"person-lead-size-height":555,"slider-size":"https:\/\/www.filharmonikusok.hu\/wp-content\/uploads\/2024\/04\/20231216_Probatermi-vendegseg_kicsi_csibi_62-1500x722.jpg","slider-size-width":1500,"slider-size-height":722}},"megjegyzes":"","esemeny_datum":"20250405","esemeny_idopontja":"6.00 pm","esemeny_vege":"pm 8","sajat_program":true,"esemeny_tipusa":["koncertek"],"esemeny_helyszine":{"ID":87796,"post_author":"1","post_date":"2016-09-08 08:02:39","post_date_gmt":"2016-09-08 08:02:39","post_content":"","post_title":"{:hu}A Nemzeti Filharmonikus Zenekar pr\u00f3baterme - M\u00fcpa{:}{:en}M\u00fcpa - the National Philharmonic's Rehearsal Hall{:}","post_excerpt":"","post_status":"publish","comment_status":"closed","ping_status":"closed","post_password":"","post_name":"mupa-a-nemzeti-filharmonikus-zenekar-probaterme","to_ping":"","pinged":"","post_modified":"2017-05-31 13:45:55","post_modified_gmt":"2017-05-31 13:45:55","post_content_filtered":"","post_parent":0,"guid":"http:\/\/www.filharmonikusok.hu\/places\/mupa-a-nemzeti-filharmonikus-zenekar-probaterme\/","menu_order":0,"post_type":"places","post_mime_type":"","comment_count":"0","filter":"raw","varos":"Budapest","orszag":"Hungary","cim":"1095 Budapest Komor Marcell u. 1.","megjegyzes":"","weboldal":"http:\/\/www.mupa.hu"},"helyszin_kategoria":"budapest","karmester":null,"karmester_2":false,"hazigazda":{"ID":103975,"post_author":"1","post_date":"2017-10-12 15:17:11","post_date_gmt":"2017-10-12 15:17:11","post_content":"","post_title":"T\u00f3th Antal","post_excerpt":"","post_status":"publish","comment_status":"closed","ping_status":"closed","post_password":"","post_name":"toth-antal","to_ping":"","pinged":"","post_modified":"2025-10-03 08:01:36","post_modified_gmt":"2025-10-03 08:01:36","post_content_filtered":"","post_parent":0,"guid":"http:\/\/www.filharmonikusok.hu\/?post_type=artists&#038;p=103975","menu_order":0,"post_type":"artists","post_mime_type":"","comment_count":"0","filter":"raw"},"muvek":[],"muvek_feluldefinialasa":false,"muvekrol_reszletesen":null,"is_muvekrol_reszletesen_en":false,"kozr_szemelyek":[],"muveszekrol_reszletesen":null,"is_muveszekrol_reszletesen_en":false,"kozr_szemelyek_feluldefinialasa":"","kozr_intezmenyek":[],"gombtipus":"link","jegyarak":"HUF 3,500 (first-come first-served)","jegyvasarlas_gomb":"","elkeltek_a_jegyek":false,"youtube_id":"","old_id":"","hivatkozas_gomb_szovege":"Buy ticket","hivatkozas_gomg_url-je":"https:\/\/nfz.jegy.hu\/program\/probatermi-vendegseg-xxi-szazadi-kortarsaink-probatermi3-160590\/1130207"},"publishpress_future_workflow_manual_trigger":{"enabledWorkflows":[]},"_links":{"self":[{"href":"https:\/\/www.filharmonikusok.hu\/en\/wp-json\/wp\/v2\/concerts\/123221","targetHints":{"allow":["GET"]}}],"collection":[{"href":"https:\/\/www.filharmonikusok.hu\/en\/wp-json\/wp\/v2\/concerts"}],"about":[{"href":"https:\/\/www.filharmonikusok.hu\/en\/wp-json\/wp\/v2\/types\/concerts"}],"wp:attachment":[{"href":"https:\/\/www.filharmonikusok.hu\/en\/wp-json\/wp\/v2\/media?parent=123221"}],"curies":[{"name":"wp","href":"https:\/\/api.w.org\/{rel}","templated":true}]}}