{"id":123216,"date":"2024-04-24T09:21:43","date_gmt":"2024-04-24T09:21:43","guid":{"rendered":"https:\/\/www.filharmonikusok.hu\/?post_type=concerts&#038;p=123216"},"modified":"2025-01-21T11:57:07","modified_gmt":"2025-01-21T11:57:07","slug":"haydn-a-teremtes-oratorium-nemet-nyelven","status":"publish","type":"concerts","link":"https:\/\/www.filharmonikusok.hu\/en\/koncertek\/haydn-a-teremtes-oratorium-nemet-nyelven\/","title":{"rendered":"HAYDN: DIE SCH\u00d6PFUNG (THE CREATION) &#8211; oratorio in German"},"content":{"rendered":"<p>JOSEPH HAYDN: Die Sch\u00f6pfung (The Creation) \u2013 oratorio, Hob. XXI:2<\/p>\n<p><strong>Melissa Petit<\/strong> soprano<br \/>\n<strong>Bernhard Berchtold <\/strong>tenor<br \/>\n<strong>Thomas E. Bauer<\/strong> bass<br \/>\n<strong>Hungarian National Choir <\/strong>(choirmaster:<strong> Csaba Somos<\/strong>)<br \/>\n<strong>Concerto Budapest<\/strong><\/p>\n<p>Conductor: <strong>Gy\u00f6rgy Vashegyi<\/strong><\/p>\n<p><strong>Joseph Haydn (1732\u20131809) composed his monumental later work, <em>The Creation<\/em> oratorio, in 1797. The libretto for the three-part masterpiece was written by the highly educated polymath Baron Gottfried van Swieten, and was based on <em>The First Book of Moses<\/em> and Milton\u2019s poem <em>Paradise Lost<\/em>. The composition received its world premiere at the Burgtheater in Vienna on 19 March 1799. The performance will feature the world-class soloists Melissa Petit, Bernhard Berchtold and Thomas E. Bauer for the second concert of the P\u00e1szti season ticket at the Vigad\u00f3 Concert Hall, as well as the Hungarian National Choir and Concerto Budapest, directed by the recent Kossuth Prize-winner Gy\u00f6rgy Vashegyi.<\/strong><\/p>\n<p>Hadyn composed his highly significant later work <em>The Creation<\/em> in 1797 for the libretto of the Dutch-born Austrian diplomat Gottfried van Swieten, a baron of encyclopedic knowledge who based the text on <em>The First Book of Moses<\/em> and Milton\u2019s poem <em>Paradise Lost<\/em>. The extremely successful world premiere of the three-part oratorio, which consists of 31 songs, took place at the Burgtheater in Vienna in 19 March 1799. The Creation conveys the values of the Enlightenment, radiating the idea that order reigns in the universe and that there is a beneficent paternal power that cares for everything and everyone, and which guides the fate of all living things. One of the most important musical qualities of the work is its descriptive spirit. The piece uses a wide variety of tools to depict the qualities of both living and inanimate creations, opening up countless possibilities for Haydn\u2019s much-vaunted playfulness. On the second evening of the P\u00e1szti season ticket, <em>The Creation<\/em> will feature a world-class list of international soloists: the French soprano Melissa Petit, the Austrian tenor Bernhard Berchtold and the German baritone Thomas E. Bauer will appear alongside the Hungarian National Choir and Concerto Budapest, directed by recent Kossuth Prize-winner Gy\u00f6rgy Vashegyi.<\/p>\n<p><img loading=\"lazy\" decoding=\"async\" class=\"alignnone wp-image-123295\" src=\"https:\/\/www.filharmonikusok.hu\/wp-content\/uploads\/2024\/04\/Vigado-logo-01altalanos-web-300x300.png\" alt=\"\" width=\"119\" height=\"119\" srcset=\"https:\/\/www.filharmonikusok.hu\/wp-content\/uploads\/2024\/04\/Vigado-logo-01altalanos-web-300x300.png 300w, https:\/\/www.filharmonikusok.hu\/wp-content\/uploads\/2024\/04\/Vigado-logo-01altalanos-web-150x150.png 150w, https:\/\/www.filharmonikusok.hu\/wp-content\/uploads\/2024\/04\/Vigado-logo-01altalanos-web-768x768.png 768w, https:\/\/www.filharmonikusok.hu\/wp-content\/uploads\/2024\/04\/Vigado-logo-01altalanos-web-165x165.png 165w, https:\/\/www.filharmonikusok.hu\/wp-content\/uploads\/2024\/04\/Vigado-logo-01altalanos-web-263x263.png 263w, https:\/\/www.filharmonikusok.hu\/wp-content\/uploads\/2024\/04\/Vigado-logo-01altalanos-web-555x555.png 555w, https:\/\/www.filharmonikusok.hu\/wp-content\/uploads\/2024\/04\/Vigado-logo-01altalanos-web.png 1000w\" sizes=\"auto, (max-width: 119px) 100vw, 119px\" \/><img loading=\"lazy\" decoding=\"async\" class=\"alignnone wp-image-123687\" src=\"https:\/\/www.filharmonikusok.hu\/wp-content\/uploads\/2024\/04\/MMAlogoC_angol_haromsoros-294x300.jpg\" alt=\"\" width=\"107\" height=\"110\" srcset=\"https:\/\/www.filharmonikusok.hu\/wp-content\/uploads\/2024\/04\/MMAlogoC_angol_haromsoros-294x300.jpg 294w, https:\/\/www.filharmonikusok.hu\/wp-content\/uploads\/2024\/04\/MMAlogoC_angol_haromsoros.jpg 300w\" sizes=\"auto, (max-width: 107px) 100vw, 107px\" \/><\/p>\n","protected":false},"template":"","class_list":["post-123216","concerts","type-concerts","status-publish","hentry"],"translation":{"provider":"WPGlobus","version":"3.0.2","language":"en","enabled_languages":["hu","en"],"languages":{"hu":{"title":true,"content":true,"excerpt":false},"en":{"title":true,"content":true,"excerpt":false}}},"acf":{"alcim":"P\u00e1szti season ticket 2 ","kiemelt_kep":{"ID":123152,"id":123152,"title":"2025.03.10","filename":"2025.03.10.png","filesize":2081347,"url":"https:\/\/www.filharmonikusok.hu\/wp-content\/uploads\/2024\/04\/2025.03.10.png","link":"https:\/\/www.filharmonikusok.hu\/en\/koncertek\/haydn-a-teremtes-oratorium-nemet-nyelven\/2025-03-10\/","alt":"","author":"951582","description":"","caption":"","name":"2025-03-10","status":"inherit","uploaded_to":123216,"date":"2024-04-10 12:18:53","modified":"2024-04-24 09:40:11","menu_order":0,"mime_type":"image\/png","type":"image","subtype":"png","icon":"https:\/\/www.filharmonikusok.hu\/wp-includes\/images\/media\/default.png","width":1920,"height":560,"sizes":{"thumbnail":"https:\/\/www.filharmonikusok.hu\/wp-content\/uploads\/2024\/04\/2025.03.10-150x150.png","thumbnail-width":150,"thumbnail-height":150,"medium":"https:\/\/www.filharmonikusok.hu\/wp-content\/uploads\/2024\/04\/2025.03.10-300x88.png","medium-width":300,"medium-height":88,"medium_large":"https:\/\/www.filharmonikusok.hu\/wp-content\/uploads\/2024\/04\/2025.03.10-768x224.png","medium_large-width":640,"medium_large-height":187,"large":"https:\/\/www.filharmonikusok.hu\/wp-content\/uploads\/2024\/04\/2025.03.10-1024x299.png","large-width":640,"large-height":187,"1536x1536":"https:\/\/www.filharmonikusok.hu\/wp-content\/uploads\/2024\/04\/2025.03.10-1536x448.png","1536x1536-width":1536,"1536x1536-height":448,"2048x2048":"https:\/\/www.filharmonikusok.hu\/wp-content\/uploads\/2024\/04\/2025.03.10.png","2048x2048-width":1920,"2048x2048-height":560,"person-size":"https:\/\/www.filharmonikusok.hu\/wp-content\/uploads\/2024\/04\/2025.03.10-165x165.png","person-size-width":165,"person-size-height":165,"person-size-2":"https:\/\/www.filharmonikusok.hu\/wp-content\/uploads\/2024\/04\/2025.03.10-165x220.png","person-size-2-width":165,"person-size-2-height":220,"album-size":"https:\/\/www.filharmonikusok.hu\/wp-content\/uploads\/2024\/04\/2025.03.10-263x263.png","album-size-width":263,"album-size-height":263,"news-lead-size":"https:\/\/www.filharmonikusok.hu\/wp-content\/uploads\/2024\/04\/2025.03.10-360x203.png","news-lead-size-width":360,"news-lead-size-height":203,"director-index-size":"https:\/\/www.filharmonikusok.hu\/wp-content\/uploads\/2024\/04\/2025.03.10-359x450.png","director-index-size-width":359,"director-index-size-height":450,"person-lead-size":"https:\/\/www.filharmonikusok.hu\/wp-content\/uploads\/2024\/04\/2025.03.10-555x555.png","person-lead-size-width":555,"person-lead-size-height":555,"slider-size":"https:\/\/www.filharmonikusok.hu\/wp-content\/uploads\/2024\/04\/2025.03.10-1600x560.png","slider-size-width":1600,"slider-size-height":560}},"kiemelt_kep_en":{"ID":123152,"id":123152,"title":"2025.03.10","filename":"2025.03.10.png","filesize":2081347,"url":"https:\/\/www.filharmonikusok.hu\/wp-content\/uploads\/2024\/04\/2025.03.10.png","link":"https:\/\/www.filharmonikusok.hu\/en\/koncertek\/haydn-a-teremtes-oratorium-nemet-nyelven\/2025-03-10\/","alt":"","author":"951582","description":"","caption":"","name":"2025-03-10","status":"inherit","uploaded_to":123216,"date":"2024-04-10 12:18:53","modified":"2024-04-24 09:40:11","menu_order":0,"mime_type":"image\/png","type":"image","subtype":"png","icon":"https:\/\/www.filharmonikusok.hu\/wp-includes\/images\/media\/default.png","width":1920,"height":560,"sizes":{"thumbnail":"https:\/\/www.filharmonikusok.hu\/wp-content\/uploads\/2024\/04\/2025.03.10-150x150.png","thumbnail-width":150,"thumbnail-height":150,"medium":"https:\/\/www.filharmonikusok.hu\/wp-content\/uploads\/2024\/04\/2025.03.10-300x88.png","medium-width":300,"medium-height":88,"medium_large":"https:\/\/www.filharmonikusok.hu\/wp-content\/uploads\/2024\/04\/2025.03.10-768x224.png","medium_large-width":640,"medium_large-height":187,"large":"https:\/\/www.filharmonikusok.hu\/wp-content\/uploads\/2024\/04\/2025.03.10-1024x299.png","large-width":640,"large-height":187,"1536x1536":"https:\/\/www.filharmonikusok.hu\/wp-content\/uploads\/2024\/04\/2025.03.10-1536x448.png","1536x1536-width":1536,"1536x1536-height":448,"2048x2048":"https:\/\/www.filharmonikusok.hu\/wp-content\/uploads\/2024\/04\/2025.03.10.png","2048x2048-width":1920,"2048x2048-height":560,"person-size":"https:\/\/www.filharmonikusok.hu\/wp-content\/uploads\/2024\/04\/2025.03.10-165x165.png","person-size-width":165,"person-size-height":165,"person-size-2":"https:\/\/www.filharmonikusok.hu\/wp-content\/uploads\/2024\/04\/2025.03.10-165x220.png","person-size-2-width":165,"person-size-2-height":220,"album-size":"https:\/\/www.filharmonikusok.hu\/wp-content\/uploads\/2024\/04\/2025.03.10-263x263.png","album-size-width":263,"album-size-height":263,"news-lead-size":"https:\/\/www.filharmonikusok.hu\/wp-content\/uploads\/2024\/04\/2025.03.10-360x203.png","news-lead-size-width":360,"news-lead-size-height":203,"director-index-size":"https:\/\/www.filharmonikusok.hu\/wp-content\/uploads\/2024\/04\/2025.03.10-359x450.png","director-index-size-width":359,"director-index-size-height":450,"person-lead-size":"https:\/\/www.filharmonikusok.hu\/wp-content\/uploads\/2024\/04\/2025.03.10-555x555.png","person-lead-size-width":555,"person-lead-size-height":555,"slider-size":"https:\/\/www.filharmonikusok.hu\/wp-content\/uploads\/2024\/04\/2025.03.10-1600x560.png","slider-size-width":1600,"slider-size-height":560}},"megjegyzes":"","esemeny_datum":"20250310","esemeny_idopontja":"7.30 pm","esemeny_vege":"9.30 pm","sajat_program":true,"esemeny_tipusa":["koncertek"],"esemeny_helyszine":{"ID":87584,"post_author":"1","post_date":"2016-09-08 08:02:37","post_date_gmt":"2016-09-08 08:02:37","post_content":"","post_title":"{:hu}Pesti Vigad\u00f3{:}{:en}Pesti Vigad\u00f3 Ceremonial Hall{:}","post_excerpt":"","post_status":"publish","comment_status":"closed","ping_status":"closed","post_password":"","post_name":"pesti-vigado","to_ping":"","pinged":"","post_modified":"2021-10-22 08:33:35","post_modified_gmt":"2021-10-22 08:33:35","post_content_filtered":"","post_parent":0,"guid":"http:\/\/www.filharmonikusok.hu\/places\/pesti-vigado\/","menu_order":0,"post_type":"places","post_mime_type":"","comment_count":"0","filter":"raw","varos":"Budapest","orszag":"Magyarorsz\u00e1g","cim":"1051. Vigad\u00f3 t\u00e9r 2.","megjegyzes":"","weboldal":""},"helyszin_kategoria":"budapest","karmester":{"ID":85976,"post_author":"1","post_date":"2017-05-30 19:53:04","post_date_gmt":"2017-05-30 19:53:04","post_content":"{:hu}A budapesti Zeneakad\u00e9mi\u00e1n 1993-ban szerzett karmesteri diplom\u00e1t. A historikus el\u0151ad\u00e1sm\u00f3d ir\u00e1nti \u00e9rdekl\u0151d\u00e9s\u00e9ben nagy hat\u00e1ssal volt r\u00e1 H. Rilling, J. Eliot Gardiner, J. Toll, M. Bilson \u00e9s S. Standage. Rendszeres vend\u00e9gkarmestere a legt\u00f6bb magyarorsz\u00e1gi szimfonikus zenekarnak, \u00e9s 2000 augusztusa \u00f3ta a Magyar \u00c1llami Operah\u00e1znak.\r\n\r\n1990-ben megalap\u00edtotta a Purcell K\u00f3rust, 1991-ben az Orfeo Zenekart. Ezek \u00e9l\u00e9n az elm\u00falt 28 \u00e9vben sz\u00e1mtalan jelent\u0151s opera- \u00e9s orat\u00f3riumprodukci\u00f3t, kant\u00e1ta- \u00e9s zenekari m\u0171sort hozott l\u00e9tre.\r\n\r\nNev\u00e9hez sz\u00e1mos \u00fajkori vil\u00e1gpremier \u00e9s magyarorsz\u00e1gi bemutat\u00f3 f\u0171z\u0151dik: egy\u00fcttesei \u00e9l\u00e9n eddig k\u00f6zel 30 lemezfelv\u00e9telt k\u00e9sz\u00edtett. 2014 \u00f3ta a Versailles-i Barokk Zenei K\u00f6zponttal \u00e1pol szoros kapcsolatot, amelyb\u0151l a k\u00f6vetkez\u0151 francia barokk hangfelv\u00e9telek jelentek meg a Glossa kiad\u00f3n\u00e1l: Rameau Les F\u00eates de Polymnie c. \"ballet h\u00e9roique\"-j\u00e1nak vil\u00e1gpremier-r\u00f6gz\u00edt\u00e9se; Mondonville Grands Motets c. hanglemeze, majd az Isb\u00e9 vil\u00e1gbemutat\u00f3-el\u0151ad\u00e1sa; az Un op\u00e9ra pour trois rois c. op\u00e9ra-pastiche; valamint Rameau Nais sz\u00ednpadi m\u0171ve.\r\n\r\n1992 \u00f3ta a Zeneakad\u00e9mia tan\u00e1ra, jelenleg egyetemi docens. 2008\u2013ban Liszt-d\u00edjban, 2015-ben \u201eMagyar \u00c9rdemrend Lovagkereszt Polg\u00e1ri Tagozat\u201d kit\u00fcntet\u00e9sben r\u00e9szes\u00fclt. 2013 \u00f3ta tagja, 2017 okt\u00f3bere \u00f3ta eln\u00f6ke a Magyar M\u0171v\u00e9szeti Akad\u00e9mi\u00e1nak.\r\n<p style=\"text-align: justify;\">2024. m\u00e1rcius 15-i nemzeti \u00fcnnep\u00fcnk alkalm\u00e1b\u00f3l \u00e9rt\u00e9kteremt\u0151 tev\u00e9kenys\u00e9g\u00e9nek, valamint a m\u0171v\u00e9szeti k\u00f6z\u00e9letben v\u00e9gzett munk\u00e1j\u00e1nak elismer\u00e9s\u00e9\u00e9rt j\u00e1r\u00f3 legmagasabb magyar \u00e1llami kit\u00fcntet\u00e9sben, Kossuth-d\u00edjban r\u00e9szes\u00fclt.<\/p>{:}{:en}<strong>Gy\u00f6rgy Vashegyi<\/strong> earned a degree in conducting studies at the Budapest Academy of Music in 1993. His interest in historical performance was greatly influenced by Helmuth Rilling, John Eliot Gardiner, John Toll, Malcolm Bilson and Simon Standage.\r\n\r\nVashegyi has been a regular guest conductor for several Hungarian symphony orchestras and the Hungarian State Opera since the year 2000.\r\n\r\nHe founded the Purcell Choir and the Orfeo Zenekar in 1991 and has been responsible for countless important opera and oratorio productions, as well as cantata and orchestral programmes.\r\n\r\nHis name is associated with dozens of contemporary world and Hungarian premieres, while he has also released some 30 albums with his groups. Since 2014, he has developed a close relationship with the Centre de Musique Baroque de Versailles, releasing the following French Baroque recordings through the Glossa music label: the world premier of Rameau\u2019s <em>Les F\u00eates de Polymnie \u2013 Ballet h\u00e9roique<\/em>; the album <em>Mondonville: Grands Motets<\/em>; a world premiere of <em>Isb\u00e9<\/em>; the opera pastiche <em>Un op\u00e9ra pour trois rois<\/em> and a theatrical performance of Rameau\u2019s <em>Nais<\/em>.\r\n\r\nVashegyi has taught at the Academy of Music since 1992 and is currently an associate professor. He was awarded the Liszt Award in 2008 and the Knight\u2019s Cross of the Hungarian Order of Merit in 2015, and has been a member of the Hungarian Academy of Arts since 2013 and its president since October 2017.\r\n<p style=\"font-weight: 400;\">On the occasion of Hungary\u2019s national holiday on 15 March 2024, in recognition of his valuable work as an artist and in artistic public life, he was the country\u2019s highest state decoration, he was awarded the Kossuth Prize.<\/p>\r\n&nbsp;{:}","post_title":"{:hu}Vashegyi Gy\u00f6rgy{:}{:en}Gy\u00f6rgy Vashegyi{:}","post_excerpt":"","post_status":"publish","comment_status":"closed","ping_status":"closed","post_password":"","post_name":"vashegyi-gyorgy","to_ping":"","pinged":"","post_modified":"2024-04-08 09:49:02","post_modified_gmt":"2024-04-08 09:49:02","post_content_filtered":"","post_parent":0,"guid":"http:\/\/www.filharmonikusok.hu\/?post_type=artists&#038;p=85976","menu_order":0,"post_type":"artists","post_mime_type":"","comment_count":"0","filter":"raw"},"karmester_2":false,"hazigazda":null,"muvek":[],"muvek_feluldefinialasa":false,"muvekrol_reszletesen":null,"is_muvekrol_reszletesen_en":false,"kozr_szemelyek":[],"muveszekrol_reszletesen":null,"is_muveszekrol_reszletesen_en":false,"kozr_szemelyek_feluldefinialasa":"","kozr_intezmenyek":[],"gombtipus":"link","jegyarak":"HUF 5,900 \/ HUF 4,900","jegyvasarlas_gomb":"","elkeltek_a_jegyek":false,"youtube_id":"","old_id":"","hivatkozas_gomb_szovege":"Buy ticket","hivatkozas_gomg_url-je":"https:\/\/nfz.jegy.hu\/program\/haydn-a-teremtes-paszti2-160584\/1130201"},"publishpress_future_workflow_manual_trigger":{"enabledWorkflows":[]},"_links":{"self":[{"href":"https:\/\/www.filharmonikusok.hu\/en\/wp-json\/wp\/v2\/concerts\/123216","targetHints":{"allow":["GET"]}}],"collection":[{"href":"https:\/\/www.filharmonikusok.hu\/en\/wp-json\/wp\/v2\/concerts"}],"about":[{"href":"https:\/\/www.filharmonikusok.hu\/en\/wp-json\/wp\/v2\/types\/concerts"}],"wp:attachment":[{"href":"https:\/\/www.filharmonikusok.hu\/en\/wp-json\/wp\/v2\/media?parent=123216"}],"curies":[{"name":"wp","href":"https:\/\/api.w.org\/{rel}","templated":true}]}}