{"id":123168,"date":"2024-04-24T09:10:48","date_gmt":"2024-04-24T09:10:48","guid":{"rendered":"https:\/\/www.filharmonikusok.hu\/?post_type=concerts&#038;p=123168"},"modified":"2024-10-02T11:31:39","modified_gmt":"2024-10-02T11:31:39","slug":"bellini-a-kaloz-koncertszeru-operaeloadas-ket-felvonasban-egy-szunettel-olasz-nyelven","status":"publish","type":"concerts","link":"https:\/\/www.filharmonikusok.hu\/en\/koncertek\/bellini-a-kaloz-koncertszeru-operaeloadas-ket-felvonasban-egy-szunettel-olasz-nyelven\/","title":{"rendered":"BELLINI: Il PIRATA &#8211; Concert-format opera performance in two acts, with one intermission, in Italian"},"content":{"rendered":"<p>VINCENZO BELLINI: Il Pirata &#8211; Hungarian premiere<\/p>\n<p><em>Imogene<\/em><strong> Kl\u00e1ra Kolonits<\/strong><br \/>\n<em>Gualtiero<\/em><strong> Paolo Fanale<\/strong><br \/>\n<em>Ernesto<\/em><strong> Alexey Bogdanchikov<\/strong><br \/>\n<em>Itulbo<\/em><strong> Roland T\u00f6t\u00f6s <\/strong><br \/>\n<em>Adele<\/em>,<em> Imogene\u2019s companion <\/em><strong>Gabriella Busa<\/strong><br \/>\n<em>Goffredo <\/em><strong>Istv\u00e1n Kov\u00e1cs<\/strong><\/p>\n<p><strong>Hungarian National Philharmonic Orchestra<\/strong><br \/>\nHungarian National Choir (choirmaster:<strong> Csaba Somos<\/strong>)<\/p>\n<p>Conductor: <strong>D\u00e1niel Diny\u00e9s<\/strong><\/p>\n<p><strong>Ten years \u2013 ten operas: Vincenzo Bellini (1801\u20131835), the Italian master of early Romanticism who, though he lived an even shorter life than Mozart did, still proved highly influential, creating his entire output for the musical stage in the course of a single decade, between 1825 and 1835. While his most famous works are <em>Norma, I puritani<\/em> and <em>La sonnambula<\/em>, the rich melodic world and lively plot of the rarely heard <em>Il pirata<\/em>, now being performed in concert by the Hungarian National Philharmonic Orchestra and Choir, merits attention as well. The principle roles in this unique gem of the <em>bel canto<\/em> repertoire will be sung by an international cast of soloists conducted by D\u00e1niel Diny\u00e9s.<\/strong><\/p>\n<p>It is an integral element of the Hungarian National Philharmonic\u2019s programming policy for the orchestra and choir, which work in symbiosis with each other, to periodically treat their audience to works for the musical stage featuring outstanding guest soloists. Discovering rarities offers up particularly exciting experiences. The two-act opera <em>Il pirata<\/em> by the 26-year-old Vincenzo Bellini (1801\u20131835) was first staged in October 1827 at Milan\u2019s La Scala. The story takes place in 13th century Sicily. After being exiled on trumped-up charges, the one-time count Gualtiero has turned to piracy. His former lover, Imogene, has been forced to marry Gualtiero\u2019s enemy, Ernesto, in order to free her imprisoned father. From this basic conflict unfolds a dramatic plot full of twists and rich in emotions and passions. As the great master of the <em>bel canto<\/em> style, Bellini wrote music of exceptional melodic richness. And singing the two principal roles will be Kl\u00e1ra Kolonits and Paolo Fanale, with Alexey Bogdanchikov joining them as Ernesto. This concert-format performance will be conducted by D\u00e1niel Diny\u00e9s.<\/p>\n","protected":false},"template":"","class_list":["post-123168","concerts","type-concerts","status-publish","hentry"],"translation":{"provider":"WPGlobus","version":"3.0.2","language":"en","enabled_languages":["hu","en"],"languages":{"hu":{"title":true,"content":true,"excerpt":false},"en":{"title":true,"content":true,"excerpt":false}}},"acf":{"alcim":"Opera season ticket 1","kiemelt_kep":{"ID":123121,"id":123121,"title":"2024.11.06","filename":"2024.11.06.png","filesize":404022,"url":"https:\/\/www.filharmonikusok.hu\/wp-content\/uploads\/2024\/04\/2024.11.06.png","link":"https:\/\/www.filharmonikusok.hu\/en\/koncertek\/bellini-a-kaloz-koncertszeru-operaeloadas-ket-felvonasban-egy-szunettel-olasz-nyelven\/2024-11-06\/","alt":"","author":"951582","description":"","caption":"","name":"2024-11-06","status":"inherit","uploaded_to":123168,"date":"2024-04-03 09:26:36","modified":"2024-04-11 14:03:16","menu_order":0,"mime_type":"image\/png","type":"image","subtype":"png","icon":"https:\/\/www.filharmonikusok.hu\/wp-includes\/images\/media\/default.png","width":1920,"height":560,"sizes":{"thumbnail":"https:\/\/www.filharmonikusok.hu\/wp-content\/uploads\/2024\/04\/2024.11.06-150x150.png","thumbnail-width":150,"thumbnail-height":150,"medium":"https:\/\/www.filharmonikusok.hu\/wp-content\/uploads\/2024\/04\/2024.11.06-300x88.png","medium-width":300,"medium-height":88,"medium_large":"https:\/\/www.filharmonikusok.hu\/wp-content\/uploads\/2024\/04\/2024.11.06-768x224.png","medium_large-width":640,"medium_large-height":187,"large":"https:\/\/www.filharmonikusok.hu\/wp-content\/uploads\/2024\/04\/2024.11.06-1024x299.png","large-width":640,"large-height":187,"1536x1536":"https:\/\/www.filharmonikusok.hu\/wp-content\/uploads\/2024\/04\/2024.11.06-1536x448.png","1536x1536-width":1536,"1536x1536-height":448,"2048x2048":"https:\/\/www.filharmonikusok.hu\/wp-content\/uploads\/2024\/04\/2024.11.06.png","2048x2048-width":1920,"2048x2048-height":560,"person-size":"https:\/\/www.filharmonikusok.hu\/wp-content\/uploads\/2024\/04\/2024.11.06-165x165.png","person-size-width":165,"person-size-height":165,"person-size-2":"https:\/\/www.filharmonikusok.hu\/wp-content\/uploads\/2024\/04\/2024.11.06-165x220.png","person-size-2-width":165,"person-size-2-height":220,"album-size":"https:\/\/www.filharmonikusok.hu\/wp-content\/uploads\/2024\/04\/2024.11.06-263x263.png","album-size-width":263,"album-size-height":263,"news-lead-size":"https:\/\/www.filharmonikusok.hu\/wp-content\/uploads\/2024\/04\/2024.11.06-360x203.png","news-lead-size-width":360,"news-lead-size-height":203,"director-index-size":"https:\/\/www.filharmonikusok.hu\/wp-content\/uploads\/2024\/04\/2024.11.06-359x450.png","director-index-size-width":359,"director-index-size-height":450,"person-lead-size":"https:\/\/www.filharmonikusok.hu\/wp-content\/uploads\/2024\/04\/2024.11.06-555x555.png","person-lead-size-width":555,"person-lead-size-height":555,"slider-size":"https:\/\/www.filharmonikusok.hu\/wp-content\/uploads\/2024\/04\/2024.11.06-1600x560.png","slider-size-width":1600,"slider-size-height":560}},"kiemelt_kep_en":{"ID":123121,"id":123121,"title":"2024.11.06","filename":"2024.11.06.png","filesize":404022,"url":"https:\/\/www.filharmonikusok.hu\/wp-content\/uploads\/2024\/04\/2024.11.06.png","link":"https:\/\/www.filharmonikusok.hu\/en\/koncertek\/bellini-a-kaloz-koncertszeru-operaeloadas-ket-felvonasban-egy-szunettel-olasz-nyelven\/2024-11-06\/","alt":"","author":"951582","description":"","caption":"","name":"2024-11-06","status":"inherit","uploaded_to":123168,"date":"2024-04-03 09:26:36","modified":"2024-04-11 14:03:16","menu_order":0,"mime_type":"image\/png","type":"image","subtype":"png","icon":"https:\/\/www.filharmonikusok.hu\/wp-includes\/images\/media\/default.png","width":1920,"height":560,"sizes":{"thumbnail":"https:\/\/www.filharmonikusok.hu\/wp-content\/uploads\/2024\/04\/2024.11.06-150x150.png","thumbnail-width":150,"thumbnail-height":150,"medium":"https:\/\/www.filharmonikusok.hu\/wp-content\/uploads\/2024\/04\/2024.11.06-300x88.png","medium-width":300,"medium-height":88,"medium_large":"https:\/\/www.filharmonikusok.hu\/wp-content\/uploads\/2024\/04\/2024.11.06-768x224.png","medium_large-width":640,"medium_large-height":187,"large":"https:\/\/www.filharmonikusok.hu\/wp-content\/uploads\/2024\/04\/2024.11.06-1024x299.png","large-width":640,"large-height":187,"1536x1536":"https:\/\/www.filharmonikusok.hu\/wp-content\/uploads\/2024\/04\/2024.11.06-1536x448.png","1536x1536-width":1536,"1536x1536-height":448,"2048x2048":"https:\/\/www.filharmonikusok.hu\/wp-content\/uploads\/2024\/04\/2024.11.06.png","2048x2048-width":1920,"2048x2048-height":560,"person-size":"https:\/\/www.filharmonikusok.hu\/wp-content\/uploads\/2024\/04\/2024.11.06-165x165.png","person-size-width":165,"person-size-height":165,"person-size-2":"https:\/\/www.filharmonikusok.hu\/wp-content\/uploads\/2024\/04\/2024.11.06-165x220.png","person-size-2-width":165,"person-size-2-height":220,"album-size":"https:\/\/www.filharmonikusok.hu\/wp-content\/uploads\/2024\/04\/2024.11.06-263x263.png","album-size-width":263,"album-size-height":263,"news-lead-size":"https:\/\/www.filharmonikusok.hu\/wp-content\/uploads\/2024\/04\/2024.11.06-360x203.png","news-lead-size-width":360,"news-lead-size-height":203,"director-index-size":"https:\/\/www.filharmonikusok.hu\/wp-content\/uploads\/2024\/04\/2024.11.06-359x450.png","director-index-size-width":359,"director-index-size-height":450,"person-lead-size":"https:\/\/www.filharmonikusok.hu\/wp-content\/uploads\/2024\/04\/2024.11.06-555x555.png","person-lead-size-width":555,"person-lead-size-height":555,"slider-size":"https:\/\/www.filharmonikusok.hu\/wp-content\/uploads\/2024\/04\/2024.11.06-1600x560.png","slider-size-width":1600,"slider-size-height":560}},"megjegyzes":"","esemeny_datum":"20241106","esemeny_idopontja":"7.00 pm","esemeny_vege":"10.00 pm","sajat_program":true,"esemeny_tipusa":["koncertek"],"esemeny_helyszine":{"ID":87689,"post_author":"1","post_date":"2016-09-08 08:02:38","post_date_gmt":"2016-09-08 08:02:38","post_content":"","post_title":"{:hu}M\u00fcpa - Bart\u00f3k B\u00e9la Nemzeti Hangversenyterem{:}{:en}M\u00fcpa - B\u00e9la Bart\u00f3k National Concert Hall{:}","post_excerpt":"","post_status":"publish","comment_status":"closed","ping_status":"closed","post_password":"","post_name":"mupa-bartok-bela-nemzeti-hangversenyterem","to_ping":"","pinged":"","post_modified":"2016-09-08 08:02:38","post_modified_gmt":"2016-09-08 08:02:38","post_content_filtered":"","post_parent":0,"guid":"http:\/\/www.filharmonikusok.hu\/places\/mupa-bartok-bela-nemzeti-hangversenyterem\/","menu_order":0,"post_type":"places","post_mime_type":"","comment_count":"0","filter":"raw","varos":"{:hu}Budapest{:}{:en}Budapest{:}","orszag":"{:hu}Magyarorsz\u00e1g{:}{:en}Magyarorsz\u00e1g{:}","cim":"<p>1095 Budapest, Komor Marcell u. 1.<\/p>","megjegyzes":"","weboldal":"http:\/\/www.muveszetekpalotaja.hu"},"helyszin_kategoria":"budapest","karmester":{"ID":87342,"post_author":"1","post_date":"2016-10-12 07:38:39","post_date_gmt":"2016-10-12 07:38:39","post_content":"A Bart\u00f3k B\u00e9la Zenem\u0171v\u00e9szeti Szakk\u00f6z\u00e9piskola \u00e9s Gimn\u00e1ziumban zeneszerz\u00e9s szakon Fekete Gy\u0151r Istv\u00e1n tan\u00edtv\u00e1nya volt. Diplom\u00e1j\u00e1t 2006-ban a Liszt Ferenc Zenem\u0171v\u00e9szeti Egyetem zeneszerz\u00e9s szak\u00e1n szerezte Vidovszky L\u00e1szl\u00f3 ir\u00e1ny\u00edt\u00e1s\u00e1val. 2004-ben csereprogram keret\u00e9ben a New York-i Julliard Schoolban bemutatt\u00e1k <em>Septett<\/em> c\u00edm\u0171 kamaram\u0171v\u00e9t, amelynek magyarorsz\u00e1gi bemutat\u00f3j\u00e1ra m\u00e9g ez \u00e9vben a Budapesti \u0150szi Fesztiv\u00e1l keret\u00e9ben ker\u00fclt sor.\r\n1997-ben elnyerte a Robitsek P\u00e9ter Eml\u00e9kd\u00edjat, 1998-ban a MOL zenei \u00f6szt\u00f6nd\u00edj\u00e1t, 2007-ben a Kod\u00e1ly Zolt\u00e1n alkot\u00f3i \u00f6szt\u00f6nd\u00edjat. 2004-ben a Goriziai Nemzetk\u00f6zi K\u00f3rusversenyen a kort\u00e1rs egyh\u00e1zi k\u00e9tk\u00f3rusos kateg\u00f3ri\u00e1ban darabja els\u0151 helyez\u00e9st \u00e9r el.\r\n2000 \u00f3ta Dargay Marcellel rendszeresen fell\u00e9pnek 2 zongor\u00e1s kort\u00e1rs zenei programjukkal. <em>A Focus! 2007: The Magyar Legacy (Hungarian music after Bart\u00f3k)<\/em>\u00a0c\u00edm\u0171 New York-i koncertsorozaton programj\u00e1n szerepelt <em>Vita<\/em> c\u00edm\u0171 zenem\u0171ve. T\u00f6bb darabot \u00edrt a Budapesti Tavaszi, illetve \u0150szi Fesztiv\u00e1l megrendel\u00e9s\u00e9re, valamint sz\u00ednpadi k\u00eds\u00e9r\u0151zen\u00e9t B\u00fcchner <em>Leonce \u00e9s L\u00e9na<\/em> c\u00edm\u0171 dr\u00e1m\u00e1j\u00e1hoz Csat\u00f3 Kata b\u00e1brendez\u0151 (2007), valamint \u00d6d\u00f6n von Horv\u00e1th <em>Istentelen ifj\u00fas\u00e1g<\/em> c\u00edm\u0171 dr\u00e1m\u00e1j\u00e1hoz Vidovszky Gy\u00f6rgy rendez\u0151 (2008) felk\u00e9r\u00e9s\u00e9re.\r\nBetan\u00edt\u00f3 korrepetitork\u00e9nt k\u00f6zrem\u0171k\u00f6d\u00f6tt t\u00f6bb operaprodukci\u00f3ban.\u00a0 Sz\u00e1mos sz\u00ednh\u00e1zi produkci\u00f3 zenei vezet\u0151je volt a Nemzeti Sz\u00ednh\u00e1zban, a Th\u00e1lia Sz\u00ednh\u00e1zban, a Magyar \u00c1llami Operah\u00e1z operast\u00fadi\u00f3j\u00e1nak korrepetitora, a Sz\u00ednh\u00e1z \u00e9s Filmm\u0171v\u00e9szeti Egyetem, majd 2006-t\u00f3l a Liszt Ferenc Zenem\u0171v\u00e9szeti Egyetem \u00f3raad\u00f3 tan\u00e1ra. 2007 \u00f3ta a VI. ker\u00fcleti T\u00f3th Alad\u00e1r Zeneiskola zeneelm\u00e9let, zenet\u00f6rt\u00e9net \u00e9s zeneszerz\u00e9s el\u0151k\u00e9sz\u00edt\u0151 tan\u00e1ra.","post_title":"{:hu}Diny\u00e9s D\u00e1niel{:}{:en}D\u00e1niel Diny\u00e9s{:}","post_excerpt":"","post_status":"publish","comment_status":"closed","ping_status":"closed","post_password":"","post_name":"dinyes-daniel","to_ping":"","pinged":"","post_modified":"2020-10-02 09:12:04","post_modified_gmt":"2020-10-02 09:12:04","post_content_filtered":"","post_parent":0,"guid":"http:\/\/www.filharmonikusok.hu\/?post_type=artists&#038;p=87342","menu_order":0,"post_type":"artists","post_mime_type":"","comment_count":"0","filter":"raw"},"karmester_2":false,"hazigazda":null,"muvek":[],"muvek_feluldefinialasa":false,"muvekrol_reszletesen":null,"is_muvekrol_reszletesen_en":false,"kozr_szemelyek":[],"muveszekrol_reszletesen":null,"is_muveszekrol_reszletesen_en":false,"kozr_szemelyek_feluldefinialasa":"","kozr_intezmenyek":[],"gombtipus":"link","jegyarak":"HUF 10,900 \/ HUF 8,900 \/ HUF 6,900 \/ HUF 5,900 \/ HUF 4,900","jegyvasarlas_gomb":"","elkeltek_a_jegyek":false,"youtube_id":"","old_id":"","hivatkozas_gomb_szovege":"Buy ticket","hivatkozas_gomg_url-je":"https:\/\/nfz.jegy.hu\/program\/bellini-a-kaloz-opera1-160759\/1130171"},"publishpress_future_workflow_manual_trigger":{"enabledWorkflows":[]},"_links":{"self":[{"href":"https:\/\/www.filharmonikusok.hu\/en\/wp-json\/wp\/v2\/concerts\/123168","targetHints":{"allow":["GET"]}}],"collection":[{"href":"https:\/\/www.filharmonikusok.hu\/en\/wp-json\/wp\/v2\/concerts"}],"about":[{"href":"https:\/\/www.filharmonikusok.hu\/en\/wp-json\/wp\/v2\/types\/concerts"}],"wp:attachment":[{"href":"https:\/\/www.filharmonikusok.hu\/en\/wp-json\/wp\/v2\/media?parent=123168"}],"curies":[{"name":"wp","href":"https:\/\/api.w.org\/{rel}","templated":true}]}}