{"id":119326,"date":"2022-06-17T08:39:41","date_gmt":"2022-06-17T08:39:41","guid":{"rendered":"https:\/\/www.filharmonikusok.hu\/?post_type=concerts&#038;p=119326"},"modified":"2023-01-10T10:56:11","modified_gmt":"2023-01-10T10:56:11","slug":"varazslatos-kurthangok","status":"publish","type":"concerts","link":"https:\/\/www.filharmonikusok.hu\/en\/koncertek\/varazslatos-kurthangok\/","title":{"rendered":"MAGICAL SOUNDS OF THE HORN"},"content":{"rendered":"<p>Richard Strauss: Don Juan, op. 20<br \/>\nRichard Strauss: Horn Concerto No. 1 in E-flat major, op. 11<br \/>\n***<\/p>\n<p>Johannes Brahms: Symphony No. 2 in D major, op. 73<\/p>\n<p><strong>Stefan Dohr<\/strong> horn<\/p>\n<p><strong>Hungarian National Philharmonic Orchestra<\/strong><\/p>\n<p>Conductor: <strong>G\u00e1bor Hontv\u00e1ri\u00a0<\/strong><\/p>\n<p>&nbsp;<\/p>\n<p>The first two pieces being played at the Hungarian National Philharmonic Orchestra\u2019s Richard Strauss\u2013Brahms concert are connected by an invisible but all the more audible link. The protagonist of the concerto at the centre of the programme is the horn. This brass instrument favoured by the Romantics evokes the atmosphere of forests, hunting, and jousting. However, it is also used to play the intoxicating main theme of the symphonic poem that will open the concert.<\/p>\n<p>The German soloist at the concert is one of the finest horn players of our time, and the conductor is of the youngest generation of Hungarian conductors.<\/p>\n<p>&nbsp;<\/p>\n<p>&nbsp;<\/p>\n","protected":false},"template":"","class_list":["post-119326","concerts","type-concerts","status-publish","hentry"],"translation":{"provider":"WPGlobus","version":"3.0.2","language":"en","enabled_languages":["hu","en"],"languages":{"hu":{"title":true,"content":true,"excerpt":false},"en":{"title":true,"content":true,"excerpt":false}}},"acf":{"alcim":"Ferencsik season ticket 3","kiemelt_kep":{"ID":119327,"id":119327,"title":"2023.03.10_esem\u00e9nyfot\u00f3","filename":"2023.03.10_esemenyfoto.png","filesize":1175868,"url":"https:\/\/www.filharmonikusok.hu\/wp-content\/uploads\/2022\/06\/2023.03.10_esemenyfoto.png","link":"https:\/\/www.filharmonikusok.hu\/en\/koncertek\/varazslatos-kurthangok\/2023-03-10_esemenyfoto\/","alt":"","author":"951582","description":"","caption":"","name":"2023-03-10_esemenyfoto","status":"inherit","uploaded_to":119326,"date":"2022-06-16 08:58:43","modified":"2022-06-16 08:58:43","menu_order":0,"mime_type":"image\/png","type":"image","subtype":"png","icon":"https:\/\/www.filharmonikusok.hu\/wp-includes\/images\/media\/default.png","width":1920,"height":560,"sizes":{"thumbnail":"https:\/\/www.filharmonikusok.hu\/wp-content\/uploads\/2022\/06\/2023.03.10_esemenyfoto-150x150.png","thumbnail-width":150,"thumbnail-height":150,"medium":"https:\/\/www.filharmonikusok.hu\/wp-content\/uploads\/2022\/06\/2023.03.10_esemenyfoto-300x88.png","medium-width":300,"medium-height":88,"medium_large":"https:\/\/www.filharmonikusok.hu\/wp-content\/uploads\/2022\/06\/2023.03.10_esemenyfoto-768x224.png","medium_large-width":640,"medium_large-height":187,"large":"https:\/\/www.filharmonikusok.hu\/wp-content\/uploads\/2022\/06\/2023.03.10_esemenyfoto-1024x299.png","large-width":640,"large-height":187,"1536x1536":"https:\/\/www.filharmonikusok.hu\/wp-content\/uploads\/2022\/06\/2023.03.10_esemenyfoto-1536x448.png","1536x1536-width":1536,"1536x1536-height":448,"2048x2048":"https:\/\/www.filharmonikusok.hu\/wp-content\/uploads\/2022\/06\/2023.03.10_esemenyfoto.png","2048x2048-width":1920,"2048x2048-height":560,"person-size":"https:\/\/www.filharmonikusok.hu\/wp-content\/uploads\/2022\/06\/2023.03.10_esemenyfoto-165x165.png","person-size-width":165,"person-size-height":165,"person-size-2":"https:\/\/www.filharmonikusok.hu\/wp-content\/uploads\/2022\/06\/2023.03.10_esemenyfoto-165x220.png","person-size-2-width":165,"person-size-2-height":220,"album-size":"https:\/\/www.filharmonikusok.hu\/wp-content\/uploads\/2022\/06\/2023.03.10_esemenyfoto-263x263.png","album-size-width":263,"album-size-height":263,"news-lead-size":"https:\/\/www.filharmonikusok.hu\/wp-content\/uploads\/2022\/06\/2023.03.10_esemenyfoto-360x203.png","news-lead-size-width":360,"news-lead-size-height":203,"director-index-size":"https:\/\/www.filharmonikusok.hu\/wp-content\/uploads\/2022\/06\/2023.03.10_esemenyfoto-359x450.png","director-index-size-width":359,"director-index-size-height":450,"person-lead-size":"https:\/\/www.filharmonikusok.hu\/wp-content\/uploads\/2022\/06\/2023.03.10_esemenyfoto-555x555.png","person-lead-size-width":555,"person-lead-size-height":555,"slider-size":"https:\/\/www.filharmonikusok.hu\/wp-content\/uploads\/2022\/06\/2023.03.10_esemenyfoto-1600x560.png","slider-size-width":1600,"slider-size-height":560}},"kiemelt_kep_en":{"ID":119327,"id":119327,"title":"2023.03.10_esem\u00e9nyfot\u00f3","filename":"2023.03.10_esemenyfoto.png","filesize":1175868,"url":"https:\/\/www.filharmonikusok.hu\/wp-content\/uploads\/2022\/06\/2023.03.10_esemenyfoto.png","link":"https:\/\/www.filharmonikusok.hu\/en\/koncertek\/varazslatos-kurthangok\/2023-03-10_esemenyfoto\/","alt":"","author":"951582","description":"","caption":"","name":"2023-03-10_esemenyfoto","status":"inherit","uploaded_to":119326,"date":"2022-06-16 08:58:43","modified":"2022-06-16 08:58:43","menu_order":0,"mime_type":"image\/png","type":"image","subtype":"png","icon":"https:\/\/www.filharmonikusok.hu\/wp-includes\/images\/media\/default.png","width":1920,"height":560,"sizes":{"thumbnail":"https:\/\/www.filharmonikusok.hu\/wp-content\/uploads\/2022\/06\/2023.03.10_esemenyfoto-150x150.png","thumbnail-width":150,"thumbnail-height":150,"medium":"https:\/\/www.filharmonikusok.hu\/wp-content\/uploads\/2022\/06\/2023.03.10_esemenyfoto-300x88.png","medium-width":300,"medium-height":88,"medium_large":"https:\/\/www.filharmonikusok.hu\/wp-content\/uploads\/2022\/06\/2023.03.10_esemenyfoto-768x224.png","medium_large-width":640,"medium_large-height":187,"large":"https:\/\/www.filharmonikusok.hu\/wp-content\/uploads\/2022\/06\/2023.03.10_esemenyfoto-1024x299.png","large-width":640,"large-height":187,"1536x1536":"https:\/\/www.filharmonikusok.hu\/wp-content\/uploads\/2022\/06\/2023.03.10_esemenyfoto-1536x448.png","1536x1536-width":1536,"1536x1536-height":448,"2048x2048":"https:\/\/www.filharmonikusok.hu\/wp-content\/uploads\/2022\/06\/2023.03.10_esemenyfoto.png","2048x2048-width":1920,"2048x2048-height":560,"person-size":"https:\/\/www.filharmonikusok.hu\/wp-content\/uploads\/2022\/06\/2023.03.10_esemenyfoto-165x165.png","person-size-width":165,"person-size-height":165,"person-size-2":"https:\/\/www.filharmonikusok.hu\/wp-content\/uploads\/2022\/06\/2023.03.10_esemenyfoto-165x220.png","person-size-2-width":165,"person-size-2-height":220,"album-size":"https:\/\/www.filharmonikusok.hu\/wp-content\/uploads\/2022\/06\/2023.03.10_esemenyfoto-263x263.png","album-size-width":263,"album-size-height":263,"news-lead-size":"https:\/\/www.filharmonikusok.hu\/wp-content\/uploads\/2022\/06\/2023.03.10_esemenyfoto-360x203.png","news-lead-size-width":360,"news-lead-size-height":203,"director-index-size":"https:\/\/www.filharmonikusok.hu\/wp-content\/uploads\/2022\/06\/2023.03.10_esemenyfoto-359x450.png","director-index-size-width":359,"director-index-size-height":450,"person-lead-size":"https:\/\/www.filharmonikusok.hu\/wp-content\/uploads\/2022\/06\/2023.03.10_esemenyfoto-555x555.png","person-lead-size-width":555,"person-lead-size-height":555,"slider-size":"https:\/\/www.filharmonikusok.hu\/wp-content\/uploads\/2022\/06\/2023.03.10_esemenyfoto-1600x560.png","slider-size-width":1600,"slider-size-height":560}},"megjegyzes":"","esemeny_datum":"20230310","esemeny_idopontja":"7:30 PM ","esemeny_vege":"9:15 PM ","sajat_program":true,"esemeny_tipusa":["koncertek"],"esemeny_helyszine":{"ID":87537,"post_author":"1","post_date":"2016-09-08 08:02:37","post_date_gmt":"2016-09-08 08:02:37","post_content":"","post_title":"{:hu}Zeneakad\u00e9mia{:}{:en}Liszt Academy{:}","post_excerpt":"","post_status":"publish","comment_status":"closed","ping_status":"closed","post_password":"","post_name":"zeneakademia","to_ping":"","pinged":"","post_modified":"2021-02-17 10:09:02","post_modified_gmt":"2021-02-17 10:09:02","post_content_filtered":"","post_parent":0,"guid":"http:\/\/www.filharmonikusok.hu\/places\/zeneakademia\/","menu_order":0,"post_type":"places","post_mime_type":"","comment_count":"0","filter":"raw","varos":"Budapest","orszag":"Hungary","cim":"VI. Liszt Ferenc t\u00e9r 8.","megjegyzes":"","weboldal":""},"helyszin_kategoria":"budapest","karmester":{"ID":115563,"post_author":"951582","post_date":"2020-07-28 11:36:54","post_date_gmt":"2020-07-28 11:36:54","post_content":"","post_title":"{:hu}Hontv\u00e1ri G\u00e1bor{:}{:en}G\u00e1bor Hontv\u00e1ri {:}","post_excerpt":"","post_status":"publish","comment_status":"closed","ping_status":"closed","post_password":"","post_name":"hontvari-gabor","to_ping":"","pinged":"","post_modified":"2020-07-28 11:37:06","post_modified_gmt":"2020-07-28 11:37:06","post_content_filtered":"","post_parent":0,"guid":"https:\/\/www.filharmonikusok.hu\/?post_type=artists&#038;p=115563","menu_order":0,"post_type":"artists","post_mime_type":"","comment_count":"0","filter":"raw"},"karmester_2":false,"hazigazda":null,"muvek":[],"muvek_feluldefinialasa":false,"muvekrol_reszletesen":null,"is_muvekrol_reszletesen_en":false,"kozr_szemelyek":[],"muveszekrol_reszletesen":null,"is_muveszekrol_reszletesen_en":false,"kozr_szemelyek_feluldefinialasa":"","kozr_intezmenyek":[],"gombtipus":"link","jegyarak":"HUF 6 900, HUF 5 900, HUF 4 900, HUF 3 900, HUF 2 900","jegyvasarlas_gomb":"","elkeltek_a_jegyek":false,"youtube_id":"","old_id":"","hivatkozas_gomb_szovege":"BUY TICKET","hivatkozas_gomg_url-je":"https:\/\/nfz.jegy.hu\/program\/varazslatos-kurthangok-ferencsik-berlet-3-137032\/844277"},"publishpress_future_workflow_manual_trigger":{"enabledWorkflows":[]},"_links":{"self":[{"href":"https:\/\/www.filharmonikusok.hu\/en\/wp-json\/wp\/v2\/concerts\/119326","targetHints":{"allow":["GET"]}}],"collection":[{"href":"https:\/\/www.filharmonikusok.hu\/en\/wp-json\/wp\/v2\/concerts"}],"about":[{"href":"https:\/\/www.filharmonikusok.hu\/en\/wp-json\/wp\/v2\/types\/concerts"}],"wp:attachment":[{"href":"https:\/\/www.filharmonikusok.hu\/en\/wp-json\/wp\/v2\/media?parent=119326"}],"curies":[{"name":"wp","href":"https:\/\/api.w.org\/{rel}","templated":true}]}}