{"id":119102,"date":"2022-04-25T10:38:03","date_gmt":"2022-04-25T10:38:03","guid":{"rendered":"https:\/\/www.filharmonikusok.hu\/?post_type=concerts&#038;p=119102"},"modified":"2022-08-15T12:57:36","modified_gmt":"2022-08-15T12:57:36","slug":"beethovennel-a-szabadban-2022-2","status":"publish","type":"concerts","link":"https:\/\/www.filharmonikusok.hu\/en\/koncertek\/beethovennel-a-szabadban-2022-2\/","title":{"rendered":"BEETHOVEN IN THE PARK \u2013 MARTONV\u00c1S\u00c1R \u2013 SUMMER 2022"},"content":{"rendered":"<p>Tickets from May 10, 2022<\/p>\n<p><strong>(rain date: 10 July)<\/strong><\/p>\n<p><a href=\"https:\/\/www.filharmonikusok.hu\/wp-content\/uploads\/2022\/06\/TAJEKOZTATO-es-ESOSZABALYZAT-Martonvasar-2022_EN.pdf\">INFORMATION and RAIN DAY RULES<\/a><\/p>\n<p>Prometheus Overture, op. 43<br \/>\nMass in C major, op. 86<br \/>\nSymphony No. 4 in B-flat major, op. 60<\/p>\n<p><strong>Anik\u00f3 Bakonyi<\/strong> \u2013 soprano<br \/>\n<strong>L\u00facia Megyesi Schwartz<\/strong> \u2013 alto<br \/>\n<strong>Tibor Szappanos<\/strong> \u2013 tenor<br \/>\n<strong>Istv\u00e1n Kov\u00e1cs<\/strong> \u2013 bass<\/p>\n<p><strong>Hungarian National Choir<\/strong> (choirmaster: <strong>Csaba Somos<\/strong>)<\/p>\n<p><strong>Hungarian National Philharmonic Orchestra<\/strong><\/p>\n<p>Conductor: <strong>M\u00e1ty\u00e1s Antal<\/strong><\/p>\n<p><strong>\u00a0<\/strong><\/p>\n<p>In 1801, Beethoven composed ballet music for a libretto by the Italian choreographer Salvatore Vigan\u00f2 titled <em>The Creatures of Prometheus<\/em>, whose serene introductory music became the <em>Prometheus Overture.<\/em> The <em>Mass in C major<\/em>, composed six years later, is a document of the relationship between the composer and the Hungarian nobility. Commissioned by Prince Mikl\u00f3s Esterh\u00e1zy II, its premi\u00e8re at the family\u2019s estate in Eisenstadt, then the Hungarian town of Kismarton, was marred by an unpleasant scene that followed. Unenthusiastic about the work\u2019s departure from Haydn\u2019s traditional style of composing masses, the prince said, <em>\u201dBut, my dear Beethoven, what is this you have done again?\u201d<\/em> The <em>Symphony No. 4<\/em>, dating from the summer of 1806, continues the series of even-numbered of symphonies begun with the Second Symphony at the previous Martonv\u00e1s\u00e1r concert: it is distinguished by its wit, energy, and lightness.<\/p>\n<p>The four soloists for the mass \u2013 Anik\u00f3 Bakonyi, L\u00facia Megyesi Schwartz, Tibor Szappanos and Istv\u00e1n Kov\u00e1cs \u2013 all hail from the front rank of Hungarian vocal performers. Conductor M\u00e1ty\u00e1s Antal is closely connected to both the Hungarian National Philharmonic Orchestra and the Hungarian National Choir, having played as a flutist in the former for decades and serving as the choirmaster of the latter for a quarter of a century.<\/p>\n<p>&nbsp;<\/p>\n<p><strong>The serenity of even numbers<\/strong><\/p>\n<p>&#8220;Could there exist a mathematical phenomenon that indicates that even numbers are more cheerful than odd ones? Very unlikely \u2013 especially as the ancient Romans believed even numbers brought bad luck. In the programmes for this year&#8217;s summer Beethoven concerts at Martonv\u00e1s\u00e1r, we&#8217;ll be dispensing with the grand and serious, world-saving, odd-numbered symphonies: instead of the tribute to a hero of the Third, the struggle against Fate of the Fifth, the apotheosis of dance that is the Seventh, and the ecstatic exultation in joy of the Ninth, this time we will evoke the playfulness and serenity of the lighter even-numbered symphonies \u2013 the Second, the Fourth, the Sixth and the Eighth. The three outstanding artists \u2013 M\u00e1ty\u00e1s Antal, Bal\u00e1zs Kocs\u00e1r and Levente T\u00f6r\u00f6k \u2013 represent three different generations of Hungarian conductors, while the soloists are among the country&#8217;s very finest singers and instrumentalists. We look forward to welcoming you to hear Beethoven&#8217;s music on three summer evenings under the boughs of the Brunszvik Castle park! We hope the Romans will be proved wrong and it won\u2019t rain.&#8221;<\/p>\n<p>Domonkos Herboly, general director of the National Philharmonic<\/p>\n<p>&nbsp;<\/p>\n<p>Please be informed that if you have a valid ticket for the 2022 Beethoven in the Park concerts, you can enter the Martonv\u00e1s\u00e1r Castle Park free of charge after 6 pm. If you wish to enter the park before 6 pm, you may purchase a park entrance ticket at the Agroverzum Centre of Science and Fun. Details:\u00a0<u><a href=\"https:\/\/agroverzum.hu\/latogatasinformaciok\/#jegyarak\">https:\/\/agroverzum.hu\/latogatasinformaciok\/#jegyarak.<\/a><\/u>\u00a0\u00a0The concerts begin at 7 pm. We hope you have an enjoyable evening.<\/p>\n","protected":false},"template":"","class_list":["post-119102","concerts","type-concerts","status-publish","hentry"],"translation":{"provider":"WPGlobus","version":"3.0.2","language":"en","enabled_languages":["hu","en"],"languages":{"hu":{"title":true,"content":true,"excerpt":false},"en":{"title":true,"content":true,"excerpt":false}}},"acf":{"alcim":"The Hungarian National Philharmonic's Beethoven Concerts","kiemelt_kep":{"ID":119103,"id":119103,"title":"CD6K8331","filename":"CD6K8331-scaled.jpg","filesize":629655,"url":"https:\/\/www.filharmonikusok.hu\/wp-content\/uploads\/2022\/04\/CD6K8331-scaled.jpg","link":"https:\/\/www.filharmonikusok.hu\/en\/koncertek\/beethovennel-a-szabadban-2022-2\/cd6k8331\/","alt":"","author":"951582","description":"","caption":"","name":"cd6k8331","status":"inherit","uploaded_to":119102,"date":"2022-04-25 10:29:13","modified":"2022-04-25 10:29:13","menu_order":0,"mime_type":"image\/jpeg","type":"image","subtype":"jpeg","icon":"https:\/\/www.filharmonikusok.hu\/wp-includes\/images\/media\/default.png","width":2560,"height":1707,"sizes":{"thumbnail":"https:\/\/www.filharmonikusok.hu\/wp-content\/uploads\/2022\/04\/CD6K8331-150x150.jpg","thumbnail-width":150,"thumbnail-height":150,"medium":"https:\/\/www.filharmonikusok.hu\/wp-content\/uploads\/2022\/04\/CD6K8331-300x200.jpg","medium-width":300,"medium-height":200,"medium_large":"https:\/\/www.filharmonikusok.hu\/wp-content\/uploads\/2022\/04\/CD6K8331-768x512.jpg","medium_large-width":640,"medium_large-height":427,"large":"https:\/\/www.filharmonikusok.hu\/wp-content\/uploads\/2022\/04\/CD6K8331-1024x683.jpg","large-width":640,"large-height":427,"1536x1536":"https:\/\/www.filharmonikusok.hu\/wp-content\/uploads\/2022\/04\/CD6K8331-1536x1024.jpg","1536x1536-width":1536,"1536x1536-height":1024,"2048x2048":"https:\/\/www.filharmonikusok.hu\/wp-content\/uploads\/2022\/04\/CD6K8331-2048x1365.jpg","2048x2048-width":2048,"2048x2048-height":1365,"person-size":"https:\/\/www.filharmonikusok.hu\/wp-content\/uploads\/2022\/04\/CD6K8331-165x165.jpg","person-size-width":165,"person-size-height":165,"person-size-2":"https:\/\/www.filharmonikusok.hu\/wp-content\/uploads\/2022\/04\/CD6K8331-165x220.jpg","person-size-2-width":165,"person-size-2-height":220,"album-size":"https:\/\/www.filharmonikusok.hu\/wp-content\/uploads\/2022\/04\/CD6K8331-263x263.jpg","album-size-width":263,"album-size-height":263,"news-lead-size":"https:\/\/www.filharmonikusok.hu\/wp-content\/uploads\/2022\/04\/CD6K8331-360x203.jpg","news-lead-size-width":360,"news-lead-size-height":203,"director-index-size":"https:\/\/www.filharmonikusok.hu\/wp-content\/uploads\/2022\/04\/CD6K8331-359x450.jpg","director-index-size-width":359,"director-index-size-height":450,"person-lead-size":"https:\/\/www.filharmonikusok.hu\/wp-content\/uploads\/2022\/04\/CD6K8331-555x555.jpg","person-lead-size-width":555,"person-lead-size-height":555,"slider-size":"https:\/\/www.filharmonikusok.hu\/wp-content\/uploads\/2022\/04\/CD6K8331-1600x722.jpg","slider-size-width":1600,"slider-size-height":722}},"kiemelt_kep_en":{"ID":119103,"id":119103,"title":"CD6K8331","filename":"CD6K8331-scaled.jpg","filesize":629655,"url":"https:\/\/www.filharmonikusok.hu\/wp-content\/uploads\/2022\/04\/CD6K8331-scaled.jpg","link":"https:\/\/www.filharmonikusok.hu\/en\/koncertek\/beethovennel-a-szabadban-2022-2\/cd6k8331\/","alt":"","author":"951582","description":"","caption":"","name":"cd6k8331","status":"inherit","uploaded_to":119102,"date":"2022-04-25 10:29:13","modified":"2022-04-25 10:29:13","menu_order":0,"mime_type":"image\/jpeg","type":"image","subtype":"jpeg","icon":"https:\/\/www.filharmonikusok.hu\/wp-includes\/images\/media\/default.png","width":2560,"height":1707,"sizes":{"thumbnail":"https:\/\/www.filharmonikusok.hu\/wp-content\/uploads\/2022\/04\/CD6K8331-150x150.jpg","thumbnail-width":150,"thumbnail-height":150,"medium":"https:\/\/www.filharmonikusok.hu\/wp-content\/uploads\/2022\/04\/CD6K8331-300x200.jpg","medium-width":300,"medium-height":200,"medium_large":"https:\/\/www.filharmonikusok.hu\/wp-content\/uploads\/2022\/04\/CD6K8331-768x512.jpg","medium_large-width":640,"medium_large-height":427,"large":"https:\/\/www.filharmonikusok.hu\/wp-content\/uploads\/2022\/04\/CD6K8331-1024x683.jpg","large-width":640,"large-height":427,"1536x1536":"https:\/\/www.filharmonikusok.hu\/wp-content\/uploads\/2022\/04\/CD6K8331-1536x1024.jpg","1536x1536-width":1536,"1536x1536-height":1024,"2048x2048":"https:\/\/www.filharmonikusok.hu\/wp-content\/uploads\/2022\/04\/CD6K8331-2048x1365.jpg","2048x2048-width":2048,"2048x2048-height":1365,"person-size":"https:\/\/www.filharmonikusok.hu\/wp-content\/uploads\/2022\/04\/CD6K8331-165x165.jpg","person-size-width":165,"person-size-height":165,"person-size-2":"https:\/\/www.filharmonikusok.hu\/wp-content\/uploads\/2022\/04\/CD6K8331-165x220.jpg","person-size-2-width":165,"person-size-2-height":220,"album-size":"https:\/\/www.filharmonikusok.hu\/wp-content\/uploads\/2022\/04\/CD6K8331-263x263.jpg","album-size-width":263,"album-size-height":263,"news-lead-size":"https:\/\/www.filharmonikusok.hu\/wp-content\/uploads\/2022\/04\/CD6K8331-360x203.jpg","news-lead-size-width":360,"news-lead-size-height":203,"director-index-size":"https:\/\/www.filharmonikusok.hu\/wp-content\/uploads\/2022\/04\/CD6K8331-359x450.jpg","director-index-size-width":359,"director-index-size-height":450,"person-lead-size":"https:\/\/www.filharmonikusok.hu\/wp-content\/uploads\/2022\/04\/CD6K8331-555x555.jpg","person-lead-size-width":555,"person-lead-size-height":555,"slider-size":"https:\/\/www.filharmonikusok.hu\/wp-content\/uploads\/2022\/04\/CD6K8331-1600x722.jpg","slider-size-width":1600,"slider-size-height":722}},"megjegyzes":"","esemeny_datum":"20220709","esemeny_idopontja":" 7:00 PM","esemeny_vege":"9:00 PM ","sajat_program":true,"esemeny_tipusa":["koncertek"],"esemeny_helyszine":{"ID":87568,"post_author":"1","post_date":"2016-09-08 08:02:37","post_date_gmt":"2016-09-08 08:02:37","post_content":"","post_title":"{:hu}Brunszvik-kast\u00e9ly parkja{:}{:en}Park of the Brunszvik Castle{:}","post_excerpt":"","post_status":"publish","comment_status":"closed","ping_status":"closed","post_password":"","post_name":"brunszvik-kastely-parkja","to_ping":"","pinged":"","post_modified":"2016-09-08 08:02:37","post_modified_gmt":"2016-09-08 08:02:37","post_content_filtered":"","post_parent":0,"guid":"http:\/\/www.filharmonikusok.hu\/places\/brunszvik-kastely-parkja\/","menu_order":0,"post_type":"places","post_mime_type":"","comment_count":"0","filter":"raw","varos":"{:hu}Martonv\u00e1s\u00e1r{:}{:en}Martonv\u00e1s\u00e1r{:}","orszag":"{:hu}Magyarorsz\u00e1g{:}{:en}Hungary{:}","cim":"","megjegyzes":"","weboldal":""},"helyszin_kategoria":"videk","karmester":{"ID":85558,"post_author":"1","post_date":"2016-10-25 12:11:00","post_date_gmt":"2016-10-25 12:11:00","post_content":"{:hu}<p style=\"text-align: justify;\">A muzsikus csal\u00e1dban sz\u00fcletett m\u0171v\u00e9sz m\u00e1r kisgyermekk\u00e9nt kezdett zongor\u00e1zni, majd fuvol\u00e1zni, k\u00e9s\u0151bb tanult nagyb\u0151g\u0151zni \u00e9s \u00fct\u0151hangszereken j\u00e1tszani. A Bart\u00f3k B\u00e9la Zenem\u0171v\u00e9szeti Szakk\u00f6z\u00e9piskola n\u00f6vend\u00e9ke volt fuvola szakon, diplom\u00e1j\u00e1t a Liszt Ferenc Zenem\u0171v\u00e9szeti F\u0151iskola fuvola \u00e9s karnagy szak\u00e1n szerezte. Ezt k\u00f6vet\u0151en a Magyar \u00c1llami Hangversenyzenekar fuvolist\u00e1jak\u00e9nt dolgozott 1990-ig. Vez\u00e9nyelni a hetvenes \u00e9vek m\u00e1sodik fel\u00e9ben kezdett, el\u0151bb a Miskolci Szimfonikus Zenekar m\u00e1sodkarnagya, majd a Sz\u00e9kesfeh\u00e9rv\u00e1ri Szimfonikus Zenekar karnagya lett. 1984-t\u0151l a Budapesti K\u00f3rus vezet\u0151je, 1986-ban az \u00c1HZ betan\u00edt\u00f3 karmestere, 1990-t\u0151l 2016. \u00e1prilis 1-ig\u00a0 az \u00c1llami \u00c9nekkar - ma Nemzeti \u00c9nekkar - karigazgat\u00f3ja volt. Karmesterk\u00e9nt Eur\u00f3pa szinte minden orsz\u00e1g\u00e1ban \u00e9s Jap\u00e1nban is megfordult, s sz\u00e1mos lemezfelv\u00e9tele k\u00e9sz\u00fclt a Hungaroton, Naxos \u00e9s Portugalsom kiad\u00f3kn\u00e1l. 2015-ben Bart\u00f3k-P\u00e1sztory-d\u00edjjal t\u00fcntett\u00e9k ki.<\/p>{:}{:en}<p style=\"text-align: justify;\">He was born into a musical family, and as a young child, studied both piano and flute. Later, he learned the double bass and percussion. He was a student in the flute faculty of the B\u00e9la Bart\u00f3k Music College in Budapest, and later graduated from the Franz Liszt Academy from both the flute and choir conducting faculties. Until 1990 he was a flautist at the Hungarian State Concert Orchestra. He began conducting in the second half of the 1970's, being deputy conductor of the Miskolc Symphony Orchestra, and then choir master of the Sz\u00e9kesfeh\u00e9rv\u00e1r Symphony Orchestra. From 1984, he was the leader of the Budapest Chorus. In 1986, he became a repetiteur at the State Orchestra, a post he only left when he was made choir master of the State Choir (now National Choir). He has performed as a conductor in virtually all of the European countries and has also worked in Japan. He has made numerous recordings for the Hungaroton, Naxos and Portugalsom record companies.<\/p>{:}","post_title":"{:hu}Antal M\u00e1ty\u00e1s{:}{:en}M\u00e1ty\u00e1s Antal{:}","post_excerpt":"","post_status":"publish","comment_status":"closed","ping_status":"closed","post_password":"","post_name":"antal-matyas","to_ping":"","pinged":"","post_modified":"2016-10-25 12:11:00","post_modified_gmt":"2016-10-25 12:11:00","post_content_filtered":"","post_parent":0,"guid":"http:\/\/www.filharmonikusok.hu\/?post_type=artists&#038;p=85558","menu_order":0,"post_type":"artists","post_mime_type":"","comment_count":"0","filter":"raw"},"karmester_2":false,"hazigazda":null,"muvek":[],"muvek_feluldefinialasa":false,"muvekrol_reszletesen":null,"is_muvekrol_reszletesen_en":false,"kozr_szemelyek":[],"muveszekrol_reszletesen":null,"is_muveszekrol_reszletesen_en":false,"kozr_szemelyek_feluldefinialasa":"","kozr_intezmenyek":[],"gombtipus":"link","jegyarak":"HUF 2,500, HUF 3,500, HUF 4,500","jegyvasarlas_gomb":"","elkeltek_a_jegyek":false,"youtube_id":"","old_id":"","hivatkozas_gomb_szovege":"Sold out","hivatkozas_gomg_url-je":"https:\/\/nfz.jegy.hu\/program\/beethovennel-a-szabadban-a-nemzeti-filharmonikusok-koncertjei-martonvasaron-115147\/827333"},"publishpress_future_workflow_manual_trigger":{"enabledWorkflows":[]},"_links":{"self":[{"href":"https:\/\/www.filharmonikusok.hu\/en\/wp-json\/wp\/v2\/concerts\/119102","targetHints":{"allow":["GET"]}}],"collection":[{"href":"https:\/\/www.filharmonikusok.hu\/en\/wp-json\/wp\/v2\/concerts"}],"about":[{"href":"https:\/\/www.filharmonikusok.hu\/en\/wp-json\/wp\/v2\/types\/concerts"}],"wp:attachment":[{"href":"https:\/\/www.filharmonikusok.hu\/en\/wp-json\/wp\/v2\/media?parent=119102"}],"curies":[{"name":"wp","href":"https:\/\/api.w.org\/{rel}","templated":true}]}}