{"id":114147,"date":"2020-05-20T19:15:33","date_gmt":"2020-05-20T19:15:33","guid":{"rendered":"https:\/\/www.filharmonikusok.hu\/?post_type=concerts&#038;p=114147"},"modified":"2021-04-20T13:56:34","modified_gmt":"2021-04-20T13:56:34","slug":"v-szimfonia","status":"publish","type":"concerts","link":"https:\/\/www.filharmonikusok.hu\/en\/koncertek\/v-szimfonia\/","title":{"rendered":"Fifth Symphony &#8211; CANCELLED!"},"content":{"rendered":"<p>This concert features three enchanting works: two of them will take us to Vienna, the third to Paris. Opening the programme will be a short piece, one of the most beautiful waltzes ever written, followed by the piano concerto by Ravel, and closing it will be one of the most important symphonies in the literature of music, a quite lengthy work that includes one of the most popular movements in the symphonic repertoire, which includes a confession of love expressed in musical notes. The French piano concerto being played between the two Viennese works represents the Gallic spirit \u2013 but not only that, as the work also owes a great deal to the influence of American jazz.<\/p>\n<p>At this concert, the Hungarian National Philharmonic Orchestra and Zsolt Hamar, its music director since 2017, will welcome one of the most exciting and virtuosic pianists of our time as their guest. Turkish by birth, Faz\u0131l Say has lived in Western Europe for decades and is at home with every style and era of music, imparting a true experience with any work he performs. As the soloist for Ravel&#8217;s scintillating and austere <em>Piano Concerto in G major<\/em>, he is sure to be in his element, as he has treated the Hungarian audience to encores of jazz-infused movements at the end of more than one of his concerts here. The <em>Emperor Waltz<\/em> by &#8220;waltz king&#8221; Johann Strauss Jr. is an inimitable bit of Vienna, full of charm, grace, elegance and nobility. Mahler&#8217;s <em>Symphony No. 5<\/em>, completed in 1902 \u2013 a mere dozen years after the 1889 waltz \u2013 is, like all of the composer&#8217;s other efforts in the genre, a dramatic work. It depicts an entire world, leading the listener from a state of mourning to an affirmation of life. Its penultimate movement is the <em>Adagietto<\/em>, which expresses the composer&#8217;s feelings for his wife, Alma Schindler. Played independently, it is a popular encore piece in concert halls. The concert will be conducted by Karen Kamensek, who was introduced to the Hungarian audience to great acclaim at the orchestra\u2019s concert last year.<\/p>\n","protected":false},"template":"","class_list":["post-114147","concerts","type-concerts","status-publish","hentry"],"translation":{"provider":"WPGlobus","version":"3.0.2","language":"en","enabled_languages":["hu","en"],"languages":{"hu":{"title":true,"content":true,"excerpt":false},"en":{"title":true,"content":true,"excerpt":false}}},"acf":{"alcim":"Kocsis season ticket 4","kiemelt_kep":{"ID":114148,"id":114148,"title":"nfz_2021_05_06","filename":"nfz_2021_05_06.jpg","filesize":227772,"url":"https:\/\/www.filharmonikusok.hu\/wp-content\/uploads\/2020\/05\/nfz_2021_05_06.jpg","link":"https:\/\/www.filharmonikusok.hu\/en\/koncertek\/v-szimfonia\/nfz_2021_05_06\/","alt":"","author":"951590","description":"","caption":"","name":"nfz_2021_05_06","status":"inherit","uploaded_to":114147,"date":"2020-05-05 15:21:35","modified":"2020-05-05 15:21:35","menu_order":0,"mime_type":"image\/jpeg","type":"image","subtype":"jpeg","icon":"https:\/\/www.filharmonikusok.hu\/wp-includes\/images\/media\/default.png","width":1920,"height":560,"sizes":{"thumbnail":"https:\/\/www.filharmonikusok.hu\/wp-content\/uploads\/2020\/05\/nfz_2021_05_06-150x150.jpg","thumbnail-width":150,"thumbnail-height":150,"medium":"https:\/\/www.filharmonikusok.hu\/wp-content\/uploads\/2020\/05\/nfz_2021_05_06-300x88.jpg","medium-width":300,"medium-height":88,"medium_large":"https:\/\/www.filharmonikusok.hu\/wp-content\/uploads\/2020\/05\/nfz_2021_05_06-768x224.jpg","medium_large-width":640,"medium_large-height":187,"large":"https:\/\/www.filharmonikusok.hu\/wp-content\/uploads\/2020\/05\/nfz_2021_05_06-1024x299.jpg","large-width":640,"large-height":187,"1536x1536":"https:\/\/www.filharmonikusok.hu\/wp-content\/uploads\/2020\/05\/nfz_2021_05_06-1536x448.jpg","1536x1536-width":1536,"1536x1536-height":448,"2048x2048":"https:\/\/www.filharmonikusok.hu\/wp-content\/uploads\/2020\/05\/nfz_2021_05_06.jpg","2048x2048-width":1920,"2048x2048-height":560,"person-size":"https:\/\/www.filharmonikusok.hu\/wp-content\/uploads\/2020\/05\/nfz_2021_05_06-165x165.jpg","person-size-width":165,"person-size-height":165,"person-size-2":"https:\/\/www.filharmonikusok.hu\/wp-content\/uploads\/2020\/05\/nfz_2021_05_06-165x220.jpg","person-size-2-width":165,"person-size-2-height":220,"album-size":"https:\/\/www.filharmonikusok.hu\/wp-content\/uploads\/2020\/05\/nfz_2021_05_06-263x263.jpg","album-size-width":263,"album-size-height":263,"news-lead-size":"https:\/\/www.filharmonikusok.hu\/wp-content\/uploads\/2020\/05\/nfz_2021_05_06-360x203.jpg","news-lead-size-width":360,"news-lead-size-height":203,"director-index-size":"https:\/\/www.filharmonikusok.hu\/wp-content\/uploads\/2020\/05\/nfz_2021_05_06-359x450.jpg","director-index-size-width":359,"director-index-size-height":450,"person-lead-size":"https:\/\/www.filharmonikusok.hu\/wp-content\/uploads\/2020\/05\/nfz_2021_05_06-555x555.jpg","person-lead-size-width":555,"person-lead-size-height":555,"slider-size":"https:\/\/www.filharmonikusok.hu\/wp-content\/uploads\/2020\/05\/nfz_2021_05_06-1600x560.jpg","slider-size-width":1600,"slider-size-height":560}},"kiemelt_kep_en":null,"megjegyzes":"","esemeny_datum":"20210506","esemeny_idopontja":"19:30","esemeny_vege":"9:50 pm","sajat_program":false,"esemeny_tipusa":["koncertek"],"esemeny_helyszine":{"ID":87689,"post_author":"1","post_date":"2016-09-08 08:02:38","post_date_gmt":"2016-09-08 08:02:38","post_content":"","post_title":"{:hu}M\u00fcpa - Bart\u00f3k B\u00e9la Nemzeti Hangversenyterem{:}{:en}M\u00fcpa - B\u00e9la Bart\u00f3k National Concert Hall{:}","post_excerpt":"","post_status":"publish","comment_status":"closed","ping_status":"closed","post_password":"","post_name":"mupa-bartok-bela-nemzeti-hangversenyterem","to_ping":"","pinged":"","post_modified":"2016-09-08 08:02:38","post_modified_gmt":"2016-09-08 08:02:38","post_content_filtered":"","post_parent":0,"guid":"http:\/\/www.filharmonikusok.hu\/places\/mupa-bartok-bela-nemzeti-hangversenyterem\/","menu_order":0,"post_type":"places","post_mime_type":"","comment_count":"0","filter":"raw","varos":"{:hu}Budapest{:}{:en}Budapest{:}","orszag":"{:hu}Magyarorsz\u00e1g{:}{:en}Magyarorsz\u00e1g{:}","cim":"<p>1095 Budapest, Komor Marcell u. 1.<\/p>","megjegyzes":"","weboldal":"http:\/\/www.muveszetekpalotaja.hu"},"helyszin_kategoria":"budapest","karmester":{"ID":109978,"post_author":"951590","post_date":"2019-11-05 16:20:45","post_date_gmt":"2019-11-05 16:20:45","post_content":"Mik\u00f6zben gesztusait figyelt\u00fck, l\u00e1that\u00f3v\u00e1 v\u00e1ltak sz\u00e1munkra a zene form\u00e1i\u2026\n\n(Richard Scheinin, San Jose Mercury News)\n\nFot\u00f3: Denise Biffar","post_title":"{:hu}Karen Kamensek{:}{:en}Karen Kamensek{:}","post_excerpt":"","post_status":"publish","comment_status":"closed","ping_status":"closed","post_password":"","post_name":"karen-kamensek","to_ping":"","pinged":"","post_modified":"2019-11-12 22:07:24","post_modified_gmt":"2019-11-12 22:07:24","post_content_filtered":"","post_parent":0,"guid":"http:\/\/www.filharmonikusok.hu\/?post_type=artists&#038;p=109978","menu_order":0,"post_type":"artists","post_mime_type":"","comment_count":"0","filter":"raw"},"karmester_2":false,"hazigazda":null,"muvek":[{"ID":113824,"post_author":"951582","post_date":"2020-04-26 11:48:00","post_date_gmt":"2020-04-26 11:48:00","post_content":"","post_title":"{:hu}Kaiser-Walzer, op. 437{:}{:en}Kaiser-Walzer, op. 437{:}","post_excerpt":"","post_status":"publish","comment_status":"closed","ping_status":"closed","post_password":"","post_name":"kaiser-walzer-op-437","to_ping":"","pinged":"","post_modified":"2020-04-26 11:48:00","post_modified_gmt":"2020-04-26 11:48:00","post_content_filtered":"","post_parent":0,"guid":"https:\/\/www.filharmonikusok.hu\/?post_type=muvek&#038;p=113824","menu_order":0,"post_type":"muvek","post_mime_type":"","comment_count":"0","filter":"raw","szerzo":[]},{"ID":91096,"post_author":"1","post_date":"2016-09-08 08:57:48","post_date_gmt":"2016-09-08 08:57:48","post_content":"{:hu}<p style=\"text-align: justify;\"><em>I. Allegramente <\/em>\r\n<em>II. Adagio assai <\/em>\r\n<em>III. Presto<\/em><\/p>\r\n&nbsp;\r\n\r\n<em>\u201e\u00cdrok mag\u00e1nak egy zongoraversenyt. Nem b\u00e1nja, ha pianissimo fejez\u0151dik be, trill\u00e1kkal?\u201d<\/em> \u2013 k\u00e9rdezte Maurice Ravel (1875\u20131837) egy kellemes vacsora ut\u00e1n Marguerite Long zongoram\u0171v\u00e9szn\u0151t\u0151l, aki \u00e9vekkel k\u00e9s\u0151bb (1932-ben) a <em>G-d\u00far zongoraverseny<\/em>t bemutatta. A versenym\u0171 persze nem \u00edgy fejez\u0151dik be, s eredetileg Ravel \u00f6nmaga sz\u00e1m\u00e1ra kompon\u00e1lta. \u00c1m hi\u00e1ba gy\u00f6t\u00f6rte mag\u00e1t Chopin \u00e9s Liszt et\u0171djeivel, technik\u00e1j\u00e1t m\u00e1r nem tudta \u00fajra olyan szintre fejleszteni, hogy megfeleljen a darab k\u00f6vetelm\u00e9nyeinek. \u00cdgy a kompoz\u00edci\u00f3 partit\u00far\u00e1j\u00e1t \u00e1tadta Longnak. <em>\u201eMeg kell jegyeznem, hogy els\u0151 pillant\u00e1somat az utols\u00f3 oldalra vetettem: a pianissim\u00f3b\u00f3l \u00e9s a trill\u00e1b\u00f3l fortissmo \u00e9s d\u00fcb\u00f6rg\u0151 n\u00f3n\u00e1k lettek.\u201d<\/em> \u2013 eml\u00e9kezett vissza a m\u0171v\u00e9szn\u0151.\r\n\r\nEgy alkalommal Ravel \u00edgy nyilatkozott a <em>G-d\u00far zongoraverseny<\/em>r\u0151l: <em>\u201eA sz\u00f3 legszorosabb \u00e9rtelm\u00e9ben vett concerto, olyan, amilyent Mozart \u00e9s Saint-Sa\u00ebns \u00edrt. V\u00e9lem\u00e9nyem szerint egy concerto zen\u00e9j\u00e9nek vid\u00e1mnak \u00e9s csillog\u00f3nak kell lennie, an\u00e9lk\u00fcl, hogy m\u00e9lys\u00e9gre vagy dr\u00e1mai hat\u00e1sa t\u00f6rekedn\u00e9k. N\u00e9mely nagy klasszikus zeneszerz\u0151r\u0151l mondt\u00e1k, hogy versenym\u0171ve nem zongor\u00e1ra, hanem a zongora ellen \u00edr\u00f3dott. A magam r\u00e9sz\u00e9r\u0151l ezt a meghat\u00e1roz\u00e1st t\u00f6k\u00e9letesen indokoltnak tartom. Eleinte a <\/em>Divertissement<em> c\u00edmet sz\u00e1nd\u00e9koztam adni a m\u0171nek, majd meggondoltam magam, \u00e9s \u00fagy v\u00e9ltem a concerto elnevez\u00e9s el\u00e9g vil\u00e1gosan utal a zene karakter\u00e9re. Bizonyos szempontb\u00f3l a <\/em>Concerto<em> rokon a <\/em>Heged\u0171szon\u00e1t\u00e1<em>val; n\u00e9h\u00e1ny elemet a jazzb\u0151l is k\u00f6lcs\u00f6nz\u00f6tt, de csak m\u00e9rt\u00e9kkel.\u201d<\/em> A Ravelre jellemz\u0151 ironikus, a komolys\u00e1gnak m\u00e9g a l\u00e1tszat\u00e1t is ker\u00fclni k\u00edv\u00e1n\u00f3 nyilatkozat f\u00e9lrevezet\u0151 lehet. A <em>G-d\u00far zongoraverseny<\/em> zen\u00e9je nagyon is szem\u00e9lyes mondand\u00f3j\u00fa .\r\n\r\nAz 1910-es \u00e9vek elej\u00e9n Ravel komolyan foglalkozott egy olyan zongoraverseny gondolat\u00e1val, melyben sz\u00fcl\u0151f\u00f6ldj\u00e9hez f\u0171z\u0151d\u0151 viszony\u00e1r\u00f3l vallott volna baszk t\u00e9m\u00e1k feldolgoz\u00e1s\u00e1val. A <em>Zaspiak bat <\/em>c\u00edm\u0171 kompoz\u00edci\u00f3 nem k\u00e9sz\u00fclt el, mivel Ravel nem tal\u00e1lta meg azt a jellegzetes t\u00e9maanyagot, mely h\u00edven t\u00fckr\u00f6zte volna e t\u00e1jr\u00f3l \u00e9s n\u00e9p\u00e9r\u0151l alkotott benyom\u00e1sait. \u00c1m a <em>Zaspiak bat<\/em> sz\u00e1m\u00e1ra lejegyzett t\u00e9m\u00e1k k\u00f6z\u00fcl feldolgozott n\u00e9h\u00e1nyat a <em>G-d\u00far zongoraverseny<\/em> sz\u00e9ls\u0151 t\u00e9teleiben. E sz\u00ednpomp\u00e1s, vill\u00f3dz\u00f3, pomp\u00e1s hangszerel\u00e9s\u0171 t\u00e9telek a francia zene sokak szerint legszebb lass\u00fa t\u00e9tel\u00e9t keretezik. Gy\u00f6ny\u00f6r\u0171, hosszan kiboml\u00f3 t\u00e9m\u00e1j\u00e1t a zongora egyed\u00fcl mutatja be. Marguerite Long nagyon tartott ett\u0151l a lass\u00fa t\u00e9telt\u0151l: <em>\u201eEgy napon megmondtam Ravelnek, mennyire f\u00e9lek minden alkalommal att\u00f3l, hogy az els\u0151 t\u00e9tel megannyi fant\u00e1zi\u00e1ja \u00e9s var\u00e1zsa ut\u00e1n zongorasz\u00f3l\u00f3n mutassam be ezt a nagyon hossz\u00fa dallamot, hogy \u00e9nekeljen \u00e9s v\u00e9gtelen mozdulat\u00e1ban kitartson ez a nagy, h\u00f6mp\u00f6lyg\u0151 fr\u00e1zis. \u00bbM\u00e9g hogy h\u00f6mp\u00f6lyg\u0151! \u2013 ki\u00e1ltott \u2013 de hiszen \u00e9n csin\u00e1ltam minden \u00fctem\u00e9t, \u00e9s m\u00e1r-m\u00e1r azt hittem, belepusztulok!\u00ab Ki fedezheti fel itt a mesters\u00e9g k\u00ednj\u00e1t? Ebben a mozaikban egyetlen illeszt\u00e9k sem tal\u00e1lhat\u00f3, \u00e1mul\u00f3 \u00e9rz\u00e9keink csak emberfeletti t\u00f6k\u00e9letess\u00e9g\u00e9t foghatj\u00e1k fel.\u201d<\/em>\r\n\r\n&nbsp;{:}{:en}I. Allegramente II. Adagio assai III. Presto\r\n\r\n&nbsp;\r\n<p style=\"text-align: justify;\">Ravel wrote his two piano concertos at almost the same time, in the early 1930's. The concerto for left hand was commissioned by Paul Wittgenstein (brother of the philosopher), who has lost an arm in the First World War. Ravel initially planned to premiere the G major concerto himself, but the technical demands of the piece he had written, persuaded him to think better of the idea. It was ultimately premiered by Marguerite Long in January 1932. The two artists then left for a tour of Central Europe, and the G major piano concerto was premiered in Hungary on April 18th at the Pest Vigado hall.\r\n\"In my view, the music of a concerto should be happy and brilliant, without striving for depth or dramatic effect. Initially I wanted to call the work Divertissement but then I changed my mind, and I felt that the term concerto was the one that clearly refered to the character of the music. From certain perspectives, the concerto is related to the Violin Sonata; some elements have also been borrowed from jazz, but only in moderation...\" Thus responded Ravel to an English journalist who had asked him about the G major concerto. Researchers warn us not to take Ravel's insistance that the music is light and empty literally. We know from the writings of Gustave Sazamenilh that Ravel was considering the composition of a piano concerto even in the 1910's, which would be a monument to the Basque region of the Pyranese where he was born and where he visited every summer. The two outer movements of the G major concerto derive from the sketches for the earlier work, so they must have meant rather more for Ravel than mere brilliant playing. The slow movement, which he wrote down a little later, owes nothing to an earlier plan - according to his first biographer and close friend Roland Maneul, he was inspired by the slow movement from Mozart's Clarinet Quintet.<\/p>{:}","post_title":"{:hu}G-d\u00far zongoraverseny, M. 83{:}{:en}Piano Concerto in G major, M. 83{:}","post_excerpt":"","post_status":"publish","comment_status":"closed","ping_status":"closed","post_password":"","post_name":"g-dur-zongoraverseny","to_ping":"","pinged":"","post_modified":"2020-09-28 08:51:14","post_modified_gmt":"2020-09-28 08:51:14","post_content_filtered":"","post_parent":0,"guid":"http:\/\/www.filharmonikusok.hu\/muvek\/g-dur-zongoraverseny\/","menu_order":0,"post_type":"muvek","post_mime_type":"","comment_count":"0","filter":"raw","szerzo":[]},{"ID":110080,"post_author":"951590","post_date":"2019-04-23 10:24:35","post_date_gmt":"0000-00-00 00:00:00","post_content":"","post_title":"***","post_excerpt":"","post_status":"draft","comment_status":"closed","ping_status":"closed","post_password":"","post_name":"","to_ping":"","pinged":"","post_modified":"2019-04-23 10:24:35","post_modified_gmt":"2019-04-23 10:24:35","post_content_filtered":"","post_parent":0,"guid":"http:\/\/www.filharmonikusok.hu\/?post_type=muvek&#038;p=110080","menu_order":0,"post_type":"muvek","post_mime_type":"","comment_count":"0","filter":"raw","szerzo":[]},{"ID":91233,"post_author":"1","post_date":"2016-09-08 08:57:49","post_date_gmt":"2016-09-08 08:57:49","post_content":"{:hu}Gustav Mahler el\u0151sz\u00f6r 1901. febru\u00e1r 24-\u00e9n n\u00e9zett farkasszemet a hal\u00e1llal. Aznap d\u00e9lut\u00e1n hangversenyen vez\u00e9nyelte a B\u00e9csi Filharmonikusokat, majd este az oper\u00e1ban Mozart Var\u00e1zsfuvol\u00e1j\u00e1t dirig\u00e1lta. Az el\u0151ad\u00e1s ut\u00e1n heves bels\u0151 v\u00e9rz\u00e9ssel sz\u00e1ll\u00edtott\u00e1k k\u00f3rh\u00e1zba, ahol m\u00e1rcius 4-\u00e9n m\u0171t\u00e9ten esett \u00e1t. A negyven\u00e9ves Mahler \u00fagy \u00e9rezte, \u00fct\u00f6tt az utols\u00f3 \u00f3r\u00e1ja. B\u00e1r hamarosan t\u00fal volt az \u00e9letvesz\u00e9lyen, \u00e9s \u00e1llapota rohamosan javult, az \u00e9lm\u00e9ny tart\u00f3san kihatott \u00e9letfelfog\u00e1s\u00e1ra.\r\nMik\u00f6zben Abbazi\u00e1ban, az Adriai-tenger partj\u00e1n l\u00e1badozott, IV. szimf\u00f3ni\u00e1j\u00e1nak rev\u00edzi\u00f3j\u00e1n dolgozott, \u00e9s belemer\u00fclt J. S. Bach m\u0171veinek tanulm\u00e1nyoz\u00e1s\u00e1ba. Ny\u00e1rra eg\u00e9szs\u00e9ge teljesen helyre\u00e1llt, \u00e9s \u00faj ny\u00e1ri vill\u00e1j\u00e1ban, a W\u00f6rthi-t\u00f3 partj\u00e1n fekv\u0151 Maierniggben (nem messze P\u00f6rtschacht\u00f3l, ahol kor\u00e1bban Brahms szeretett nyaralni), \u00e9lete egyik legterm\u00e9kenyebb peri\u00f3dus\u00e1t \u00e9lvezte. Egyszerre dolgozott a Friedrich R\u00fcckert verseire kompon\u00e1lt Gyermekgy\u00e1szdalokon, tov\u00e1bbi R\u00fcckert-dalokon, valamint A fi\u00fa csodak\u00fcrtje-ciklus utols\u00f3\u00a0\u00a0 darabjain. Ezenk\u00edv\u00fcl ekkor fogott hozz\u00e1 az V. szimf\u00f3ni\u00e1hoz, melynek els\u0151 k\u00e9t t\u00e9tele ugyancsak k\u00e9szen \u00e1llott a ny\u00e1r v\u00e9g\u00e9re.\r\n\r\nB\u00e1r ez a rendk\u00edv\u00fcl \u00e9l\u00e9nk munkatemp\u00f3 \u00f6nmag\u00e1ban v\u00e9ve nagy \u00e9letkedvre mutat, Mahler 1901-es m\u0171veinek f\u0151t\u00e9m\u00e1ja k\u00e9ts\u00e9gtelen\u00fcl a hal\u00e1l. A Gyermekgy\u00e1szdalok halott gyerekeket siratnak, a Csodak\u00fcrt-ciklus \"Dobos\"-a \u00e9ppen a veszt\u0151helyre indul, \u00e9s R\u00fcckert verse, \"Ich bin der Welt abhanden gekommen\" (\"Elvesztem a vil\u00e1g sz\u00e1m\u00e1ra\") nem m\u00e1s, mint b\u00facs\u00fa az \u00e9lett\u0151l. Az V. szimf\u00f3nia els\u0151 t\u00e9tele gy\u00e1szindul\u00f3, melynek t\u00e9m\u00e1ja a \"Dobos\" k\u00f6zeli rokona. A m\u00e1sodik t\u00e9tel a heves f\u00e1jdalom kifejez\u00e9se, mely \u00fajabb gy\u00e1szindul\u00f3t foglal mag\u00e1ba, \u00e9s az \u00f6r\u00f6m egy r\u00f6vid kit\u00f6r\u00e9se ut\u00e1n m\u00e9ly k\u00e9ts\u00e9gbees\u00e9sbe hull vissza.\r\n\r\nA ny\u00e1r v\u00e9g\u00e9re Mahler l\u00e9nyeg\u00e9ben befejezte az els\u0151 k\u00e9t t\u00e9telt \u00e9s legal\u00e1bbis felv\u00e1zolta a scherz\u00f3t - de ekkor vissza kellett t\u00e9rnie B\u00e9csbe operaigazgat\u00f3i munk\u00e1j\u00e1hoz. Az \u00faj \u00e9vad meglehet\u0151sen viharosan indult, operai intrik\u00e1kkal, \u00e9s a IV. szimf\u00f3nia igen rosszul fogadott el\u0151ad\u00e1saival t\u00f6bb n\u00e9met v\u00e1rosban. Novemberben azonban v\u00e1ratlan esem\u00e9ny t\u00f6rt\u00e9nt, amely Mahler eg\u00e9sz h\u00e1tralev\u0151 \u00e9let\u00e9t d\u00f6nt\u0151en megv\u00e1ltoztatta: megismerkedett egy 22 \u00e9ves l\u00e1nnyal, akit Alma Schindlernek h\u00edvtak, \u00e9s hal\u00e1losan beleszeretett. M\u00e9g az \u00e9v v\u00e9ge el\u0151tt eljegyezt\u00e9k egym\u00e1st, \u00e9s 1902. m\u00e1rcius 9-\u00e9n h\u00e1zass\u00e1got k\u00f6t\u00f6ttek. A szezon v\u00e9g\u00e9n Mahler m\u00e1r ifj\u00fa feles\u00e9g\u00e9vel t\u00e9rt vissza Maierniggbe, hogy folytassa a munk\u00e1t V. szimf\u00f3ni\u00e1j\u00e1n. Ezen a ny\u00e1ron sz\u00fcletett meg a scherzo, ez a gigantikus kering\u0151fant\u00e1zia, a bens\u0151s\u00e9ges Adagietto, valamint a kicsattan\u00f3 energi\u00e1j\u00fa rond\u00f3-fin\u00e1le.\r\n\r\nA hal\u00e1lb\u00f3l az \u00e9letbe val\u00f3 \u00e1tmenet, melyet Mahler a saj\u00e1t b\u0151r\u00e9n tapasztalt meg 1901-ben, ily m\u00f3don k\u00f6zvetlen\u00fcl jutott kifejez\u00e9sre a szimf\u00f3ni\u00e1ban. B\u00e1r a \"s\u00f6t\u00e9ts\u00e9gb\u0151l a f\u00e9nybe\" dramaturgi\u00e1ja kor\u00e1bbi hagyom\u00e1nyt k\u00f6vet (a legfontosabb minta Beethoven V.-je, melyre Mahler t\u00f6bb \u00edzben is utal a maga \u00d6t\u00f6dikj\u00e9ben), a kontrasztok sokkal \u00e9lesebbek. Ez m\u00e1r abb\u00f3l is l\u00e1tszik, hogy Mahler nem tartotta be a hagyom\u00e1nyos hangnemi egys\u00e9get: a szimf\u00f3nia cisz-mollban indul \u00e9s D-d\u00farban \u00e9r v\u00e9get. A f\u00e9lhangnyi emelked\u00e9s annak a jelk\u00e9pes \u00fatvonalnak felel meg, amelyet a zene az els\u0151 \u00e9s az utols\u00f3 t\u00e9tel k\u00f6z\u00f6tt bej\u00e1r.\r\n\r\nAz Alma-kapcsolat k\u00e9ts\u00e9gk\u00edv\u00fcl d\u00f6nt\u0151en befoly\u00e1solta az V. szimf\u00f3nia fejl\u0151d\u00e9s\u00e9t. 1901-ben m\u00e9g \u00edgy \u00edrta le Mahler a tervezett m\u0171vet bizalmas\u00e1nak, Natalie Bauer-Lechnernek: az \u00d6t\u00f6dik \"rendes szimf\u00f3nia lesz n\u00e9gy t\u00e9telben; minden t\u00e9tel teljes lesz \u00f6nmag\u00e1ban, \u00e9s csak hasonl\u00f3 hangulatuk kapcsolja \u00f6ssze \u0151ket\". Ez a le\u00edr\u00e1s nemigen fedi az elk\u00e9sz\u00fclt szimf\u00f3ni\u00e1t, m\u00e9g akkor sem, ha eltekint\u00fcnk az \"Adagiett\u00f3\"-t\u00f3l, amely a n\u00e9gyt\u00e9teles szerkezetet \u00f6tt\u00e9teless\u00e9 b\u0151v\u00edtette, \u00e9s amelyben, mint l\u00e1tni fogjuk, Mahler szerelmet vall Alm\u00e1nak.\r\n\r\nAlma, aki maga is tanult zeneszerz\u00e9st (b\u00e1r Mahler megtiltotta neki, hogy kompon\u00e1ljon, miut\u00e1n feles\u00e9g\u00fcl vette), seg\u00edtett f\u00e9rj\u00e9nek a partit\u00fara \u00e9s a sz\u00f3lamok m\u00e1sol\u00e1s\u00e1ban, \u00e9s \u0151 volt az \u00faj m\u0171 els\u0151 k\u00f6z\u00f6ns\u00e9ge, amikor Mahler elj\u00e1tszotta neki zongor\u00e1n.\r\n\r\nV\u00e9gs\u0151 form\u00e1j\u00e1ban a szimf\u00f3nia \u00f6t t\u00e9tele h\u00e1rom f\u0151 r\u00e9szre tagol\u00f3dik. Az els\u0151 r\u00e9sz az els\u0151 k\u00e9t t\u00e9telt foglalja mag\u00e1ba; a scherzo egymaga alkotja a m\u00e1sodik r\u00e9szt, m\u00edg a harmadik r\u00e9sz az utols\u00f3 k\u00e9t t\u00e9telnek felel meg. \u00cdgy a m\u0171 nagyform\u00e1ja k\u00e9t lass\u00fa\/gyors t\u00e9telp\u00e1r \u00e1ltal k\u00f6zrefogott scherz\u00f3k\u00e9nt \u00e9rtelmezhet\u0151.\r\n\r\nI. t\u00e9tel (\"In gemessenem Schritt.\u00a0 Streng.\u00a0 Wie ein Kondukt\" - \"Kim\u00e9rt l\u00e9ptekkel.\u00a0 Szigor\u00faan.\u00a0 Mint egy gy\u00e1szmenet\" - cisz-moll). Indul\u00f3ritmusok t\u00f6bb Mahler-szimf\u00f3ni\u00e1ban is hallhat\u00f3k; ebben bizony\u00e1ra k\u00f6zrej\u00e1tszott az iglaui rezesband\u00e1k gyermekkori eml\u00e9ke. Ezek az indul\u00f3k gyakran \u00f6ltenek tragikus, gy\u00e1szos jelleget, de az V. szimf\u00f3nia e tekintetben minden m\u00e1s Mahler-indul\u00f3n t\u00faltesz. A trombita dr\u00e1mai bevezet\u0151je ut\u00e1n a f\u0151t\u00e9ma (mint eml\u00edtett\u00fck, a \"Dobos\"-dal vari\u00e1nsa), a heged\u0171k\u00f6n sz\u00f3lal meg. A zene hamarosan felgyorsul, \"vad \u00e9s szenved\u00e9lyes\" lesz, \u00e9s a heged\u0171k \u00e9rzelmi kit\u00f6r\u00e9se \"a lehet\u0151 leghevesebb\", a partit\u00fara utas\u00edt\u00e1sa szerint. A \"dobos\"-t\u00e9ma visszat\u00e9r\u00e9s\u00e9t egy m\u00e1sodik, gy\u00e1szos hang\u00fa epiz\u00f3d k\u00f6veti; a t\u00e9tel z\u00e1r\u00f3\u00fctemei a nyit\u00f3 trombitafanf\u00e1rt id\u00e9zik vissza, el\u0151bb trombit\u00e1n, majd fuvol\u00e1n.\r\n\r\nII. t\u00e9tel (\"St\u00fcrmisch bewegt, mit gr\u00f6sster Vehemenz\" - \"Viharos izgalommal, rendk\u00edv\u00fcl hevesen\" - a-moll). Az els\u0151 \u00e9s m\u00e1sodik t\u00e9telt t\u00f6bb tematikus kapocs f\u0171zi \u00f6ssze. A kor\u00e1bban hallott trombitafanf\u00e1r igen fontos szerepet j\u00e1tszik a m\u00e1sodik t\u00e9telben, \u00e9s a \"dobos\"-t\u00e9ma k\u00f6zeli vari\u00e1nsa mint kontraszt\u00e1l\u00f3 m\u00e1sodik t\u00e9ma jelenik meg, amire a partit\u00fara utas\u00edt\u00e1sa (\"a gy\u00e1szindul\u00f3 temp\u00f3j\u00e1ban\") k\u00f6zvetlen\u00fcl is utal. De a t\u00e9telnek van saj\u00e1t, t\u00f6bbsz\u00f6r visszat\u00e9r\u0151 t\u00e9m\u00e1ja is, melynek r\u00f6vids\u00e9ge \u00e9s egyszer\u0171 form\u00e1ja szint\u00e9n fanf\u00e1rhoz teszi hasonlatoss\u00e1, b\u00e1r nem a trombita, hanem a von\u00f3skar j\u00e1tssza. David B. Greene, aki r\u00e9szletesen elemezte a szimf\u00f3ni\u00e1t, ezt a t\u00e9m\u00e1t \"harag-mot\u00edvum\"-nak nevezi, \u00e9s le\u00edrja, hogyan v\u00e1ltakozik \"b\u00e9k\u00e9re v\u00e1gy\u00f3\" szakaszokkal: az els\u0151 t\u00e9tellel k\u00f6z\u00f6s anyagok jobb\u00e1ra ez ut\u00f3bbiakban jelennek meg. A t\u00e9tel v\u00e9ge fel\u00e9 hallott jellegzetes \"Pesante\" (\"s\u00falyos\") szakaszban bukkan fel el\u0151sz\u00f6r a z\u00e1r\u00f3t\u00e9tel f\u00e9nyes D-d\u00farja, el\u0151revet\u00edtve a v\u00e9gs\u0151 diadalt, amelyre azonban sok\u00e1ig kell v\u00e1rni. Egyel\u0151re a tragikum gy\u0151zedelmeskedik; a t\u00e9tel v\u00e9ge egy\u00e9rtelm\u0171en a gy\u00e1sz \u00e9s a f\u00e1jdalom hangj\u00e1n sz\u00f3l.\r\n\r\nMahler utas\u00edt\u00e1sa szerint a II. t\u00e9telt hosszabb sz\u00fcnetnek kell k\u00f6vetnie, mivel a III. t\u00e9tel (\"Kr\u00e4ftig, nicht zu schnell\" - \"Er\u0151teljesen, nem t\u00fal gyorsan\" - D-d\u00far) jobban nem is k\u00fcl\u00f6nb\u00f6zhetne az el\u0151z\u0151t\u0151l. Itt Mahler az indul\u00f3 ut\u00e1n m\u00e1sik kedvenc inton\u00e1ci\u00f3t\u00edpus\u00e1t, a L\u00e4ndlert alak\u00edtja \u00e1t hatalmas erej\u0171 v\u00edzi\u00f3v\u00e1. A L\u00e4ndler - osztr\u00e1k n\u00e9pi t\u00e1nc - Haydn \u00f3ta j\u00e1tszott k\u00f6zponti szerepet a klasszikus zen\u00e9ben; de Mahler L\u00e4ndlerje senki m\u00e1s\u00e9hoz nem hasonlithat\u00f3.\u00a0 Mahler p\u00e9lda n\u00e9lk\u00fcl \u00e1ll\u00f3, \u00f3ri\u00e1si lend\u00fclettel veti bele mag\u00e1t a \u017e-es t\u00e1ncritmusba. Az el\u0151tt\u00fcnk kibontakoz\u00f3 mot\u00edvumok az eredeti l\u00e4ndler-hangot fokozatosan a t\u00e1nc v\u00e1rosi rokon\u00e1hoz, a kering\u0151h\u00f6z k\u00f6zel\u00edtik. A hagyom\u00e1nyos scherzo-forma k\u00f6rvonalai j\u00f3l \u00e9rz\u00e9kelhet\u0151k, de a terjedelmes kidolgoz\u00e1si r\u00e9szek messze t\u00falmennek a scherzo keretein. A k\u00fcl\u00f6nb\u00f6z\u0151 t\u00e9telszakaszokat rafin\u00e1lt tematikus kapcsok f\u0171zik \u00f6ssze. D\u00f6bbenetesen v\u00e1ltozatos a hangszerel\u00e9s; k\u00fcl\u00f6n\u00f6sen figyelemrem\u00e9lt\u00f3 a sz\u00f3l\u00f3k\u00fcrt haszn\u00e1lata \u00e9s a v\u00e1ratlan pizzicat\u00f3k (pengetett von\u00f3sok) a tri\u00f3-szakasz visszat\u00e9r\u00e9s\u00e9ben. A zenei text\u00far\u00e1k a kering\u0151 egyszer\u0171 \"umtatta\" k\u00eds\u00e9ret\u00e9t\u0151l a komplex ellenpontig terjednek. Tal\u00e1l\u00f3an jegyzi meg Henry-Louis de La Grange monument\u00e1lis Mahler-\u00e9letrajz\u00e1ban: \"Mahler strukt\u00fara\u00e9p\u00edt\u0151 tehets\u00e9ge \u00e9s kiapadhatatlan invenci\u00f3ja sohasem mutatkozott meg teljesebb form\u00e1ban, mint itt. Ez a t\u00e9tel egyed\u00fcl \u00e1ll az \u00e9letm\u0171ben, mint az egyens\u00faly \u00e9s az optimizmus mesterp\u00e9ld\u00e1ja.\"\r\n\r\nIV. t\u00e9tel (Adagietto - F-d\u00far). Az Adagietto Mahler egyik legn\u00e9pszer\u0171bb t\u00e9tele lett, k\u00fcl\u00f6n\u00f6sen ami\u00f3ta Luchino Visconti felhaszn\u00e1lta 1971-es Hal\u00e1l Velenc\u00e9ben c. filmj\u00e9ben, melyben Thomas Mann h\u0151s\u00e9b\u0151l, Gustav Aschenbach \u00edr\u00f3b\u00f3l Mahlerre igencsak hasonl\u00edt\u00f3 zeneszerz\u0151 lett.\r\n\r\nAz Adagietto csak von\u00f3sokra \u00e9s h\u00e1rf\u00e1ra \u00edr\u00f3dott. Elb\u0171v\u00f6l\u0151 dallama, melyet seelenvoll (\"bens\u0151s\u00e9gesen\") kell j\u00e1tszani a partit\u00fara utas\u00edt\u00e1sa szerint, k\u00f6zeli rokona a fent eml\u00edtett \"Ich bin der Welt abhanden gekommen\" c. dalnak. Willem Mengelberg, a h\u00edres holland karmester, aki j\u00f3l ismerte Mahlert, elmondta, hogy Mahler ebben a t\u00e9telben vallott szerelmet Alm\u00e1nak, amit szerinte Gustav \u00e9s Alma Mahler egyar\u00e1nt meger\u0151s\u00edtett. A t\u00e9tel felt\u0171n\u0151 Triszt\u00e1n-id\u00e9zete aligha v\u00e9letlen: al\u00e1h\u00fazza, hogy Mahler sokat gondolt a szerelem \u00e9s a hal\u00e1l elv\u00e1laszthatatlan volt\u00e1ra, amely Wagner zenedr\u00e1m\u00e1j\u00e1nak is k\u00f6zponti eszm\u00e9je volt.\r\n\r\nAz V. t\u00e9tel (Rondo-Finale - D-d\u00far) megszak\u00edt\u00e1s n\u00e9lk\u00fcl k\u00f6veti az Adagiett\u00f3t. Az els\u0151 t\u00e9telhez hasonl\u00f3an most is a Csodak\u00fcrt-ciklus egyik dal\u00e1t id\u00e9zi Mahler, de ez\u00fattal egy humoros darabra esett a v\u00e1laszt\u00e1sa. A \"Lob des hohen Verstandes\" (\"Az \u00e9sz dics\u00e9rete\") c. dalban, melyben a kakukk \u00e9s a csalog\u00e1ny dalnokverseny\u00e9t a szam\u00e1r a kakukk jav\u00e1ra d\u00f6nti el.\r\n\r\nA t\u00e9ma ereszked\u0151 dallamvonal\u00fa m\u00e1sodik fel\u00e9b\u0151l bonyolult ellenpont keletkezik, melyben felfedezhej\u00fck az 1901 ny\u00e1ri intenz\u00edv Bach-st\u00fadium eredm\u00e9nyeit. A dallam sz\u00e1mos \u00e1talakul\u00e1son megy kereszt\u00fcl, m\u00edg a rond\u00f3 egyik epiz\u00f3dja, mely az Adagiett\u00f3val tart rokons\u00e1got, mindig ugyanabban a form\u00e1ban t\u00e9r vissza, hogy r\u00f6vid pihen\u0151ket biztos\u00edtson a s\u0171r\u0171 kontrapunkt k\u00f6zepette. Nem sokkal a v\u00e9gs\u0151 z\u00e1rlat el\u0151tt, egy kor\u00e1lszer\u0171, homofonikus dallam jelenik meg, hogy er\u0151s\u00edtse az \u00fcnnep\u00e9lyes hangulatot.\r\n\r\nA komment\u00e1torok v\u00e9lem\u00e9nye megoszlik arra n\u00e9zve, hogy a fin\u00e1l\u00e9 vid\u00e1ms\u00e1ga ironikusan \u00e9rtend\u0151-e vagy sem. Theodor W. Adorno, a filoz\u00f3fus \u00e9s zenetud\u00f3s, aki Mahler-k\u00f6nyv\u00e9vel nagyban hozz\u00e1j\u00e1rult a zeneszerz\u0151 kultusz\u00e1hoz, ezt \u00edrta: \"Mahler nem tudott j\u00f3l igent mondani\" (\"war ein schlechter Jasager\"). A zeneszerz\u0151 a trag\u00e9di\u00e1t egy\u00e9rtelm\u0171en fejezte ki, m\u00edg optimista megnyilatkoz\u00e1sai mintha id\u00e9z\u0151jelbe voln\u00e1nak t\u00e9ve. A jelen esetben az id\u00e9z\u0151jelet a szatirikus dalra val\u00f3 utal\u00e1sok fejezik ki, de a befejez\u00e9s mag\u00e1val ragad\u00f3 lelkesed\u00e9se \u00edgy is \u00fajdons\u00e1g Mahler zen\u00e9j\u00e9ben, az els\u0151 n\u00e9gy szimf\u00f3ni\u00e1ban nem tal\u00e1lkozunk ilyennel.\r\nAz optimista fin\u00e1l\u00e9n k\u00edv\u00fcl m\u00e1s \u00fajdons\u00e1gok is voltak az V. szimf\u00f3ni\u00e1ban. Mahler maga is \u00fagy \u00e9rezte, hogy teljesen \u00faj m\u00f3don kezdett el kompon\u00e1lni ebben a m\u0171ben. T\u00f6bbr\u0151l van sz\u00f3, mint egyszer\u0171en arr\u00f3l, hogy Mahler a sz\u00f6veges szimf\u00f3ni\u00e1k (II.-IV.) ut\u00e1n tiszt\u00e1n hangszeres m\u0171vek fel\u00e9 fordult (V.-VII.). Mahler alapvet\u0151 inspir\u00e1ci\u00f3s forr\u00e1sai - az indul\u00f3, a l\u00e4ndler \u00e9s a kor\u00e1l -, mint l\u00e1ttuk, v\u00e1ltozatlanok maradtak, \u00e9s m\u00e9g a Csodak\u00fcrt-versek hat\u00e1sa sem t\u0171nt el. A szimf\u00f3nia igazi \u00fajdons\u00e1ga a kompoz\u00edci\u00f3s technik\u00e1ban keresend\u0151. A tematikus munka sokkal bonyolultabb, mint kor\u00e1bban: a mot\u00edvum\u00e1talak\u00edt\u00e1sok sokkal \u00e1tfog\u00f3bbak, a t\u00e9m\u00e1k kapcsolatai (t\u00e9telen bel\u00fcl \u00e9s t\u00e9telek k\u00f6z\u00f6tt egyar\u00e1nt) bonyolultabbak, \u00e9s az ellenpont nagyobb szerepet j\u00e1tszik, mint valaha.\r\nMahler b\u00fcszke volt teljes\u00edtm\u00e9ny\u00e9re, de gyakran emlegette, mennyi neh\u00e9zs\u00e9get okozott neki az \u00faj st\u00edlus, k\u00fcl\u00f6n\u00f6sen a hangszerel\u00e9s tekintet\u00e9ben. Az \u00faj m\u0171v\u00e9szi probl\u00e9m\u00e1k miatt \u00fagy \u00e9rezte mag\u00e1t, mint egy \"kezd\u0151\". Az els\u0151 el\u0151ad\u00e1s ut\u00e1n sok v\u00e1ltoztat\u00e1st hajtott v\u00e9gre a partitur\u00e1n, melyet m\u00e9g \u00e9lete utols\u00f3 \u00e9v\u00e9ben is m\u00f3dos\u00edtott. Az \u00fct\u0151hangszerek kezdetben sokkal jobban domin\u00e1ltak - Alma egyszer panaszkodott is, hogy a szimf\u00f3nia \"\u00fct\u0151s\u00f6kre \u00e9s semmi m\u00e1sra\" \u00edr\u00f3dott.\r\nA k\u00f6lni \u0151sbemutat\u00f3 visszhangja vegyes, de legal\u00e1bb nem egy\u00e9rtelm\u0171en negat\u00edv volt. A b\u00e9csi kritikusok azonban meglehet\u0151sen ellens\u00e9gesen fogadt\u00e1k a darabot; l\u00e1that\u00f3an boldogok voltak, hogy ler\u00e1nthatj\u00e1k az udvari opera nagyhatalm\u00fa direktor\u00e1t. A legpozit\u00edvabb reakci\u00f3 egy t\u00e1voli orsz\u00e1gb\u00f3l j\u00f6tt, amely ekkor m\u00e9g vajmi keveset jelentett Mahler sz\u00e1m\u00e1ra.\u00a0 A Cincinnati Szimfonikusok Frank van der Stucken vez\u00e9nylet\u00e9vel 1905 m\u00e1rcius\u00e1ban mutatt\u00e1k be a m\u0171vet, melyet a k\u00f6vetkez\u0151 \u00e9vadban a bostoniak, a New York-iak \u00e9s a philadelphiaiak is elj\u00e1tszottak.\u00a0 Mahler neve \u00edgy v\u00e1lt ismertt\u00e9 Amerik\u00e1ban, miel\u0151tt a zeneszerz\u0151 1907-ben maga is az \u00dajvil\u00e1g f\u00f6ldj\u00e9re l\u00e9pett.{:}{:en}Gustav Mahler had his first brush with death on February 24, 1901. After conducting a concert with the Vienna Philharmonic in the afternoon and an opera (Mozart's Magic Flute) in the evening, he suffered a massive intestinal hemorrhage that necessitated surgical intervention on March 4. The 40-year-old Mahler felt that his last hour had arrived. Although the danger soon passed and Mahler recovered at a remarkable speed, the crisis had a lasting impact on his entire outlook on life and death.\r\n\r\n&nbsp;\r\n\r\nDuring his convalescence in Abbazia (a famous resort on the Adriatic Sea), Mahler worked on the revision of his Fourth Symphony, and immersed himself in the study of J. S. Bach's works. By the summer, he was in excellent health, and well ensconced in his newly-built summer home at Maiernigg on the Lake of W\u00f6rth (close to P\u00f6rtschach, where Brahms used to spend so many of his summer holidays). It turned out to be one of the most productive summers in Mahler's life. He was working on Kindertotenlieder (\"Songs on the Deaths of Children\"), on words by the early 19th-century poet Friedrich R\u00fcckert, several additional R\u00fcckert songs, as well as the last of his settings from Des Knaben Wunderhorn (\"The Youth's Magic Horn\"). In addition, he completed the first two movements of his Fifth Symphony during the same summer.\r\n\r\n&nbsp;\r\n\r\nAlthough this burst of compositional activity is, in and of itself, a sign of great vigor and vitality, there can be no doubt that the main theme of Mahler's 1901 output was death. Kindertotenlieder is about the deaths of children, the Wunderhorn song \"Der Tamboursg'sell\" (\"The Drummer Boy\") portrays a young man on his way to the gallows, and the R\u00fcckert song \"Ich bin der Welt abhanden gekommen\" (\"I am lost to the world\") is a farewell to life. The opening movement of the Fifth Symphony is a funeral march, whose main theme is closely related to that of \"Der Tamboursg'sell.\" The second movement is a passionate expression of violent pain that incorporates a second funeral march and (after a brief moment of sudden euphoria) sinks back into deep despair.\r\n\r\n&nbsp;\r\n\r\nThe first two movements were essentially ready and the scherzo at least sketched when Mahler left Maiernigg to reassume his duties as director of the Vienna Opera at the beginning of the autumn. The new season got off to a stormy start, with intrigues at the Opera and disastrously received performances of the Fourth Symphony in several German cities. In November 1901, however, an event took place that changed Mahler's life forever:\u00a0 he met and fell in love with a 22-year-old girl named Alma Schindler. Before the year was out, they were engaged, and they got married on March 9, 1902. At the end of the season, Mahler returned to Maiernigg with his young bride to continue work on the Fifth Symphony. The movements completed that summer include a gigantic waltz-fantasy titled \"Scherzo,\" the intensely lyrical \"Adagietto,\" and an exuberant Rondo-Finale.\r\nThus, the passage from death to life, bodily experienced by Mahler in 1901, found direct expression in the symphony. While the general \"darkness-to-light\" tendency follows an earlier tradition (most notably, Beethoven's Fifth, to which Mahler makes several allusions in his own Fifth), the contrasts are sharper and the extremes of joy and pain greater than ever before. In order to maximize those contrasts and extremes, Mahler abandons traditional tonal unity:\u00a0 the symphony begins in C-sharp minor and ends in D major, a half-step rise symbolic of the spiritual journey completed by the music.\r\n\r\n&nbsp;\r\n\r\nAlma's appearance in Mahler's life certainly changed the way the symphony evolved.\u00a0 We have the testimony of Mahler's confidante, Natalie Bauer-Lechner, that in 1901, the Fifth was going to be \"a proper symphony with four movements, each complete in itself, all connected only by their similar moods.\" That description hardly applies to the finished work, even aside from the Adagietto, the movement Mahler added as a declaration of love to Alma.\r\n\r\n&nbsp;\r\n\r\nAlma, who had studied composition herself (although Mahler forbade her to write music after she became his wife), helped her husband copy the score and the parts during the summer of 1902.\u00a0 She was also the first to hear the completed work when Mahler played it to her on the piano.\r\n\r\n&nbsp;\r\n\r\nIn its final form, the five movements of the symphony are divided into three parts. The first part includes movements one and two, the second part comprises movement three, while the third part is made up of the last two movements. Thus, the overall form may be understood as two slow\/fast movement pairs framing a central scherzo.\r\n\r\n&nbsp;\r\n\r\nMovement I (\"In gemessenem Schritt.\u00a0 Streng.\u00a0 Wie ein Kondukt\" - \"With measured step.\u00a0 Strict.\u00a0 Like a cortege\" - C-sharp minor).\u00a0 March rhythms are heard with some frequency in Mahler's symphonies, perhaps due to the impact of the music of the local military barracks in Iglau (now Jihlava) where he grew up. While the march often takes on a tragic or funereal character in Mahler, of no movement is this more true than of the \"Kondukt\" of the Fifth. After a dramatic introduction started by the first trumpet, the main theme (as mentioned above, a variant of \"The Drummer Boy\") is played by the violins. The music soon becomes \"pl\u00f6tzlich schneller, leidenschaftlich, wild\" (\"suddenly faster, passionate, wild\") and there is a violent outburst of emotions, with the violins playing \"as vehemently as possible.\" The \"drummer boy\" theme returns, followed by a second, doleful episode in the same slower tempo. Recalls of the initial trumpet fanfare - played first by the trumpet and then by the first flute - close the movement.\r\n\r\n&nbsp;\r\n\r\nMovement II (\"St\u00fcrmisch bewegt, mit gr\u00f6sster Vehemenz\" - \"Stormily agitated, with the greatest vehemence\" - A minor). The connection between the first and second movements is made evident by many thematic links. The trumpet fanfare that opened the symphony is especially prominent in the second movement, and a close relative of the \"drummer-boy\" melody appears as a contrasting theme, marked \"in the tempo of the funeral march.\" But the movement has a main motif of its own that recurs several times; its brevity and simplicity make it sound equally fanfare-like (as the trumpet-call in the first movement), though it is played by the strings.\u00a0 In his fascinating analysis of the symphony, David B. Greene calls this theme the \"anger\" motif, and describes how expressions of anger alternate with \"peace-questing sections,\" which contain many of the moments shared with the first movement. Near the end of the movement, there is a striking, brass-dominated \"Pesante\" (\"Weighty\") section that for the first time introduces the bright key of D major in which the symphony will end -- an anticipation of the victory that is to come three movements later.\u00a0 For now, however, the prevalent mood is one of pain and grief as the movement ends softly and on an unmistakably tragic note.\r\nMahler indicated in the score that a long pause must follow this movment. Indeed, Movement III (Scherzo: \"Kr\u00e4ftig, nicht zu schnell\" - \"Forcefully, not too fast\" - D major) is as different from the preceding music as can be. In it, Mahler turns to what is (after the march) the other central musical type in his symphonies: the L\u00e4ndler, and transforms it into a vision of uncommon power. The L\u00e4ndler, this Austrian folk dance, had played an important role in\u00a0 classical music since Haydn's time. But Mahler's use of the L\u00e4ndler is unlike anybody else's.\u00a0 He throws himself into the whirl of 3\/4 time with great, unprecedented abandon. The various motifs that unfold before our ears bring about subtle changes from the original L\u00e4ndler, reminiscent of the Austrian countryside, to its more sophisticated urban cousin, the waltz. The outlines of a traditional scherzo form may be readily discerned; however, there are extended development sections and other irregularities that don't fit in with that form. The various sections are linked by many subtle motivic connections. The variety in orchestration techniques is astonishing (note in particular the use of the solo horn throughout the movement, and the pizzicato, or plucked, strings in the recapitulation of the trio section!).\u00a0 The musical textures used range from the simple \"oom-pah-pah\" of the waltz to complex fugal procedures. As Henry-Louis de La Grange remarked in his monumental Mahler biography: \"Mahler never revealed more fully his talents as a builder of musical structures and the inexhaustible richness of his invention. He was never surer of himself and his art. This movement represents a unique movement of equilibrium and optimism in his output.\"\r\nMovement IV (Adagietto - F major). The Adagietto has become one of the most popular pieces Mahler ever wrote, especially since it was featured in Luchino Visconti's 1971 film Death in Venice, in which Thomas Mann's original character, the writer Gustav Aschenbach, was transformed into a composer who bore an all-too-clear resemblance to Mahler.\r\n\r\n&nbsp;\r\n\r\nThe \"Adagietto\" is scored for strings and harp only. Its enchanting melody must be played seelenvoll (\"soulfully\"), according to the instructions in the score. It closely resembles the song \"Ich bin der Welt abhanden gekommen,\" mentioned above. The famous Dutch conductor Willem Mengelberg, who was a close associate of Mahler's, said that this movement was Mahler's declaration of love for Alma, and asserted he had been told so by both Gustav and Alma Mahler. The movement contains a prominent quote from Wagner's Prelude to Tristan and Isolde, which is surely no accident. The quote confirms that the inner connection between love and death, central to Wagner's opera, must have been also on Mahler's mind.\r\n\r\n&nbsp;\r\n\r\nMovement V (\"Rondo-Finale\" - D major) follows the \"Adagietto\" without pause.\u00a0 Like the first-movement funeral march, the finale recalls a song written on a Wunderhorn text. Only this time it is a humorous piece, originally called \"Lob des hohen Verstandes\" (\"The Praise of High Intellect\") in which the cuckoo and the nightingale have a singing contest, decided by the donkey in the cuckoo's favor.\r\nThe descending second half of this theme becomes the starting point for elaborate contrapuntal developments (the intensive study of Bach's works in the spring of 1901 was not for nothing!). This theme keeps changing its form, while one of the rondo's episodes, derived from the \"Adagietto,\" remains more or less the same every time it recurs, providing moments of rest amidst the hectic contrapuntal activity. Shortly before the conclusion, a homophonic, chorale-like melody appears to increase the festive mood in which the symphony ends.\r\n\r\n&nbsp;\r\n\r\nCommentators are divided about whether there is a tinge of Mahlerian irony behind the cheerfulness of this finale. According to the philosopher and musicologist Theodor W. Adorno, whose Mahler book contributed greatly to the cult of the composer, \"Mahler was not a good yea-sayer\" (\"war ein schlechter Jasager\"); his expressions of tragedy are always unambiguous while his optimistic statements are usually placed within quotation marks. The quotation marks are made evident here, in part, by the allusion to the satirical song; nevertheless, the resounding enthusiasm of the ending is something entirely new in Mahler's music, as none of his first four symphonies quite matches it in its joyful exuberance.\r\n\r\n&nbsp;\r\n\r\nThe optimistic finale was not the only novelty in the Fifth symphony. Mahler himself was aware that he had begun composing in an entirely new way here. The change cannot be explained simply by the transition from symphonies with texts from the Wunderhorn collection (Nos. 2-4) to purely instrumental works (Nos. 5-7). We have seen that many hallmarks of Mahler's music - such as the march, the l\u00e4ndler, and the chorale, continue to be present in the Fifth; nor had the Wunderhorn inspiration disappeared. What makes this symphony new is musical technique. The thematic processes are much more involved than before.\u00a0 Motivic transformations are more extensive; the web of connections between the motifs, both within and across movements, is more complex, and the counterpoint more elaborate than in the earlier works.\r\n\r\n&nbsp;\r\n\r\nMahler was proud of his accomplishment, but he repeatedly commented on the difficulties he had with his new style, especially with regard to the orchestration.\u00a0 He said the new artistic problems made hims feel \"like a beginner.\" After the first performance, he found himself in need of changing many details in the score, and he continued to make revisions until the last year of his life. The percussion section in particular seems to have been so overpowering at first that Alma complained he had written the symphony \"for percussion and nothing else.\"\r\n\r\n&nbsp;\r\n\r\nThe first performance in Cologne met with mixed, but at least not unanimously negative, reviews. The Viennese critics, however, were downright hostile after the first performance at Mahler's own hown base. They seemed to take particular delight in tearing the powerful director of the Court Opera to shreds. The most positive early reaction came from a faraway country that, for the moment, meant little to Mahler. The Cincinnati Symphony under Frank van der Stucken gave the United States premiere to rave reviews in March 1905. The following year, the symphony was given in Boston, New York, and Philadelphia, making Mahler's music better known in American musical circles before the composer himself arrived there in 1907.{:}","post_title":"{:hu}V. (cisz-moll) szimf\u00f3nia{:}{:en}Symphony No. 5 in C-sharp minor{:}","post_excerpt":"","post_status":"publish","comment_status":"closed","ping_status":"closed","post_password":"","post_name":"v-cisz-moll-szimfonia","to_ping":"","pinged":"","post_modified":"2020-04-26 11:50:57","post_modified_gmt":"2020-04-26 11:50:57","post_content_filtered":"","post_parent":0,"guid":"http:\/\/www.filharmonikusok.hu\/muvek\/v-cisz-moll-szimfonia\/","menu_order":0,"post_type":"muvek","post_mime_type":"","comment_count":"0","filter":"raw","szerzo":["Mahler"]}],"muvek_feluldefinialasa":false,"muvekrol_reszletesen":null,"is_muvekrol_reszletesen_en":false,"kozr_szemelyek":[{"ID":113647,"post_author":"951582","post_date":"2020-04-22 07:50:16","post_date_gmt":"2020-04-22 07:50:16","post_content":"","post_title":"{:hu}Faz\u0131l Say{:}{:en}Faz\u0131l Say{:}","post_excerpt":"","post_status":"publish","comment_status":"closed","ping_status":"closed","post_password":"","post_name":"fazil-say","to_ping":"","pinged":"","post_modified":"2020-05-20 19:15:29","post_modified_gmt":"2020-05-20 19:15:29","post_content_filtered":"","post_parent":0,"guid":"https:\/\/www.filharmonikusok.hu\/?post_type=artists&#038;p=113647","menu_order":0,"post_type":"artists","post_mime_type":"","comment_count":"0","filter":"raw","hangszer":"{:hu}zongora{:}{:en}piano{:}"}],"muveszekrol_reszletesen":null,"is_muveszekrol_reszletesen_en":false,"kozr_szemelyek_feluldefinialasa":"","kozr_intezmenyek":[{"ID":87472,"post_author":"1","post_date":"2016-09-08 07:58:44","post_date_gmt":"2016-09-08 07:58:44","post_content":"{:hu}<img class=\"size-medium wp-image-115524 alignnone\" src=\"https:\/\/www.filharmonikusok.hu\/wp-content\/uploads\/2016\/09\/MNF_Mupa_Evad-egyuttese_2019_20_foto_Csibi-Szilvia10-555x555-1-300x300.jpg\" alt=\"\" width=\"300\" height=\"300\" \/>\r\n\r\nA Nemzeti Filharmonikus Zenekar Magyarorsz\u00e1g egyik vezet\u0151 szimfonikus zenekara t\u00f6bb mint kilencven \u00e9ve. Ferencsik J\u00e1nos, Kobayashi Ken-Ichiro ut\u00e1n 1997-ben Kocsis Zolt\u00e1n f\u0151zeneigazgat\u00f3 ir\u00e1ny\u00edt\u00e1sa alatt a zenekar meg\u00fajult, a nemzeti szimfonikus egy\u00fctteshez m\u00e9lt\u00f3 sokoldal\u00fas\u00e1ggal nemcsak a klasszikus m\u0171veket, hanem ezek mellett a megszokott reperto\u00e1rr\u00f3l hi\u00e1nyz\u00f3 fontos alkot\u00e1sokat is megsz\u00f3laltatott, tov\u00e1bb\u00e1 a k\u00f6zelm\u00falt \u00e9s napjaink magyar zen\u00e9j\u00e9t is megismerteti k\u00f6z\u00f6ns\u00e9g\u00e9vel, valamint n\u00e9pszer\u0171ek kamarazenei \u00e9s ifj\u00fas\u00e1gi sorozatai is. \u00a02017 m\u00e1rcius\u00e1t\u00f3l 2020 augusztus\u00e1ig a a zenekarn\u00e1l kor\u00e1bban \u00e9veken \u00e1t els\u0151 \u00e1lland\u00f3 karmesterk\u00e9nt k\u00f6zrem\u0171k\u00f6d\u0151, komoly nemzetk\u00f6zi karriert maga m\u00f6g\u00f6tt tudhat\u00f3, Liszt Ferenc-d\u00edjas Hamar Zsolt t\u00f6lt\u00f6tte be a Nemzeti Filharmonikusok zeneigazgat\u00f3i posztj\u00e1t.\r\n\r\nAz egy\u00fcttes reperto\u00e1rj\u00e1n hangs\u00falyosan szerepel a Bart\u00f3k-\u00e9letm\u0171; m\u00e9rt\u00e9kad\u00f3 interpret\u00e1ci\u00f3i 2006 \u00f3ta a Bart\u00f3k \u00daj Sorozatban jelennek meg, de sz\u00ednfoltot k\u00e9pviselnek reperto\u00e1rj\u00e1n Kocsis Zolt\u00e1n Debussy, Rachmaninov, Bart\u00f3k m\u0171veib\u0151l k\u00e9sz\u00edtett \u00e1tiratai is. Hangversenyb\u00e9rleti el\u0151ad\u00e1sain vil\u00e1gh\u00edr\u0171 vend\u00e9gm\u0171v\u00e9szek \u00e9s vend\u00e9gkarmesterek l\u00e9pnek fel, valamint feladat\u00e1nak tekinti a kiemelked\u0151 p\u00e1lyakezd\u0151 magyar muzsikusok megh\u00edv\u00e1s\u00e1t is. Olyan neves helysz\u00edneken \u00e9s fesztiv\u00e1lokon l\u00e9pett fel az ut\u00f3bbi \u00e9vtizedekben, mint a New York-i Avery Fisher Hall, a toki\u00f3i Suntory Hall, a birminghami Symphony Hall, az ath\u00e9ni Megaron, a br\u00fcsszeli Bozar K\u00f6zpont, a bukaresti Enescu Fesztiv\u00e1l, a Colmari \u00e9s a Kan\u00e1ri-szigeteki Fesztiv\u00e1l. Az elm\u00falt 15 \u00e9vben mintegy 40 orsz\u00e1gban t\u00f6bb mint 330 k\u00fclf\u00f6ldi turn\u00e9koncertet adott.{:}{:en}<img class=\"size-medium wp-image-115524 alignnone\" src=\"https:\/\/www.filharmonikusok.hu\/wp-content\/uploads\/2016\/09\/MNF_Mupa_Evad-egyuttese_2019_20_foto_Csibi-Szilvia10-555x555-1-300x300.jpg\" alt=\"\" width=\"300\" height=\"300\" \/>\r\nThe Hungarian National Philharmonic Orchestra has been one of Hungary\u2019s leading symphony orchestras for over ninety years. The era marked by the name of J\u00e1nos Ferencsik and Kobayashi Ken-Ichiro was followed by a new chapter in the history of the orchestra when in 1997 Zolt\u00e1n Kocsis became general music director until his death. In almost two decades the National Philharmonic Orchestra underwent renewal. After the death of Zolt\u00e1n Kocsis, the Ferenc Liszt Award-winning Zsolt Hamar held the post of Musical Director at the Hungarian National Philharmonic from March 2017 to August 2020. He previously worked with the orchestra as its first permanent conductor and built up an impressive international career.\r\n\r\nThe Orchestra is one of the top interpreters of the work of B\u00e9la Bart\u00f3k, and the albums of the <em>Bart\u00f3k New Series<\/em> have won numerous accolades in Hungary and abroad. The orchestra perform not only classics but also numerous other important works previously missing from the repertoire, many of which require a large orchestral apparatus. It attaches great importance to introducing contemporary Hungarian works to the audiences. It has given many popular chamber music concerts and hosted events for young people.\r\n\r\nThe orchestra\u2019s concerts have featured world-famous soloists and conductors. It supports young musicians recently embarked on an international career. In recent decades, the National Philharmonic Orchestra has appeared in the greatest venues and festivals around the world, including the Avery Fisher Hall in New York, the Suntory Hall in Tokyo, the Birmingham Symphony Hall, the Megaron in Athens, Bozar Centre in Brussels, the Enescu Festival in Bucharest, the Beethoven Festival in Bogot\u00e1, as well as the Colmar and Canary Island Festivals. In the past two decades, the National Philharmonic Orchestra has given more than 330 concerts in some 40 countries.\r\n\r\n&nbsp;\r\n\r\n&nbsp;\r\n\r\n&nbsp;{:}","post_title":"{:hu}Nemzeti Filharmonikus Zenekar{:}{:en}Hungarian National Philharmonic Orchestra{:}","post_excerpt":"","post_status":"publish","comment_status":"closed","ping_status":"closed","post_password":"","post_name":"nemzeti-filharmonikus-zenekar","to_ping":"","pinged":"","post_modified":"2020-08-10 08:27:54","post_modified_gmt":"2020-08-10 08:27:54","post_content_filtered":"","post_parent":0,"guid":"http:\/\/www.filharmonikusok.hu\/institutions\/nemzeti-filharmonikus-zenekar\/","menu_order":0,"post_type":"institutions","post_mime_type":"","comment_count":"0","filter":"raw"}],"gombtipus":"link","jegyarak":"HUF 5,500 \/ 4,500 \/ 4,000 \/ 3,500 \/ 2,500","jegyvasarlas_gomb":"https:\/\/nfz.jegy.hu\/program\/v-szimfonia-kocsis-iv-116144\/660105?lang=en","elkeltek_a_jegyek":false,"youtube_id":"","old_id":"","hivatkozas_gomb_szovege":"CANCELLED!","hivatkozas_gomg_url-je":"https:\/\/www.filharmonikusok.hu\/koncertek\/v-szimfonia\/"},"publishpress_future_workflow_manual_trigger":{"enabledWorkflows":[]},"_links":{"self":[{"href":"https:\/\/www.filharmonikusok.hu\/en\/wp-json\/wp\/v2\/concerts\/114147","targetHints":{"allow":["GET"]}}],"collection":[{"href":"https:\/\/www.filharmonikusok.hu\/en\/wp-json\/wp\/v2\/concerts"}],"about":[{"href":"https:\/\/www.filharmonikusok.hu\/en\/wp-json\/wp\/v2\/types\/concerts"}],"wp:attachment":[{"href":"https:\/\/www.filharmonikusok.hu\/en\/wp-json\/wp\/v2\/media?parent=114147"}],"curies":[{"name":"wp","href":"https:\/\/api.w.org\/{rel}","templated":true}]}}