{"id":114094,"date":"2020-05-20T19:24:26","date_gmt":"2020-05-20T19:24:26","guid":{"rendered":"https:\/\/www.filharmonikusok.hu\/?post_type=concerts&#038;p=114094"},"modified":"2021-01-12T20:37:50","modified_gmt":"2021-01-12T20:37:50","slug":"la-favorita-elmarad","status":"publish","type":"concerts","link":"https:\/\/www.filharmonikusok.hu\/en\/koncertek\/la-favorita-elmarad\/","title":{"rendered":"La favorita &#8211; CANCELLED!"},"content":{"rendered":"<p>The first piece on the programme is the overture to the last opera that Gioachino Rossini ever wrote, in 1829. It quotes four important themes: the idyllic melody heard from the cello is followed by the depiction of a sudden storm, before transitioning into the pastoral song of an English horn and the drumbeats of horses galloping into battle.<br \/>\nThe second work in the concert is by Antonio Pasculli, &#8220;the Paganini of the oboe&#8221;. Playing the exceptionally difficult oboe part in his concerto will be Fran\u00e7ois Leleux, who as both the conductor for the evening and the soloist will show the unmatched virtuosity, lightness and elegance that make him a worthy successor to the composer.<\/p>\n<p>The second part of the concert will feature a pre-eminent masterpiece: Franz Schubert&#8217;s grand and final symphony. Long mistakenly believed to have been written in 1828, it actually dates from 1825. More recent research, however, has successfully identified it as the &#8220;Gmunden-Gastein&#8221; symphony, previously believed lost. We have the composer&#8217;s brother, Ferdinand Schubert, to thank for the revival of this Sleeping Beauty of a work that was never performed during its creator&#8217;s lifetime: it was he who showed it to Robert Schumann during his visit to Vienna in 1838\/39, and the German composer published it in 1840. This treasure emerging from obscurity also piqued the interest of Felix Mendelssohn-Bartholdy, who gave it its premi\u00e8re in 1839. Schumann had these words of praise for the piece:<em> &#8220;All must recognize that it reveals to us something more than beautiful song, mere joy and sorrow, such as music has always expressed in a hundred ways; it leads us into regions which \u2014 to our best recollection \u2014 we had never before explored.&#8221;<\/em><\/p>\n","protected":false},"template":"","class_list":["post-114094","concerts","type-concerts","status-publish","hentry"],"translation":{"provider":"WPGlobus","version":"3.0.2","language":"en","enabled_languages":["hu","en"],"languages":{"hu":{"title":true,"content":true,"excerpt":false},"en":{"title":true,"content":true,"excerpt":false}}},"acf":{"alcim":"Ferencsik season ticket 1","kiemelt_kep":{"ID":114095,"id":114095,"title":"nfz_2021_01_21","filename":"nfz_2021_01_21.jpg","filesize":559537,"url":"https:\/\/www.filharmonikusok.hu\/wp-content\/uploads\/2020\/05\/nfz_2021_01_21.jpg","link":"https:\/\/www.filharmonikusok.hu\/en\/koncertek\/la-favorita-elmarad\/nfz_2021_01_21\/","alt":"","author":"951590","description":"","caption":"","name":"nfz_2021_01_21","status":"inherit","uploaded_to":114094,"date":"2020-05-05 07:35:29","modified":"2020-05-05 07:35:29","menu_order":0,"mime_type":"image\/jpeg","type":"image","subtype":"jpeg","icon":"https:\/\/www.filharmonikusok.hu\/wp-includes\/images\/media\/default.png","width":1920,"height":560,"sizes":{"thumbnail":"https:\/\/www.filharmonikusok.hu\/wp-content\/uploads\/2020\/05\/nfz_2021_01_21-150x150.jpg","thumbnail-width":150,"thumbnail-height":150,"medium":"https:\/\/www.filharmonikusok.hu\/wp-content\/uploads\/2020\/05\/nfz_2021_01_21-300x88.jpg","medium-width":300,"medium-height":88,"medium_large":"https:\/\/www.filharmonikusok.hu\/wp-content\/uploads\/2020\/05\/nfz_2021_01_21-768x224.jpg","medium_large-width":640,"medium_large-height":187,"large":"https:\/\/www.filharmonikusok.hu\/wp-content\/uploads\/2020\/05\/nfz_2021_01_21-1024x299.jpg","large-width":640,"large-height":187,"1536x1536":"https:\/\/www.filharmonikusok.hu\/wp-content\/uploads\/2020\/05\/nfz_2021_01_21-1536x448.jpg","1536x1536-width":1536,"1536x1536-height":448,"2048x2048":"https:\/\/www.filharmonikusok.hu\/wp-content\/uploads\/2020\/05\/nfz_2021_01_21.jpg","2048x2048-width":1920,"2048x2048-height":560,"person-size":"https:\/\/www.filharmonikusok.hu\/wp-content\/uploads\/2020\/05\/nfz_2021_01_21-165x165.jpg","person-size-width":165,"person-size-height":165,"person-size-2":"https:\/\/www.filharmonikusok.hu\/wp-content\/uploads\/2020\/05\/nfz_2021_01_21-165x220.jpg","person-size-2-width":165,"person-size-2-height":220,"album-size":"https:\/\/www.filharmonikusok.hu\/wp-content\/uploads\/2020\/05\/nfz_2021_01_21-263x263.jpg","album-size-width":263,"album-size-height":263,"news-lead-size":"https:\/\/www.filharmonikusok.hu\/wp-content\/uploads\/2020\/05\/nfz_2021_01_21-360x203.jpg","news-lead-size-width":360,"news-lead-size-height":203,"director-index-size":"https:\/\/www.filharmonikusok.hu\/wp-content\/uploads\/2020\/05\/nfz_2021_01_21-359x450.jpg","director-index-size-width":359,"director-index-size-height":450,"person-lead-size":"https:\/\/www.filharmonikusok.hu\/wp-content\/uploads\/2020\/05\/nfz_2021_01_21-555x555.jpg","person-lead-size-width":555,"person-lead-size-height":555,"slider-size":"https:\/\/www.filharmonikusok.hu\/wp-content\/uploads\/2020\/05\/nfz_2021_01_21-1600x560.jpg","slider-size-width":1600,"slider-size-height":560}},"kiemelt_kep_en":null,"megjegyzes":"","esemeny_datum":"20210121","esemeny_idopontja":"19:30","esemeny_vege":"9:15 pm","sajat_program":false,"esemeny_tipusa":["koncertek"],"esemeny_helyszine":{"ID":87537,"post_author":"1","post_date":"2016-09-08 08:02:37","post_date_gmt":"2016-09-08 08:02:37","post_content":"","post_title":"{:hu}Zeneakad\u00e9mia{:}{:en}Liszt Academy{:}","post_excerpt":"","post_status":"publish","comment_status":"closed","ping_status":"closed","post_password":"","post_name":"zeneakademia","to_ping":"","pinged":"","post_modified":"2021-02-17 10:09:02","post_modified_gmt":"2021-02-17 10:09:02","post_content_filtered":"","post_parent":0,"guid":"http:\/\/www.filharmonikusok.hu\/places\/zeneakademia\/","menu_order":0,"post_type":"places","post_mime_type":"","comment_count":"0","filter":"raw","varos":"Budapest","orszag":"Hungary","cim":"VI. Liszt Ferenc t\u00e9r 8.","megjegyzes":"","weboldal":""},"helyszin_kategoria":"budapest","karmester":null,"karmester_2":false,"hazigazda":null,"muvek":[{"ID":113849,"post_author":"951582","post_date":"2020-04-26 12:13:39","post_date_gmt":"2020-04-26 12:13:39","post_content":"","post_title":"{:hu}Tell Vilmos-nyit\u00e1ny{:}{:en}William Tell Overture{:}","post_excerpt":"","post_status":"publish","comment_status":"closed","ping_status":"closed","post_password":"","post_name":"tell-vilmos-nyitany","to_ping":"","pinged":"","post_modified":"2020-04-26 12:13:39","post_modified_gmt":"2020-04-26 12:13:39","post_content_filtered":"","post_parent":0,"guid":"https:\/\/www.filharmonikusok.hu\/?post_type=muvek&#038;p=113849","menu_order":0,"post_type":"muvek","post_mime_type":"","comment_count":"0","filter":"raw","szerzo":[]},{"ID":113851,"post_author":"951582","post_date":"2020-04-26 12:15:05","post_date_gmt":"2020-04-26 12:15:05","post_content":"","post_title":"{:hu}Versenym\u0171 obo\u00e1ra \u00e9s zenekarra, Donizetti A kegyencn\u0151 c\u00edm\u0171 oper\u00e1j\u00e1nak egy t\u00e9m\u00e1ja nyom\u00e1n{:}{:en}Concerto for Oboe and Orchestra after a Theme from Donizetti's La Favorita{:}","post_excerpt":"","post_status":"publish","comment_status":"closed","ping_status":"closed","post_password":"","post_name":"versenymu-oboara-es-zenekarra-donizetti-a-kegyencno-cimu-operajanak-egy-temaja-nyoman","to_ping":"","pinged":"","post_modified":"2020-04-26 12:15:05","post_modified_gmt":"2020-04-26 12:15:05","post_content_filtered":"","post_parent":0,"guid":"https:\/\/www.filharmonikusok.hu\/?post_type=muvek&#038;p=113851","menu_order":0,"post_type":"muvek","post_mime_type":"","comment_count":"0","filter":"raw","szerzo":[]},{"ID":110080,"post_author":"951590","post_date":"2019-04-23 10:24:35","post_date_gmt":"0000-00-00 00:00:00","post_content":"","post_title":"***","post_excerpt":"","post_status":"draft","comment_status":"closed","ping_status":"closed","post_password":"","post_name":"","to_ping":"","pinged":"","post_modified":"2019-04-23 10:24:35","post_modified_gmt":"2019-04-23 10:24:35","post_content_filtered":"","post_parent":0,"guid":"http:\/\/www.filharmonikusok.hu\/?post_type=muvek&#038;p=110080","menu_order":0,"post_type":"muvek","post_mime_type":"","comment_count":"0","filter":"raw","szerzo":[]},{"ID":91307,"post_author":"1","post_date":"2016-09-08 08:57:50","post_date_gmt":"2016-09-08 08:57:50","post_content":"{:hu}<em>\u201eAki ezt a szimf\u00f3ni\u00e1t nem ismeri, keveset tud Schubertr\u0151l\u201d<\/em> \u2013 \u00edrta Robert Schumann a szimf\u00f3niairodalom e k\u00fcl\u00f6nleges darabj\u00e1r\u00f3l. K\u00fcl\u00f6nleges a zeneszerz\u0151, Franz Schubert helyzete is a zenet\u00f6rt\u00e9netben. Csak egy \u00e9vvel \u00e9lte t\u00fal Beethovent, pedig egy b\u0151 gener\u00e1ci\u00f3val (huszonh\u00e9t \u00e9vvel) fiatalabb volt n\u00e1la, \u00e1m r\u00f6vid \u00e9lete sor\u00e1n nagy utat tett meg: Haydn, Mozart \u00e9s Beethoven klasszikus \u00f6r\u00f6ks\u00e9g\u00e9b\u0151l kiindulva kaput nyitott a romantik\u00e1ra.\r\n\r\nSchubert els\u0151 hat szimf\u00f3ni\u00e1ja ut\u00e1n, 1818-ban megszakad a sor: ett\u0151l kezdve ebben a m\u0171fajban mintegy hat \u00e9vig csak v\u00e1zlatok \u00e9s t\u00f6red\u00e9kek ker\u00fclnek ki a zeneszerz\u0151 keze al\u00f3l \u2013 k\u00f6zt\u00fck a t\u00f6red\u00e9kk\u00e9nt is a koncertreperto\u00e1r \u00e1lland\u00f3 r\u00e9sz\u00e9v\u00e9 v\u00e1lt <em>h-moll, \u201eBefejezetlen\u201d szimf\u00f3nia<\/em> \u2013, s h\u00e1tral\u00e9v\u0151 \u00e9let\u00e9ben m\u00e1r csak egyetlen teljes szimf\u00f3ni\u00e1t kompon\u00e1l, a \u201eNagy\u201d C-d\u00fart. Sok\u00e1ig azt hitt\u00e9k, hogy a m\u0171 Schubert hal\u00e1l\u00e1nak \u00e9v\u00e9ben keletkezett, \u00e1m az \u00fajabb kutat\u00e1sok kider\u00edtett\u00e9k, hogy a zeneszerz\u0151 val\u00f3j\u00e1ban 1825 nyar\u00e1n, Bad Gasteinben \u00e9s Gmundenben vetette pap\u00edrra, s k\u00e9s\u0151bb m\u00e1r csak kisebb jav\u00edt\u00e1sokat v\u00e9gzett rajta. Teljes a z\u0171rzavar a szimf\u00f3nia sz\u00e1moz\u00e1sa k\u00f6r\u00fcl: nevezt\u00e9k m\u00e1r hetediknek, nyolcadiknak, \u00e9s \u00fajabban legink\u00e1bb kilencediknek, aszerint, hogy a befejezetts\u00e9g t\u00e9ny\u00e9t vagy az id\u0151rendet tekintett\u00e9k-e fontosabbnak \u2013 manaps\u00e1g az \u00f3vatosabb koncertrendez\u0151k m\u00e1r egyszer\u0171en csak <em>\u201eNagy\u201d C-d\u00far szimf\u00f3nia<\/em>k\u00e9nt hirdetik meg. (A \u201enagy\u201d mell\u00e9knevet kezdetben tal\u00e1n az\u00e9rt ragasztott\u00e1k a m\u0171re, hogy megk\u00fcl\u00f6nb\u00f6ztess\u00e9k a hatodik, <em>\u201eKis\u201d C-d\u00far szimf\u00f3ni\u00e1<\/em>t\u00f3l, \u00e1m az id\u0151k sor\u00e1n nyilv\u00e1nval\u00f3v\u00e1 v\u00e1lt, hogy ez a jelz\u0151 eszt\u00e9tikai \u00e9rt\u00e9km\u00e9r\u0151k\u00e9nt, illetve a darab zenet\u00f6rt\u00e9neti jelent\u0151s\u00e9g\u00e9t tekintve is t\u00f6k\u00e9letesen hely\u00e9nval\u00f3.)\r\n\r\nA <em>\u201eNagy\u201d C-d\u00far szimf\u00f3ni\u00e1<\/em>t Schubert \u00e9let\u00e9ben sosem adt\u00e1k el\u0151 nyilv\u00e1nosan, s nyomtat\u00e1sban sem jelent meg, \u00edgy csak a v\u00e9letlen szerencs\u00e9nek k\u00f6sz\u00f6nhet\u0151, hogy egy\u00e1ltal\u00e1n fennmaradt. T\u00edz \u00e9vvel a zeneszerz\u0151 hal\u00e1la ut\u00e1n Robert Schumann szerezte meg a szerz\u0151i k\u00e9ziratot Schubert testv\u00e9r\u00e9t\u0151l, s \u0151 adta tov\u00e1bb Felix Mendelssohnnak, aki 1839-ben a lipcsei Gewandhaus Zenekar \u00e9l\u00e9n vez\u00e9nyelte a m\u0171 els\u0151 teljes el\u0151ad\u00e1s\u00e1t. Schumann nem sokkal ezut\u00e1n lelkes besz\u00e1mol\u00f3t \u00edrt az \u00e1ltala alap\u00edtott <em>Neue Zeitschrift f\u00fcr Musik<\/em> has\u00e1bjain a szimf\u00f3ni\u00e1r\u00f3l, m\u00e9ltatva annak mesteri megform\u00e1l\u00e1s\u00e1t \u00e9s m\u00e9g 1840-ben is megd\u00f6bbent\u0151en \u00fajszer\u0171 von\u00e1sait. Nyit\u00f3t\u00e9tele p\u00e9ld\u00e1ul \u201ea lehet\u0151 legszab\u00e1lyosabb\u201d szon\u00e1taform\u00e1ban \u00edr\u00f3dott, az egyes formar\u00e9szek azonban nem \u00e9les cez\u00far\u00e1kkal, sz\u00fcnetekkel, hanem saj\u00e1tos \u00e1tmenetekkel v\u00e1ltj\u00e1k egym\u00e1st, mintegy \u00e1tt\u0171nnek egym\u00e1sba. Schumann is csod\u00e1lattal szeml\u00e9li mindj\u00e1rt az els\u0151 t\u00e9tel <em>Andante<\/em>-bevezet\u00e9se \u00e9s a szon\u00e1ta-f\u0151r\u00e9sz k\u00f6z\u00f6tti \u00e1tmenetet: <em>\u201e\u00dagy t\u0171nik, mintha nem lenne temp\u00f3v\u00e1lt\u00e1s; nem tudjuk, hogyan, de hirtelen meg\u00e9rkez\u00fcnk [a f\u0151t\u00e9m\u00e1hoz].\u201d<\/em> Maga a bevezet\u00e9s is rendhagy\u00f3 m\u00f3don, k\u00fcrtsz\u00f3l\u00f3val, a n\u00e9met romantika jellegzetes term\u00e9szetzen\u00e9inek hangj\u00e1n kezd\u0151dik. Ez a bevezet\u0151 k\u00fcrtt\u00e9ma mintegy a t\u00e9tel mott\u00f3ja: diadalmas karakterrel visszat\u00e9r majd a befejez\u00e9skor, a bel\u0151le leszakad\u00f3, pontozott ritmus\u00fa mot\u00edvum pedig az eg\u00e9sz t\u00e9telt \u00e1thatja. Schumann a rendk\u00edv\u00fcli tehets\u00e9g jelek\u00e9nt \u00e9rt\u00e9kelte tov\u00e1bb\u00e1, hogy Schubert, aki oly keveset hallhatta saj\u00e1t hangszeres m\u0171veit el\u0151adva, milyen brili\u00e1nsan hangszerelte meg a m\u0171vet, s azt is \u00e9szrevette, hogy a zeneszerz\u0151 a szimf\u00f3ni\u00e1ban \u00fagy haszn\u00e1lja a hangszereket, mint az \u00e9nekhangokat, s a hangszercsoportokat, mint egy k\u00f3rust. Ennek tal\u00e1n legszembet\u0171n\u0151bb p\u00e9ld\u00e1ja a harmadik t\u00e9tel, a <em>scherzo<\/em> k\u00f6z\u00e9pr\u00e9sze, amelynek sz\u00edvet melenget\u0151 dallamait mindv\u00e9gig a f\u00fav\u00f3sk\u00f3rus \u201e\u00e9nekli\u201d von\u00f3sk\u00eds\u00e9rettel. S tal\u00e1n az sem v\u00e9letlen, hogy az element\u00e1ris ritmik\u00e1j\u00fa, Beethoven szimf\u00f3niafin\u00e1l\u00e9iban gy\u00f6kerez\u0151 fin\u00e1l\u00e9 k\u00f6zep\u00e9n, a szeretve tisztelt id\u0151sebb p\u00e1lyat\u00e1rs el\u0151tti tisztelg\u00e9sk\u00e9nt \u00e9pp az <em>\u00d6r\u00f6m\u00f3d\u00e1<\/em>b\u00f3l vett id\u00e9zet sz\u00f3lal meg.{:}{:en}<p style=\"text-align: justify;\">Composed in 1825, the Symphony in C major \u2018La Grande\u2019 was never performed in Schubert\u2019s lifetime, and never came out in print either. It is purely accidental that it has come down to us at all. Ten years after Schubert\u2019s death Robert Schumann acquired the autograph manuscript from Schubert\u2019s brother and passed it on to Felix Mendelssohn who, at the helm of the Gewandhaus Orchestra in Leipzig, conducted the full first performance. Shortly afterwards Schumann wrote an enthusiastic report in Zeue Zeitschrift f\u00fcr Musik, a journal founded by himself, and was highly appreciative of what, even in as late as 1840, he believed to be stunningly novel features. The opening movement of the symphony, for example, was written in the \u2018most regular\u2019 sonata form possible; however, the individual formal sections are not clearly marked by breaks, but rather, one fades into the next. Even the Andante introduction begins in an unorthodox way, with a horn solo, the sound of nature in German Romantic music. Schumann believed that for a man who rarely heard his own instrumental music performed, the orchestration attested to incredible talent. He also noted that in his symphony Schubert employed the instruments like human voices and the various groups of instruments like a choir. A case in point is the middle section in the scherzo in the third movement, whose heart-warming melodies are \u2018sung\u2019 by a choir of winds, with string accompaniment. It is perhaps also no accident that the middle of the finale \u2013 with its elementary rhythms and rooted in the Beethovenian symphony-finale \u2013 features an excerpt from the Joy of Ode.<\/p>\r\n<p style=\"text-align: justify;\"><\/p>{:}","post_title":"{:hu}IX. (\u201enagy\u201d C-d\u00far) szimf\u00f3nia, D. 944{:}{:en}Symphony No. 9 in C major (\"The Great\"), D. 944{:}","post_excerpt":"","post_status":"publish","comment_status":"closed","ping_status":"closed","post_password":"","post_name":"ix-szimfonia-c-dur-nagy-d-944","to_ping":"","pinged":"","post_modified":"2020-09-28 03:36:25","post_modified_gmt":"2020-09-28 03:36:25","post_content_filtered":"","post_parent":0,"guid":"http:\/\/www.filharmonikusok.hu\/muvek\/ix-szimfonia-c-dur-nagy-d-944\/","menu_order":0,"post_type":"muvek","post_mime_type":"","comment_count":"0","filter":"raw","szerzo":[]}],"muvek_feluldefinialasa":false,"muvekrol_reszletesen":null,"is_muvekrol_reszletesen_en":false,"kozr_szemelyek":[{"ID":101838,"post_author":"1","post_date":"2017-05-30 18:26:01","post_date_gmt":"2017-05-30 18:26:01","post_content":"{:hu}Fran\u00e7ois Leleux, a Magyar Nemzeti Filharmonikusok els\u0151 \u00e1lland\u00f3 vend\u00e9gm\u0171v\u00e9sze\r\n\r\nEl\u0151ad\u00e1sait \u201e\u00e9letnagys\u00e1g\u00fan\u00e1l nagyobb egy\u00e9nis\u00e9ge\u201d (Chicago Classical Review) jellemzi. A vil\u00e1g vezet\u0151 zenekarai \u00e9l\u00e9n, fesztiv\u00e1lokon \u00e9s koncertsorozatokban rendszeresen fell\u00e9p, mint sz\u00f3lista, karmester \u00e9s szervez\u0151. Az oboistak\u00e9nt szaktekint\u00e9lynek sz\u00e1m\u00edt\u00f3 Leleux karmesterk\u00e9nt is megalapozta a h\u00edrnev\u00e9t olyan egy\u00fcttesekkel val\u00f3 egy\u00fcttm\u0171k\u00f6d\u00e9sben, mint a Hessei R\u00e1di\u00f3 Szimfonikus Zenekara, a Camerata Salzburg, az als\u00f3-ausztriai Tonk\u00fcnstler-Zenekar, valamint a sydney-i, a sv\u00e9d r\u00e1di\u00f3 \u00e9s a WDR Szimfonikus Zenekarai.\r\n\r\n<a href=\"https:\/\/francoisleleux.com\/\"><strong>Fran\u00e7ois Leleux<\/strong><\/a>{:}{:en}Fran\u00e7ois Leleux,\u00a0Principal Guest Artist of the National Philharmonic\r\n\r\nRrenowned for bringing \u201cbigger-than life personality\u201d to his performances (Chicago Classical Review), regularly appears as soloist, conductor and player\/director with the world\u2019s leading orchestras, festivals and concert series. His pre-eminence as an oboist is internationally recognised, but in recent seasons Leleux has in parallel established a significant reputation as a conductor, working with orchestras such as hr-Sinfonieorchester, Camerata Salzburg, Tonk\u00fcnstler-Orchester Nieder\u00f6sterreich and Sydney, Swedish Radio and WDR symphony orchestras.\r\n\r\n<a href=\"https:\/\/francoisleleux.com\/\"><strong>Fran\u00e7ois Leleux<\/strong><\/a>{:}","post_title":"{:hu}Fran\u00e7ois Leleux{:}{:en}Fran\u00e7ois Leleux{:}","post_excerpt":"","post_status":"publish","comment_status":"closed","ping_status":"closed","post_password":"","post_name":"francois-leleux","to_ping":"","pinged":"","post_modified":"2025-10-21 10:44:32","post_modified_gmt":"2025-10-21 10:44:32","post_content_filtered":"","post_parent":0,"guid":"http:\/\/www.filharmonikusok.hu\/?post_type=artists&#038;p=101838","menu_order":0,"post_type":"artists","post_mime_type":"","comment_count":"0","filter":"raw","hangszer":"{:hu}oboa{:}{:en}oboe{:}"}],"muveszekrol_reszletesen":null,"is_muveszekrol_reszletesen_en":false,"kozr_szemelyek_feluldefinialasa":"","kozr_intezmenyek":[{"ID":87472,"post_author":"1","post_date":"2016-09-08 07:58:44","post_date_gmt":"2016-09-08 07:58:44","post_content":"{:hu}<img class=\"size-medium wp-image-115524 alignnone\" src=\"https:\/\/www.filharmonikusok.hu\/wp-content\/uploads\/2016\/09\/MNF_Mupa_Evad-egyuttese_2019_20_foto_Csibi-Szilvia10-555x555-1-300x300.jpg\" alt=\"\" width=\"300\" height=\"300\" \/>\r\n\r\nA Nemzeti Filharmonikus Zenekar Magyarorsz\u00e1g egyik vezet\u0151 szimfonikus zenekara t\u00f6bb mint kilencven \u00e9ve. Ferencsik J\u00e1nos, Kobayashi Ken-Ichiro ut\u00e1n 1997-ben Kocsis Zolt\u00e1n f\u0151zeneigazgat\u00f3 ir\u00e1ny\u00edt\u00e1sa alatt a zenekar meg\u00fajult, a nemzeti szimfonikus egy\u00fctteshez m\u00e9lt\u00f3 sokoldal\u00fas\u00e1ggal nemcsak a klasszikus m\u0171veket, hanem ezek mellett a megszokott reperto\u00e1rr\u00f3l hi\u00e1nyz\u00f3 fontos alkot\u00e1sokat is megsz\u00f3laltatott, tov\u00e1bb\u00e1 a k\u00f6zelm\u00falt \u00e9s napjaink magyar zen\u00e9j\u00e9t is megismerteti k\u00f6z\u00f6ns\u00e9g\u00e9vel, valamint n\u00e9pszer\u0171ek kamarazenei \u00e9s ifj\u00fas\u00e1gi sorozatai is. \u00a02017 m\u00e1rcius\u00e1t\u00f3l 2020 augusztus\u00e1ig a a zenekarn\u00e1l kor\u00e1bban \u00e9veken \u00e1t els\u0151 \u00e1lland\u00f3 karmesterk\u00e9nt k\u00f6zrem\u0171k\u00f6d\u0151, komoly nemzetk\u00f6zi karriert maga m\u00f6g\u00f6tt tudhat\u00f3, Liszt Ferenc-d\u00edjas Hamar Zsolt t\u00f6lt\u00f6tte be a Nemzeti Filharmonikusok zeneigazgat\u00f3i posztj\u00e1t.\r\n\r\nAz egy\u00fcttes reperto\u00e1rj\u00e1n hangs\u00falyosan szerepel a Bart\u00f3k-\u00e9letm\u0171; m\u00e9rt\u00e9kad\u00f3 interpret\u00e1ci\u00f3i 2006 \u00f3ta a Bart\u00f3k \u00daj Sorozatban jelennek meg, de sz\u00ednfoltot k\u00e9pviselnek reperto\u00e1rj\u00e1n Kocsis Zolt\u00e1n Debussy, Rachmaninov, Bart\u00f3k m\u0171veib\u0151l k\u00e9sz\u00edtett \u00e1tiratai is. Hangversenyb\u00e9rleti el\u0151ad\u00e1sain vil\u00e1gh\u00edr\u0171 vend\u00e9gm\u0171v\u00e9szek \u00e9s vend\u00e9gkarmesterek l\u00e9pnek fel, valamint feladat\u00e1nak tekinti a kiemelked\u0151 p\u00e1lyakezd\u0151 magyar muzsikusok megh\u00edv\u00e1s\u00e1t is. Olyan neves helysz\u00edneken \u00e9s fesztiv\u00e1lokon l\u00e9pett fel az ut\u00f3bbi \u00e9vtizedekben, mint a New York-i Avery Fisher Hall, a toki\u00f3i Suntory Hall, a birminghami Symphony Hall, az ath\u00e9ni Megaron, a br\u00fcsszeli Bozar K\u00f6zpont, a bukaresti Enescu Fesztiv\u00e1l, a Colmari \u00e9s a Kan\u00e1ri-szigeteki Fesztiv\u00e1l. Az elm\u00falt 15 \u00e9vben mintegy 40 orsz\u00e1gban t\u00f6bb mint 330 k\u00fclf\u00f6ldi turn\u00e9koncertet adott.{:}{:en}<img class=\"size-medium wp-image-115524 alignnone\" src=\"https:\/\/www.filharmonikusok.hu\/wp-content\/uploads\/2016\/09\/MNF_Mupa_Evad-egyuttese_2019_20_foto_Csibi-Szilvia10-555x555-1-300x300.jpg\" alt=\"\" width=\"300\" height=\"300\" \/>\r\nThe Hungarian National Philharmonic Orchestra has been one of Hungary\u2019s leading symphony orchestras for over ninety years. The era marked by the name of J\u00e1nos Ferencsik and Kobayashi Ken-Ichiro was followed by a new chapter in the history of the orchestra when in 1997 Zolt\u00e1n Kocsis became general music director until his death. In almost two decades the National Philharmonic Orchestra underwent renewal. After the death of Zolt\u00e1n Kocsis, the Ferenc Liszt Award-winning Zsolt Hamar held the post of Musical Director at the Hungarian National Philharmonic from March 2017 to August 2020. He previously worked with the orchestra as its first permanent conductor and built up an impressive international career.\r\n\r\nThe Orchestra is one of the top interpreters of the work of B\u00e9la Bart\u00f3k, and the albums of the <em>Bart\u00f3k New Series<\/em> have won numerous accolades in Hungary and abroad. The orchestra perform not only classics but also numerous other important works previously missing from the repertoire, many of which require a large orchestral apparatus. It attaches great importance to introducing contemporary Hungarian works to the audiences. It has given many popular chamber music concerts and hosted events for young people.\r\n\r\nThe orchestra\u2019s concerts have featured world-famous soloists and conductors. It supports young musicians recently embarked on an international career. In recent decades, the National Philharmonic Orchestra has appeared in the greatest venues and festivals around the world, including the Avery Fisher Hall in New York, the Suntory Hall in Tokyo, the Birmingham Symphony Hall, the Megaron in Athens, Bozar Centre in Brussels, the Enescu Festival in Bucharest, the Beethoven Festival in Bogot\u00e1, as well as the Colmar and Canary Island Festivals. In the past two decades, the National Philharmonic Orchestra has given more than 330 concerts in some 40 countries.\r\n\r\n&nbsp;\r\n\r\n&nbsp;\r\n\r\n&nbsp;{:}","post_title":"{:hu}Nemzeti Filharmonikus Zenekar{:}{:en}Hungarian National Philharmonic Orchestra{:}","post_excerpt":"","post_status":"publish","comment_status":"closed","ping_status":"closed","post_password":"","post_name":"nemzeti-filharmonikus-zenekar","to_ping":"","pinged":"","post_modified":"2020-08-10 08:27:54","post_modified_gmt":"2020-08-10 08:27:54","post_content_filtered":"","post_parent":0,"guid":"http:\/\/www.filharmonikusok.hu\/institutions\/nemzeti-filharmonikus-zenekar\/","menu_order":0,"post_type":"institutions","post_mime_type":"","comment_count":"0","filter":"raw"}],"gombtipus":"link","jegyarak":"HUF 5,500 \/ 4,500 \/ 4,000 \/ 3,500","jegyvasarlas_gomb":"https:\/\/nfz.jegy.hu\/program\/la-favorita-ferencsik-i-116149\/660116?lang=en","elkeltek_a_jegyek":false,"youtube_id":"","old_id":"","hivatkozas_gomb_szovege":"CANCELLED!","hivatkozas_gomg_url-je":"https:\/\/www.filharmonikusok.hu\/jegyek\/vasarlasi-informacio\/"},"publishpress_future_workflow_manual_trigger":{"enabledWorkflows":[]},"_links":{"self":[{"href":"https:\/\/www.filharmonikusok.hu\/en\/wp-json\/wp\/v2\/concerts\/114094","targetHints":{"allow":["GET"]}}],"collection":[{"href":"https:\/\/www.filharmonikusok.hu\/en\/wp-json\/wp\/v2\/concerts"}],"about":[{"href":"https:\/\/www.filharmonikusok.hu\/en\/wp-json\/wp\/v2\/types\/concerts"}],"wp:attachment":[{"href":"https:\/\/www.filharmonikusok.hu\/en\/wp-json\/wp\/v2\/media?parent=114094"}],"curies":[{"name":"wp","href":"https:\/\/api.w.org\/{rel}","templated":true}]}}