{"id":111896,"date":"2019-10-11T11:01:56","date_gmt":"2019-10-11T11:01:56","guid":{"rendered":"http:\/\/www.filharmonikusok.hu\/?post_type=concerts&#038;p=111896"},"modified":"2019-12-11T08:59:50","modified_gmt":"2019-12-11T08:59:50","slug":"fold-koruli-utazas-a-nemzeti-enekkar-karacsonyi-koncertje-2","status":"publish","type":"concerts","link":"https:\/\/www.filharmonikusok.hu\/en\/koncertek\/fold-koruli-utazas-a-nemzeti-enekkar-karacsonyi-koncertje-2\/","title":{"rendered":"A Journey Around the World \/ Christmas Concert of the Hungarian National Philharmonic Orchestra"},"content":{"rendered":"<p><strong>Featuring the works of Morten Lauridsen, Francis Poulenc and Ottorino Respighi<\/strong><\/p>\n<p>The second non-season ticket concert of our exciting season embraces the incomparable Advent and Christmas period. Branching out from the loveliest European Christmas songs (songs dedicated to the Virgin Mary and Christmas carols), we will also take a trip to other continents for a glimpse into how far-flung cultures experience the Christmas anticipation and the mystery of the holiday. From simple song arrangements accompanied by piano to the most audacious multi-part choral works, our journey will be accompanied by love throughout.<\/p>\n<p>The concert will conclude with Ottorino Respighi&#8217;s wonderful cantata <em>Lauda per la Nativit\u00e0 del Signore<\/em>, which conjures for celebratory light in the days leading up to Christmas.<\/p>\n<p>This concert too will feature soloists from the Hungarian National Choir and the Hungarian National Philharmonic Orchestra, accompanied by pianist D\u00f3ra Bizj\u00e1k. Conductor: Csaba Somos.<\/p>\n","protected":false},"template":"","class_list":["post-111896","concerts","type-concerts","status-publish","hentry"],"translation":{"provider":"WPGlobus","version":"3.0.2","language":"en","enabled_languages":["hu","en"],"languages":{"hu":{"title":true,"content":true,"excerpt":false},"en":{"title":true,"content":true,"excerpt":false}}},"acf":{"alcim":"Non-season ticket concert","kiemelt_kep":{"ID":109866,"id":109866,"title":"Nemzeti \u00c9nekkar@MNF_Csatl\u00f3s Norbert","filename":"Nemzeti-\u00c9nekkar@MNF_Csatl\u00f3s-Norbert.jpg","filesize":2134815,"url":"https:\/\/www.filharmonikusok.hu\/wp-content\/uploads\/2019\/04\/Nemzeti-\u00c9nekkar@MNF_Csatl\u00f3s-Norbert.jpg","link":"https:\/\/www.filharmonikusok.hu\/en\/koncertek\/fold-koruli-utazas-a-nemzeti-enekkar-karacsonyi-koncertje\/nemzeti-enekkarmnf_csatlos-norbert\/","alt":"","author":"951590","description":"","caption":"","name":"nemzeti-enekkarmnf_csatlos-norbert","status":"inherit","uploaded_to":109865,"date":"2019-04-22 06:39:27","modified":"2019-04-22 06:39:27","menu_order":0,"mime_type":"image\/jpeg","type":"image","subtype":"jpeg","icon":"https:\/\/www.filharmonikusok.hu\/wp-includes\/images\/media\/default.png","width":3543,"height":2362,"sizes":{"thumbnail":"https:\/\/www.filharmonikusok.hu\/wp-content\/uploads\/2019\/04\/Nemzeti-\u00c9nekkar@MNF_Csatl\u00f3s-Norbert-150x150.jpg","thumbnail-width":150,"thumbnail-height":150,"medium":"https:\/\/www.filharmonikusok.hu\/wp-content\/uploads\/2019\/04\/Nemzeti-\u00c9nekkar@MNF_Csatl\u00f3s-Norbert-300x200.jpg","medium-width":300,"medium-height":200,"medium_large":"https:\/\/www.filharmonikusok.hu\/wp-content\/uploads\/2019\/04\/Nemzeti-\u00c9nekkar@MNF_Csatl\u00f3s-Norbert-768x512.jpg","medium_large-width":640,"medium_large-height":427,"large":"https:\/\/www.filharmonikusok.hu\/wp-content\/uploads\/2019\/04\/Nemzeti-\u00c9nekkar@MNF_Csatl\u00f3s-Norbert-1024x683.jpg","large-width":640,"large-height":427,"1536x1536":"https:\/\/www.filharmonikusok.hu\/wp-content\/uploads\/2019\/04\/Nemzeti-\u00c9nekkar@MNF_Csatl\u00f3s-Norbert.jpg","1536x1536-width":1536,"1536x1536-height":1024,"2048x2048":"https:\/\/www.filharmonikusok.hu\/wp-content\/uploads\/2019\/04\/Nemzeti-\u00c9nekkar@MNF_Csatl\u00f3s-Norbert.jpg","2048x2048-width":2048,"2048x2048-height":1365,"person-size":"https:\/\/www.filharmonikusok.hu\/wp-content\/uploads\/2019\/04\/Nemzeti-\u00c9nekkar@MNF_Csatl\u00f3s-Norbert-165x165.jpg","person-size-width":165,"person-size-height":165,"person-size-2":"https:\/\/www.filharmonikusok.hu\/wp-content\/uploads\/2019\/04\/Nemzeti-\u00c9nekkar@MNF_Csatl\u00f3s-Norbert.jpg","person-size-2-width":165,"person-size-2-height":110,"album-size":"https:\/\/www.filharmonikusok.hu\/wp-content\/uploads\/2019\/04\/Nemzeti-\u00c9nekkar@MNF_Csatl\u00f3s-Norbert-263x263.jpg","album-size-width":263,"album-size-height":263,"news-lead-size":"https:\/\/www.filharmonikusok.hu\/wp-content\/uploads\/2019\/04\/Nemzeti-\u00c9nekkar@MNF_Csatl\u00f3s-Norbert-360x203.jpg","news-lead-size-width":360,"news-lead-size-height":203,"director-index-size":"https:\/\/www.filharmonikusok.hu\/wp-content\/uploads\/2019\/04\/Nemzeti-\u00c9nekkar@MNF_Csatl\u00f3s-Norbert-359x450.jpg","director-index-size-width":359,"director-index-size-height":450,"person-lead-size":"https:\/\/www.filharmonikusok.hu\/wp-content\/uploads\/2019\/04\/Nemzeti-\u00c9nekkar@MNF_Csatl\u00f3s-Norbert-555x555.jpg","person-lead-size-width":555,"person-lead-size-height":555,"slider-size":"https:\/\/www.filharmonikusok.hu\/wp-content\/uploads\/2019\/04\/Nemzeti-\u00c9nekkar@MNF_Csatl\u00f3s-Norbert-1600x722.jpg","slider-size-width":1600,"slider-size-height":722}},"kiemelt_kep_en":null,"megjegyzes":"","esemeny_datum":"20191219","esemeny_idopontja":"19:00","sajat_program":false,"esemeny_tipusa":["koncertek"],"esemeny_helyszine":{"ID":111893,"post_author":"951582","post_date":"2019-10-11 10:39:58","post_date_gmt":"2019-10-11 10:39:58","post_content":"","post_title":"Kaposv\u00e1r","post_excerpt":"","post_status":"publish","comment_status":"closed","ping_status":"closed","post_password":"","post_name":"kaposvar","to_ping":"","pinged":"","post_modified":"2019-10-11 10:39:58","post_modified_gmt":"2019-10-11 10:39:58","post_content_filtered":"","post_parent":0,"guid":"http:\/\/www.filharmonikusok.hu\/?post_type=places&#038;p=111893","menu_order":0,"post_type":"places","post_mime_type":"","comment_count":"0","filter":"raw","varos":"Kaposv\u00e1r","orszag":"Magyarorsz\u00e1g","cim":"","megjegyzes":"","weboldal":""},"helyszin_kategoria":"videk","karmester":{"ID":87416,"post_author":"1","post_date":"2016-10-11 09:20:57","post_date_gmt":"2016-10-11 09:20:57","post_content":"{:hu}Diplom\u00e1j\u00e1t a Liszt Ferenc Zenem\u0171v\u00e9szeti Egyetemen szerezte, el\u0151bb \u00e9nek-zene tan\u00e1r \u00e9s karvezet\u0151, majd karmester szakon, Luk\u00e1cs Ervin \u00e9s G\u00e1l Tam\u00e1s tan\u00edtv\u00e1nyak\u00e9nt. Elv\u00e9gezte Johannes Moesus, J\u00fcrgen J\u00fcrgens \u00e9s Jurij Szimonov mesterkurzusait. 22 \u00e9ves kora \u00f3ta akt\u00edv k\u00f3rusvezet\u0151. Majdnem 17 \u00e9ven \u00e1t volt a Vasas M\u0171v\u00e9szegy\u00fcttes \u00c9nekkar\u00e1nak karnagya. 2002-ben megalap\u00edtotta a Vass Lajos Kamarak\u00f3rust, amelyet 2017-ig vezetett. Zeneigazgat\u00f3k\u00e9nt dolgozott a debreceni Csokonai Sz\u00ednh\u00e1zban, majd a P\u00e9csi Nemzeti Sz\u00ednh\u00e1zban, \u00e9s vezet\u0151 karnagya volt a Magyar R\u00e1di\u00f3 \u00c9nekkar\u00e1nak. Vend\u00e9gkarmesterk\u00e9nt \u00e9s karnagyk\u00e9nt sz\u00e1mos magyar szimfonikus zenekarral \u00e9s hivat\u00e1sos k\u00f3russal l\u00e9pett fel. K\u00fclf\u00f6ldi zenekarokn\u00e1l is vend\u00e9gszerepelt, \u00edgy a Salern\u00f3i Filharmonikus Zenekarn\u00e1l (Olaszorsz\u00e1g) \u00e9s Jap\u00e1nban a Szakatai Filharmonikus Zenekarn\u00e1l. Karnagyk\u00e9nt \u00e9s karmesterk\u00e9nt gyakran h\u00edvj\u00e1k Spanyolorsz\u00e1gba, Olaszorsz\u00e1gba, Oroszorsz\u00e1gba, Rom\u00e1ni\u00e1ba, G\u00f6r\u00f6gorsz\u00e1gba, Maced\u00f3ni\u00e1ba, Ausztri\u00e1ba, N\u00e9metorsz\u00e1gba \u00e9s K\u00edn\u00e1ba. A Liszt Ferenc Zenem\u0171v\u00e9szeti Egyetem tan\u00e1ra, zenei versenyek \u00e9s fesztiv\u00e1lok gyakorta felk\u00e9rt zs\u0171ritagja. A Magyar K\u00f3rusok \u00e9s Zenekarok Sz\u00f6vets\u00e9g\u00e9nek (K\u00d3TA) t\u00e1rseln\u00f6ke. Szakmai munk\u00e1ss\u00e1g\u00e1t Rub\u00e1nyi-d\u00edjjal, 2014-ben pedig Liszt-d\u00edjjal ismert\u00e9k el. 2015-ben megszerezte a \u201eDoctor of Liberal Arts\u201d (DLA) tudom\u00e1nyos fokozatot \u201esumma cum laude\u201d-min\u0151s\u00edt\u00e9ssel. A kort\u00e1rs magyar szerz\u0151k m\u0171veinek bemutat\u00e1sa ter\u00e9n szerzett \u00e9rdemei, valamint a Nemzeti \u00c9nekkar \u00e9l\u00e9n v\u00e9gzett magas sz\u00ednvonal\u00fa k\u00f3rus\u00e9p\u00edt\u0151 munk\u00e1ja elismer\u00e9sek\u00e9nt a Magyar \u00c9rdemrend Lovagkeresztje polg\u00e1ri tagozat kit\u00fcntet\u00e9s\u00e9t vehette \u00e1t 2020-ban. 2023 m\u00e1rcius 15-i nemzeti \u00fcnnep\u00fcnk alkalm\u00e1b\u00f3l - a magyar nemzeti kult\u00fara, m\u0171v\u00e9szi alkot\u00f3munka ter\u00fclet\u00e9n v\u00e9gzett kiemelked\u0151 m\u0171v\u00e9szeti \u00e9rt\u00e9kteremt\u0151 munk\u00e1ja elismer\u00e9sek\u00e9nt - Magyarorsz\u00e1g \u00c9rdemes M\u0171v\u00e9sze d\u00edjban r\u00e9szes\u00fclt.{:}{:en}He earned his degree at Budapest\u2019s Ferenc Liszt Academy of Music, first studying in the voice and music pedagogy and choral conducting courses, and later in the conducting course, under Ervin Luk\u00e1cs and Tam\u00e1s G\u00e1l. He also completed master classes with Johannes Moesus, J\u00fcrgen J\u00fcrgens and Yuri Simonov. He has been active as a choir leader since the age of 22 and served for nearly 17 years as the choirmaster of the Vasas Ensemble Chorus. In 2002, he founded the Lajos Vass Chamber Choir, which he led until 2017. He has also worked as the music director of Debrecen\u2019s Csokonai Theatre and later the National Theatre of P\u00e9cs, as well as holding the position of chief choirmaster of the Hungarian Radio Choir. He has appeared as a guest conductor and choirmaster with numerous Hungarian symphonic orchestras and professional choirs. Somos has also made guest appearances with orchestras in other countries, including the <em>Salerno<\/em> Philharmonic <em>Orchestra<\/em> in Italy and, in Japan, the Sakata Philharmonic Orchestra. He is frequently invited to Spain, Italy, Russia, Romania, Greece, Macedonia, Austria, Germany and China as both a choirmaster and conductor. A teacher at the Ferenc Liszt Academy of Music, he is regularly asked to serve as a jury member of musical competitions and festivals. He serves as the vice president of the <em>Hungarian Association<\/em> of Choirs, Orchestras and Folk Ensembles (K\u00d3TA). His professional work was recognised with a Rub\u00e1nyi Award, which was followed by a Liszt Award in 2014. In 2015, he earned his DLA, graduating summa cum laude. In recognition of his success presenting works by contemporary Hungarian composers and for his high-level choral development work at the head of the Hungarian National Choir, Somos was awarded the Knight's Cross (civilian grade) of the Hungarian Order of Merit in 2020.\r\n\r\nOn the occasion of our national holiday on 15 March 2023 \u2013 in recognition of his outstanding and valuable artistic contributions in the areas of Hungarian national culture and artistic creativity \u2013 he was named a Hungarian Artist of Merit.{:}","post_title":"{:hu}Somos Csaba{:}{:en}Csaba Somos{:}","post_excerpt":"","post_status":"publish","comment_status":"closed","ping_status":"closed","post_password":"","post_name":"somos-csaba-2","to_ping":"","pinged":"","post_modified":"2026-04-20 11:57:17","post_modified_gmt":"2026-04-20 11:57:17","post_content_filtered":"","post_parent":0,"guid":"http:\/\/www.filharmonikusok.hu\/?post_type=artists&#038;p=87416","menu_order":0,"post_type":"artists","post_mime_type":"","comment_count":"0","filter":"raw"},"hazigazda":null,"muvek":[],"muvek_feluldefinialasa":false,"muvekrol_reszletesen":null,"is_muvekrol_reszletesen_en":false,"kozr_szemelyek":[{"ID":110119,"post_author":"951590","post_date":"2019-04-23 19:37:21","post_date_gmt":"2019-04-23 19:37:21","post_content":"","post_title":"{:hu}Sz\u00f3l\u00f3t \u00e9nekelnek a Nemzeti \u00c9nekkar m\u0171v\u00e9szei{:}{:en}Solos performed by the singers of the Hungarian National Choir{:}","post_excerpt":"","post_status":"publish","comment_status":"closed","ping_status":"closed","post_password":"","post_name":"szolot-enekelnek-a-nemzeti-enekkar-muveszei","to_ping":"","pinged":"","post_modified":"2019-11-26 10:22:09","post_modified_gmt":"2019-11-26 10:22:09","post_content_filtered":"","post_parent":0,"guid":"http:\/\/www.filharmonikusok.hu\/?post_type=artists&#038;p=110119","menu_order":0,"post_type":"artists","post_mime_type":"","comment_count":"0","filter":"raw","hangszer":""}],"muveszekrol_reszletesen":null,"is_muveszekrol_reszletesen_en":false,"kozr_szemelyek_feluldefinialasa":"","kozr_intezmenyek":[{"ID":87525,"post_author":"1","post_date":"2016-09-08 07:58:45","post_date_gmt":"2016-09-08 07:58:45","post_content":"A Nemzeti \u00c9nekkar 1985-ben alakult \u00c1llami \u00c9nekkar n\u00e9ven, 1990 \u00e9s 2016 k\u00f6z\u00f6tt Antal M\u00e1ty\u00e1s vezette, 2016. janu\u00e1r 1-t\u0151l vezet\u0151 karnagya Somos Csaba. Az \u00e9nekkar Magyarorsz\u00e1g egyik vezet\u0151 hivat\u00e1sos k\u00f3rusa, amelynek profilja a zenekar-k\u00eds\u00e9retes kompoz\u00edci\u00f3k, orat\u00f3riumok, valamint a cappella m\u0171vek el\u0151ad\u00e1sa. Reperto\u00e1rja ennek megfelel\u0151en rendk\u00edv\u00fcl gazdag, a kora barokk Sch\u00fctz alkot\u00e1sait\u00f3l Bach, a b\u00e9csi klasszikusok \u00e9s a 19. sz\u00e1zad zeneszerz\u0151inek kompoz\u00edci\u00f3in kereszt\u00fcl a 20. sz\u00e1zad \u00e9s a kort\u00e1rs zen\u00e9ig minden ir\u00e1nyba nyitott, m\u0171faji hat\u00e1rok n\u00e9lk\u00fcl, de a ritk\u00e1n m\u0171sorra ker\u00fcl\u0151 alkot\u00e1sok megsz\u00f3laltat\u00e1s\u00e1ban is elk\u00f6telezett. A reperto\u00e1rj\u00e1n hangs\u00falyosan jelen lev\u0151 19. sz\u00e1zadi orat\u00f3riumok mellett az egy\u00fcttes kiemelt fontoss\u00e1got tulajdon\u00edt a kort\u00e1rs m\u0171vek el\u0151ad\u00e1s\u00e1nak, sz\u00e1mos m\u0171 \u0151sbemutat\u00f3ja, illetve magyarorsz\u00e1gi bemutat\u00f3ja f\u0171z\u0151dik a nev\u00e9hez. A k\u00f3rus visszat\u00e9r\u0151 k\u00f6zrem\u0171k\u00f6d\u0151je a Nemzeti Filharmonikusok martonv\u00e1s\u00e1ri ny\u00e1ri Beethoven-sorozat\u00e1nak, kiemelked\u0151 szerepl\u0151je a zenekar csal\u00e1di matin\u00e9 koncertsorozat\u00e1nak, valamint a Kocsis Zolt\u00e1n m\u0171v\u00e9szeti vezet\u00e9s\u00e9vel 2006 \u00f3ta fel\u00e9p\u00fcl\u0151 Bart\u00f3k \u00daj Sorozatnak. A Nemzeti Filharmonikusok Richard Strauss oper\u00e1it bemutat\u00f3 nagy siker\u0171 sz\u00e9ri\u00e1j\u00e1ban \u00e9s Schoenberg M\u00f3zes \u00e9s \u00c1ron c\u00edm\u0171 oper\u00e1j\u00e1ban, az \u00e9nekkar mellett t\u00f6bb tagja sz\u00f3listak\u00e9nt is fell\u00e9pett. Az \u00e9nekkar a hazai koncertek mellett nemzetk\u00f6zi felk\u00e9r\u00e9seknek is eleget tesz, rendszeresen koncertezik a magyarok \u00e1ltal is lakott hat\u00e1ront\u00fali telep\u00fcl\u00e9seken. A Nemzeti \u00c9nekkar a M\u00fcp\u00e1ban megrendezett nagyszab\u00e1s\u00fa Wagner-napok rendszeresen megh\u00edvott k\u00f6zrem\u0171k\u00f6d\u0151je.","post_title":"{:hu}Nemzeti \u00c9nekkar{:}{:en}Hungarian National Choir{:}","post_excerpt":"","post_status":"publish","comment_status":"closed","ping_status":"closed","post_password":"","post_name":"nemzeti-enekkar","to_ping":"","pinged":"","post_modified":"2016-10-17 13:53:14","post_modified_gmt":"2016-10-17 13:53:14","post_content_filtered":"","post_parent":0,"guid":"http:\/\/www.filharmonikusok.hu\/institutions\/nemzeti-enekkar\/","menu_order":0,"post_type":"institutions","post_mime_type":"","comment_count":"0","filter":"raw"},{"ID":110123,"post_author":"951590","post_date":"2021-02-08 12:02:13","post_date_gmt":"0000-00-00 00:00:00","post_content":"","post_title":"{:hu}A Nemzeti Filharmonikus Zenekar m\u0171v\u00e9szei{:}{:en}Members of the Hungarian National Philharmonic Orchestra{:}","post_excerpt":"","post_status":"draft","comment_status":"closed","ping_status":"closed","post_password":"","post_name":"","to_ping":"","pinged":"","post_modified":"2021-02-08 12:02:13","post_modified_gmt":"2021-02-08 12:02:13","post_content_filtered":"","post_parent":0,"guid":"http:\/\/www.filharmonikusok.hu\/?post_type=institutions&#038;p=110123","menu_order":0,"post_type":"institutions","post_mime_type":"","comment_count":"0","filter":"raw"}],"gombtipus":"jegy","jegyarak":"2,500 (seats upon arrival)","jegyvasarlas_gomb":"https:\/\/filharmonia.hu\/program\/nemzeti-enekkar-5\/","elkeltek_a_jegyek":false,"youtube_id":"","old_id":"","esemeny_vege":"9.40 pm","hivatkozas_gomb_szovege":"Jegyv\u00e1s\u00e1rl\u00e1s","hivatkozas_gomg_url-je":"https:\/\/filharmonia.hu\/program\/nemzeti-enekkar-5\/","karmester_2":false},"publishpress_future_workflow_manual_trigger":{"enabledWorkflows":[]},"_links":{"self":[{"href":"https:\/\/www.filharmonikusok.hu\/en\/wp-json\/wp\/v2\/concerts\/111896","targetHints":{"allow":["GET"]}}],"collection":[{"href":"https:\/\/www.filharmonikusok.hu\/en\/wp-json\/wp\/v2\/concerts"}],"about":[{"href":"https:\/\/www.filharmonikusok.hu\/en\/wp-json\/wp\/v2\/types\/concerts"}],"wp:attachment":[{"href":"https:\/\/www.filharmonikusok.hu\/en\/wp-json\/wp\/v2\/media?parent=111896"}],"curies":[{"name":"wp","href":"https:\/\/api.w.org\/{rel}","templated":true}]}}