{"id":109879,"date":"2019-04-24T12:43:12","date_gmt":"2019-04-24T12:43:12","guid":{"rendered":"http:\/\/www.filharmonikusok.hu\/?post_type=concerts&#038;p=109879"},"modified":"2020-01-29T11:17:26","modified_gmt":"2020-01-29T11:17:26","slug":"koncertariak-vivaldi-haydn-mozart-beethoven-es-mendelssohn-muvei-11-ora","status":"publish","type":"concerts","link":"https:\/\/www.filharmonikusok.hu\/en\/koncertek\/koncertariak-vivaldi-haydn-mozart-beethoven-es-mendelssohn-muvei-11-ora\/","title":{"rendered":"Concert Arias \/ Featuring the works of Maurice Delage, Mozart, Haydn and Johann Strauss"},"content":{"rendered":"<p>The upcoming series of <em>Musicmania<\/em> will be all about the diversity of music \u2013 in relation to genre. There are \u2013 surprisingly \u2013 as many unique styles as there are genres in classical music. One genre differs from another not only in terms of the playing style, but also in terms of the language of the music, the mode of expression, the message and even the way that message is told. There is a difference, then, when an instrumental soloist responds to an orchestra, and another when a singer&#8217;s aria complements or counters the accompanying music. We will try to track the evolution of the genre of symphonies in a single concert. We examine how, from simple beginnings, a symphony is transformed into a musical process that tells a series of life stories. From the huge repertoire of symphonic music, we will be able to explore every little detail of this ever-changing and wonderful world. We strive to find the key to the joy of listening to music, identifying even the tiniest elements in the creation of music as we enrich our own worlds in the process.<br \/>\nThe second occasion is dedicated to concert and oratorio arias: Lyrical music is one of the most natural of genres; anyone who listens and understands the words can comprehend it. So then why would the same text come up time and time again with different music? What could the reason be? In this concert, we try to provide an answer to this question with the aid of the soprano Kl\u00e1ra Kolonits.<\/p>\n","protected":false},"template":"","class_list":["post-109879","concerts","type-concerts","status-publish","hentry"],"translation":{"provider":"WPGlobus","version":"3.0.2","language":"en","enabled_languages":["hu","en"],"languages":{"hu":{"title":true,"content":true,"excerpt":false},"en":{"title":true,"content":true,"excerpt":false}}},"acf":{"alcim":"Musicmania \/ Youth season ticket 2","kiemelt_kep":{"ID":110237,"id":110237,"title":"2020_03_01","filename":"2020_03_01-1.jpg","filesize":836851,"url":"https:\/\/www.filharmonikusok.hu\/wp-content\/uploads\/2019\/04\/2020_03_01-1.jpg","link":"https:\/\/www.filharmonikusok.hu\/en\/koncertek\/koncertariak-vivaldi-haydn-mozart-beethoven-es-mendelssohn-muvei-11-ora\/2020_03_01-2\/","alt":"","author":"951590","description":"","caption":"","name":"2020_03_01-2","status":"inherit","uploaded_to":109879,"date":"2019-04-25 12:52:21","modified":"2019-04-25 12:52:21","menu_order":0,"mime_type":"image\/jpeg","type":"image","subtype":"jpeg","icon":"https:\/\/www.filharmonikusok.hu\/wp-includes\/images\/media\/default.png","width":1920,"height":560,"sizes":{"thumbnail":"https:\/\/www.filharmonikusok.hu\/wp-content\/uploads\/2019\/04\/2020_03_01-1-150x150.jpg","thumbnail-width":150,"thumbnail-height":150,"medium":"https:\/\/www.filharmonikusok.hu\/wp-content\/uploads\/2019\/04\/2020_03_01-1-300x88.jpg","medium-width":300,"medium-height":88,"medium_large":"https:\/\/www.filharmonikusok.hu\/wp-content\/uploads\/2019\/04\/2020_03_01-1-768x224.jpg","medium_large-width":640,"medium_large-height":187,"large":"https:\/\/www.filharmonikusok.hu\/wp-content\/uploads\/2019\/04\/2020_03_01-1-1024x299.jpg","large-width":640,"large-height":187,"1536x1536":"https:\/\/www.filharmonikusok.hu\/wp-content\/uploads\/2019\/04\/2020_03_01-1.jpg","1536x1536-width":1536,"1536x1536-height":448,"2048x2048":"https:\/\/www.filharmonikusok.hu\/wp-content\/uploads\/2019\/04\/2020_03_01-1.jpg","2048x2048-width":1920,"2048x2048-height":560,"person-size":"https:\/\/www.filharmonikusok.hu\/wp-content\/uploads\/2019\/04\/2020_03_01-1-165x165.jpg","person-size-width":165,"person-size-height":165,"person-size-2":"https:\/\/www.filharmonikusok.hu\/wp-content\/uploads\/2019\/04\/2020_03_01-1.jpg","person-size-2-width":165,"person-size-2-height":48,"album-size":"https:\/\/www.filharmonikusok.hu\/wp-content\/uploads\/2019\/04\/2020_03_01-1-263x263.jpg","album-size-width":263,"album-size-height":263,"news-lead-size":"https:\/\/www.filharmonikusok.hu\/wp-content\/uploads\/2019\/04\/2020_03_01-1-360x203.jpg","news-lead-size-width":360,"news-lead-size-height":203,"director-index-size":"https:\/\/www.filharmonikusok.hu\/wp-content\/uploads\/2019\/04\/2020_03_01-1-359x450.jpg","director-index-size-width":359,"director-index-size-height":450,"person-lead-size":"https:\/\/www.filharmonikusok.hu\/wp-content\/uploads\/2019\/04\/2020_03_01-1-555x555.jpg","person-lead-size-width":555,"person-lead-size-height":555,"slider-size":"https:\/\/www.filharmonikusok.hu\/wp-content\/uploads\/2019\/04\/2020_03_01-1-1600x560.jpg","slider-size-width":1600,"slider-size-height":560}},"kiemelt_kep_en":null,"megjegyzes":"","esemeny_datum":"20200301","esemeny_idopontja":"11:00 am","sajat_program":true,"esemeny_tipusa":["koncertek"],"esemeny_helyszine":{"ID":87690,"post_author":"1","post_date":"2016-09-08 08:02:38","post_date_gmt":"2016-09-08 08:02:38","post_content":"","post_title":"{:hu}M\u00fcpa - Fesztiv\u00e1l Sz\u00ednh\u00e1z{:}{:en}M\u00fcpa - Festival Theater{:}","post_excerpt":"","post_status":"publish","comment_status":"closed","ping_status":"closed","post_password":"","post_name":"mupa-fesztival-szinhaz","to_ping":"","pinged":"","post_modified":"2016-09-08 08:02:38","post_modified_gmt":"2016-09-08 08:02:38","post_content_filtered":"","post_parent":0,"guid":"http:\/\/www.filharmonikusok.hu\/places\/mupa-fesztival-szinhaz\/","menu_order":0,"post_type":"places","post_mime_type":"","comment_count":"0","filter":"raw","varos":"{:hu}Budapest{:}{:en}Budapest{:}","orszag":"{:hu}Magyarorsz\u00e1g{:}{:en}Hungary{:}","cim":"<p>1095 Budapest, Komor Marcell u. 1.<\/p>","megjegyzes":"","weboldal":"http:\/\/www.muveszetekpalotaja.hu"},"helyszin_kategoria":"budapest","karmester":null,"hazigazda":{"ID":87342,"post_author":"1","post_date":"2016-10-12 07:38:39","post_date_gmt":"2016-10-12 07:38:39","post_content":"A Bart\u00f3k B\u00e9la Zenem\u0171v\u00e9szeti Szakk\u00f6z\u00e9piskola \u00e9s Gimn\u00e1ziumban zeneszerz\u00e9s szakon Fekete Gy\u0151r Istv\u00e1n tan\u00edtv\u00e1nya volt. Diplom\u00e1j\u00e1t 2006-ban a Liszt Ferenc Zenem\u0171v\u00e9szeti Egyetem zeneszerz\u00e9s szak\u00e1n szerezte Vidovszky L\u00e1szl\u00f3 ir\u00e1ny\u00edt\u00e1s\u00e1val. 2004-ben csereprogram keret\u00e9ben a New York-i Julliard Schoolban bemutatt\u00e1k <em>Septett<\/em> c\u00edm\u0171 kamaram\u0171v\u00e9t, amelynek magyarorsz\u00e1gi bemutat\u00f3j\u00e1ra m\u00e9g ez \u00e9vben a Budapesti \u0150szi Fesztiv\u00e1l keret\u00e9ben ker\u00fclt sor.\r\n1997-ben elnyerte a Robitsek P\u00e9ter Eml\u00e9kd\u00edjat, 1998-ban a MOL zenei \u00f6szt\u00f6nd\u00edj\u00e1t, 2007-ben a Kod\u00e1ly Zolt\u00e1n alkot\u00f3i \u00f6szt\u00f6nd\u00edjat. 2004-ben a Goriziai Nemzetk\u00f6zi K\u00f3rusversenyen a kort\u00e1rs egyh\u00e1zi k\u00e9tk\u00f3rusos kateg\u00f3ri\u00e1ban darabja els\u0151 helyez\u00e9st \u00e9r el.\r\n2000 \u00f3ta Dargay Marcellel rendszeresen fell\u00e9pnek 2 zongor\u00e1s kort\u00e1rs zenei programjukkal. <em>A Focus! 2007: The Magyar Legacy (Hungarian music after Bart\u00f3k)<\/em>\u00a0c\u00edm\u0171 New York-i koncertsorozaton programj\u00e1n szerepelt <em>Vita<\/em> c\u00edm\u0171 zenem\u0171ve. T\u00f6bb darabot \u00edrt a Budapesti Tavaszi, illetve \u0150szi Fesztiv\u00e1l megrendel\u00e9s\u00e9re, valamint sz\u00ednpadi k\u00eds\u00e9r\u0151zen\u00e9t B\u00fcchner <em>Leonce \u00e9s L\u00e9na<\/em> c\u00edm\u0171 dr\u00e1m\u00e1j\u00e1hoz Csat\u00f3 Kata b\u00e1brendez\u0151 (2007), valamint \u00d6d\u00f6n von Horv\u00e1th <em>Istentelen ifj\u00fas\u00e1g<\/em> c\u00edm\u0171 dr\u00e1m\u00e1j\u00e1hoz Vidovszky Gy\u00f6rgy rendez\u0151 (2008) felk\u00e9r\u00e9s\u00e9re.\r\nBetan\u00edt\u00f3 korrepetitork\u00e9nt k\u00f6zrem\u0171k\u00f6d\u00f6tt t\u00f6bb operaprodukci\u00f3ban.\u00a0 Sz\u00e1mos sz\u00ednh\u00e1zi produkci\u00f3 zenei vezet\u0151je volt a Nemzeti Sz\u00ednh\u00e1zban, a Th\u00e1lia Sz\u00ednh\u00e1zban, a Magyar \u00c1llami Operah\u00e1z operast\u00fadi\u00f3j\u00e1nak korrepetitora, a Sz\u00ednh\u00e1z \u00e9s Filmm\u0171v\u00e9szeti Egyetem, majd 2006-t\u00f3l a Liszt Ferenc Zenem\u0171v\u00e9szeti Egyetem \u00f3raad\u00f3 tan\u00e1ra. 2007 \u00f3ta a VI. ker\u00fcleti T\u00f3th Alad\u00e1r Zeneiskola zeneelm\u00e9let, zenet\u00f6rt\u00e9net \u00e9s zeneszerz\u00e9s el\u0151k\u00e9sz\u00edt\u0151 tan\u00e1ra.","post_title":"{:hu}Diny\u00e9s D\u00e1niel{:}{:en}D\u00e1niel Diny\u00e9s{:}","post_excerpt":"","post_status":"publish","comment_status":"closed","ping_status":"closed","post_password":"","post_name":"dinyes-daniel","to_ping":"","pinged":"","post_modified":"2020-10-02 09:12:04","post_modified_gmt":"2020-10-02 09:12:04","post_content_filtered":"","post_parent":0,"guid":"http:\/\/www.filharmonikusok.hu\/?post_type=artists&#038;p=87342","menu_order":0,"post_type":"artists","post_mime_type":"","comment_count":"0","filter":"raw"},"muvek":[],"muvek_feluldefinialasa":false,"muvekrol_reszletesen":null,"is_muvekrol_reszletesen_en":false,"kozr_szemelyek":[],"muveszekrol_reszletesen":true,"is_muveszekrol_reszletesen_en":false,"kozr_szemelyek_feluldefinialasa":"","kozr_intezmenyek":[{"ID":87472,"post_author":"1","post_date":"2016-09-08 07:58:44","post_date_gmt":"2016-09-08 07:58:44","post_content":"{:hu}<img class=\"size-medium wp-image-115524 alignnone\" src=\"https:\/\/www.filharmonikusok.hu\/wp-content\/uploads\/2016\/09\/MNF_Mupa_Evad-egyuttese_2019_20_foto_Csibi-Szilvia10-555x555-1-300x300.jpg\" alt=\"\" width=\"300\" height=\"300\" \/>\r\n\r\nA Nemzeti Filharmonikus Zenekar Magyarorsz\u00e1g egyik vezet\u0151 szimfonikus zenekara t\u00f6bb mint kilencven \u00e9ve. Ferencsik J\u00e1nos, Kobayashi Ken-Ichiro ut\u00e1n 1997-ben Kocsis Zolt\u00e1n f\u0151zeneigazgat\u00f3 ir\u00e1ny\u00edt\u00e1sa alatt a zenekar meg\u00fajult, a nemzeti szimfonikus egy\u00fctteshez m\u00e9lt\u00f3 sokoldal\u00fas\u00e1ggal nemcsak a klasszikus m\u0171veket, hanem ezek mellett a megszokott reperto\u00e1rr\u00f3l hi\u00e1nyz\u00f3 fontos alkot\u00e1sokat is megsz\u00f3laltatott, tov\u00e1bb\u00e1 a k\u00f6zelm\u00falt \u00e9s napjaink magyar zen\u00e9j\u00e9t is megismerteti k\u00f6z\u00f6ns\u00e9g\u00e9vel, valamint n\u00e9pszer\u0171ek kamarazenei \u00e9s ifj\u00fas\u00e1gi sorozatai is. \u00a02017 m\u00e1rcius\u00e1t\u00f3l 2020 augusztus\u00e1ig a a zenekarn\u00e1l kor\u00e1bban \u00e9veken \u00e1t els\u0151 \u00e1lland\u00f3 karmesterk\u00e9nt k\u00f6zrem\u0171k\u00f6d\u0151, komoly nemzetk\u00f6zi karriert maga m\u00f6g\u00f6tt tudhat\u00f3, Liszt Ferenc-d\u00edjas Hamar Zsolt t\u00f6lt\u00f6tte be a Nemzeti Filharmonikusok zeneigazgat\u00f3i posztj\u00e1t.\r\n\r\nAz egy\u00fcttes reperto\u00e1rj\u00e1n hangs\u00falyosan szerepel a Bart\u00f3k-\u00e9letm\u0171; m\u00e9rt\u00e9kad\u00f3 interpret\u00e1ci\u00f3i 2006 \u00f3ta a Bart\u00f3k \u00daj Sorozatban jelennek meg, de sz\u00ednfoltot k\u00e9pviselnek reperto\u00e1rj\u00e1n Kocsis Zolt\u00e1n Debussy, Rachmaninov, Bart\u00f3k m\u0171veib\u0151l k\u00e9sz\u00edtett \u00e1tiratai is. Hangversenyb\u00e9rleti el\u0151ad\u00e1sain vil\u00e1gh\u00edr\u0171 vend\u00e9gm\u0171v\u00e9szek \u00e9s vend\u00e9gkarmesterek l\u00e9pnek fel, valamint feladat\u00e1nak tekinti a kiemelked\u0151 p\u00e1lyakezd\u0151 magyar muzsikusok megh\u00edv\u00e1s\u00e1t is. Olyan neves helysz\u00edneken \u00e9s fesztiv\u00e1lokon l\u00e9pett fel az ut\u00f3bbi \u00e9vtizedekben, mint a New York-i Avery Fisher Hall, a toki\u00f3i Suntory Hall, a birminghami Symphony Hall, az ath\u00e9ni Megaron, a br\u00fcsszeli Bozar K\u00f6zpont, a bukaresti Enescu Fesztiv\u00e1l, a Colmari \u00e9s a Kan\u00e1ri-szigeteki Fesztiv\u00e1l. Az elm\u00falt 15 \u00e9vben mintegy 40 orsz\u00e1gban t\u00f6bb mint 330 k\u00fclf\u00f6ldi turn\u00e9koncertet adott.{:}{:en}<img class=\"size-medium wp-image-115524 alignnone\" src=\"https:\/\/www.filharmonikusok.hu\/wp-content\/uploads\/2016\/09\/MNF_Mupa_Evad-egyuttese_2019_20_foto_Csibi-Szilvia10-555x555-1-300x300.jpg\" alt=\"\" width=\"300\" height=\"300\" \/>\r\nThe Hungarian National Philharmonic Orchestra has been one of Hungary\u2019s leading symphony orchestras for over ninety years. The era marked by the name of J\u00e1nos Ferencsik and Kobayashi Ken-Ichiro was followed by a new chapter in the history of the orchestra when in 1997 Zolt\u00e1n Kocsis became general music director until his death. In almost two decades the National Philharmonic Orchestra underwent renewal. After the death of Zolt\u00e1n Kocsis, the Ferenc Liszt Award-winning Zsolt Hamar held the post of Musical Director at the Hungarian National Philharmonic from March 2017 to August 2020. He previously worked with the orchestra as its first permanent conductor and built up an impressive international career.\r\n\r\nThe Orchestra is one of the top interpreters of the work of B\u00e9la Bart\u00f3k, and the albums of the <em>Bart\u00f3k New Series<\/em> have won numerous accolades in Hungary and abroad. The orchestra perform not only classics but also numerous other important works previously missing from the repertoire, many of which require a large orchestral apparatus. It attaches great importance to introducing contemporary Hungarian works to the audiences. It has given many popular chamber music concerts and hosted events for young people.\r\n\r\nThe orchestra\u2019s concerts have featured world-famous soloists and conductors. It supports young musicians recently embarked on an international career. In recent decades, the National Philharmonic Orchestra has appeared in the greatest venues and festivals around the world, including the Avery Fisher Hall in New York, the Suntory Hall in Tokyo, the Birmingham Symphony Hall, the Megaron in Athens, Bozar Centre in Brussels, the Enescu Festival in Bucharest, the Beethoven Festival in Bogot\u00e1, as well as the Colmar and Canary Island Festivals. In the past two decades, the National Philharmonic Orchestra has given more than 330 concerts in some 40 countries.\r\n\r\n&nbsp;\r\n\r\n&nbsp;\r\n\r\n&nbsp;{:}","post_title":"{:hu}Nemzeti Filharmonikus Zenekar{:}{:en}Hungarian National Philharmonic Orchestra{:}","post_excerpt":"","post_status":"publish","comment_status":"closed","ping_status":"closed","post_password":"","post_name":"nemzeti-filharmonikus-zenekar","to_ping":"","pinged":"","post_modified":"2020-08-10 08:27:54","post_modified_gmt":"2020-08-10 08:27:54","post_content_filtered":"","post_parent":0,"guid":"http:\/\/www.filharmonikusok.hu\/institutions\/nemzeti-filharmonikus-zenekar\/","menu_order":0,"post_type":"institutions","post_mime_type":"","comment_count":"0","filter":"raw"}],"gombtipus":"jegy","jegyarak":"HUF 2,500","jegyvasarlas_gomb":"https:\/\/nfz.jegy.hu\/program\/koncertariak-zenemania-ifjusagi-berlet-2-104031\/551323","elkeltek_a_jegyek":false,"youtube_id":"","old_id":"","esemeny_vege":"1:10 pm","karmester_2":false},"publishpress_future_workflow_manual_trigger":{"enabledWorkflows":[]},"_links":{"self":[{"href":"https:\/\/www.filharmonikusok.hu\/en\/wp-json\/wp\/v2\/concerts\/109879","targetHints":{"allow":["GET"]}}],"collection":[{"href":"https:\/\/www.filharmonikusok.hu\/en\/wp-json\/wp\/v2\/concerts"}],"about":[{"href":"https:\/\/www.filharmonikusok.hu\/en\/wp-json\/wp\/v2\/types\/concerts"}],"wp:attachment":[{"href":"https:\/\/www.filharmonikusok.hu\/en\/wp-json\/wp\/v2\/media?parent=109879"}],"curies":[{"name":"wp","href":"https:\/\/api.w.org\/{rel}","templated":true}]}}