{"id":106124,"date":"2018-03-27T09:47:26","date_gmt":"2018-03-27T09:47:26","guid":{"rendered":"http:\/\/www.filharmonikusok.hu\/?post_type=concerts&#038;p=106124"},"modified":"2018-05-30T08:38:27","modified_gmt":"2018-05-30T08:38:27","slug":"szimfoniak-maskepp","status":"publish","type":"concerts","link":"https:\/\/www.filharmonikusok.hu\/en\/koncertek\/szimfoniak-maskepp\/","title":{"rendered":"Symphonies \u2013 With a Difference"},"content":{"rendered":"<p>While American newspapers praise his sensitivity to the nuanced sounds and colours of the orchestra and extol his characteristic dynamism on the stage, Hannu Lintu, musical director of the Finnish Radio Symphony Orchestra, appears most often in Asia and Europe. His programmes, of course, devote special attention to his home country: on this occasion, he will conduct the imaginative, single-movement final symphony by Sibelius, the creator of Finnish national music.\u00a0 Stravinsky&#8217;s Funeral Song is also unique: it was long believed to be lost only to be rediscovered just a matter of years ago. The Symphony of Psalms, on the other hand, is much better known, and with its fantastic pairing of choir and orchestra, is one of the classics of 20th century music. The performance of one of Prokofiev&#8217;s final opuses also promises to be exciting: we will hear the exceedingly difficult, multi-dimensional cello concerto, which Prokofiev dedicated to Mstislav Rostropovich, accompanied by a leading figure in international music, soloist Istv\u00e1n V\u00e1rdai.<\/p>\n","protected":false},"template":"","class_list":["post-106124","concerts","type-concerts","status-publish","hentry"],"translation":{"provider":"WPGlobus","version":"3.0.2","language":"en","enabled_languages":["hu","en"],"languages":{"hu":{"title":true,"content":true,"excerpt":false},"en":{"title":true,"content":true,"excerpt":false}}},"acf":{"alcim":"Ferencsik season ticket 7 ","kiemelt_kep":{"ID":106143,"id":106143,"title":"vardai-istvan-2-esemeny","filename":"vardai-istvan-2-esemeny.png","filesize":512020,"url":"https:\/\/www.filharmonikusok.hu\/wp-content\/uploads\/2018\/03\/vardai-istvan-2-esemeny.png","link":"https:\/\/www.filharmonikusok.hu\/en\/koncertek\/szimfoniak-maskepp\/vardai-istvan-2-esemeny\/","alt":"","author":"1","description":"","caption":"","name":"vardai-istvan-2-esemeny","status":"inherit","uploaded_to":106124,"date":"2018-03-26 22:38:45","modified":"2018-09-19 12:58:40","menu_order":0,"mime_type":"image\/png","type":"image","subtype":"png","icon":"https:\/\/www.filharmonikusok.hu\/wp-includes\/images\/media\/default.png","width":1920,"height":560,"sizes":{"thumbnail":"https:\/\/www.filharmonikusok.hu\/wp-content\/uploads\/2018\/03\/vardai-istvan-2-esemeny-150x150.png","thumbnail-width":150,"thumbnail-height":150,"medium":"https:\/\/www.filharmonikusok.hu\/wp-content\/uploads\/2018\/03\/vardai-istvan-2-esemeny-300x88.png","medium-width":300,"medium-height":88,"medium_large":"https:\/\/www.filharmonikusok.hu\/wp-content\/uploads\/2018\/03\/vardai-istvan-2-esemeny-768x224.png","medium_large-width":640,"medium_large-height":187,"large":"https:\/\/www.filharmonikusok.hu\/wp-content\/uploads\/2018\/03\/vardai-istvan-2-esemeny-1024x299.png","large-width":640,"large-height":187,"1536x1536":"https:\/\/www.filharmonikusok.hu\/wp-content\/uploads\/2018\/03\/vardai-istvan-2-esemeny.png","1536x1536-width":1536,"1536x1536-height":448,"2048x2048":"https:\/\/www.filharmonikusok.hu\/wp-content\/uploads\/2018\/03\/vardai-istvan-2-esemeny.png","2048x2048-width":1920,"2048x2048-height":560,"person-size":"https:\/\/www.filharmonikusok.hu\/wp-content\/uploads\/2018\/03\/vardai-istvan-2-esemeny-165x165.png","person-size-width":165,"person-size-height":165,"person-size-2":"https:\/\/www.filharmonikusok.hu\/wp-content\/uploads\/2018\/03\/vardai-istvan-2-esemeny.png","person-size-2-width":165,"person-size-2-height":48,"album-size":"https:\/\/www.filharmonikusok.hu\/wp-content\/uploads\/2018\/03\/vardai-istvan-2-esemeny-263x263.png","album-size-width":263,"album-size-height":263,"news-lead-size":"https:\/\/www.filharmonikusok.hu\/wp-content\/uploads\/2018\/03\/vardai-istvan-2-esemeny-360x203.png","news-lead-size-width":360,"news-lead-size-height":203,"director-index-size":"https:\/\/www.filharmonikusok.hu\/wp-content\/uploads\/2018\/03\/vardai-istvan-2-esemeny-359x450.png","director-index-size-width":359,"director-index-size-height":450,"person-lead-size":"https:\/\/www.filharmonikusok.hu\/wp-content\/uploads\/2018\/03\/vardai-istvan-2-esemeny-555x555.png","person-lead-size-width":555,"person-lead-size-height":555,"slider-size":"https:\/\/www.filharmonikusok.hu\/wp-content\/uploads\/2018\/03\/vardai-istvan-2-esemeny-1600x560.png","slider-size-width":1600,"slider-size-height":560}},"kiemelt_kep_en":null,"megjegyzes":"","esemeny_datum":"20190516","esemeny_idopontja":"7.30 pm","sajat_program":true,"esemeny_tipusa":["koncertek"],"esemeny_helyszine":{"ID":87537,"post_author":"1","post_date":"2016-09-08 08:02:37","post_date_gmt":"2016-09-08 08:02:37","post_content":"","post_title":"{:hu}Zeneakad\u00e9mia{:}{:en}Liszt Academy{:}","post_excerpt":"","post_status":"publish","comment_status":"closed","ping_status":"closed","post_password":"","post_name":"zeneakademia","to_ping":"","pinged":"","post_modified":"2021-02-17 10:09:02","post_modified_gmt":"2021-02-17 10:09:02","post_content_filtered":"","post_parent":0,"guid":"http:\/\/www.filharmonikusok.hu\/places\/zeneakademia\/","menu_order":0,"post_type":"places","post_mime_type":"","comment_count":"0","filter":"raw","varos":"Budapest","orszag":"Hungary","cim":"VI. Liszt Ferenc t\u00e9r 8.","megjegyzes":"","weboldal":""},"helyszin_kategoria":"budapest","karmester":{"ID":106122,"post_author":"1","post_date":"2018-03-26 22:02:55","post_date_gmt":"2018-03-26 22:02:55","post_content":"","post_title":"{:hu}Hannu Lintu{:}{:en}Hannu Lintu{:}","post_excerpt":"","post_status":"publish","comment_status":"closed","ping_status":"closed","post_password":"","post_name":"hannu-lintu","to_ping":"","pinged":"","post_modified":"2018-05-21 17:58:55","post_modified_gmt":"2018-05-21 17:58:55","post_content_filtered":"","post_parent":0,"guid":"http:\/\/www.filharmonikusok.hu\/?post_type=artists&#038;p=106122","menu_order":0,"post_type":"artists","post_mime_type":"","comment_count":"0","filter":"raw"},"hazigazda":null,"muvek":[{"ID":106114,"post_author":"1","post_date":"2018-03-26 22:01:27","post_date_gmt":"2018-03-26 22:01:27","post_content":"","post_title":"{:hu}Gy\u00e1sz\u00e9nek{:}{:en}Funeral Song{:}","post_excerpt":"","post_status":"publish","comment_status":"closed","ping_status":"closed","post_password":"","post_name":"gyaszenek","to_ping":"","pinged":"","post_modified":"2018-05-30 08:39:55","post_modified_gmt":"2018-05-30 08:39:55","post_content_filtered":"","post_parent":0,"guid":"http:\/\/www.filharmonikusok.hu\/?post_type=muvek&#038;p=106114","menu_order":0,"post_type":"muvek","post_mime_type":"","comment_count":"0","filter":"raw","szerzo":["Stravinsky"]},{"ID":106116,"post_author":"1","post_date":"2018-03-26 22:01:42","post_date_gmt":"2018-03-26 22:01:42","post_content":"","post_title":"Sinfonia concertante, op. 125","post_excerpt":"","post_status":"publish","comment_status":"closed","ping_status":"closed","post_password":"","post_name":"sinfonia-concertante-op-125","to_ping":"","pinged":"","post_modified":"2018-03-26 22:01:42","post_modified_gmt":"2018-03-26 22:01:42","post_content_filtered":"","post_parent":0,"guid":"http:\/\/www.filharmonikusok.hu\/?post_type=muvek&#038;p=106116","menu_order":0,"post_type":"muvek","post_mime_type":"","comment_count":"0","filter":"raw","szerzo":["Prokofjev"]},{"ID":106118,"post_author":"1","post_date":"2018-03-26 22:01:55","post_date_gmt":"2018-03-26 22:01:55","post_content":"","post_title":"{:hu}Zsolt\u00e1rszimf\u00f3nia{:}{:en}Symphony of Psalms{:}","post_excerpt":"","post_status":"publish","comment_status":"closed","ping_status":"closed","post_password":"","post_name":"zsoltarszimfonia-2","to_ping":"","pinged":"","post_modified":"2018-05-30 08:40:50","post_modified_gmt":"2018-05-30 08:40:50","post_content_filtered":"","post_parent":0,"guid":"http:\/\/www.filharmonikusok.hu\/?post_type=muvek&#038;p=106118","menu_order":0,"post_type":"muvek","post_mime_type":"","comment_count":"0","filter":"raw","szerzo":["Stravinsky"]},{"ID":106120,"post_author":"1","post_date":"2018-03-26 22:02:11","post_date_gmt":"2018-03-26 22:02:11","post_content":"","post_title":"{:hu}VII. szimf\u00f3nia (C-d\u00far), op. 105{:}{:en}Symphony No. 7 in C major, op. 105{:}","post_excerpt":"","post_status":"publish","comment_status":"closed","ping_status":"closed","post_password":"","post_name":"vii-szimfonia-c-dur-op-105","to_ping":"","pinged":"","post_modified":"2018-05-30 08:41:36","post_modified_gmt":"2018-05-30 08:41:36","post_content_filtered":"","post_parent":0,"guid":"http:\/\/www.filharmonikusok.hu\/?post_type=muvek&#038;p=106120","menu_order":0,"post_type":"muvek","post_mime_type":"","comment_count":"0","filter":"raw","szerzo":["Sibelius"]}],"muvek_feluldefinialasa":false,"muvekrol_reszletesen":null,"is_muvekrol_reszletesen_en":false,"kozr_szemelyek":[{"ID":86108,"post_author":"1","post_date":"2016-10-18 14:46:18","post_date_gmt":"2016-10-18 14:46:18","post_content":"P\u00e9csett sz\u00fcletett, 1985-ben. A Liszt Ferenc Zenem\u0171v\u00e9szeti Egyetemen Mez\u0151 L\u00e1szl\u00f3, a b\u00e9csi Zeneakad\u00e9mi\u00e1n Reinhard Latzko n\u00f6vend\u00e9ke volt. 2010 \u0151sz\u00e9t\u0151l N\u00e9metorsz\u00e1gban, a Kronberg Akad\u00e9mi\u00e1n Frans Helmerson n\u00f6vend\u00e9kek\u00e9nt folytatta tanulm\u00e1nyait, 2013-t\u00f3l a vil\u00e1gh\u00edr\u0171 int\u00e9zm\u00e9nyoktat\u00f3ja. Mesterkurzusok keret\u00e9ben olyan m\u0171v\u00e9szekt\u0151l tanulhatott, mint Natalia Gutman, Natalia Shakhovskaja, Schiff Andr\u00e1s \u00e9s Starker J\u00e1nos. T\u00f6bb nemzetk\u00f6zi verseny d\u00edjazottja-nyertese. 2008-ban 1. d\u00edjat nyert a Genfi Nemzetk\u00f6zi Zenei Versenyen, valamint \u00f6v\u00e9 lett a k\u00f6z\u00f6ns\u00e9gd\u00edj, a Coup de Coeur Breguet-d\u00edj \u00e9s a Pierre Fournier-d\u00edj is. Moszkv\u00e1ban 2007-ben 3. d\u00edjat nyert a XIII. Nemzetk\u00f6zi Csajkovszkij Versenyen. 2006-ban Berlinben az Emanuel Feuermann Gordonkaversenyen a Kronberg Akad\u00e9mia k\u00fcl\u00f6nd\u00edj\u00e1t kapta, illetve els\u0151 lett az Ausztri\u00e1ban rendezett XIII. Nemzetk\u00f6zi Brahms Versenyen. A verseny t\u00f6rt\u00e9net\u00e9ben p\u00e1ratlan m\u00f3don h\u00e1romszor nyerte meg a Popper D\u00e1vid Nemzetk\u00f6zi Zenei Versenyt. 2014-ben megnyerte az ARD Nemzetk\u00f6zi Csell\u00f3verseny\u00e9t M\u00fcnchenben.\r\nFell\u00e9pett New Yorkban, Londonban, P\u00e1rizsban, Pr\u00e1g\u00e1ban, B\u00e9csben, Frankfurtban, M\u00fcnchenben, Genfben, Berlinben, H\u00e1g\u00e1ban, Moszkv\u00e1ban, Szentp\u00e9terv\u00e1rott, Firenz\u00e9ben, Taipeiben, Toki\u00f3ban \u00e9s Pekingben. 2010-ben deb\u00fct\u00e1lt t\u00f6bbek k\u00f6z\u00f6tt a b\u00e9csi Konzerthausban \u00e9s a New York-i Carnegie Hallban. Olyan kiv\u00e1l\u00f3 muzsikusokkal \u00e9s zenekarokkal j\u00e1tszott egy\u00fctt, mint Mihail Pletnyov, Fischer \u00c1d\u00e1m, Kocsis Zolt\u00e1n, Gidon Kremer, Tabea Zimmermann, Gilbert Varga, Per\u00e9nyi Mikl\u00f3s, Nelson Goerner, Tak\u00e1cs-Nagy G\u00e1bor, Frankl P\u00e9ter, Schiff Andr\u00e1s, a Szentp\u00e9terv\u00e1ri Szimfonikus Zenekar, a Genfi Kamarazenekar, a Marinsky Sz\u00ednh\u00e1z Zenekara, az Orosz Nemzeti Zenekar, a Manchester Camerata, a Liszt Ferenc Kamarazenekar, a Bajor R\u00e1di\u00f3 Szimfonikus Zenekara, a Suisse Romande Zenekar. Fell\u00e9pett a Santanderi Fesztiv\u00e1lon, a sv\u00e1jci Bellerive \u00e9s Verbier fesztiv\u00e1lokon, a Schleswig Holsteini Fesztiv\u00e1lon, a Schwetzingeni Fesztiv\u00e1lon, a Budapesti Tavaszi Fesztiv\u00e1lon, a szentp\u00e9terv\u00e1ri Gergiev Fesztiv\u00e1lon, a spanyolorsz\u00e1gi Pablo Casals Fesztiv\u00e1lon \u00e9s a Francia R\u00e1di\u00f3 Fesztiv\u00e1lj\u00e1n Montpellierben. 2009-ben Junior Prima-d\u00edjat, 2015-ben Liszt-d\u00edjat kapott. 2012-ben elnyerte a vil\u00e1g leg\u00edg\u00e9retesebb fiatal zen\u00e9sz\u00e9nek oda\u00edt\u00e9lt Prix Montblanc-t. 2009-ben jelent meg els\u0151 lemeze az Ysa\u00ffe Records gondoz\u00e1s\u00e1ban, ezen Elgar csell\u00f3versenye, Prokofjev \u00e9s Jan\u00e1\u010dek egy-egy kompoz\u00edci\u00f3ja hallhat\u00f3.\r\n2010-ben Vanhal csell\u00f3verseny\u00e9t j\u00e1tszotta lemezre a Camerata Schweiz k\u00f6zrem\u0171k\u00f6d\u00e9s\u00e9vel. 2013- ban a Hansler kiad\u00f3n\u00e1l megjelent lemez\u00e9n Martinu, Popper, Beethoven, Paganini, Rossini \u00e9s\r\nMendelssohn vari\u00e1ci\u00f3s darabjaib\u00f3l j\u00e1tszik. 2014-ben megjelent CD-j\u00e9n a Pannon Filharmonikusok k\u00eds\u00e9ret\u00e9ben Csajkovszkij m\u0171veket sz\u00f3laltat meg. 2015-ben Singing Cello c\u00edmmel a Hungarotonn\u00e1l\r\njelent meg CD-je.\r\n2015-t\u0151l a p\u00e9csi Zsolnay K\u00f6zpont rezidens m\u0171v\u00e9sze \u00e9s \u2013 Bar\u00e1ti Krist\u00f3ffal egy\u00fctt \u2013 a Kaposfest Nemzetk\u00f6zi Kamarazenei Fesztiv\u00e1l m\u0171v\u00e9szeti vezet\u0151je. 2016 \u00f3ta egy Stradivari hangszeren j\u00e1tszik, amelyet egy n\u00e9met mec\u00e9n\u00e1s v\u00e1s\u00e1rolt meg r\u00e9sz\u00e9re az amerikai tulajdonos\u00e1t\u00f3l.","post_title":"{:hu}V\u00e1rdai Istv\u00e1n{:}{:en}Istv\u00e1n V\u00e1rdai{:}","post_excerpt":"","post_status":"publish","comment_status":"closed","ping_status":"closed","post_password":"","post_name":"vardai-istvan","to_ping":"","pinged":"","post_modified":"2017-02-14 15:59:31","post_modified_gmt":"2017-02-14 15:59:31","post_content_filtered":"","post_parent":0,"guid":"http:\/\/www.filharmonikusok.hu\/?post_type=artists&#038;p=86108","menu_order":0,"post_type":"artists","post_mime_type":"","comment_count":"0","filter":"raw","hangszer":"{:hu}csell\u00f3{:}{:en}cello{:}"}],"muveszekrol_reszletesen":null,"is_muveszekrol_reszletesen_en":false,"kozr_szemelyek_feluldefinialasa":"","kozr_intezmenyek":[{"ID":103834,"post_author":"1","post_date":"2017-10-05 12:07:03","post_date_gmt":"2017-10-05 12:07:03","post_content":"{:hu}Az \u00e9nekkar Magyarorsz\u00e1g egyik vezet\u0151 hivat\u00e1sos k\u00f3rusa, amelynek profilja a zenekar-k\u00eds\u00e9retes kompoz\u00edci\u00f3k, orat\u00f3riumok, valamint a cappella m\u0171vek el\u0151ad\u00e1sa. Reperto\u00e1rja ennek megfelel\u0151en rendk\u00edv\u00fcl gazdag, a kora barokk Sch\u00fctz alkot\u00e1sait\u00f3l Bach, a b\u00e9csi klasszikusok \u00e9s a 19. sz\u00e1zad zeneszerz\u0151inek kompoz\u00edci\u00f3in kereszt\u00fcl a 20. sz\u00e1zad \u00e9s a kort\u00e1rs zen\u00e9ig minden ir\u00e1nyba nyitott, m\u0171faji hat\u00e1rok n\u00e9lk\u00fcl, de a ritk\u00e1n m\u0171sorra ker\u00fcl\u0151 alkot\u00e1sok megsz\u00f3laltat\u00e1s\u00e1ban is elk\u00f6telezett. A reperto\u00e1rj\u00e1n hangs\u00falyosan jelen lev\u0151 19. sz\u00e1zadi orat\u00f3riumok mellett az egy\u00fcttes kiemelt fontoss\u00e1got tulajdon\u00edt a kort\u00e1rs m\u0171vek el\u0151ad\u00e1s\u00e1nak, sz\u00e1mos m\u0171 \u0151sbemutat\u00f3ja, illetve magyarorsz\u00e1gi bemutat\u00f3ja f\u0171z\u0151dik a nev\u00e9hez. A k\u00f3rus visszat\u00e9r\u0151 k\u00f6zrem\u0171k\u00f6d\u0151je a Nemzeti Filharmonikusok martonv\u00e1s\u00e1ri ny\u00e1ri Beethoven-sorozat\u00e1nak, kiemelked\u0151 szerepl\u0151je a zenekar csal\u00e1di matin\u00e9 koncertsorozat\u00e1nak, valamint a Kocsis Zolt\u00e1n m\u0171v\u00e9szeti vezet\u00e9s\u00e9vel 2006 \u00f3ta fel\u00e9p\u00fcl\u0151 Bart\u00f3k \u00daj Sorozatnak. A Nemzeti Filharmonikusok Richard Strauss oper\u00e1it bemutat\u00f3 nagy siker\u0171 sz\u00e9ri\u00e1j\u00e1ban \u00e9s Schoenberg M\u00f3zes \u00e9s \u00c1ron c\u00edm\u0171 oper\u00e1j\u00e1ban, az \u00e9nekkar mellett t\u00f6bb tagja sz\u00f3listak\u00e9nt is fell\u00e9pett. Az \u00e9nekkar a hazai koncertek mellett nemzetk\u00f6zi felk\u00e9r\u00e9seknek is eleget tesz, rendszeresen koncertezik a magyarok \u00e1ltal is lakott hat\u00e1ront\u00fali telep\u00fcl\u00e9seken. A Nemzeti \u00c9nekkar a M\u00fcp\u00e1ban megrendezett nagyszab\u00e1s\u00fa Wagner-napok rendszeresen megh\u00edvott k\u00f6zrem\u0171k\u00f6d\u0151je.{:}{:en}The first great era in the ensemble\u2019s history began in 1990, when the founding choirmaster\u2019s death led to M\u00e1tyas Antal taking up the post, which he held until 31 March 2016. Over the course of that more than a quarter of a century, the ensemble became Hungary\u2019s leading professional choir, known for its performances of vocal compositions accompanied by orchestra, oratorios and a cappella works.\r\n\r\nAccordingly, its repertoire is extremely rich and open in every direction, encompassing the early Baroque composer Heinrich Sch\u00fctz, Bach, the Viennese Classical School, and the composers of the 19th and 20th centuries and of today, without prejudice to genre.\r\n\r\nCsaba Somos has served as the ensemble\u2019s artistic director since 1 January 2016.\r\n\r\nIn addition to performing concerts in Hungary, the ensemble regularly accepts invitations to appear abroad, having sung in numerous nations in Europe, as well as in Israel and Japan. They also regularly visit communities with ethnic Hungarian populations in the countries that neighbour Hungary.\r\n\r\nThe Hungarian National Choir places great emphasis on performing contemporary works, along with the 19th-century oratorios that are so prominent in their repertoire. They have been credited with numerous world and Hungarian premi\u00e8res, including those of Zolt\u00e1n Jeney\u2019s oratorio Funeral Rite and Gy\u00f6rgy Kurt\u00e1g\u2019s composition Songs of Despair and Sorrow \u2013 the latter of which is considered by many to be one of the most difficult pieces in the choral literature. However, their repertoire also extends to works by Tam\u00e1s Beischer-Maty\u00f3, Zsolt Durk\u00f3, Kamill\u00f3 Lendvay, Gy\u00f6rgy Ligeti, Gy\u00f6rgy Orb\u00e1n, Emil Petrovics, J\u00f3zsef Soproni, S\u00e1ndor Szokolay, P\u00e9ter T\u00f3th and J\u00e1nos Vajda. In conjunction with this, the ensemble have also sung on recordings of works by several contemporary composers, such as Lajos Husz\u00e1r, Mikl\u00f3s Csemiczky, Attila Bozay, L\u00e1szl\u00f3 Kir\u00e1ly, M\u00e1t\u00e9 Holl\u00f3s and J\u00f3zsef S\u00e1ri.\r\n\r\nThe choir regularly collaborates on the Hungarian National Philharmonic\u2019s summer Beethoven series in Martonv\u00e1s\u00e1r and plays a prominent role in the orchestra\u2019s family matinee concert series, as well as in the Bart\u00f3k New Series that first began development in 2006 under the artistic leadership of Zolt\u00e1n Kocsis. \u00a0The Hungarian National Choir is also a reliable partner to the Hungarian National Philharmonic Orchestra in its artistic efforts to bring works that are undeservedly absent from the established repertoire to the audience. This category includes compositions by Britten, Debussy, Enescu, Jan\u00e1\u010dek and Ravel. Not only did the choir serve as the chorus in the Hungarian National Philharmonic\u2019s highly acclaimed series of productions of the operas of Richard Strauss, several of its members also took the stage as soloists. Another of the choir\u2019s notable accomplishments of recent years was its participation in the production of Schoenberg\u2019s\u00a0<em>Moses und Aron<\/em>\u00a0that was conducted by Kocsis, who also completed the score. In addition to performing the traditional oratorio repertoire, they have also sung in such important but rarely heard works as the immense choral symphonies of Mahler, Bruckner\u2019s\u00a0<em>Te Deum\u00a0<\/em>and Liszt\u2019s<em>\u00a0Christus\u00a0<\/em>oratorio and\u00a0<em>The Legend of St. Elizabeth<\/em>. The Hungarian National Choir is also regularly invited to participate in the massive Budapest Wagner Days festival that is organised at M\u00fcpa Budapest each year.\r\n\r\nOver the past 30 years, the choir has worked with such excellent conductors as Antal Dor\u00e1ti, P\u00e9ter E\u00f6tv\u00f6s, \u00c1d\u00e1m Fischer, Lionel Friend, J\u00e1nos F\u00fcrst, Lamberto Gardelli, Zsolt Hamar, Sebastian Weigle, J\u00e1nos Kov\u00e1cs, Gy\u00f6rgy Lehel, Andr\u00e1s Ligeti, Ervin Luk\u00e1cs, Ken-Ichiro Kobayashi, Bertrand de Billy, Rico Saccani, Yuri Simonov, Carlo Montanaro, Krzysztof Penderecki, Tam\u00e1s V\u00e1s\u00e1ry and Zolt\u00e1n Kocsis.{:}","post_title":"{:hu}Nemzeti \u00c9nekkar (karigazgat\u00f3: Somos Csaba){:}{:en}Hungarian National Choir (choir master: Csaba Somos){:}","post_excerpt":"","post_status":"publish","comment_status":"closed","ping_status":"closed","post_password":"","post_name":"nemzeti-enekkar-karigazgato-somos-csaba-2","to_ping":"","pinged":"","post_modified":"2020-07-22 09:57:07","post_modified_gmt":"2020-07-22 09:57:07","post_content_filtered":"","post_parent":0,"guid":"http:\/\/www.filharmonikusok.hu\/?post_type=institutions&#038;p=103834","menu_order":0,"post_type":"institutions","post_mime_type":"","comment_count":"0","filter":"raw"},{"ID":87472,"post_author":"1","post_date":"2016-09-08 07:58:44","post_date_gmt":"2016-09-08 07:58:44","post_content":"{:hu}<img class=\"size-medium wp-image-115524 alignnone\" src=\"https:\/\/www.filharmonikusok.hu\/wp-content\/uploads\/2016\/09\/MNF_Mupa_Evad-egyuttese_2019_20_foto_Csibi-Szilvia10-555x555-1-300x300.jpg\" alt=\"\" width=\"300\" height=\"300\" \/>\r\n\r\nA Nemzeti Filharmonikus Zenekar Magyarorsz\u00e1g egyik vezet\u0151 szimfonikus zenekara t\u00f6bb mint kilencven \u00e9ve. Ferencsik J\u00e1nos, Kobayashi Ken-Ichiro ut\u00e1n 1997-ben Kocsis Zolt\u00e1n f\u0151zeneigazgat\u00f3 ir\u00e1ny\u00edt\u00e1sa alatt a zenekar meg\u00fajult, a nemzeti szimfonikus egy\u00fctteshez m\u00e9lt\u00f3 sokoldal\u00fas\u00e1ggal nemcsak a klasszikus m\u0171veket, hanem ezek mellett a megszokott reperto\u00e1rr\u00f3l hi\u00e1nyz\u00f3 fontos alkot\u00e1sokat is megsz\u00f3laltatott, tov\u00e1bb\u00e1 a k\u00f6zelm\u00falt \u00e9s napjaink magyar zen\u00e9j\u00e9t is megismerteti k\u00f6z\u00f6ns\u00e9g\u00e9vel, valamint n\u00e9pszer\u0171ek kamarazenei \u00e9s ifj\u00fas\u00e1gi sorozatai is. \u00a02017 m\u00e1rcius\u00e1t\u00f3l 2020 augusztus\u00e1ig a a zenekarn\u00e1l kor\u00e1bban \u00e9veken \u00e1t els\u0151 \u00e1lland\u00f3 karmesterk\u00e9nt k\u00f6zrem\u0171k\u00f6d\u0151, komoly nemzetk\u00f6zi karriert maga m\u00f6g\u00f6tt tudhat\u00f3, Liszt Ferenc-d\u00edjas Hamar Zsolt t\u00f6lt\u00f6tte be a Nemzeti Filharmonikusok zeneigazgat\u00f3i posztj\u00e1t.\r\n\r\nAz egy\u00fcttes reperto\u00e1rj\u00e1n hangs\u00falyosan szerepel a Bart\u00f3k-\u00e9letm\u0171; m\u00e9rt\u00e9kad\u00f3 interpret\u00e1ci\u00f3i 2006 \u00f3ta a Bart\u00f3k \u00daj Sorozatban jelennek meg, de sz\u00ednfoltot k\u00e9pviselnek reperto\u00e1rj\u00e1n Kocsis Zolt\u00e1n Debussy, Rachmaninov, Bart\u00f3k m\u0171veib\u0151l k\u00e9sz\u00edtett \u00e1tiratai is. Hangversenyb\u00e9rleti el\u0151ad\u00e1sain vil\u00e1gh\u00edr\u0171 vend\u00e9gm\u0171v\u00e9szek \u00e9s vend\u00e9gkarmesterek l\u00e9pnek fel, valamint feladat\u00e1nak tekinti a kiemelked\u0151 p\u00e1lyakezd\u0151 magyar muzsikusok megh\u00edv\u00e1s\u00e1t is. Olyan neves helysz\u00edneken \u00e9s fesztiv\u00e1lokon l\u00e9pett fel az ut\u00f3bbi \u00e9vtizedekben, mint a New York-i Avery Fisher Hall, a toki\u00f3i Suntory Hall, a birminghami Symphony Hall, az ath\u00e9ni Megaron, a br\u00fcsszeli Bozar K\u00f6zpont, a bukaresti Enescu Fesztiv\u00e1l, a Colmari \u00e9s a Kan\u00e1ri-szigeteki Fesztiv\u00e1l. Az elm\u00falt 15 \u00e9vben mintegy 40 orsz\u00e1gban t\u00f6bb mint 330 k\u00fclf\u00f6ldi turn\u00e9koncertet adott.{:}{:en}<img class=\"size-medium wp-image-115524 alignnone\" src=\"https:\/\/www.filharmonikusok.hu\/wp-content\/uploads\/2016\/09\/MNF_Mupa_Evad-egyuttese_2019_20_foto_Csibi-Szilvia10-555x555-1-300x300.jpg\" alt=\"\" width=\"300\" height=\"300\" \/>\r\nThe Hungarian National Philharmonic Orchestra has been one of Hungary\u2019s leading symphony orchestras for over ninety years. The era marked by the name of J\u00e1nos Ferencsik and Kobayashi Ken-Ichiro was followed by a new chapter in the history of the orchestra when in 1997 Zolt\u00e1n Kocsis became general music director until his death. In almost two decades the National Philharmonic Orchestra underwent renewal. After the death of Zolt\u00e1n Kocsis, the Ferenc Liszt Award-winning Zsolt Hamar held the post of Musical Director at the Hungarian National Philharmonic from March 2017 to August 2020. He previously worked with the orchestra as its first permanent conductor and built up an impressive international career.\r\n\r\nThe Orchestra is one of the top interpreters of the work of B\u00e9la Bart\u00f3k, and the albums of the <em>Bart\u00f3k New Series<\/em> have won numerous accolades in Hungary and abroad. The orchestra perform not only classics but also numerous other important works previously missing from the repertoire, many of which require a large orchestral apparatus. It attaches great importance to introducing contemporary Hungarian works to the audiences. It has given many popular chamber music concerts and hosted events for young people.\r\n\r\nThe orchestra\u2019s concerts have featured world-famous soloists and conductors. It supports young musicians recently embarked on an international career. In recent decades, the National Philharmonic Orchestra has appeared in the greatest venues and festivals around the world, including the Avery Fisher Hall in New York, the Suntory Hall in Tokyo, the Birmingham Symphony Hall, the Megaron in Athens, Bozar Centre in Brussels, the Enescu Festival in Bucharest, the Beethoven Festival in Bogot\u00e1, as well as the Colmar and Canary Island Festivals. In the past two decades, the National Philharmonic Orchestra has given more than 330 concerts in some 40 countries.\r\n\r\n&nbsp;\r\n\r\n&nbsp;\r\n\r\n&nbsp;{:}","post_title":"{:hu}Nemzeti Filharmonikus Zenekar{:}{:en}Hungarian National Philharmonic Orchestra{:}","post_excerpt":"","post_status":"publish","comment_status":"closed","ping_status":"closed","post_password":"","post_name":"nemzeti-filharmonikus-zenekar","to_ping":"","pinged":"","post_modified":"2020-08-10 08:27:54","post_modified_gmt":"2020-08-10 08:27:54","post_content_filtered":"","post_parent":0,"guid":"http:\/\/www.filharmonikusok.hu\/institutions\/nemzeti-filharmonikus-zenekar\/","menu_order":0,"post_type":"institutions","post_mime_type":"","comment_count":"0","filter":"raw"}],"gombtipus":"jegy","jegyarak":"6.000 Ft - 4.500 Ft - 3.000 Ft","jegyvasarlas_gomb":"https:\/\/nfz.jegy.hu\/program\/ferencsik-berlet-7-vezenyel-hannu-lintu-90107\/421660?event_disabler=274","elkeltek_a_jegyek":false,"youtube_id":"","old_id":""},"publishpress_future_workflow_manual_trigger":{"enabledWorkflows":[]},"_links":{"self":[{"href":"https:\/\/www.filharmonikusok.hu\/en\/wp-json\/wp\/v2\/concerts\/106124","targetHints":{"allow":["GET"]}}],"collection":[{"href":"https:\/\/www.filharmonikusok.hu\/en\/wp-json\/wp\/v2\/concerts"}],"about":[{"href":"https:\/\/www.filharmonikusok.hu\/en\/wp-json\/wp\/v2\/types\/concerts"}],"wp:attachment":[{"href":"https:\/\/www.filharmonikusok.hu\/en\/wp-json\/wp\/v2\/media?parent=106124"}],"curies":[{"name":"wp","href":"https:\/\/api.w.org\/{rel}","templated":true}]}}