{"id":106083,"date":"2018-03-27T09:47:44","date_gmt":"2018-03-27T09:47:44","guid":{"rendered":"http:\/\/www.filharmonikusok.hu\/?post_type=concerts&#038;p=106083"},"modified":"2019-09-19T14:52:34","modified_gmt":"2019-09-19T14:52:34","slug":"zenemania-avagy-minden-ami-zene-2","status":"publish","type":"concerts","link":"https:\/\/www.filharmonikusok.hu\/en\/koncertek\/zenemania-avagy-minden-ami-zene-2\/","title":{"rendered":"Musicmania \u2013 or, everything MUSIC"},"content":{"rendered":"<p>Az 1888-ban kompon\u00e1lt V. szimf\u00f3nia a zeneszerz\u0151 utols\u00f3 alkot\u00f3peri\u00f3dus\u00e1ban keletkezett. Csajkovszkij (1840\u20131893) eset\u00e9ben ez az alkot\u00f3peri\u00f3dus az \u00f6sszegz\u00e9s, az \u00f6sszefoglal\u00e1s gondolat\u00e1val \u00e9s ig\u00e9ny\u00e9vel kapcsol\u00f3dik \u00f6ssze.<\/p>\n<p>A m\u0171 \u201esors szimf\u00f3nia\u201d, nyit\u00f3t\u00e9m\u00e1j\u00e1nak kopog\u00e1sa \u2013 Csajkovszkij szavaival \u00e9lve \u2013 \u201eteljes meghajl\u00e1s a sors, illetve a v\u00e9gzet kif\u00fcrk\u00e9szhetetlen parancsa el\u0151tt.\u201d Ez a t\u00e9ma (els\u0151 \u00edzben a klarin\u00e9t sz\u00f3laltatja meg) mott\u00f3szer\u0171en minden t\u00e9telben visszat\u00e9r. Minden t\u00e9tel \u00f6n\u00e1ll\u00f3, saj\u00e1t zenei gondolatb\u00f3l \u00e9p\u00edtkezik, a \u201esors-t\u00e9ma\u201d id\u00e9zetszer\u0171 haszn\u00e1lata ink\u00e1bb a kompoz\u00edci\u00f3 epikus jelleg\u00e9nek meger\u0151s\u00edt\u00e9s\u00e9t szolg\u00e1lja.<\/p>\n<p>A szon\u00e1taform\u00e1j\u00fa els\u0151 t\u00e9tel mozgalmass\u00e1ga, tematikus sokf\u00e9les\u00e9ge, karaktergazdags\u00e1ga nem kiz\u00e1r\u00f3lag a sors el\u0151tti \u201eteljes meghajl\u00e1s\u201d narrat\u00edv\u00e1j\u00e1t hordozza. A lass\u00fa t\u00e9tel gy\u00f6ny\u00f6r\u0171 t\u00e9m\u00e1j\u00e1t a k\u00fcrt csend\u00edti meg. A t\u00e9tel dr\u00e1mai cs\u00facspontj\u00e1n, melyet temp\u00f3v\u00e1lt\u00e1s \u00e9s h\u00e1romszoros forte dinamika jelez, \u00fcstdobperg\u00e9s k\u00f6zepette a f\u00fav\u00f3skaron jelentkezik a \u201esors-t\u00e9ma\u201d.<\/p>\n<p>A fin\u00e1l\u00e9 el\u0151k\u00e9sz\u00edt\u00e9sek\u00e9nt hat, ahogy a harmadik t\u00e9tel eleg\u00e1ns kering\u0151je szinte \u00e9szrev\u00e9tlen\u00fcl cs\u00faszik \u00e1t a der\u0171s hangulatb\u00f3l valami bizonytalan, megfoghatatlan balsejtelembe: a \u201esors-t\u00e9ma\u201d augment\u00e1lt (hosszabb ritmus\u00e9rt\u00e9kekben mozg\u00f3) alakban s\u00f6t\u00e9t \u00e1rnyk\u00e9nt jelenik meg a t\u00e9tel v\u00e9g\u00e9n. A final\u00e9 andante bevezet\u00e9se egy\u00e9rtelm\u0171 visszautal\u00e1s a nyit\u00f3t\u00e9tel kezdet\u00e9re (ott mollban, itt d\u00farban indul), az Allegro vivace felirat\u00fa f\u0151r\u00e9sz a szimf\u00f3nia alaphangj\u00e1t diadalmasra hangolja \u00e1t. A n\u00e9pies orosz t\u00e1nc-epiz\u00f3d a IV. szimf\u00f3nia hasonl\u00f3 dramaturgiai pillanat\u00e1nak rokona: \u00e9letigenl\u00e9st, a k\u00f6z\u00f6ss\u00e9g erej\u00e9t fejezi ki. Csajkovszkij szavaival, \u201e\u00d6r\u00fclj m\u00e1sok \u00f6r\u00f6m\u00e9nek \u2013 tov\u00e1bb \u00e9lhetsz!\u201d<\/p>\n<p>&#8220;Sorozatunkkal abba a \u2013 hallgat\u00f3k \u00e1ltal sosem l\u00e1that\u00f3 \u2013 folyamatba pr\u00f3b\u00e1lunk betekint\u00e9st ny\u00fajtani, mi minden t\u00f6rt\u00e9nik, t\u00f6rt\u00e9nhet egy zeneszerz\u0151vel kompon\u00e1l\u00e1s k\u00f6zben.\u00a0 Hogyan v\u00e1lik t\u00f6bb ceruza pont \u00e9s vonal egy \u00e9let\u00fcnket v\u00e9gigk\u00eds\u00e9r\u0151 dallamm\u00e1, zenem\u0171v\u00e9. Kutakodunk a hangszerel\u00e9s leny\u0171g\u00f6z\u0151 \u00e9s mindenn\u00e9l soksz\u00edn\u0171bb vil\u00e1g\u00e1ban, a hangszerkezel\u00e9s \u00e9s hangsz\u00edn kever\u00e9s ut\u00e1nozhatatlan tudom\u00e1ny\u00e1ban. Megkeress\u00fck, mit\u0151l v\u00e1lhat \u00e9l\u0151v\u00e9 egy dallam \u00e9s a k\u00eds\u00e9ret mik\u00e9nt lesz t\u0171n\u00e9l is pontosabb ir\u00e1nymutat\u00f3ja az \u00e9rz\u00e9seknek \u00e9s form\u00e1knak. Mindezt r\u00e1\u00e9r\u0151sen, cseppet sem siettetve a zene benn\u00fcnk val\u00f3 megsz\u00fclet\u00e9s\u00e9t.\u201d (Diny\u00e9s D\u00e1niel)<\/p>\n","protected":false},"template":"","class_list":["post-106083","concerts","type-concerts","status-publish","hentry"],"translation":{"provider":"WPGlobus","version":"3.0.2","language":"en","enabled_languages":["hu","en"],"languages":{"hu":{"title":true,"content":true,"excerpt":false},"en":{"title":true,"content":false,"excerpt":false}}},"acf":{"alcim":"Musicmania 3","kiemelt_kep":{"ID":105801,"id":105801,"title":"zenemania-esemeny","filename":"zenemania-esemeny.png","filesize":1581164,"url":"https:\/\/www.filharmonikusok.hu\/wp-content\/uploads\/2018\/03\/zenemania-esemeny.png","link":"https:\/\/www.filharmonikusok.hu\/en\/koncertek\/zenemania-avagy-minden-ami-zene-6\/zenemania-esemeny\/","alt":"","author":"1","description":"","caption":"","name":"zenemania-esemeny","status":"inherit","uploaded_to":105791,"date":"2018-03-23 15:51:01","modified":"2018-03-26 21:42:05","menu_order":0,"mime_type":"image\/png","type":"image","subtype":"png","icon":"https:\/\/www.filharmonikusok.hu\/wp-includes\/images\/media\/default.png","width":1920,"height":560,"sizes":{"thumbnail":"https:\/\/www.filharmonikusok.hu\/wp-content\/uploads\/2018\/03\/zenemania-esemeny-150x150.png","thumbnail-width":150,"thumbnail-height":150,"medium":"https:\/\/www.filharmonikusok.hu\/wp-content\/uploads\/2018\/03\/zenemania-esemeny-300x88.png","medium-width":300,"medium-height":88,"medium_large":"https:\/\/www.filharmonikusok.hu\/wp-content\/uploads\/2018\/03\/zenemania-esemeny-768x224.png","medium_large-width":640,"medium_large-height":187,"large":"https:\/\/www.filharmonikusok.hu\/wp-content\/uploads\/2018\/03\/zenemania-esemeny-1024x299.png","large-width":640,"large-height":187,"1536x1536":"https:\/\/www.filharmonikusok.hu\/wp-content\/uploads\/2018\/03\/zenemania-esemeny.png","1536x1536-width":1536,"1536x1536-height":448,"2048x2048":"https:\/\/www.filharmonikusok.hu\/wp-content\/uploads\/2018\/03\/zenemania-esemeny.png","2048x2048-width":1920,"2048x2048-height":560,"person-size":"https:\/\/www.filharmonikusok.hu\/wp-content\/uploads\/2018\/03\/zenemania-esemeny-165x165.png","person-size-width":165,"person-size-height":165,"person-size-2":"https:\/\/www.filharmonikusok.hu\/wp-content\/uploads\/2018\/03\/zenemania-esemeny.png","person-size-2-width":165,"person-size-2-height":48,"album-size":"https:\/\/www.filharmonikusok.hu\/wp-content\/uploads\/2018\/03\/zenemania-esemeny-263x263.png","album-size-width":263,"album-size-height":263,"news-lead-size":"https:\/\/www.filharmonikusok.hu\/wp-content\/uploads\/2018\/03\/zenemania-esemeny-360x203.png","news-lead-size-width":360,"news-lead-size-height":203,"director-index-size":"https:\/\/www.filharmonikusok.hu\/wp-content\/uploads\/2018\/03\/zenemania-esemeny-359x450.png","director-index-size-width":359,"director-index-size-height":450,"person-lead-size":"https:\/\/www.filharmonikusok.hu\/wp-content\/uploads\/2018\/03\/zenemania-esemeny-555x555.png","person-lead-size-width":555,"person-lead-size-height":555,"slider-size":"https:\/\/www.filharmonikusok.hu\/wp-content\/uploads\/2018\/03\/zenemania-esemeny-1600x560.png","slider-size-width":1600,"slider-size-height":560}},"kiemelt_kep_en":null,"megjegyzes":"","esemeny_datum":"20190324","esemeny_idopontja":"11 am","sajat_program":true,"esemeny_tipusa":["koncertek","ismeretterjeszto"],"esemeny_helyszine":{"ID":87690,"post_author":"1","post_date":"2016-09-08 08:02:38","post_date_gmt":"2016-09-08 08:02:38","post_content":"","post_title":"{:hu}M\u00fcpa - Fesztiv\u00e1l Sz\u00ednh\u00e1z{:}{:en}M\u00fcpa - Festival Theater{:}","post_excerpt":"","post_status":"publish","comment_status":"closed","ping_status":"closed","post_password":"","post_name":"mupa-fesztival-szinhaz","to_ping":"","pinged":"","post_modified":"2016-09-08 08:02:38","post_modified_gmt":"2016-09-08 08:02:38","post_content_filtered":"","post_parent":0,"guid":"http:\/\/www.filharmonikusok.hu\/places\/mupa-fesztival-szinhaz\/","menu_order":0,"post_type":"places","post_mime_type":"","comment_count":"0","filter":"raw","varos":"{:hu}Budapest{:}{:en}Budapest{:}","orszag":"{:hu}Magyarorsz\u00e1g{:}{:en}Hungary{:}","cim":"<p>1095 Budapest, Komor Marcell u. 1.<\/p>","megjegyzes":"","weboldal":"http:\/\/www.muveszetekpalotaja.hu"},"helyszin_kategoria":"budapest","karmester":{"ID":87342,"post_author":"1","post_date":"2016-10-12 07:38:39","post_date_gmt":"2016-10-12 07:38:39","post_content":"A Bart\u00f3k B\u00e9la Zenem\u0171v\u00e9szeti Szakk\u00f6z\u00e9piskola \u00e9s Gimn\u00e1ziumban zeneszerz\u00e9s szakon Fekete Gy\u0151r Istv\u00e1n tan\u00edtv\u00e1nya volt. Diplom\u00e1j\u00e1t 2006-ban a Liszt Ferenc Zenem\u0171v\u00e9szeti Egyetem zeneszerz\u00e9s szak\u00e1n szerezte Vidovszky L\u00e1szl\u00f3 ir\u00e1ny\u00edt\u00e1s\u00e1val. 2004-ben csereprogram keret\u00e9ben a New York-i Julliard Schoolban bemutatt\u00e1k <em>Septett<\/em> c\u00edm\u0171 kamaram\u0171v\u00e9t, amelynek magyarorsz\u00e1gi bemutat\u00f3j\u00e1ra m\u00e9g ez \u00e9vben a Budapesti \u0150szi Fesztiv\u00e1l keret\u00e9ben ker\u00fclt sor.\r\n1997-ben elnyerte a Robitsek P\u00e9ter Eml\u00e9kd\u00edjat, 1998-ban a MOL zenei \u00f6szt\u00f6nd\u00edj\u00e1t, 2007-ben a Kod\u00e1ly Zolt\u00e1n alkot\u00f3i \u00f6szt\u00f6nd\u00edjat. 2004-ben a Goriziai Nemzetk\u00f6zi K\u00f3rusversenyen a kort\u00e1rs egyh\u00e1zi k\u00e9tk\u00f3rusos kateg\u00f3ri\u00e1ban darabja els\u0151 helyez\u00e9st \u00e9r el.\r\n2000 \u00f3ta Dargay Marcellel rendszeresen fell\u00e9pnek 2 zongor\u00e1s kort\u00e1rs zenei programjukkal. <em>A Focus! 2007: The Magyar Legacy (Hungarian music after Bart\u00f3k)<\/em>\u00a0c\u00edm\u0171 New York-i koncertsorozaton programj\u00e1n szerepelt <em>Vita<\/em> c\u00edm\u0171 zenem\u0171ve. T\u00f6bb darabot \u00edrt a Budapesti Tavaszi, illetve \u0150szi Fesztiv\u00e1l megrendel\u00e9s\u00e9re, valamint sz\u00ednpadi k\u00eds\u00e9r\u0151zen\u00e9t B\u00fcchner <em>Leonce \u00e9s L\u00e9na<\/em> c\u00edm\u0171 dr\u00e1m\u00e1j\u00e1hoz Csat\u00f3 Kata b\u00e1brendez\u0151 (2007), valamint \u00d6d\u00f6n von Horv\u00e1th <em>Istentelen ifj\u00fas\u00e1g<\/em> c\u00edm\u0171 dr\u00e1m\u00e1j\u00e1hoz Vidovszky Gy\u00f6rgy rendez\u0151 (2008) felk\u00e9r\u00e9s\u00e9re.\r\nBetan\u00edt\u00f3 korrepetitork\u00e9nt k\u00f6zrem\u0171k\u00f6d\u00f6tt t\u00f6bb operaprodukci\u00f3ban.\u00a0 Sz\u00e1mos sz\u00ednh\u00e1zi produkci\u00f3 zenei vezet\u0151je volt a Nemzeti Sz\u00ednh\u00e1zban, a Th\u00e1lia Sz\u00ednh\u00e1zban, a Magyar \u00c1llami Operah\u00e1z operast\u00fadi\u00f3j\u00e1nak korrepetitora, a Sz\u00ednh\u00e1z \u00e9s Filmm\u0171v\u00e9szeti Egyetem, majd 2006-t\u00f3l a Liszt Ferenc Zenem\u0171v\u00e9szeti Egyetem \u00f3raad\u00f3 tan\u00e1ra. 2007 \u00f3ta a VI. ker\u00fcleti T\u00f3th Alad\u00e1r Zeneiskola zeneelm\u00e9let, zenet\u00f6rt\u00e9net \u00e9s zeneszerz\u00e9s el\u0151k\u00e9sz\u00edt\u0151 tan\u00e1ra.","post_title":"{:hu}Diny\u00e9s D\u00e1niel{:}{:en}D\u00e1niel Diny\u00e9s{:}","post_excerpt":"","post_status":"publish","comment_status":"closed","ping_status":"closed","post_password":"","post_name":"dinyes-daniel","to_ping":"","pinged":"","post_modified":"2020-10-02 09:12:04","post_modified_gmt":"2020-10-02 09:12:04","post_content_filtered":"","post_parent":0,"guid":"http:\/\/www.filharmonikusok.hu\/?post_type=artists&#038;p=87342","menu_order":0,"post_type":"artists","post_mime_type":"","comment_count":"0","filter":"raw"},"hazigazda":{"ID":87342,"post_author":"1","post_date":"2016-10-12 07:38:39","post_date_gmt":"2016-10-12 07:38:39","post_content":"A Bart\u00f3k B\u00e9la Zenem\u0171v\u00e9szeti Szakk\u00f6z\u00e9piskola \u00e9s Gimn\u00e1ziumban zeneszerz\u00e9s szakon Fekete Gy\u0151r Istv\u00e1n tan\u00edtv\u00e1nya volt. Diplom\u00e1j\u00e1t 2006-ban a Liszt Ferenc Zenem\u0171v\u00e9szeti Egyetem zeneszerz\u00e9s szak\u00e1n szerezte Vidovszky L\u00e1szl\u00f3 ir\u00e1ny\u00edt\u00e1s\u00e1val. 2004-ben csereprogram keret\u00e9ben a New York-i Julliard Schoolban bemutatt\u00e1k <em>Septett<\/em> c\u00edm\u0171 kamaram\u0171v\u00e9t, amelynek magyarorsz\u00e1gi bemutat\u00f3j\u00e1ra m\u00e9g ez \u00e9vben a Budapesti \u0150szi Fesztiv\u00e1l keret\u00e9ben ker\u00fclt sor.\r\n1997-ben elnyerte a Robitsek P\u00e9ter Eml\u00e9kd\u00edjat, 1998-ban a MOL zenei \u00f6szt\u00f6nd\u00edj\u00e1t, 2007-ben a Kod\u00e1ly Zolt\u00e1n alkot\u00f3i \u00f6szt\u00f6nd\u00edjat. 2004-ben a Goriziai Nemzetk\u00f6zi K\u00f3rusversenyen a kort\u00e1rs egyh\u00e1zi k\u00e9tk\u00f3rusos kateg\u00f3ri\u00e1ban darabja els\u0151 helyez\u00e9st \u00e9r el.\r\n2000 \u00f3ta Dargay Marcellel rendszeresen fell\u00e9pnek 2 zongor\u00e1s kort\u00e1rs zenei programjukkal. <em>A Focus! 2007: The Magyar Legacy (Hungarian music after Bart\u00f3k)<\/em>\u00a0c\u00edm\u0171 New York-i koncertsorozaton programj\u00e1n szerepelt <em>Vita<\/em> c\u00edm\u0171 zenem\u0171ve. T\u00f6bb darabot \u00edrt a Budapesti Tavaszi, illetve \u0150szi Fesztiv\u00e1l megrendel\u00e9s\u00e9re, valamint sz\u00ednpadi k\u00eds\u00e9r\u0151zen\u00e9t B\u00fcchner <em>Leonce \u00e9s L\u00e9na<\/em> c\u00edm\u0171 dr\u00e1m\u00e1j\u00e1hoz Csat\u00f3 Kata b\u00e1brendez\u0151 (2007), valamint \u00d6d\u00f6n von Horv\u00e1th <em>Istentelen ifj\u00fas\u00e1g<\/em> c\u00edm\u0171 dr\u00e1m\u00e1j\u00e1hoz Vidovszky Gy\u00f6rgy rendez\u0151 (2008) felk\u00e9r\u00e9s\u00e9re.\r\nBetan\u00edt\u00f3 korrepetitork\u00e9nt k\u00f6zrem\u0171k\u00f6d\u00f6tt t\u00f6bb operaprodukci\u00f3ban.\u00a0 Sz\u00e1mos sz\u00ednh\u00e1zi produkci\u00f3 zenei vezet\u0151je volt a Nemzeti Sz\u00ednh\u00e1zban, a Th\u00e1lia Sz\u00ednh\u00e1zban, a Magyar \u00c1llami Operah\u00e1z operast\u00fadi\u00f3j\u00e1nak korrepetitora, a Sz\u00ednh\u00e1z \u00e9s Filmm\u0171v\u00e9szeti Egyetem, majd 2006-t\u00f3l a Liszt Ferenc Zenem\u0171v\u00e9szeti Egyetem \u00f3raad\u00f3 tan\u00e1ra. 2007 \u00f3ta a VI. ker\u00fcleti T\u00f3th Alad\u00e1r Zeneiskola zeneelm\u00e9let, zenet\u00f6rt\u00e9net \u00e9s zeneszerz\u00e9s el\u0151k\u00e9sz\u00edt\u0151 tan\u00e1ra.","post_title":"{:hu}Diny\u00e9s D\u00e1niel{:}{:en}D\u00e1niel Diny\u00e9s{:}","post_excerpt":"","post_status":"publish","comment_status":"closed","ping_status":"closed","post_password":"","post_name":"dinyes-daniel","to_ping":"","pinged":"","post_modified":"2020-10-02 09:12:04","post_modified_gmt":"2020-10-02 09:12:04","post_content_filtered":"","post_parent":0,"guid":"http:\/\/www.filharmonikusok.hu\/?post_type=artists&#038;p=87342","menu_order":0,"post_type":"artists","post_mime_type":"","comment_count":"0","filter":"raw"},"muvek":[{"ID":91077,"post_author":"1","post_date":"2016-09-08 08:57:47","post_date_gmt":"2016-09-08 08:57:47","post_content":"{:hu}<p style=\"text-align: justify\">I. Andante - Allegro con anima II. Andante cantabile, con alcuna licenza III. Valse. Allegro moderato IV. Finale. Andante maestoso<\/p>\n<p style=\"text-align: justify\"><br>\n&nbsp;<\/p>\n<p style=\"text-align: justify\">Csajkovszkij hat szimf\u00f3ni\u00e1j\u00e1t akarva-akaratlan k\u00e9t h\u00e1rmas csoportra osztja a mai k\u00f6z\u00f6ns\u00e9g. Az els\u0151 h\u00e1rmat viszonylag ritk\u00e1n hallhatjuk, s t\u00f6bbnyire csak a zeneszerz\u0151 legh\u00edvebb rajong\u00f3i emlegetik \u0151ket - a m\u00e1sodik h\u00e1romt\u00f3l viszont, \u00e9pp ellenkez\u0151leg, m\u00e9g Csajkovszkij legelsz\u00e1ntabb b\u00edr\u00e1l\u00f3i sem szokt\u00e1k megtagadni, hogy &quot;ezekben az\u00e9rt van valami&quot;. Ezt a hat\u00e1rvonalat mintha a komponista \u00e9letrajza is al\u00e1t\u00e1masztan\u00e1. Az 1877-es esztend\u0151 ugyanis, amelynek v\u00e9g\u00e9re a IV. szimf\u00f3nia elk\u00e9sz\u00fclt, a zeneszerz\u0151 v\u00e9gleges mag\u00e1ra marad\u00e1s\u00e1nak ideje: Antonyina Miljukov\u00e1val k\u00f6t\u00f6tt h\u00e1zass\u00e1g\u00e1b\u00f3l alig h\u00e1rom h\u00e9t m\u00falt\u00e1val szinte elmenek\u00fcl, s legbens\u0151bb \u00e9rz\u00e9seit ezut\u00e1n m\u00e1r csak a legend\u00e1ss\u00e1 v\u00e1lt patr\u00f3nus-bar\u00e1tn\u00e9hoz, Nagyezsda von Meckhez \u00edrott leveleiben - \u00e9s persze m\u0171veiben - fogalmazza meg. \u00cdgy Nagyezsd\u00e1nak magyar\u00e1zza el a IV. szimf\u00f3nia rejtett programj\u00e1t is, mely szerint &quot;a szimf\u00f3nia magva a bevezet\u0151 gondolat, melyre azt\u00e1n az eg\u00e9sz m\u0171vet fel\u00e9p\u00edtettem. Ez a mot\u00edvum maga a Sors, a V\u00e9gzet, mely utunkban \u00e1ll, mid\u0151n a boldogs\u00e1got keress\u00fck.&quot; A k\u00e9t utols\u00f3 szimf\u00f3ni\u00e1ban azt\u00e1n mintha ugyanezt a dr\u00e1mai alapgondolatot vetn\u00e9 fel ism\u00e9t a komponista - az \u00d6t\u00f6dikben m\u00e9g rem\u00e9nyteli v\u00e9gkicseng\u00e9ssel, majd a &quot;Patetikus&quot; Hatodikban (imm\u00e1r a Meckn\u00e9vel val\u00f3 kapcsolat megszakad\u00e1sa ut\u00e1n, hal\u00e1la \u00e9v\u00e9ben) a h\u00edres z\u00e1r\u00f3 lass\u00fa t\u00e9tel s\u00f6t\u00e9tj\u00e9be veszve.<br>\n&nbsp;R\u00e9szben diadalmas befejez\u00e9se folyt\u00e1n is, az V. szimf\u00f3nia t\u00e9teleinek form\u00e1ja \u00e9s karaktere hagyom\u00e1nyosnak mondhat\u00f3. \u00cdgy - a beethoveni szimbolik\u00e1t k\u00f6vetve - a nyit\u00f3t\u00e9tel \u00e9les kontrasztjaiban a homo agens, a &quot;cselekv\u0151 ember&quot;, majd a lass\u00fa t\u00e9telben a homo meditans, az &quot;elm\u00e9lked\u0151&quot; vagy &quot;mereng\u0151 ember&quot; ide\u00e1lja jelenik meg el\u0151tt\u00fcnk. A harmadik t\u00e9tel j\u00e1t\u00e9kos kering\u0151je term\u00e9szetesen a homo ludens bemutat\u00e1sa, a felold\u00e1st pedig a mag\u00e1nyos egy\u00e9nnek a t\u00f6bbiek k\u00f6z\u00e9 vegy\u00fcl\u00e9se, homo communissz\u00e1 v\u00e1l\u00e1sa jelenti. E hagyom\u00e1nyos dramaturgia k\u00fcl\u00f6nb\u00f6z\u0151 st\u00e1ci\u00f3it azonban Csajkovszkij (a IV. szimf\u00f3ni\u00e1val kapcsolatban id\u00e9zett szavainak szellem\u00e9ben) jellegzetesen romantikus, Lisztt\u0151l tanult gesztussal egyetlen \u00edvv\u00e9 form\u00e1lja. \u00cdgy a m\u0171 kezdet\u00e9n lass\u00fa bevezet\u00e9sk\u00e9nt megsz\u00f3lalt mott\u00f3t\u00e9ma (melyet, alighanem Beethoven azonos sorsz\u00e1m\u00fa szimf\u00f3ni\u00e1j\u00e1t\u00f3l ihletve, &quot;sors-mot\u00edvumk\u00e9nt&quot; is szoktak emlegetni) k\u00e9s\u0151bb k\u00fcl\u00f6nf\u00e9le form\u00e1kban ism\u00e9t megjelenik: a m\u00e1sodik \u00e9s a harmadik t\u00e9telben amolyan memento mori funkci\u00f3ban, majd a fin\u00e1l\u00e9ban, imm\u00e1r d\u00far form\u00e1j\u00e1ban, a v\u00e9gs\u0151 diadal indul\u00f3jak\u00e9nt.<\/p>{:}{:en}<p>I. Andante - Allegro con anima II. Andante cantabile, con alcuna licenza III. Valse. Allegro moderato IV. Finale. Andante maestoso<\/p>\n<p><br>\n<br>\n&nbsp;<\/p>\n<p style=\"text-align: justify\">Audiences today tend to divide Tchaikovsky's six symphonies into two groups. The first three are rarely heard, and are mentioned by only the most devoted of the composer's admirers. The last three force grudging acknowledgement from even Tchaikovsky's most trenchant detractors. Tchaikovsky's life story supports this fault line. In 1877, the composer's marriage to Antonina Milyukova ended after only three weeks. Tchaikovsky was homosexual and his impulsive decision to marry a woman who can best be described as a nymphomaniac, was hardly the best solution for alleviating his inner loneliness. In a letter written to his legendary patron, Nadezhda von Meck, he expressed his inner feelings, and the concealed program locked into his Fourth Symphony, composed at the end of the year. &quot;The kernel of the symphony is the guiding thought, the one with which I built the entire work. This motif is Fate itself, Destiny, which stands in our path when we are searching for happiness.&quot; Tchaikovsky re-enacts this basic idea in his last two symphonies as well - in the Fifth with its hopeful resonance, and then in the 'Pathetique' (written after his relationship with von Meck was broken, in the year of his death), with its famous slow finale, leading into darkness.<br>\n&nbsp;Partly because of its triumphant conclusion, the form and character of the Fifth Symphony's movements can be described as traditional. Thus, following Beethovenian symbolism, the opening movement with its sharp contrasts is homo agens, the man of action. The slow movement is the ideal of the contemplative man homo meditans. The playful waltz of the third movement presents homo ludens, while the finale presents the conversion of the solitary individual into social group, homo communiss. Tchaikovsky shapes these different stations of traditional dramaturgy into a sweeping whole using gestures that he had learned from Liszt (and in the spirit of the words quoted in relation to the Fourth Symphony.) Thus the motto theme that is heard in the slow introduction at the beginning of the work (which is often refered to as the Fate moto, borrowed as a term from Beethoven's Fifth symphony), recurs in a variety of guises throughout the work: in the second and third movements, it fills a memento mori function, but in the finale, it appears in the major as a triumphant final march.<\/p>{:}","post_title":"{:hu}V. (e-moll) szimf\u00f3nia, op. 64{:}{:en}Symphony no. 5 in E minor, op. 64{:}","post_excerpt":"","post_status":"publish","comment_status":"closed","ping_status":"closed","post_password":"","post_name":"v-e-moll-szimfonia-op-64","to_ping":"","pinged":"","post_modified":"2016-09-08 08:57:47","post_modified_gmt":"2016-09-08 08:57:47","post_content_filtered":"","post_parent":0,"guid":"http:\/\/www.filharmonikusok.hu\/muvek\/v-e-moll-szimfonia-op-64\/","menu_order":0,"post_type":"muvek","post_mime_type":"","comment_count":"0","filter":"raw","szerzo":["Csajkovszkij"]}],"muvek_feluldefinialasa":false,"muvekrol_reszletesen":null,"is_muvekrol_reszletesen_en":false,"kozr_szemelyek":[],"muveszekrol_reszletesen":null,"is_muveszekrol_reszletesen_en":false,"kozr_szemelyek_feluldefinialasa":"","kozr_intezmenyek":[{"ID":87472,"post_author":"1","post_date":"2016-09-08 07:58:44","post_date_gmt":"2016-09-08 07:58:44","post_content":"{:hu}<img class=\"size-medium wp-image-115524 alignnone\" src=\"https:\/\/www.filharmonikusok.hu\/wp-content\/uploads\/2016\/09\/MNF_Mupa_Evad-egyuttese_2019_20_foto_Csibi-Szilvia10-555x555-1-300x300.jpg\" alt=\"\" width=\"300\" height=\"300\" \/>\r\n\r\nA Nemzeti Filharmonikus Zenekar Magyarorsz\u00e1g egyik vezet\u0151 szimfonikus zenekara t\u00f6bb mint kilencven \u00e9ve. Ferencsik J\u00e1nos, Kobayashi Ken-Ichiro ut\u00e1n 1997-ben Kocsis Zolt\u00e1n f\u0151zeneigazgat\u00f3 ir\u00e1ny\u00edt\u00e1sa alatt a zenekar meg\u00fajult, a nemzeti szimfonikus egy\u00fctteshez m\u00e9lt\u00f3 sokoldal\u00fas\u00e1ggal nemcsak a klasszikus m\u0171veket, hanem ezek mellett a megszokott reperto\u00e1rr\u00f3l hi\u00e1nyz\u00f3 fontos alkot\u00e1sokat is megsz\u00f3laltatott, tov\u00e1bb\u00e1 a k\u00f6zelm\u00falt \u00e9s napjaink magyar zen\u00e9j\u00e9t is megismerteti k\u00f6z\u00f6ns\u00e9g\u00e9vel, valamint n\u00e9pszer\u0171ek kamarazenei \u00e9s ifj\u00fas\u00e1gi sorozatai is. \u00a02017 m\u00e1rcius\u00e1t\u00f3l 2020 augusztus\u00e1ig a a zenekarn\u00e1l kor\u00e1bban \u00e9veken \u00e1t els\u0151 \u00e1lland\u00f3 karmesterk\u00e9nt k\u00f6zrem\u0171k\u00f6d\u0151, komoly nemzetk\u00f6zi karriert maga m\u00f6g\u00f6tt tudhat\u00f3, Liszt Ferenc-d\u00edjas Hamar Zsolt t\u00f6lt\u00f6tte be a Nemzeti Filharmonikusok zeneigazgat\u00f3i posztj\u00e1t.\r\n\r\nAz egy\u00fcttes reperto\u00e1rj\u00e1n hangs\u00falyosan szerepel a Bart\u00f3k-\u00e9letm\u0171; m\u00e9rt\u00e9kad\u00f3 interpret\u00e1ci\u00f3i 2006 \u00f3ta a Bart\u00f3k \u00daj Sorozatban jelennek meg, de sz\u00ednfoltot k\u00e9pviselnek reperto\u00e1rj\u00e1n Kocsis Zolt\u00e1n Debussy, Rachmaninov, Bart\u00f3k m\u0171veib\u0151l k\u00e9sz\u00edtett \u00e1tiratai is. Hangversenyb\u00e9rleti el\u0151ad\u00e1sain vil\u00e1gh\u00edr\u0171 vend\u00e9gm\u0171v\u00e9szek \u00e9s vend\u00e9gkarmesterek l\u00e9pnek fel, valamint feladat\u00e1nak tekinti a kiemelked\u0151 p\u00e1lyakezd\u0151 magyar muzsikusok megh\u00edv\u00e1s\u00e1t is. Olyan neves helysz\u00edneken \u00e9s fesztiv\u00e1lokon l\u00e9pett fel az ut\u00f3bbi \u00e9vtizedekben, mint a New York-i Avery Fisher Hall, a toki\u00f3i Suntory Hall, a birminghami Symphony Hall, az ath\u00e9ni Megaron, a br\u00fcsszeli Bozar K\u00f6zpont, a bukaresti Enescu Fesztiv\u00e1l, a Colmari \u00e9s a Kan\u00e1ri-szigeteki Fesztiv\u00e1l. Az elm\u00falt 15 \u00e9vben mintegy 40 orsz\u00e1gban t\u00f6bb mint 330 k\u00fclf\u00f6ldi turn\u00e9koncertet adott.{:}{:en}<img class=\"size-medium wp-image-115524 alignnone\" src=\"https:\/\/www.filharmonikusok.hu\/wp-content\/uploads\/2016\/09\/MNF_Mupa_Evad-egyuttese_2019_20_foto_Csibi-Szilvia10-555x555-1-300x300.jpg\" alt=\"\" width=\"300\" height=\"300\" \/>\r\nThe Hungarian National Philharmonic Orchestra has been one of Hungary\u2019s leading symphony orchestras for over ninety years. The era marked by the name of J\u00e1nos Ferencsik and Kobayashi Ken-Ichiro was followed by a new chapter in the history of the orchestra when in 1997 Zolt\u00e1n Kocsis became general music director until his death. In almost two decades the National Philharmonic Orchestra underwent renewal. After the death of Zolt\u00e1n Kocsis, the Ferenc Liszt Award-winning Zsolt Hamar held the post of Musical Director at the Hungarian National Philharmonic from March 2017 to August 2020. He previously worked with the orchestra as its first permanent conductor and built up an impressive international career.\r\n\r\nThe Orchestra is one of the top interpreters of the work of B\u00e9la Bart\u00f3k, and the albums of the <em>Bart\u00f3k New Series<\/em> have won numerous accolades in Hungary and abroad. The orchestra perform not only classics but also numerous other important works previously missing from the repertoire, many of which require a large orchestral apparatus. It attaches great importance to introducing contemporary Hungarian works to the audiences. It has given many popular chamber music concerts and hosted events for young people.\r\n\r\nThe orchestra\u2019s concerts have featured world-famous soloists and conductors. It supports young musicians recently embarked on an international career. In recent decades, the National Philharmonic Orchestra has appeared in the greatest venues and festivals around the world, including the Avery Fisher Hall in New York, the Suntory Hall in Tokyo, the Birmingham Symphony Hall, the Megaron in Athens, Bozar Centre in Brussels, the Enescu Festival in Bucharest, the Beethoven Festival in Bogot\u00e1, as well as the Colmar and Canary Island Festivals. In the past two decades, the National Philharmonic Orchestra has given more than 330 concerts in some 40 countries.\r\n\r\n&nbsp;\r\n\r\n&nbsp;\r\n\r\n&nbsp;{:}","post_title":"{:hu}Nemzeti Filharmonikus Zenekar{:}{:en}Hungarian National Philharmonic Orchestra{:}","post_excerpt":"","post_status":"publish","comment_status":"closed","ping_status":"closed","post_password":"","post_name":"nemzeti-filharmonikus-zenekar","to_ping":"","pinged":"","post_modified":"2020-08-10 08:27:54","post_modified_gmt":"2020-08-10 08:27:54","post_content_filtered":"","post_parent":0,"guid":"http:\/\/www.filharmonikusok.hu\/institutions\/nemzeti-filharmonikus-zenekar\/","menu_order":0,"post_type":"institutions","post_mime_type":"","comment_count":"0","filter":"raw"}],"gombtipus":"jegy","jegyarak":"2.000 Ft","jegyvasarlas_gomb":"https:\/\/nfz.jegy.hu\/program\/zenemania-avagy-minden-ami-zene-ifjusagi-berlet-3-90132\/421692?event_disabler=274","elkeltek_a_jegyek":false,"youtube_id":"","old_id":"","esemeny_vege":"1.10 pm (with intermission)"},"publishpress_future_workflow_manual_trigger":{"enabledWorkflows":[]},"_links":{"self":[{"href":"https:\/\/www.filharmonikusok.hu\/en\/wp-json\/wp\/v2\/concerts\/106083","targetHints":{"allow":["GET"]}}],"collection":[{"href":"https:\/\/www.filharmonikusok.hu\/en\/wp-json\/wp\/v2\/concerts"}],"about":[{"href":"https:\/\/www.filharmonikusok.hu\/en\/wp-json\/wp\/v2\/types\/concerts"}],"wp:attachment":[{"href":"https:\/\/www.filharmonikusok.hu\/en\/wp-json\/wp\/v2\/media?parent=106083"}],"curies":[{"name":"wp","href":"https:\/\/api.w.org\/{rel}","templated":true}]}}