{"id":103265,"date":"2017-09-19T13:21:25","date_gmt":"2017-09-19T13:21:25","guid":{"rendered":"http:\/\/www.filharmonikusok.hu\/?post_type=concerts&#038;p=103265"},"modified":"2017-11-04T07:22:36","modified_gmt":"2017-11-04T07:22:36","slug":"nemzeti-enekkar-henry-le-boeuf-hall-ban","status":"publish","type":"concerts","link":"https:\/\/www.filharmonikusok.hu\/en\/koncertek\/nemzeti-enekkar-henry-le-boeuf-hall-ban\/","title":{"rendered":"The Hungarian National Choir in Henry Le Boeuf Hall, Br\u00fcsszel"},"content":{"rendered":"<p>Programme<\/p>\n<p>Im Sommerwind Anton Webern<br \/>\nRequiem Gy\u00f6rgy Ligeti<br \/>\nToccata und Fugue , BWV 565 (Orch. Leopold Stokowski) Johann Sebastian Bach<br \/>\nPsalmus Hungaricus Zoltan Kodaly<\/p>\n","protected":false},"template":"","class_list":["post-103265","concerts","type-concerts","status-publish","hentry"],"translation":{"provider":"WPGlobus","version":"3.0.2","language":"en","enabled_languages":["hu","en"],"languages":{"hu":{"title":true,"content":true,"excerpt":false},"en":{"title":true,"content":true,"excerpt":false}}},"acf":{"alcim":"","kiemelt_kep":{"ID":103770,"id":103770,"title":"nemzeti-enekkar-slider","filename":"nemzeti-enekkar-slider.jpg","filesize":1057200,"url":"https:\/\/www.filharmonikusok.hu\/wp-content\/uploads\/2017\/10\/nemzeti-enekkar-slider.jpg","link":"https:\/\/www.filharmonikusok.hu\/en\/nemzeti-enekkar-slider\/","alt":"","author":"1","description":"","caption":"","name":"nemzeti-enekkar-slider","status":"inherit","uploaded_to":0,"date":"2017-10-03 13:16:01","modified":"2017-11-04 07:22:30","menu_order":0,"mime_type":"image\/jpeg","type":"image","subtype":"jpeg","icon":"https:\/\/www.filharmonikusok.hu\/wp-includes\/images\/media\/default.png","width":1600,"height":722,"sizes":{"thumbnail":"https:\/\/www.filharmonikusok.hu\/wp-content\/uploads\/2017\/10\/nemzeti-enekkar-slider-150x150.jpg","thumbnail-width":150,"thumbnail-height":150,"medium":"https:\/\/www.filharmonikusok.hu\/wp-content\/uploads\/2017\/10\/nemzeti-enekkar-slider-300x135.jpg","medium-width":300,"medium-height":135,"medium_large":"https:\/\/www.filharmonikusok.hu\/wp-content\/uploads\/2017\/10\/nemzeti-enekkar-slider-768x347.jpg","medium_large-width":640,"medium_large-height":289,"large":"https:\/\/www.filharmonikusok.hu\/wp-content\/uploads\/2017\/10\/nemzeti-enekkar-slider-1024x462.jpg","large-width":640,"large-height":289,"1536x1536":"https:\/\/www.filharmonikusok.hu\/wp-content\/uploads\/2017\/10\/nemzeti-enekkar-slider.jpg","1536x1536-width":1536,"1536x1536-height":693,"2048x2048":"https:\/\/www.filharmonikusok.hu\/wp-content\/uploads\/2017\/10\/nemzeti-enekkar-slider.jpg","2048x2048-width":1600,"2048x2048-height":722,"person-size":"https:\/\/www.filharmonikusok.hu\/wp-content\/uploads\/2017\/10\/nemzeti-enekkar-slider-165x165.jpg","person-size-width":165,"person-size-height":165,"person-size-2":"https:\/\/www.filharmonikusok.hu\/wp-content\/uploads\/2017\/10\/nemzeti-enekkar-slider.jpg","person-size-2-width":165,"person-size-2-height":74,"album-size":"https:\/\/www.filharmonikusok.hu\/wp-content\/uploads\/2017\/10\/nemzeti-enekkar-slider-263x263.jpg","album-size-width":263,"album-size-height":263,"news-lead-size":"https:\/\/www.filharmonikusok.hu\/wp-content\/uploads\/2017\/10\/nemzeti-enekkar-slider-360x203.jpg","news-lead-size-width":360,"news-lead-size-height":203,"director-index-size":"https:\/\/www.filharmonikusok.hu\/wp-content\/uploads\/2017\/10\/nemzeti-enekkar-slider-359x450.jpg","director-index-size-width":359,"director-index-size-height":450,"person-lead-size":"https:\/\/www.filharmonikusok.hu\/wp-content\/uploads\/2017\/10\/nemzeti-enekkar-slider-555x555.jpg","person-lead-size-width":555,"person-lead-size-height":555,"slider-size":"https:\/\/www.filharmonikusok.hu\/wp-content\/uploads\/2017\/10\/nemzeti-enekkar-slider.jpg","slider-size-width":1600,"slider-size-height":722}},"kiemelt_kep_en":null,"megjegyzes":"","esemeny_datum":"20171110","esemeny_idopontja":"20.00","sajat_program":false,"esemeny_tipusa":["koncertek"],"esemeny_helyszine":{"ID":103267,"post_author":"1","post_date":"2017-09-19 11:46:11","post_date_gmt":"0000-00-00 00:00:00","post_content":"","post_title":"Henry Le Boeuf Hall | BOZAR","post_excerpt":"","post_status":"draft","comment_status":"closed","ping_status":"closed","post_password":"","post_name":"","to_ping":"","pinged":"","post_modified":"2017-09-19 11:46:11","post_modified_gmt":"2017-09-19 11:46:11","post_content_filtered":"","post_parent":0,"guid":"http:\/\/www.filharmonikusok.hu\/?post_type=places&#038;p=103267","menu_order":0,"post_type":"places","post_mime_type":"","comment_count":"0","filter":"raw","varos":"Br\u00fcsszel","orszag":"Belgium","cim":"1000 Br\u00fcsszel, Rue Ravensteinstraat 23.","megjegyzes":"","weboldal":"http:\/\/www.bozar.be\/en"},"helyszin_kategoria":"kulfold","karmester":{"ID":103284,"post_author":"1","post_date":"2017-09-19 13:07:11","post_date_gmt":"2017-09-19 13:07:11","post_content":"","post_title":"{:hu}Stanislav Kochanovsky{:}{:en}Stanislav Kochanovsky{:}","post_excerpt":"","post_status":"publish","comment_status":"closed","ping_status":"closed","post_password":"","post_name":"sztanyiszlav-kocsanovszkij","to_ping":"","pinged":"","post_modified":"2017-11-04 07:26:15","post_modified_gmt":"2017-11-04 07:26:15","post_content_filtered":"","post_parent":0,"guid":"http:\/\/www.filharmonikusok.hu\/?post_type=artists&#038;p=103284","menu_order":0,"post_type":"artists","post_mime_type":"","comment_count":"0","filter":"raw"},"hazigazda":null,"muvek":[],"muvekrol_reszletesen":null,"kozr_szemelyek":[{"ID":103277,"post_author":"1","post_date":"2017-09-19 12:49:17","post_date_gmt":"2017-09-19 12:49:17","post_content":"","post_title":"{:hu}Tetiana Zhuravel{:}{:en}Tetiana Zhuravel{:}","post_excerpt":"","post_status":"publish","comment_status":"closed","ping_status":"closed","post_password":"","post_name":"tetyana-zsuravel","to_ping":"","pinged":"","post_modified":"2017-11-04 07:19:54","post_modified_gmt":"2017-11-04 07:19:54","post_content_filtered":"","post_parent":0,"guid":"http:\/\/www.filharmonikusok.hu\/?post_type=artists&#038;p=103277","menu_order":0,"post_type":"artists","post_mime_type":"","comment_count":"0","filter":"raw","hangszer":"{:hu}szopr\u00e1n{:}{:en}soprano{:}"},{"ID":86054,"post_author":"1","post_date":"2017-09-26 14:50:05","post_date_gmt":"2017-09-26 14:50:05","post_content":"{:hu}<p style=\"text-align: justify;\"><img src=\"http:\/\/www.filharmonikusok.hu\/wp-content\/uploads\/f\/image\/muveszek\/K%C3%A1lnay_100.jpg\" alt=\"\" width=\"100\" height=\"101\" align=\"left\" \/>K\u00e1lnay Zs\u00f3fia mezzoszopr\u00e1n 2011-ben \u00e9nekelte els\u0151 operaszerep\u00e9t, a Szegedi Nemzeti Sz\u00ednh\u00e1zban.\u00a0 2013-ban az Erkel Sz\u00ednh\u00e1zban is bemutatkozhatott. 2013 m\u00e1jus\u00e1ban els\u0151 helyezett lett a VIII. Nemzetk\u00f6zi Sim\u00e1ndy J\u00f3zsef \u00c9nekversenyen, ahol 5 k\u00fcl\u00f6nd\u00edjjal jutalmazta a zs\u0171ri. Diplom\u00e1j\u00e1t Prof. Dr. Temesi M\u00e1ria tan\u00edtv\u00e1nyak\u00e9nt a Szegedi Tudom\u00e1nyegyetem Zenem\u0171v\u00e9szeti kar\u00e1n 2015-ben fogja megszerezni. Gyakori megh\u00edvott orat\u00f3riumok alt sz\u00f3l\u00f3ira.<\/p>{:}{:en}<p style=\"text-align: justify;\"><img src=\"http:\/\/www.filharmonikusok.hu\/wp-content\/uploads\/f\/image\/muveszek\/K%C3%A1lnay_100.jpg\" alt=\"\" width=\"100\" height=\"101\" align=\"left\" \/>The Hungarian mezzosoprano Zs\u00f3fia K\u00e1lnay first appeared at the Szeged National Theatre\u00a0in 2011. In 2012 she made her solo debut as the Voice in Bernstein's West Side Story and Bersi in Giordano's Andrea Chenier. In 2013 she won the 8th International J\u00f3zsef Sim\u00e1ndy Singing Competition. She has been studying at the University of Szeged as M\u00e1ria Temesi\u2019s student and she is scheduled to graduate in in 2015. She often sings the alt solo in oratories.<\/p>{:}","post_title":"{:hu}K\u00e1lnay Zs\u00f3fia{:}{:en}Zs\u00f3fia K\u00e1lnay{:}","post_excerpt":"","post_status":"publish","comment_status":"closed","ping_status":"closed","post_password":"","post_name":"kalnay-zsofia","to_ping":"","pinged":"","post_modified":"2017-09-26 14:50:05","post_modified_gmt":"2017-09-26 14:50:05","post_content_filtered":"","post_parent":0,"guid":"http:\/\/www.filharmonikusok.hu\/?post_type=artists&#038;p=86054","menu_order":0,"post_type":"artists","post_mime_type":"","comment_count":"0","filter":"raw","hangszer":"{:hu}mezzo{:}{:en}mezzo{:}"},{"ID":86824,"post_author":"1","post_date":"2016-09-21 08:41:56","post_date_gmt":"2016-09-21 08:41:56","post_content":"{:hu}<p style=\"text-align: justify;\">A budapesti Liszt Ferenc Zeneakad\u00e9mi\u00e1n szerzett klarin\u00e9tm\u0171v\u00e9szi diplom\u00e1ja ut\u00e1n az int\u00e9zm\u00e9ny \u00e9nekm\u0171v\u00e9szi diplom\u00e1j\u00e1t is megszerezte. Tanulm\u00e1nyait az augsburgi Hochschule f\u00fcr Musik mesteroszt\u00e1ly\u00e1ban folytatta, ahol 2008-ban a N\u00e9metorsz\u00e1gban el\u00e9rhet\u0151 legmagasabb rang\u00fa diplom\u00e1t kapta meg. \u00c9nektud\u00e1s\u00e1t t\u00f6bbek k\u00f6z\u00f6tt Nicolai Gedd\u00e1n\u00e1l, Renata Scotton\u00e1l, Robert Holln\u00e1l, Hamari J\u00fali\u00e1n\u00e1l, Brigitte Fassbaendern\u00e9l fejlesztette tov\u00e1bb. A Sz\u00e9kely Mih\u00e1ly, valamint a Sim\u00e1ndy J\u00f3zsef Orsz\u00e1gos \u00c9nekverseny gy\u0151ztese, a Ferruccio Tagliavini Nemzetk\u00f6zi \u00c9nekverseny m\u00e1sodik helyezettje, \u00e9s 2008-ban a Queen Elisabeth Nemzetk\u00f6zi \u00c9nekverseny els\u0151 d\u00edjasa. Rendszeresen koncertezik a hazai vezet\u0151 zenekarokkal, valamint sz\u00e1mos koncerten \u00e9s fesztiv\u00e1lon l\u00e9p fel k\u00fclf\u00f6ld\u00f6n, t\u00f6bbek k\u00f6z\u00f6tt Helmut Rilling, Kazushi Ono, Nicola Luisotti, Valery Gergiev, Christopher Warren-Green vez\u00e9nylet\u00e9vel. K\u00fclf\u00f6ld\u00f6n a Bayerische Staatsoper, az Oper Frankfurt valamint a Nationaltheater Weimar vend\u00e9gsz\u00f3list\u00e1jak\u00e9nt \u00e9nekel. F\u0151bb szerepei k\u00f6z\u00e9 tartozik Nemorino, Lenszkij, Romeo, Alfredo, Belmonte, Orfeo \u00e9s Tamino.<\/p>{:}{:en}<p style=\"text-align: justify;\">Born in 1980, received a diploma in clarinet and teaching in 2002, and in voice and teaching in 2006 at the Liszt Ferenc Academy of Music. From 2006 he has been a post-graduate student at the Augsburg Hochschule f\u00fcr Musik. He has also participated in the master courses of a number of famous singers, including Robert Holl, J\u00falia Hamari, Renata Scotto and Nicolai Gedda. In 2000 he won first prize at the National Mih\u00e1ly Sz\u00e9kely Singing Competition, and in the following year he took first prize at the J\u00f3zsef Sim\u00e1ndy Singing Competition, then in 2004 he finished second in the International Ferruccio Tagliavini Singing Competition.<\/p>\r\n<p style=\"text-align: justify;\">Besides performing in the Hungarian State Opera, he regularly works with the leading Hungarian orchestras as a soloist and also appears on stage abroad.<\/p>{:}","post_title":"{:hu}Brickner Szabolcs{:}{:en}Szabolcs Brickner{:}","post_excerpt":"","post_status":"publish","comment_status":"closed","ping_status":"closed","post_password":"","post_name":"brickner-szabolcs","to_ping":"","pinged":"","post_modified":"2018-02-15 10:10:27","post_modified_gmt":"2018-02-15 10:10:27","post_content_filtered":"","post_parent":0,"guid":"http:\/\/www.filharmonikusok.hu\/?post_type=artists&#038;p=86824","menu_order":0,"post_type":"artists","post_mime_type":"","comment_count":"0","filter":"raw","hangszer":"{:hu}tenor{:}{:en}tenor{:}"}],"muveszekrol_reszletesen":null,"kozr_szemelyek_feluldefinialasa":"","kozr_intezmenyek":[{"ID":103834,"post_author":"1","post_date":"2017-10-05 12:07:03","post_date_gmt":"2017-10-05 12:07:03","post_content":"{:hu}Az \u00e9nekkar Magyarorsz\u00e1g egyik vezet\u0151 hivat\u00e1sos k\u00f3rusa, amelynek profilja a zenekar-k\u00eds\u00e9retes kompoz\u00edci\u00f3k, orat\u00f3riumok, valamint a cappella m\u0171vek el\u0151ad\u00e1sa. Reperto\u00e1rja ennek megfelel\u0151en rendk\u00edv\u00fcl gazdag, a kora barokk Sch\u00fctz alkot\u00e1sait\u00f3l Bach, a b\u00e9csi klasszikusok \u00e9s a 19. sz\u00e1zad zeneszerz\u0151inek kompoz\u00edci\u00f3in kereszt\u00fcl a 20. sz\u00e1zad \u00e9s a kort\u00e1rs zen\u00e9ig minden ir\u00e1nyba nyitott, m\u0171faji hat\u00e1rok n\u00e9lk\u00fcl, de a ritk\u00e1n m\u0171sorra ker\u00fcl\u0151 alkot\u00e1sok megsz\u00f3laltat\u00e1s\u00e1ban is elk\u00f6telezett. A reperto\u00e1rj\u00e1n hangs\u00falyosan jelen lev\u0151 19. sz\u00e1zadi orat\u00f3riumok mellett az egy\u00fcttes kiemelt fontoss\u00e1got tulajdon\u00edt a kort\u00e1rs m\u0171vek el\u0151ad\u00e1s\u00e1nak, sz\u00e1mos m\u0171 \u0151sbemutat\u00f3ja, illetve magyarorsz\u00e1gi bemutat\u00f3ja f\u0171z\u0151dik a nev\u00e9hez. A k\u00f3rus visszat\u00e9r\u0151 k\u00f6zrem\u0171k\u00f6d\u0151je a Nemzeti Filharmonikusok martonv\u00e1s\u00e1ri ny\u00e1ri Beethoven-sorozat\u00e1nak, kiemelked\u0151 szerepl\u0151je a zenekar csal\u00e1di matin\u00e9 koncertsorozat\u00e1nak, valamint a Kocsis Zolt\u00e1n m\u0171v\u00e9szeti vezet\u00e9s\u00e9vel 2006 \u00f3ta fel\u00e9p\u00fcl\u0151 Bart\u00f3k \u00daj Sorozatnak. A Nemzeti Filharmonikusok Richard Strauss oper\u00e1it bemutat\u00f3 nagy siker\u0171 sz\u00e9ri\u00e1j\u00e1ban \u00e9s Schoenberg M\u00f3zes \u00e9s \u00c1ron c\u00edm\u0171 oper\u00e1j\u00e1ban, az \u00e9nekkar mellett t\u00f6bb tagja sz\u00f3listak\u00e9nt is fell\u00e9pett. Az \u00e9nekkar a hazai koncertek mellett nemzetk\u00f6zi felk\u00e9r\u00e9seknek is eleget tesz, rendszeresen koncertezik a magyarok \u00e1ltal is lakott hat\u00e1ront\u00fali telep\u00fcl\u00e9seken. A Nemzeti \u00c9nekkar a M\u00fcp\u00e1ban megrendezett nagyszab\u00e1s\u00fa Wagner-napok rendszeresen megh\u00edvott k\u00f6zrem\u0171k\u00f6d\u0151je.{:}{:en}The first great era in the ensemble\u2019s history began in 1990, when the founding choirmaster\u2019s death led to M\u00e1tyas Antal taking up the post, which he held until 31 March 2016. Over the course of that more than a quarter of a century, the ensemble became Hungary\u2019s leading professional choir, known for its performances of vocal compositions accompanied by orchestra, oratorios and a cappella works.\r\n\r\nAccordingly, its repertoire is extremely rich and open in every direction, encompassing the early Baroque composer Heinrich Sch\u00fctz, Bach, the Viennese Classical School, and the composers of the 19th and 20th centuries and of today, without prejudice to genre.\r\n\r\nCsaba Somos has served as the ensemble\u2019s artistic director since 1 January 2016.\r\n\r\nIn addition to performing concerts in Hungary, the ensemble regularly accepts invitations to appear abroad, having sung in numerous nations in Europe, as well as in Israel and Japan. They also regularly visit communities with ethnic Hungarian populations in the countries that neighbour Hungary.\r\n\r\nThe Hungarian National Choir places great emphasis on performing contemporary works, along with the 19th-century oratorios that are so prominent in their repertoire. They have been credited with numerous world and Hungarian premi\u00e8res, including those of Zolt\u00e1n Jeney\u2019s oratorio Funeral Rite and Gy\u00f6rgy Kurt\u00e1g\u2019s composition Songs of Despair and Sorrow \u2013 the latter of which is considered by many to be one of the most difficult pieces in the choral literature. However, their repertoire also extends to works by Tam\u00e1s Beischer-Maty\u00f3, Zsolt Durk\u00f3, Kamill\u00f3 Lendvay, Gy\u00f6rgy Ligeti, Gy\u00f6rgy Orb\u00e1n, Emil Petrovics, J\u00f3zsef Soproni, S\u00e1ndor Szokolay, P\u00e9ter T\u00f3th and J\u00e1nos Vajda. In conjunction with this, the ensemble have also sung on recordings of works by several contemporary composers, such as Lajos Husz\u00e1r, Mikl\u00f3s Csemiczky, Attila Bozay, L\u00e1szl\u00f3 Kir\u00e1ly, M\u00e1t\u00e9 Holl\u00f3s and J\u00f3zsef S\u00e1ri.\r\n\r\nThe choir regularly collaborates on the Hungarian National Philharmonic\u2019s summer Beethoven series in Martonv\u00e1s\u00e1r and plays a prominent role in the orchestra\u2019s family matinee concert series, as well as in the Bart\u00f3k New Series that first began development in 2006 under the artistic leadership of Zolt\u00e1n Kocsis. \u00a0The Hungarian National Choir is also a reliable partner to the Hungarian National Philharmonic Orchestra in its artistic efforts to bring works that are undeservedly absent from the established repertoire to the audience. This category includes compositions by Britten, Debussy, Enescu, Jan\u00e1\u010dek and Ravel. Not only did the choir serve as the chorus in the Hungarian National Philharmonic\u2019s highly acclaimed series of productions of the operas of Richard Strauss, several of its members also took the stage as soloists. Another of the choir\u2019s notable accomplishments of recent years was its participation in the production of Schoenberg\u2019s\u00a0<em>Moses und Aron<\/em>\u00a0that was conducted by Kocsis, who also completed the score. In addition to performing the traditional oratorio repertoire, they have also sung in such important but rarely heard works as the immense choral symphonies of Mahler, Bruckner\u2019s\u00a0<em>Te Deum\u00a0<\/em>and Liszt\u2019s<em>\u00a0Christus\u00a0<\/em>oratorio and\u00a0<em>The Legend of St. Elizabeth<\/em>. The Hungarian National Choir is also regularly invited to participate in the massive Budapest Wagner Days festival that is organised at M\u00fcpa Budapest each year.\r\n\r\nOver the past 30 years, the choir has worked with such excellent conductors as Antal Dor\u00e1ti, P\u00e9ter E\u00f6tv\u00f6s, \u00c1d\u00e1m Fischer, Lionel Friend, J\u00e1nos F\u00fcrst, Lamberto Gardelli, Zsolt Hamar, Sebastian Weigle, J\u00e1nos Kov\u00e1cs, Gy\u00f6rgy Lehel, Andr\u00e1s Ligeti, Ervin Luk\u00e1cs, Ken-Ichiro Kobayashi, Bertrand de Billy, Rico Saccani, Yuri Simonov, Carlo Montanaro, Krzysztof Penderecki, Tam\u00e1s V\u00e1s\u00e1ry and Zolt\u00e1n Kocsis.{:}","post_title":"{:hu}Nemzeti \u00c9nekkar (karigazgat\u00f3: Somos Csaba){:}{:en}Hungarian National Choir (choir master: Csaba Somos){:}","post_excerpt":"","post_status":"publish","comment_status":"closed","ping_status":"closed","post_password":"","post_name":"nemzeti-enekkar-karigazgato-somos-csaba-2","to_ping":"","pinged":"","post_modified":"2020-07-22 09:57:07","post_modified_gmt":"2020-07-22 09:57:07","post_content_filtered":"","post_parent":0,"guid":"http:\/\/www.filharmonikusok.hu\/?post_type=institutions&#038;p=103834","menu_order":0,"post_type":"institutions","post_mime_type":"","comment_count":"0","filter":"raw"},{"ID":103281,"post_author":"1","post_date":"2017-09-19 13:05:24","post_date_gmt":"2017-09-19 13:05:24","post_content":"","post_title":"{:hu}Belga Nemzeti Zenekar{:}{:en}Belgian National Orchestra{:}","post_excerpt":"","post_status":"publish","comment_status":"closed","ping_status":"closed","post_password":"","post_name":"belga-nemzeti-zenekar","to_ping":"","pinged":"","post_modified":"2017-09-20 08:50:28","post_modified_gmt":"2017-09-20 08:50:28","post_content_filtered":"","post_parent":0,"guid":"http:\/\/www.filharmonikusok.hu\/?post_type=institutions&#038;p=103281","menu_order":0,"post_type":"institutions","post_mime_type":"","comment_count":"0","filter":"raw"}],"gombtipus":"jegy","jegyarak":"","jegyvasarlas_gomb":"","elkeltek_a_jegyek":false,"youtube_id":"","old_id":"","is_muvekrol_reszletesen_en":false,"is_muveszekrol_reszletesen_en":false},"publishpress_future_workflow_manual_trigger":{"enabledWorkflows":[]},"_links":{"self":[{"href":"https:\/\/www.filharmonikusok.hu\/en\/wp-json\/wp\/v2\/concerts\/103265","targetHints":{"allow":["GET"]}}],"collection":[{"href":"https:\/\/www.filharmonikusok.hu\/en\/wp-json\/wp\/v2\/concerts"}],"about":[{"href":"https:\/\/www.filharmonikusok.hu\/en\/wp-json\/wp\/v2\/types\/concerts"}],"wp:attachment":[{"href":"https:\/\/www.filharmonikusok.hu\/en\/wp-json\/wp\/v2\/media?parent=103265"}],"curies":[{"name":"wp","href":"https:\/\/api.w.org\/{rel}","templated":true}]}}