{"id":103120,"date":"2017-09-14T08:30:56","date_gmt":"2017-09-14T08:30:56","guid":{"rendered":"http:\/\/www.filharmonikusok.hu\/?post_type=concerts&#038;p=103120"},"modified":"2018-05-30T09:59:41","modified_gmt":"2018-05-30T09:59:41","slug":"kocsis-zoltan-emlekkoncert","status":"publish","type":"concerts","link":"https:\/\/www.filharmonikusok.hu\/en\/koncertek\/kocsis-zoltan-emlekkoncert\/","title":{"rendered":"Kocsis Zolt\u00e1n-eml\u00e9kkoncert"},"content":{"rendered":"<p>Egy \u00e9ve t\u00e1vozott el k\u00f6z\u00fcl\u00fcnk Kocsis Zolt\u00e1n, hi\u00e1nyt hagyva maga ut\u00e1n, de feladatot is adva: a magyar zen\u00e9szt\u00e1rsadalomnak meg kell \u0151riznie \u00e9s \u00e1polnia kell az \u00f6r\u00f6ks\u00e9get, amelyet a korszakalkot\u00f3 muzsikus r\u00e1nk hagyott. A meg\u0151rz\u00e9s r\u00e9sze a tartalmas eml\u00e9kez\u00e9s is &#8211; ennek eszk\u00f6ze ez a hangverseny, amelyet a m\u0171v\u00e9sz hal\u00e1l\u00e1nak els\u0151 \u00e9vfordul\u00f3j\u00e1n egykori zenekara ad.<\/p>\n<p>A Nemzeti Filharmonikusok \u00e9l\u00e9n Kocsis munk\u00e1j\u00e1t folytat\u00f3 Hamar Zsolt, valamint Dobszay P\u00e9ter vez\u00e9nylet\u00e9vel csupa olyan m\u0171 sz\u00f3lal meg ezen az est\u00e9n, amely jelk\u00e9pesnek tekinthet\u0151: vagy tartalma illik a megeml\u00e9kez\u00e9s gesztus\u00e1hoz &#8211; ilyen Liszt H\u00e1rom gy\u00e1sz\u00f3d\u00e1ja -, vagy Kocsis Zolt\u00e1n munk\u00e1ss\u00e1g\u00e1nak egy-egy fejezet\u00e9re eml\u00e9keztet.<\/p>\n<p>Beethoven G-d\u00far zongoraversenye mindny\u00e1junkban a fiatal, m\u00e9g szinte kamasz Kocsis var\u00e1zslatosan garabonci\u00e1s, l\u00e1zad\u00f3 alakj\u00e1t id\u00e9zi fel: ezzel a kompoz\u00edci\u00f3val nyerte meg 1970-ben a tizennyolc \u00e9ves fiatalember a Magyar R\u00e1di\u00f3 Beethoven-zongoraverseny\u00e9t, s v\u00e1lt egy csap\u00e1sra csup\u00e1n sz\u0171k k\u00f6rben sz\u00e1mon tartott, nagy \u00edg\u00e9retb\u0151l orsz\u00e1gosan ismert ifj\u00fa m\u0171v\u00e9ssz\u00e9. Az sem v\u00e9letlen, hogy ezt a darabot \u00e9ppen a rendk\u00edv\u00fcli orosz zongoristafenom\u00e9n, az egyszerre elm\u00e9ly\u00fclt \u00e9s virtu\u00f3z Gyenisz Kozsukin tolm\u00e1csolja, hiszen \u0151t \u00e9ppen a Kocsis vez\u00e9nyelte Nemzeti Filharmonikusok megh\u00edvottjak\u00e9nt ismerhette meg n\u00e9h\u00e1ny \u00e9ve Budapest k\u00f6z\u00f6ns\u00e9ge.<\/p>\n<p>S\u00e1ry L\u00e1szl\u00f3 m\u0171v\u00e9hez sem kell magyar\u00e1zat: tiszteletad\u00f3 kompoz\u00edci\u00f3, amely arra is figyelmeztet, milyen szoros kapcsolatot \u00e1polt Kocsis eg\u00e9sz p\u00e1ly\u00e1ja sor\u00e1n a leg\u00fajabb zen\u00e9vel, ezen bel\u00fcl a hozz\u00e1 oly k\u00f6zel \u00e1ll\u00f3 \u00daj Zenei St\u00fadi\u00f3 munk\u00e1ss\u00e1g\u00e1val is. S v\u00e9g\u00fcl a kocsisi reperto\u00e1r legfontosabb fejezete: Bart\u00f3k &#8211; de nem ak\u00e1rhogyan: a N\u00e9gy zongoradarab mindegyike a zeneszerz\u0151 nagy apostol\u00e1nak kongeni\u00e1lis hangszerel\u00e9s\u00e9ben \u00f6lt\u00f6tt \u00faj, a bart\u00f3ki szellemhez m\u00e9lt\u00f3 szimfonikus alakot.<\/p>\n<p>A koncertet 18.00 \u00f3rai kezdettel vet\u00edt\u00e9s el\u0151zi meg, amelyen a 2015-ben el\u0151adott k\u00e9t Richard Strauss-m\u0171, A b\u00e9ke napja \u00e9s a Daphn\u00e9 bemutat\u00f3j\u00e1r\u00f3l k\u00e9sz\u00fclt filmet tekinthetik meg a koncertre jeggyel rendelkez\u0151k. A felv\u00e9telen Kocsis Zolt\u00e1n vez\u00e9nyli a Nemzeti Filharmonikusokat, a darabokat N\u00e9medi Csaba rendezte, a M\u00fcpa dokumentumfilmj\u00e9nek szerkeszt\u0151-rendez\u0151je V\u00e1rb\u00edr\u00f3 Judit.<\/p>\n","protected":false},"template":"","class_list":["post-103120","concerts","type-concerts","status-publish","hentry"],"translation":{"provider":"WPGlobus","version":"3.0.2","language":"en","enabled_languages":["hu","en"],"languages":{"hu":{"title":true,"content":true,"excerpt":false},"en":{"title":false,"content":false,"excerpt":false}}},"acf":{"alcim":"","kiemelt_kep":{"ID":104181,"id":104181,"title":"v3-kocsis","filename":"v3-kocsis.jpg","filesize":181760,"url":"https:\/\/www.filharmonikusok.hu\/wp-content\/uploads\/2017\/09\/v3-kocsis.jpg","link":"https:\/\/www.filharmonikusok.hu\/en\/koncertek\/kocsis-zoltan-emlekkoncert\/v3-kocsis\/","alt":"","author":"1","description":"","caption":"","name":"v3-kocsis","status":"inherit","uploaded_to":103120,"date":"2017-10-20 10:48:34","modified":"2017-10-20 10:48:36","menu_order":0,"mime_type":"image\/jpeg","type":"image","subtype":"jpeg","icon":"https:\/\/www.filharmonikusok.hu\/wp-includes\/images\/media\/default.png","width":1920,"height":560,"sizes":{"thumbnail":"https:\/\/www.filharmonikusok.hu\/wp-content\/uploads\/2017\/09\/v3-kocsis-150x150.jpg","thumbnail-width":150,"thumbnail-height":150,"medium":"https:\/\/www.filharmonikusok.hu\/wp-content\/uploads\/2017\/09\/v3-kocsis-300x88.jpg","medium-width":300,"medium-height":88,"medium_large":"https:\/\/www.filharmonikusok.hu\/wp-content\/uploads\/2017\/09\/v3-kocsis-768x224.jpg","medium_large-width":640,"medium_large-height":187,"large":"https:\/\/www.filharmonikusok.hu\/wp-content\/uploads\/2017\/09\/v3-kocsis-1024x299.jpg","large-width":640,"large-height":187,"1536x1536":"https:\/\/www.filharmonikusok.hu\/wp-content\/uploads\/2017\/09\/v3-kocsis.jpg","1536x1536-width":1536,"1536x1536-height":448,"2048x2048":"https:\/\/www.filharmonikusok.hu\/wp-content\/uploads\/2017\/09\/v3-kocsis.jpg","2048x2048-width":1920,"2048x2048-height":560,"person-size":"https:\/\/www.filharmonikusok.hu\/wp-content\/uploads\/2017\/09\/v3-kocsis-165x165.jpg","person-size-width":165,"person-size-height":165,"person-size-2":"https:\/\/www.filharmonikusok.hu\/wp-content\/uploads\/2017\/09\/v3-kocsis.jpg","person-size-2-width":165,"person-size-2-height":48,"album-size":"https:\/\/www.filharmonikusok.hu\/wp-content\/uploads\/2017\/09\/v3-kocsis-263x263.jpg","album-size-width":263,"album-size-height":263,"news-lead-size":"https:\/\/www.filharmonikusok.hu\/wp-content\/uploads\/2017\/09\/v3-kocsis-360x203.jpg","news-lead-size-width":360,"news-lead-size-height":203,"director-index-size":"https:\/\/www.filharmonikusok.hu\/wp-content\/uploads\/2017\/09\/v3-kocsis-359x450.jpg","director-index-size-width":359,"director-index-size-height":450,"person-lead-size":"https:\/\/www.filharmonikusok.hu\/wp-content\/uploads\/2017\/09\/v3-kocsis-555x555.jpg","person-lead-size-width":555,"person-lead-size-height":555,"slider-size":"https:\/\/www.filharmonikusok.hu\/wp-content\/uploads\/2017\/09\/v3-kocsis-1600x560.jpg","slider-size-width":1600,"slider-size-height":560}},"kiemelt_kep_en":null,"megjegyzes":"","esemeny_datum":"20171106","esemeny_idopontja":"7.30 pm","sajat_program":true,"esemeny_tipusa":["koncertek"],"esemeny_helyszine":{"ID":87689,"post_author":"1","post_date":"2016-09-08 08:02:38","post_date_gmt":"2016-09-08 08:02:38","post_content":"","post_title":"{:hu}M\u00fcpa - Bart\u00f3k B\u00e9la Nemzeti Hangversenyterem{:}{:en}M\u00fcpa - B\u00e9la Bart\u00f3k National Concert Hall{:}","post_excerpt":"","post_status":"publish","comment_status":"closed","ping_status":"closed","post_password":"","post_name":"mupa-bartok-bela-nemzeti-hangversenyterem","to_ping":"","pinged":"","post_modified":"2016-09-08 08:02:38","post_modified_gmt":"2016-09-08 08:02:38","post_content_filtered":"","post_parent":0,"guid":"http:\/\/www.filharmonikusok.hu\/places\/mupa-bartok-bela-nemzeti-hangversenyterem\/","menu_order":0,"post_type":"places","post_mime_type":"","comment_count":"0","filter":"raw","varos":"{:hu}Budapest{:}{:en}Budapest{:}","orszag":"{:hu}Magyarorsz\u00e1g{:}{:en}Magyarorsz\u00e1g{:}","cim":"<p>1095 Budapest, Komor Marcell u. 1.<\/p>","megjegyzes":"","weboldal":"http:\/\/www.muveszetekpalotaja.hu"},"helyszin_kategoria":"budapest","karmester":null,"hazigazda":null,"muvek":[{"ID":103652,"post_author":"1","post_date":"2017-10-02 10:49:23","post_date_gmt":"2017-10-02 10:49:23","post_content":"","post_title":"{:hu}H\u00e1rom gy\u00e1sz\u00f3da{:}{:en}Trois Odes Fun\u00e8bres{:}","post_excerpt":"","post_status":"publish","comment_status":"closed","ping_status":"closed","post_password":"","post_name":"harom-gyaszoda","to_ping":"","pinged":"","post_modified":"2017-10-02 11:20:29","post_modified_gmt":"2017-10-02 11:20:29","post_content_filtered":"","post_parent":0,"guid":"http:\/\/www.filharmonikusok.hu\/?post_type=muvek&#038;p=103652","menu_order":0,"post_type":"muvek","post_mime_type":"","comment_count":"0","filter":"raw","szerzo":["Liszt"]},{"ID":91025,"post_author":"1","post_date":"2016-09-08 08:57:47","post_date_gmt":"2016-09-08 08:57:47","post_content":"{:hu}<p style=\"text-align: justify;\">A G-d\u00far zongoraverseny befejez\u00e9s\u00e9nek d\u00e1tuma 1806 nyara, a IV. szimf\u00f3nia, a Heged\u0171verseny, a Razumovszikj von\u00f3sn\u00e9gyesek kora, teh\u00e1t az az id\u0151szak Beethoven \u00e9letm\u0171v\u00e9ben, amikor nem a s\u00f6t\u00e9t t\u00f3nus\u00fa m\u0171vek domin\u00e1lnak. Mint Beethoven \u00e9rett \u00e9veiben oly sok fontos kompoz\u00edci\u00f3, e m\u0171 aj\u00e1nl\u00e1sa is a f\u0151\u00fari tan\u00edtv\u00e1nynak, p\u00e1rtfog\u00f3nak \u00e9s bar\u00e1tnak, Rudolf f\u0151hercegnek sz\u00f3l.<br>\nA G-d\u00far zongoraverseny annak az \u00e1talakul\u00e1snak tan\u00faja, hogyan v\u00e1lik a fiatal, az er\u0151t, a h\u0151siess\u00e9get, a tit\u00e1nit isten\u00edt\u0151 Beethovenb\u0151l \u00e9rett, befel\u00e9 fordul\u00f3 mester. Szabolcsi Bence k\u00f6lt\u0151i szavaival: &bdquo; ... a dallamok egy gondolatot hirdetnek \u00e9kessz\u00f3l\u00f3 vil\u00e1goss\u00e1ggal: a h\u0151siess\u00e9get, melynek \u00faj \u00e9rtelme t\u00e1mad egy befel\u00e9 ny\u00edl\u00f3 l\u00e1that\u00e1ron, a hum\u00e1nus h\u0151siess\u00e9get, mely igazabb gy\u0151zelmeket arat minden harson\u00e1s diadaln\u00e1l a l\u00e9lek t\u00e1gabb \u00e9s forr\u00f3bb \u00e9g\u00f6ve alatt. A b\u00e1nat k\u00f6nny\u0171 p\u00e1rafelh\u0151je m\u00e9g jobban kiemeli ezt a m\u00e9lyr\u0151l felt\u00f6r\u0151, \u00e1that\u00f3 \u00e9s ellen\u00e1llhatatlan ragyog\u00e1st: Beethoven, alig n\u00e9h\u00e1ny \u00e9vvel az Eroica ut\u00e1n, megkezdte a maga m\u00e9g igazabb h\u0151sk\u00f6ltem\u00e9ny\u00e9t.&rdquo; A 19. sz\u00e1zadi \u00faj humanizmus egyik els\u0151 mesterm\u0171ve ez, amely a befel\u00e9 fordul\u00f3, \u00fatkeres\u0151, szeml\u00e9l\u0151d\u0151 l\u00edra eszk\u00f6z\u00e9vel tal\u00e1l hangot \u00e9rzelemvil\u00e1g\u00e1nak kifejez\u00e9s\u00e9re.<br>\n1807 m\u00e1rcius\u00e1ban Beethoven maga j\u00e1tszotta a sz\u00f3l\u00f3t Lobkowitz herceg palot\u00e1j\u00e1ban, B\u00e9csben. Sokan ennek tulajdon\u00edtj\u00e1k a versenym\u0171 zongorasz\u00f3lam\u00e1nak szokatlanul r\u00f6gt\u00f6nz\u00e9sszer\u0171 anyag\u00e1t. M\u00e1r az is ritkas\u00e1g, hogy a zongora sz\u00f3lal meg el\u0151sz\u00f6r, mintha csak n\u00e9mi bevezet\u0151 improviz\u00e1ci\u00f3t j\u00e1tszana a sz\u00f3lista, hogy feltegye az els\u0151 k\u00e9rd\u00e9st a zenekarnak. A v\u00e1lasz nem marad el, \u00e9s a t\u00e9tel zenei szerkeszt\u00e9s\u00e9ben v\u00e9gig megmarad ez a fant\u00e1ziaszer\u0171, gyakran elkalandoz\u00f3 szabads\u00e1g. A f\u0151t\u00e9ma jellegzetes, kopog\u00f3s ritmusk\u00e9plete el\u00e1rulja az 5. szimf\u00f3nia id\u0151beli k\u00f6zels\u00e9g\u00e9t, de a kidolgoz\u00e1s igen t\u00e1vol \u00e1ll annak szigor\u00fabb form\u00e1l\u00e1s\u00e1t\u00f3l. A fant\u00e1zi\u00e1l\u00e1s legteljesebb kibontakoz\u00e1sa a Cadenza-ra marad (kett\u0151t is h\u00e1trahagyott Beethoven). A zenekari anyag jelent\u0151s\u00e9ge folyamatosan n\u00f6vekedett m\u00e1r a kor\u00e1bbi versenym\u0171vekben is, de a G-d\u00far zongoraverseny zenekara sz\u00e9les fel\u00fcletekben gondolkodik, szinte \u00f6n\u00e1ll\u00f3 szimfonikus anyaga van. <br>\nA G-d\u00far zongoraverseny legh\u00edresebb t\u00e9tele a m\u00e1sodik (Andante con Moto), amelyet Liszt jellemz\u00e9se nyom\u00e1n Orfeusz \u00e9s az alvil\u00e1gi hatalmak vit\u00e1jak\u00e9nt tart sz\u00e1mon az ut\u00f3kor. Nem tudjuk, hogy Beethovent\u0151l ered-e ez a hasonlat, de tal\u00e1l\u00f3an jellemzi a szomor\u00fa monol\u00f3got deklam\u00e1l\u00f3 zongorasz\u00f3lam \u00e9s a r\u00e1 eleinte indulatosabban, majd egyre szel\u00eddebben v\u00e1laszol\u00f3 zenekar p\u00e1rbesz\u00e9d\u00e9t. Mintha Orfeusz f\u00e1jdalma megenyh\u00edtette volna az alvil\u00e1got. <br>\nA megszak\u00edt\u00e1s n\u00e9lk\u00fcl k\u00f6vetkez\u0151 Rond\u00f3 fin\u00e1l\u00e9 (Vivace) igazi felold\u00e1st hoz. A r\u00f6gt\u00f6nz\u00e9sjelleg ebben a t\u00e9telben is megfigyelhet\u0151, de a fant\u00e1zia csapong\u00e1sa kiegyens\u00falyozottabb, mint az els\u0151 t\u00e9telben. F\u00fcrg\u00e9n sz\u00f6kell\u0151, j\u00e1t\u00e9kos, vid\u00e1m zene ez, val\u00f3di enyh\u00fcl\u00e9s, kivil\u00e1gosod\u00e1s a lass\u00fat\u00e9tel s\u00f6t\u00e9t sz\u00edneire, a beethoveni boldogs\u00e1g-hang egyik ritka megnyilatkoz\u00e1sa.<\/p>\n<p>&nbsp;<\/p>{:}{:en}<p style=\"text-align: justify;\">The opening of Beethoven's Fourth Piano Concerto has no parallel in the repertoire. Concertos usually begin with a powerful orchestral introduction that exudes energy. In virtually all of the concertos of Mozart, Haydn and their contemporaries, the solo instrument only makes its entry after this first orchestral statement, by which time the orchestra has already stated the main material. In Beethoven's G major concerto, the piano begins with an infinitely simple passage that presents in a hushed confession, the principal motif. It creates the effect of the composition unfolding from the personal confession of the soloist. The orchestra then answers the pianist's phrase in a distant B major. Such tonal daring at the beginning of a work was not to be repeated again until Liszt's A major concerto, written fifty years later. The first movement continues in more traditional vain: we hear a sonata form bridging section and subsidiary and closing themes. Since the concerto began with a tender, pianissimo theme, on this occasion the secondary theme is of a more &quot;masculine&quot; character.<\/p>\n<p style=\"text-align: justify;\">&nbsp;The slow movement has encouraged some to interpret it in the light of the Orfeus myth. This association is not without foundation, since the piano solo pits extreme eloquence against strange unison replies from the orchestra, a depiction perhaps of the furies from another world being tamed by Orfeus's song.<\/p>\n<p style=\"text-align: justify;\">&nbsp;The finale follows on attacca from the slow movement. Its principal theme appears from afar. Initially it not only played softly, but approaches the basic tonality of G major from C major. Orfeus then has escaped from the world of the shades, and listening to Beethoven's music, it appears he has extricated Euridice: one of the characteristic themes of the closing rondo proclaims triumph and happiness<\/p>\n<p style=\"text-align: justify;\">The G major piano concerto was first performed in 1807 in Prince Lobkowitz's palace. Beethoven was the soloist, although this was to be the last occasion when he undertook to perform a concerto in public.<\/p>{:}","post_title":"{:hu}IV. zongoraverseny G-d\u00far, op. 58{:}{:en}Piano concerto No. 4 in G major, Op. 58{:}","post_excerpt":"","post_status":"publish","comment_status":"closed","ping_status":"closed","post_password":"","post_name":"iv-zongoraverseny-g-dur-op-58","to_ping":"","pinged":"","post_modified":"2016-09-08 08:57:47","post_modified_gmt":"2016-09-08 08:57:47","post_content_filtered":"","post_parent":0,"guid":"http:\/\/www.filharmonikusok.hu\/muvek\/iv-zongoraverseny-g-dur-op-58\/","menu_order":0,"post_type":"muvek","post_mime_type":"","comment_count":"0","filter":"raw","szerzo":["Beethoven"]},{"ID":103664,"post_author":"1","post_date":"2017-10-02 11:02:27","post_date_gmt":"2017-10-02 11:02:27","post_content":"","post_title":"{:hu}Sinfonia-Concertante (In memoriam Zoltan Kocsis){:}{:en}Sinfonia-Concertante (In memoriam Zoltan Kocsis){:}","post_excerpt":"","post_status":"publish","comment_status":"closed","ping_status":"closed","post_password":"","post_name":"sinfonia-concertante-zongorara-es-zenekarra-memoriam-kocsis-zoltan-osbemutato","to_ping":"","pinged":"","post_modified":"2017-10-02 11:05:32","post_modified_gmt":"2017-10-02 11:05:32","post_content_filtered":"","post_parent":0,"guid":"http:\/\/www.filharmonikusok.hu\/?post_type=muvek&#038;p=103664","menu_order":0,"post_type":"muvek","post_mime_type":"","comment_count":"0","filter":"raw","szerzo":["S\u00e1ry L\u00e1szl\u00f3"]},{"ID":103654,"post_author":"1","post_date":"2017-10-02 10:52:14","post_date_gmt":"2017-10-02 10:52:14","post_content":"","post_title":"{:hu}Burleszk, op. 8\/c, No. 3, BB 55\/3{:}{:en}Burlesque, op. 8\/c, No. 3, BB 55\/3{:}","post_excerpt":"","post_status":"publish","comment_status":"closed","ping_status":"closed","post_password":"","post_name":"burleszk-op-8c-no-3-bb-553","to_ping":"","pinged":"","post_modified":"2017-10-02 10:52:14","post_modified_gmt":"2017-10-02 10:52:14","post_content_filtered":"","post_parent":0,"guid":"http:\/\/www.filharmonikusok.hu\/?post_type=muvek&#038;p=103654","menu_order":0,"post_type":"muvek","post_mime_type":"","comment_count":"0","filter":"raw","szerzo":["Bart\u00f3k-Kocsis"]},{"ID":103656,"post_author":"1","post_date":"2017-10-02 10:53:51","post_date_gmt":"2017-10-02 10:53:51","post_content":"","post_title":"{:hu}Burleszk, op. 8\/c, No. 1, BB 55\/1{:}{:en}Burlesque, op. 8\/c, No. 1, BB 55\/1{:}","post_excerpt":"","post_status":"publish","comment_status":"closed","ping_status":"closed","post_password":"","post_name":"burleszk-op-8c-no-1-bb-551","to_ping":"","pinged":"","post_modified":"2017-10-02 10:53:51","post_modified_gmt":"2017-10-02 10:53:51","post_content_filtered":"","post_parent":0,"guid":"http:\/\/www.filharmonikusok.hu\/?post_type=muvek&#038;p=103656","menu_order":0,"post_type":"muvek","post_mime_type":"","comment_count":"0","filter":"raw","szerzo":["Bart\u00f3k-Kocsis"]},{"ID":103658,"post_author":"1","post_date":"2017-10-02 10:55:04","post_date_gmt":"2017-10-02 10:55:04","post_content":"","post_title":"{:hu}M\u00e1sodik \u00e1br\u00e1nd, DD 71, BB 27\/3{:}{:en}Second dream, DD 71, BB 27\/3{:}","post_excerpt":"","post_status":"publish","comment_status":"closed","ping_status":"closed","post_password":"","post_name":"masodik-abrand-dd-71-bb-273","to_ping":"","pinged":"","post_modified":"2017-10-02 10:55:04","post_modified_gmt":"2017-10-02 10:55:04","post_content_filtered":"","post_parent":0,"guid":"http:\/\/www.filharmonikusok.hu\/?post_type=muvek&#038;p=103658","menu_order":0,"post_type":"muvek","post_mime_type":"","comment_count":"0","filter":"raw","szerzo":["Bart\u00f3k-Kocsis"]},{"ID":103660,"post_author":"1","post_date":"2017-10-02 10:55:27","post_date_gmt":"2017-10-02 10:55:27","post_content":"","post_title":"{:hu}Scherzo, DD 71, BB 27\/4{:}{:en}Scherzo, DD 71, BB 27\/4{:}","post_excerpt":"","post_status":"publish","comment_status":"closed","ping_status":"closed","post_password":"","post_name":"scherzo-dd-71-bb-274","to_ping":"","pinged":"","post_modified":"2017-10-02 10:55:27","post_modified_gmt":"2017-10-02 10:55:27","post_content_filtered":"","post_parent":0,"guid":"http:\/\/www.filharmonikusok.hu\/?post_type=muvek&#038;p=103660","menu_order":0,"post_type":"muvek","post_mime_type":"","comment_count":"0","filter":"raw","szerzo":["Bart\u00f3k-Kocsis"]}],"muvekrol_reszletesen":null,"kozr_szemelyek":[],"muveszekrol_reszletesen":null,"kozr_szemelyek_feluldefinialasa":"<p>Vez\u00e9nyel:\u00a0<strong>Hamar Zsolt<\/strong>\u00a0\u00e9s <strong>Dobszay P\u00e9ter<\/strong><\/p>\n<p>K\u00f6zrem\u0171k\u00f6d\u0151k: <strong>Gyenisz Kozsukin<\/strong>\u00a0&#8211;\u00a0zongora<\/p>\n","kozr_intezmenyek":[{"ID":87472,"post_author":"1","post_date":"2016-09-08 07:58:44","post_date_gmt":"2016-09-08 07:58:44","post_content":"{:hu}<img class=\"size-medium wp-image-115524 alignnone\" src=\"https:\/\/www.filharmonikusok.hu\/wp-content\/uploads\/2016\/09\/MNF_Mupa_Evad-egyuttese_2019_20_foto_Csibi-Szilvia10-555x555-1-300x300.jpg\" alt=\"\" width=\"300\" height=\"300\" \/>\r\n\r\nA Nemzeti Filharmonikus Zenekar Magyarorsz\u00e1g egyik vezet\u0151 szimfonikus zenekara t\u00f6bb mint kilencven \u00e9ve. Ferencsik J\u00e1nos, Kobayashi Ken-Ichiro ut\u00e1n 1997-ben Kocsis Zolt\u00e1n f\u0151zeneigazgat\u00f3 ir\u00e1ny\u00edt\u00e1sa alatt a zenekar meg\u00fajult, a nemzeti szimfonikus egy\u00fctteshez m\u00e9lt\u00f3 sokoldal\u00fas\u00e1ggal nemcsak a klasszikus m\u0171veket, hanem ezek mellett a megszokott reperto\u00e1rr\u00f3l hi\u00e1nyz\u00f3 fontos alkot\u00e1sokat is megsz\u00f3laltatott, tov\u00e1bb\u00e1 a k\u00f6zelm\u00falt \u00e9s napjaink magyar zen\u00e9j\u00e9t is megismerteti k\u00f6z\u00f6ns\u00e9g\u00e9vel, valamint n\u00e9pszer\u0171ek kamarazenei \u00e9s ifj\u00fas\u00e1gi sorozatai is. \u00a02017 m\u00e1rcius\u00e1t\u00f3l 2020 augusztus\u00e1ig a a zenekarn\u00e1l kor\u00e1bban \u00e9veken \u00e1t els\u0151 \u00e1lland\u00f3 karmesterk\u00e9nt k\u00f6zrem\u0171k\u00f6d\u0151, komoly nemzetk\u00f6zi karriert maga m\u00f6g\u00f6tt tudhat\u00f3, Liszt Ferenc-d\u00edjas Hamar Zsolt t\u00f6lt\u00f6tte be a Nemzeti Filharmonikusok zeneigazgat\u00f3i posztj\u00e1t.\r\n\r\nAz egy\u00fcttes reperto\u00e1rj\u00e1n hangs\u00falyosan szerepel a Bart\u00f3k-\u00e9letm\u0171; m\u00e9rt\u00e9kad\u00f3 interpret\u00e1ci\u00f3i 2006 \u00f3ta a Bart\u00f3k \u00daj Sorozatban jelennek meg, de sz\u00ednfoltot k\u00e9pviselnek reperto\u00e1rj\u00e1n Kocsis Zolt\u00e1n Debussy, Rachmaninov, Bart\u00f3k m\u0171veib\u0151l k\u00e9sz\u00edtett \u00e1tiratai is. Hangversenyb\u00e9rleti el\u0151ad\u00e1sain vil\u00e1gh\u00edr\u0171 vend\u00e9gm\u0171v\u00e9szek \u00e9s vend\u00e9gkarmesterek l\u00e9pnek fel, valamint feladat\u00e1nak tekinti a kiemelked\u0151 p\u00e1lyakezd\u0151 magyar muzsikusok megh\u00edv\u00e1s\u00e1t is. Olyan neves helysz\u00edneken \u00e9s fesztiv\u00e1lokon l\u00e9pett fel az ut\u00f3bbi \u00e9vtizedekben, mint a New York-i Avery Fisher Hall, a toki\u00f3i Suntory Hall, a birminghami Symphony Hall, az ath\u00e9ni Megaron, a br\u00fcsszeli Bozar K\u00f6zpont, a bukaresti Enescu Fesztiv\u00e1l, a Colmari \u00e9s a Kan\u00e1ri-szigeteki Fesztiv\u00e1l. Az elm\u00falt 15 \u00e9vben mintegy 40 orsz\u00e1gban t\u00f6bb mint 330 k\u00fclf\u00f6ldi turn\u00e9koncertet adott.{:}{:en}<img class=\"size-medium wp-image-115524 alignnone\" src=\"https:\/\/www.filharmonikusok.hu\/wp-content\/uploads\/2016\/09\/MNF_Mupa_Evad-egyuttese_2019_20_foto_Csibi-Szilvia10-555x555-1-300x300.jpg\" alt=\"\" width=\"300\" height=\"300\" \/>\r\nThe Hungarian National Philharmonic Orchestra has been one of Hungary\u2019s leading symphony orchestras for over ninety years. The era marked by the name of J\u00e1nos Ferencsik and Kobayashi Ken-Ichiro was followed by a new chapter in the history of the orchestra when in 1997 Zolt\u00e1n Kocsis became general music director until his death. In almost two decades the National Philharmonic Orchestra underwent renewal. After the death of Zolt\u00e1n Kocsis, the Ferenc Liszt Award-winning Zsolt Hamar held the post of Musical Director at the Hungarian National Philharmonic from March 2017 to August 2020. He previously worked with the orchestra as its first permanent conductor and built up an impressive international career.\r\n\r\nThe Orchestra is one of the top interpreters of the work of B\u00e9la Bart\u00f3k, and the albums of the <em>Bart\u00f3k New Series<\/em> have won numerous accolades in Hungary and abroad. The orchestra perform not only classics but also numerous other important works previously missing from the repertoire, many of which require a large orchestral apparatus. It attaches great importance to introducing contemporary Hungarian works to the audiences. It has given many popular chamber music concerts and hosted events for young people.\r\n\r\nThe orchestra\u2019s concerts have featured world-famous soloists and conductors. It supports young musicians recently embarked on an international career. In recent decades, the National Philharmonic Orchestra has appeared in the greatest venues and festivals around the world, including the Avery Fisher Hall in New York, the Suntory Hall in Tokyo, the Birmingham Symphony Hall, the Megaron in Athens, Bozar Centre in Brussels, the Enescu Festival in Bucharest, the Beethoven Festival in Bogot\u00e1, as well as the Colmar and Canary Island Festivals. In the past two decades, the National Philharmonic Orchestra has given more than 330 concerts in some 40 countries.\r\n\r\n&nbsp;\r\n\r\n&nbsp;\r\n\r\n&nbsp;{:}","post_title":"{:hu}Nemzeti Filharmonikus Zenekar{:}{:en}Hungarian National Philharmonic Orchestra{:}","post_excerpt":"","post_status":"publish","comment_status":"closed","ping_status":"closed","post_password":"","post_name":"nemzeti-filharmonikus-zenekar","to_ping":"","pinged":"","post_modified":"2020-08-10 08:27:54","post_modified_gmt":"2020-08-10 08:27:54","post_content_filtered":"","post_parent":0,"guid":"http:\/\/www.filharmonikusok.hu\/institutions\/nemzeti-filharmonikus-zenekar\/","menu_order":0,"post_type":"institutions","post_mime_type":"","comment_count":"0","filter":"raw"}],"gombtipus":"link","jegyarak":"2.100 Ft, 2.900 Ft, 3.600 Ft, 4.300 Ft, 5.200 Ft","hivatkozas_gomb_szovege":"Tov\u00e1bb","hivatkozas_gomg_url-je":"https:\/\/www.mupa.hu\/program\/komolyzene-opera-szinhaz\/kocsis-zoltan-emlekkoncert-2017-11-06_19-30-bbnh","youtube_id":"","old_id":"","is_muvekrol_reszletesen_en":false,"is_muveszekrol_reszletesen_en":false,"muvek_feluldefinialasa":false},"publishpress_future_workflow_manual_trigger":{"enabledWorkflows":[]},"_links":{"self":[{"href":"https:\/\/www.filharmonikusok.hu\/en\/wp-json\/wp\/v2\/concerts\/103120","targetHints":{"allow":["GET"]}}],"collection":[{"href":"https:\/\/www.filharmonikusok.hu\/en\/wp-json\/wp\/v2\/concerts"}],"about":[{"href":"https:\/\/www.filharmonikusok.hu\/en\/wp-json\/wp\/v2\/types\/concerts"}],"wp:attachment":[{"href":"https:\/\/www.filharmonikusok.hu\/en\/wp-json\/wp\/v2\/media?parent=103120"}],"curies":[{"name":"wp","href":"https:\/\/api.w.org\/{rel}","templated":true}]}}