{"id":101835,"date":"2017-05-30T18:08:44","date_gmt":"2017-05-30T18:08:44","guid":{"rendered":"http:\/\/www.filharmonikusok.hu\/?post_type=concerts&#038;p=101835"},"modified":"2017-10-19T15:49:09","modified_gmt":"2017-10-19T15:49:09","slug":"csajkovszkij-a-diotoro-6","status":"publish","type":"concerts","link":"https:\/\/www.filharmonikusok.hu\/en\/koncertek\/csajkovszkij-a-diotoro-6\/","title":{"rendered":"Csajkovszkij A di\u00f3t\u00f6r\u0151"},"content":{"rendered":"<p><span style=\"font-weight: 400;\">R\u00e9gi hagyom\u00e1ny, hogy a Nemzeti Filharmonikus Zenekar Csajkovszkij egyik legn\u00e9pszer\u0171bb balettj\u00e9vel, e halhatatlan kar\u00e1csonyi t\u00f6rt\u00e9nettel \u00fcnnepel. \u201eAz \u00f6sszhat\u00e1s evidenciak\u00e9nt t\u00fckr\u00f6zi a baletthagyom\u00e1ny megker\u00fcl\u00e9s\u00e9nek j\u00f3t\u00e9kony \u00e9s friss\u00edt\u0151 sz\u00e1nd\u00e9k\u00e1t \u2013 \u00edrta a produkci\u00f3r\u00f3l Csengery Krist\u00f3f zenekritikus. \u2013 E sz\u00e1nd\u00e9k az utat a b\u00e1bsz\u00ednh\u00e1zzal t\u00e1rs\u00edtott speci\u00e1lis mozg\u00e1ssz\u00ednh\u00e1z keretei k\u00f6z\u00f6tt keresi, b\u00e1bot \u00e9s embert egym\u00e1s egyenrang\u00fa t\u00e1rsak\u00e9nt kezelve, egyes eszk\u00f6z\u00f6kkel a v\u00e1s\u00e1ri sz\u00ednj\u00e1t\u00e9kok hars\u00e1nyabb vil\u00e1g\u00e1t hozva be z\u00e1rt terembe, m\u00e1skor a cirkuszt\u00f3l k\u00f6lcs\u00f6nz\u00f6tt szolid akrobatik\u00e1val k\u00f6tve le a figyelmet, megint m\u00e1skor pantomimk\u00e9nt m\u0171k\u00f6dve, eg\u00e9sz\u00e9ben v\u00e9ve heterog\u00e9n \u00f6sszhat\u00e1ssal, \u00e1m kit\u0171n\u0151 eredm\u00e9nnyel. Naiv humor, \u00fcde j\u00e1t\u00e9koss\u00e1g, sok \u00f6tlet, vonz\u00f3 k\u00e9pi vil\u00e1g, mely soha nem mond ellent a zene szellem\u00e9nek. A d\u00edszletek egyszer\u0171en, de tal\u00e1l\u00e9konyan haszn\u00e1lj\u00e1k ki (horizont\u00e1lis \u00e9s vertik\u00e1lis dimenzi\u00f3ban egyar\u00e1nt) a Bart\u00f3k B\u00e9la Nemzeti Hangversenyterem p\u00f3dium\u00e1nak hatalmas bels\u0151 ter\u00e9t, a tarka jelmezek a mesevil\u00e1got var\u00e1zsolj\u00e1k el\u00e9nk. (\u2026) A di\u00f3t\u00f6r\u0151 sz\u00ednpadi m\u0171, melynek persze t\u00f6rt\u00e9nete van, s mint ilyen, konfliktust, dr\u00e1mai fordulatokat is megjelen\u00edt. M\u00e9gis \u00fagy \u00e9reztem, ennek az el\u0151ad\u00e1snak nem Di\u00f3t\u00f6r\u0151 \u00e9s Eg\u00e9rkir\u00e1ly \u00bbm\u00edtoszi \u00f6sszecsap\u00e1sa\u00ab alkotta a magv\u00e1t (b\u00e1r term\u00e9szetesen ez is lezajlott), hanem a mindenfajta narr\u00e1ci\u00f3n t\u00falmutat\u00f3, id\u0151tlen \u00f6sszhang, az \u00f6r\u00f6m, a sz\u00e9ps\u00e9g, az egym\u00e1st k\u00f6vet\u0151 t\u00e1ncok dallami \u00e9s harm\u00f3niai lelem\u00e9nye \u00e9s kecsess\u00e9ge.\u201d<\/span><\/p>\n","protected":false},"template":"","class_list":["post-101835","concerts","type-concerts","status-publish","hentry"],"translation":{"provider":"WPGlobus","version":"3.0.2","language":"en","enabled_languages":["hu","en"],"languages":{"hu":{"title":true,"content":true,"excerpt":false},"en":{"title":false,"content":false,"excerpt":false}}},"acf":{"alcim":"","kiemelt_kep":{"ID":104175,"id":104175,"title":"Diotoro_nfz3","filename":"Diotoro_nfz3.jpg","filesize":120818,"url":"https:\/\/www.filharmonikusok.hu\/wp-content\/uploads\/2017\/05\/Diotoro_nfz3.jpg","link":"https:\/\/www.filharmonikusok.hu\/en\/koncertek\/csajkovszkij-a-diotoro-6\/diotoro_nfz3\/","alt":"","author":"1","description":"","caption":"","name":"diotoro_nfz3","status":"inherit","uploaded_to":101835,"date":"2017-10-19 15:45:16","modified":"2017-10-19 15:45:44","menu_order":0,"mime_type":"image\/jpeg","type":"image","subtype":"jpeg","icon":"https:\/\/www.filharmonikusok.hu\/wp-includes\/images\/media\/default.png","width":1920,"height":560,"sizes":{"thumbnail":"https:\/\/www.filharmonikusok.hu\/wp-content\/uploads\/2017\/05\/Diotoro_nfz3-150x150.jpg","thumbnail-width":150,"thumbnail-height":150,"medium":"https:\/\/www.filharmonikusok.hu\/wp-content\/uploads\/2017\/05\/Diotoro_nfz3-300x88.jpg","medium-width":300,"medium-height":88,"medium_large":"https:\/\/www.filharmonikusok.hu\/wp-content\/uploads\/2017\/05\/Diotoro_nfz3-768x224.jpg","medium_large-width":640,"medium_large-height":187,"large":"https:\/\/www.filharmonikusok.hu\/wp-content\/uploads\/2017\/05\/Diotoro_nfz3-1024x299.jpg","large-width":640,"large-height":187,"1536x1536":"https:\/\/www.filharmonikusok.hu\/wp-content\/uploads\/2017\/05\/Diotoro_nfz3.jpg","1536x1536-width":1536,"1536x1536-height":448,"2048x2048":"https:\/\/www.filharmonikusok.hu\/wp-content\/uploads\/2017\/05\/Diotoro_nfz3.jpg","2048x2048-width":1920,"2048x2048-height":560,"person-size":"https:\/\/www.filharmonikusok.hu\/wp-content\/uploads\/2017\/05\/Diotoro_nfz3-165x165.jpg","person-size-width":165,"person-size-height":165,"person-size-2":"https:\/\/www.filharmonikusok.hu\/wp-content\/uploads\/2017\/05\/Diotoro_nfz3.jpg","person-size-2-width":165,"person-size-2-height":48,"album-size":"https:\/\/www.filharmonikusok.hu\/wp-content\/uploads\/2017\/05\/Diotoro_nfz3-263x263.jpg","album-size-width":263,"album-size-height":263,"news-lead-size":"https:\/\/www.filharmonikusok.hu\/wp-content\/uploads\/2017\/05\/Diotoro_nfz3-360x203.jpg","news-lead-size-width":360,"news-lead-size-height":203,"director-index-size":"https:\/\/www.filharmonikusok.hu\/wp-content\/uploads\/2017\/05\/Diotoro_nfz3-359x450.jpg","director-index-size-width":359,"director-index-size-height":450,"person-lead-size":"https:\/\/www.filharmonikusok.hu\/wp-content\/uploads\/2017\/05\/Diotoro_nfz3-555x555.jpg","person-lead-size-width":555,"person-lead-size-height":555,"slider-size":"https:\/\/www.filharmonikusok.hu\/wp-content\/uploads\/2017\/05\/Diotoro_nfz3-1600x560.jpg","slider-size-width":1600,"slider-size-height":560}},"kiemelt_kep_en":null,"megjegyzes":"<p>A Nemzeti Filharmonikusok \u00e9s a M\u00fcpa k\u00f6z\u00f6s produkci\u00f3ja<\/p>\n","esemeny_datum":"20171227","esemeny_idopontja":"11.00","sajat_program":false,"esemeny_tipusa":["koncertek"],"esemeny_helyszine":{"ID":87689,"post_author":"1","post_date":"2016-09-08 08:02:38","post_date_gmt":"2016-09-08 08:02:38","post_content":"","post_title":"{:hu}M\u00fcpa - Bart\u00f3k B\u00e9la Nemzeti Hangversenyterem{:}{:en}M\u00fcpa - B\u00e9la Bart\u00f3k National Concert Hall{:}","post_excerpt":"","post_status":"publish","comment_status":"closed","ping_status":"closed","post_password":"","post_name":"mupa-bartok-bela-nemzeti-hangversenyterem","to_ping":"","pinged":"","post_modified":"2016-09-08 08:02:38","post_modified_gmt":"2016-09-08 08:02:38","post_content_filtered":"","post_parent":0,"guid":"http:\/\/www.filharmonikusok.hu\/places\/mupa-bartok-bela-nemzeti-hangversenyterem\/","menu_order":0,"post_type":"places","post_mime_type":"","comment_count":"0","filter":"raw","varos":"{:hu}Budapest{:}{:en}Budapest{:}","orszag":"{:hu}Magyarorsz\u00e1g{:}{:en}Magyarorsz\u00e1g{:}","cim":"<p>1095 Budapest, Komor Marcell u. 1.<\/p>","megjegyzes":"","weboldal":"http:\/\/www.muveszetekpalotaja.hu"},"helyszin_kategoria":"budapest","karmester":{"ID":101545,"post_author":"1","post_date":"2017-05-30 19:58:57","post_date_gmt":"2017-05-30 19:58:57","post_content":"{:hu}Fels\u0151fok\u00fa tanulm\u00e1nyait a Liszt Ferenc Zenem\u0171v\u00e9szeti F\u0151iskol\u00e1n folytatta, zeneszerz\u00e9s tan\u00e1ra Petrovics Emil, karmester tan\u00e1rai Luk\u00e1cs Ervin \u00e9s G\u00e1l Tam\u00e1s voltak. 1995-ben kit\u00fcntet\u00e9ssel diplom\u00e1zott.\r\n\r\nP\u00e1ly\u00e1ja a Magyar Telev\u00edzi\u00f3 Nemzetk\u00f6zi Karmesterverseny\u00e9n nyert 2. d\u00edjjal \u00e9s k\u00f6z\u00f6ns\u00e9gd\u00edjjal indult. 1996-ban a spanyolorsz\u00e1gi Cadaques-ben rendezett karmesterversenyen ugyancsak 2. d\u00edjat nyert, 1997-ben a Portug\u00e1l R\u00e1di\u00f3 Nemzetk\u00f6zi Karmesterverseny\u00e9n 1. helyezett lett, majd a Trent\u00f3i Antonio Pedrotti Versenyen szint\u00e9n az 1. helyen v\u00e9gzett.\r\n\r\n1997 \u0151sz\u00e9n Kocsis Zolt\u00e1n zeneigazgat\u00f3 javaslat\u00e1ra a Nemzeti Filharmonikusok els\u0151 \u00e1lland\u00f3 karmester\u00e9v\u00e9 nevezt\u00e9k ki. 1998-ben Lorin Maazel asszisztense a Salzburgi \u00dcnnepi J\u00e1t\u00e9kokon. 2000-t\u0151l 2009-ig a Pannon Filharmonikusok zeneigazgat\u00f3ja \u00e9s vezet\u0151 karmestere, ezzel p\u00e1rhuzamosan az Orchestra di Padova e del Veneto els\u0151 vend\u00e9gkarmestere.\r\n\r\nRendszeres vend\u00e9g Eur\u00f3pa, Jap\u00e1n \u00e9s az Egyes\u00fclt \u00c1llamok zenekarain\u00e1l \u00e9s koncerttermeiben. Fell\u00e9pett szinte minden magyar szimfonikus egy\u00fcttessel. 2001 \u00f3ta rendszeresen vez\u00e9nyel a Magyar \u00c1llami Operah\u00e1zban, sz\u00edvesen l\u00e1tott vend\u00e9g a k\u00fclf\u00f6ldi dalsz\u00ednh\u00e1zakban is. 2005 \u00e9s 2011 k\u00f6z\u00f6tt a Z\u00fcrichi Operah\u00e1zban dolgozott a vil\u00e1gh\u00edr\u0171 dalsz\u00ednh\u00e1z \u00e1lland\u00f3 karmesterek\u00e9nt. 2012-t\u0151l 2016-ig a Wiesbadeni Operah\u00e1z (Hessisches Staatstheater) f\u0151zeneigazgat\u00f3ja volt.\r\n\r\n<em>\u00a0<\/em>A Nemzeti Filharmonikus Zenekarral Liszt m\u0171veket, a Pannon Filharmonikusokkal Mahler I. szimf\u00f3ni\u00e1j\u00e1nak 1893-as weimari v\u00e1ltozat\u00e1t r\u00f6gz\u00edtette CD-re a Hungaroton kiad\u00e1s\u00e1ban.\r\n\r\n2011 j\u00fanius\u00e1ban sikeresen fejezte be habilit\u00e1ci\u00f3j\u00e1t a Liszt Ferenc Zenem\u0171v\u00e9szeti Egyetemen. 2016 \u00f3ta a szombathelyi Nemzetk\u00f6zi Bart\u00f3k Szemin\u00e1rium \u00e9s Fesztiv\u00e1l karmesterkurzus\u00e1nak professzora.\r\n\r\n2017 m\u00e1rcius\u00e1t\u00f3l 2020 augusztus\u00e1ig vezette a Nemzeti Filharmonikusok Zenekar\u00e1t.\r\n\r\nMunk\u00e1ss\u00e1ga elismer\u00e9sek\u00e9nt 2001-ben Liszt-d\u00edjat, 2006-ban a Magyar K\u00f6zt\u00e1rsas\u00e1gi \u00c9rdemrend Lovagkeresztj\u00e9t vehette \u00e1t, 2017-ben pedig \u00c9rdemes M\u0171v\u00e9sz d\u00edjban r\u00e9szes\u00fclt.{:}{:en}Hamar pursued his advanced studies at Budapest\u2019s Franz Liszt Academy of Music, graduating with honours in 1995 after studying music composition under Emil Petrovics and conducting under Ervin Luk\u00e1cs and Tam\u00e1s G\u00e1l. He launched his career by taking second place and the audience prize at the Hungarian Television International Conducting Competition. He has also won prizes at several other international competitions (taking second place at the Cadaqu\u00e9s Orchestra International Conducting Competition in Spain and first place at both the Portuguese Radio Conducting Competition and the Antonio Pedrotti International Conducting Competition in Trento, Italy). In 1997, he was invited by Zolt\u00e1n Kocsis to serve as first permanent conductor of the Hungarian National Philharmonic Orchestra. After working as Lorin Maazel\u2019s assistant at the Salzburg Festival in 1998, he spent the years from 2000 to 2009 as the music director of the Pannon Philharmonic while simultaneously serving as first guest conductor of the Orchestra di Padova e del Veneto.\r\n\r\nA regular guest with orchestras and at concert halls around Europe, Japan and the USA, he has also appeared with nearly every symphonic ensemble in Hungary. Hamar has regularly conducted at the Hungarian State Opera since 2001 and is a welcome guest at opera houses in other countries as well. Between 2005 and 2011, he worked as a permanent conductor at the world-famous Opernhaus Z\u00fcrich. He has recorded works by Liszt together with the Hungarian National Philharmonic and Mahler\u2019s <em>First Symphony<\/em> with the Pannon Philharmonic. From 2012 to 2016, he served as the chief music director of Wiesbaden\u2019s opera house.\r\n\r\nHe headed the Hungarian National Philharmonic as Musical Director from March 2017 to August 2020.{:}","post_title":"{:hu}Hamar Zsolt{:}{:en}Zsolt Hamar{:}","post_excerpt":"","post_status":"publish","comment_status":"closed","ping_status":"closed","post_password":"","post_name":"hamar-zsolt-3","to_ping":"","pinged":"","post_modified":"2020-08-10 08:31:17","post_modified_gmt":"2020-08-10 08:31:17","post_content_filtered":"","post_parent":0,"guid":"http:\/\/www.filharmonikusok.hu\/?post_type=artists&#038;p=101545","menu_order":0,"post_type":"artists","post_mime_type":"","comment_count":"0","filter":"raw"},"hazigazda":null,"muvek":[],"muvekrol_reszletesen":null,"kozr_szemelyek":[],"muveszekrol_reszletesen":null,"kozr_szemelyek_feluldefinialasa":"<p><b>PJOTR ILJICS CSAJKOVSZKIJ<\/b><span style=\"font-weight: 400;\"> A di\u00f3t\u00f6r\u0151 &#8211; \u00f3ri\u00e1sb\u00e1bokkal<\/span><\/p>\n<p><span style=\"font-weight: 400;\">E.T.A. Hofmann mes\u00e9je alapj\u00e1n a sz\u00f6vegk\u00f6nyvet<\/span><b> Szil\u00e1gyi Dezs\u0151<\/b><span style=\"font-weight: 400;\"> \u00edrta<\/span><\/p>\n<p>&nbsp;<\/p>\n<p><b>Ko\u00f3s Iv\u00e1n<\/b><span style=\"font-weight: 400;\"> d\u00edszlet <\/span><\/p>\n<p><b>Br\u00f3dy Vera<\/b><span style=\"font-weight: 400;\"> b\u00e1b, maszk<\/span><\/p>\n<p><b>Meczner J\u00e1nos<\/b><span style=\"font-weight: 400;\"> sz\u00ednpadra \u00e1ll\u00edt\u00e1s Sz\u0151nyi Kat\u00f3 rendez\u00e9s\u00e9t felhaszn\u00e1lva<\/span><\/p>\n<p>&nbsp;<\/p>\n<p>&nbsp;<\/p>\n","kozr_intezmenyek":[{"ID":87531,"post_author":"1","post_date":"2016-09-08 07:58:45","post_date_gmt":"2016-09-08 07:58:45","post_content":"1988-ban a Budapest F\u0151v\u00e1rosi Tan\u00e1cs VB., a M\u0171vel\u0151d\u00e9si Miniszt\u00e9rium \u00e9s a Budapest F\u0151v\u00e1ros XV. Ker\u00fcleti Tan\u00e1cs VB. ifj. Sapszon Ferenc Liszt-d\u00edjas karnagy tanulm\u00e1nyterve alapj\u00e1n megalap\u00edtotta a Kod\u00e1ly Zolt\u00e1n Magyar K\u00f3rusiskol\u00e1t (KZMK). A Magyarorsz\u00e1gon m\u00e1ig egyed\u00fcl\u00e1ll\u00f3 int\u00e9zm\u00e9ny Kod\u00e1ly nemzetnevel\u0151 elveit szeretn\u00e9 megval\u00f3s\u00edtani, ez\u00e9rt nevel\u00e9s\u00e9nek eg\u00e9sz\u00e9ben fontos szerepet t\u00f6lt be a zenei nevel\u00e9s. A tizenk\u00e9t \u00e9vfolyamos, f\u0151v\u00e1rosi \u00e9s pest megyei beiskol\u00e1z\u00e1s\u00fa int\u00e9zm\u00e9nyben egy nevel\u00e9si egys\u00e9gben \u00e9l \u00e1ltal\u00e1nos iskola, gimn\u00e1zium, zeneiskola \u00e9s zenem\u0171v\u00e9szeti szakk\u00e9pz\u00e9s.\r\n\r\nIgaz\u00e1n hat\u00e9kony zenei nevel\u00e9s a teljes embert harmonikusan fejleszt\u0151, emberk\u00f6zpont\u00fa nevel\u0151iskol\u00e1ban val\u00f3sulhat meg. Ahol az iskola eg\u00e9sz\u00e9t \u00e1tj\u00e1rja, \u00e1thatja a kod\u00e1lyi gondolat; ahol az iskola folyos\u00f3j\u00e1n, kir\u00e1ndul\u00e1sain \u00e9s minden mozzanat\u00e1ban ugyanaz az \u00e9rt\u00e9krend hat; ahol nem \u00f6nt\u00f6rv\u00e9ny\u0171 szakt\u00e1rgyak hadakoznak egym\u00e1ssal, hanem egy \u00e1tfog\u00f3 gondolkod\u00e1sm\u00f3d \u00e9rv\u00e9nyes\u00fcl. A m\u0171velts\u00e9gi ter\u00fcletek m\u00e1s-m\u00e1s m\u00f3don, de egym\u00e1st tisztelve, kieg\u00e9sz\u00edtve, er\u0151s\u00edtve, harm\u00f3ni\u00e1ban \u00f6sszefogva szolg\u00e1lj\u00e1k a n\u00f6veked\u00e9st. (Pl. a nyelv, amely a fogalmi gondolkod\u00e1sba bevezet, vagy a zene, amely legk\u00f6zvetlenebb\u00fcl hat, ami az ar\u00e1nyok vil\u00e1g\u00e1t, a rendet hordozza, \u00e9s az \u00e9let s\u0171r\u00edtett tapasztalatait, a mor\u00e1lis \u00e9rt\u00e9keket \u00e9rzelmi er\u0151vel gazdagon sug\u00e1rozza.)","post_title":"{:hu}Kod\u00e1ly Zolt\u00e1n Magyar K\u00f3rusiskola Gyermekkara (karigazgat\u00f3: Sapszon Borb\u00e1la, Sapszon Ferenc){:}{:en}The Children Choir of the Zolt\u00e1n Kod\u00e1ly Hungarian Choral School (chorus master: Ferenc Sapszon Jr.){:}","post_excerpt":"","post_status":"publish","comment_status":"closed","ping_status":"closed","post_password":"","post_name":"a-kodaly-zoltan-magyar-korusiskola-gyermekkara-karigazgato-ifj-sapszon-ferenc","to_ping":"","pinged":"","post_modified":"2018-03-06 12:37:15","post_modified_gmt":"2018-03-06 12:37:15","post_content_filtered":"","post_parent":0,"guid":"http:\/\/www.filharmonikusok.hu\/institutions\/a-kodaly-zoltan-magyar-korusiskola-gyermekkara-karigazgato-ifj-sapszon-ferenc\/","menu_order":0,"post_type":"institutions","post_mime_type":"","comment_count":"0","filter":"raw"},{"ID":87490,"post_author":"1","post_date":"2016-09-08 07:58:44","post_date_gmt":"2016-09-08 07:58:44","post_content":"1949 \u00f3ta, \"A b\u00e1b nem koroszt\u00e1ly, hanem m\u0171faj\" mott\u00f3 jegy\u00e9ben v\u00e1rja n\u00e9z\u0151it a Budapest B\u00e1bsz\u00ednh\u00e1z, K\u00f6z\u00e9p-Eur\u00f3pa legnagyobb, Magyarorsz\u00e1g legr\u00e9gebbi professzion\u00e1lis b\u00e1bsz\u00ednh\u00e1za.\r\n\r\nB\u00e1bozni ezerf\u00e9lek\u00e9ppen lehet. Divatok j\u00f6ttek, hagyom\u00e1nyok sz\u00fclettek \u00e9s mer\u00fcltek feled\u00e9sbe, de egy dolog soha nem v\u00e1ltozott: az \u00e9lettelen \u00e9letre kelt\u00e9s\u00e9nek var\u00e1zslata gyerekek \u00e9s feln\u0151ttek sz\u00e1m\u00e1ra, mert a b\u00e1b val\u00f3ban nem koroszt\u00e1ly, hanem m\u0171faj.\r\n\r\nAz 1949. okt\u00f3ber 8-\u00e1n megny\u00edlt \u00c1llami B\u00e1bsz\u00ednh\u00e1z jogut\u00f3jak\u00e9nt 1992-ben vette fel az egy\u00fcttes a Budapest B\u00e1bsz\u00ednh\u00e1z nevet. A sz\u00ednh\u00e1z fenn\u00e1ll\u00e1sa \u00f3ta sz\u00ednvonalas gyermekm\u0171sorai mellett feln\u0151tteknek k\u00e9sz\u00fclt el\u0151ad\u00e1saival v\u00e1lt h\u00edress\u00e9 bel- \u00e9s k\u00fclf\u00f6ld\u00f6n. Klasszikus dr\u00e1m\u00e1k szuver\u00e9n b\u00e1bv\u00e1ltozataival bizony\u00edtotta a b\u00e1bj\u00e1t\u00e9k egyenrang\u00fas\u00e1g\u00e1t a sz\u00ednh\u00e1zm\u0171v\u00e9szet valamennyi \u00e1g\u00e1val, az int\u00e9zm\u00e9ny t\u00f6rt\u00e9net\u00e9nek legnagyobb sikereit a saj\u00e1tos eszk\u00f6z\u00f6kkel megfogalmazott komolyzenei m\u0171vek b\u00e1bel\u0151ad\u00e1saval aratta az \u00f6t kontinensen.\r\n\r\nA t\u00e1rsulat k\u00e9t j\u00e1tsz\u00f3helyen, a mintegy 400 f\u0151 befogad\u00e1s\u00e1ra k\u00e9pes sz\u00ednh\u00e1zteremben, illetve a mobil kialak\u00edt\u00e1s\u00fa, \u00edgy t\u00f6bbf\u00e9le elrendez\u00e9sre alkalmas, k\u00f6r\u00fclbel\u00fcl 100 f\u00e9r\u0151helyes J\u00e1tsz\u00f3-t\u00e9ren \u00e9vadonk\u00e9nt \u00f6sszesen 360-380 el\u0151ad\u00e1st j\u00e1tszik 100.000 n\u00e9z\u0151nek, ami 100% f\u00f6l\u00f6tti l\u00e1togatotts\u00e1got jelent.\r\n\r\nAz egyik legjelent\u0151sebb magyar b\u00e1btervez\u0151r\u0151l elnevezett Ko\u00f3s Iv\u00e1n Gal\u00e9ri\u00e1ban id\u0151szakos tematikus ki\u00e1ll\u00edt\u00e1sainkkal nagy hangs\u00falyt fektet\u00fcnk a b\u00e1bm\u0171v\u00e9szet m\u00faltj\u00e1nak \u00e9s jelen\u00e9nek, emblematikus tervez\u0151k \u00e9s b\u00e1bsz\u00ednh\u00e1zak bemutat\u00e1s\u00e1ra.\r\n\r\n2010-ben indult B\u00c1BU Fesztiv\u00e1l. 2014 \u00f3ta m\u00e1rcius 21-\u00e9n a Budapest B\u00e1bsz\u00ednh\u00e1z kezdem\u00e9nyez\u00e9s\u00e9re a magyar nyelv\u0171 b\u00e1bosok\u00a0hat\u00e1ron innen \u00e9s t\u00fal \u00fcnneplik k\u00f6z\u00f6sen a B\u00e1bsz\u00ednh\u00e1zi vil\u00e1gnapot.","post_title":"{:hu}Budapest B\u00e1bsz\u00ednh\u00e1z{:}{:en}Budapest Puppet Theatre{:}","post_excerpt":"","post_status":"publish","comment_status":"closed","ping_status":"closed","post_password":"","post_name":"budapest-babszinhaz","to_ping":"","pinged":"","post_modified":"2016-10-25 09:43:49","post_modified_gmt":"2016-10-25 09:43:49","post_content_filtered":"","post_parent":0,"guid":"http:\/\/www.filharmonikusok.hu\/institutions\/budapest-babszinhaz\/","menu_order":0,"post_type":"institutions","post_mime_type":"","comment_count":"0","filter":"raw"},{"ID":87472,"post_author":"1","post_date":"2016-09-08 07:58:44","post_date_gmt":"2016-09-08 07:58:44","post_content":"{:hu}<img class=\"size-medium wp-image-115524 alignnone\" src=\"https:\/\/www.filharmonikusok.hu\/wp-content\/uploads\/2016\/09\/MNF_Mupa_Evad-egyuttese_2019_20_foto_Csibi-Szilvia10-555x555-1-300x300.jpg\" alt=\"\" width=\"300\" height=\"300\" \/>\r\n\r\nA Nemzeti Filharmonikus Zenekar Magyarorsz\u00e1g egyik vezet\u0151 szimfonikus zenekara t\u00f6bb mint kilencven \u00e9ve. Ferencsik J\u00e1nos, Kobayashi Ken-Ichiro ut\u00e1n 1997-ben Kocsis Zolt\u00e1n f\u0151zeneigazgat\u00f3 ir\u00e1ny\u00edt\u00e1sa alatt a zenekar meg\u00fajult, a nemzeti szimfonikus egy\u00fctteshez m\u00e9lt\u00f3 sokoldal\u00fas\u00e1ggal nemcsak a klasszikus m\u0171veket, hanem ezek mellett a megszokott reperto\u00e1rr\u00f3l hi\u00e1nyz\u00f3 fontos alkot\u00e1sokat is megsz\u00f3laltatott, tov\u00e1bb\u00e1 a k\u00f6zelm\u00falt \u00e9s napjaink magyar zen\u00e9j\u00e9t is megismerteti k\u00f6z\u00f6ns\u00e9g\u00e9vel, valamint n\u00e9pszer\u0171ek kamarazenei \u00e9s ifj\u00fas\u00e1gi sorozatai is. \u00a02017 m\u00e1rcius\u00e1t\u00f3l 2020 augusztus\u00e1ig a a zenekarn\u00e1l kor\u00e1bban \u00e9veken \u00e1t els\u0151 \u00e1lland\u00f3 karmesterk\u00e9nt k\u00f6zrem\u0171k\u00f6d\u0151, komoly nemzetk\u00f6zi karriert maga m\u00f6g\u00f6tt tudhat\u00f3, Liszt Ferenc-d\u00edjas Hamar Zsolt t\u00f6lt\u00f6tte be a Nemzeti Filharmonikusok zeneigazgat\u00f3i posztj\u00e1t.\r\n\r\nAz egy\u00fcttes reperto\u00e1rj\u00e1n hangs\u00falyosan szerepel a Bart\u00f3k-\u00e9letm\u0171; m\u00e9rt\u00e9kad\u00f3 interpret\u00e1ci\u00f3i 2006 \u00f3ta a Bart\u00f3k \u00daj Sorozatban jelennek meg, de sz\u00ednfoltot k\u00e9pviselnek reperto\u00e1rj\u00e1n Kocsis Zolt\u00e1n Debussy, Rachmaninov, Bart\u00f3k m\u0171veib\u0151l k\u00e9sz\u00edtett \u00e1tiratai is. Hangversenyb\u00e9rleti el\u0151ad\u00e1sain vil\u00e1gh\u00edr\u0171 vend\u00e9gm\u0171v\u00e9szek \u00e9s vend\u00e9gkarmesterek l\u00e9pnek fel, valamint feladat\u00e1nak tekinti a kiemelked\u0151 p\u00e1lyakezd\u0151 magyar muzsikusok megh\u00edv\u00e1s\u00e1t is. Olyan neves helysz\u00edneken \u00e9s fesztiv\u00e1lokon l\u00e9pett fel az ut\u00f3bbi \u00e9vtizedekben, mint a New York-i Avery Fisher Hall, a toki\u00f3i Suntory Hall, a birminghami Symphony Hall, az ath\u00e9ni Megaron, a br\u00fcsszeli Bozar K\u00f6zpont, a bukaresti Enescu Fesztiv\u00e1l, a Colmari \u00e9s a Kan\u00e1ri-szigeteki Fesztiv\u00e1l. Az elm\u00falt 15 \u00e9vben mintegy 40 orsz\u00e1gban t\u00f6bb mint 330 k\u00fclf\u00f6ldi turn\u00e9koncertet adott.{:}{:en}<img class=\"size-medium wp-image-115524 alignnone\" src=\"https:\/\/www.filharmonikusok.hu\/wp-content\/uploads\/2016\/09\/MNF_Mupa_Evad-egyuttese_2019_20_foto_Csibi-Szilvia10-555x555-1-300x300.jpg\" alt=\"\" width=\"300\" height=\"300\" \/>\r\nThe Hungarian National Philharmonic Orchestra has been one of Hungary\u2019s leading symphony orchestras for over ninety years. The era marked by the name of J\u00e1nos Ferencsik and Kobayashi Ken-Ichiro was followed by a new chapter in the history of the orchestra when in 1997 Zolt\u00e1n Kocsis became general music director until his death. In almost two decades the National Philharmonic Orchestra underwent renewal. After the death of Zolt\u00e1n Kocsis, the Ferenc Liszt Award-winning Zsolt Hamar held the post of Musical Director at the Hungarian National Philharmonic from March 2017 to August 2020. He previously worked with the orchestra as its first permanent conductor and built up an impressive international career.\r\n\r\nThe Orchestra is one of the top interpreters of the work of B\u00e9la Bart\u00f3k, and the albums of the <em>Bart\u00f3k New Series<\/em> have won numerous accolades in Hungary and abroad. The orchestra perform not only classics but also numerous other important works previously missing from the repertoire, many of which require a large orchestral apparatus. It attaches great importance to introducing contemporary Hungarian works to the audiences. It has given many popular chamber music concerts and hosted events for young people.\r\n\r\nThe orchestra\u2019s concerts have featured world-famous soloists and conductors. It supports young musicians recently embarked on an international career. In recent decades, the National Philharmonic Orchestra has appeared in the greatest venues and festivals around the world, including the Avery Fisher Hall in New York, the Suntory Hall in Tokyo, the Birmingham Symphony Hall, the Megaron in Athens, Bozar Centre in Brussels, the Enescu Festival in Bucharest, the Beethoven Festival in Bogot\u00e1, as well as the Colmar and Canary Island Festivals. In the past two decades, the National Philharmonic Orchestra has given more than 330 concerts in some 40 countries.\r\n\r\n&nbsp;\r\n\r\n&nbsp;\r\n\r\n&nbsp;{:}","post_title":"{:hu}Nemzeti Filharmonikus Zenekar{:}{:en}Hungarian National Philharmonic Orchestra{:}","post_excerpt":"","post_status":"publish","comment_status":"closed","ping_status":"closed","post_password":"","post_name":"nemzeti-filharmonikus-zenekar","to_ping":"","pinged":"","post_modified":"2020-08-10 08:27:54","post_modified_gmt":"2020-08-10 08:27:54","post_content_filtered":"","post_parent":0,"guid":"http:\/\/www.filharmonikusok.hu\/institutions\/nemzeti-filharmonikus-zenekar\/","menu_order":0,"post_type":"institutions","post_mime_type":"","comment_count":"0","filter":"raw"}],"gombtipus":"link","jegyarak":"5.200 Ft, 4.300 Ft, 3.600 Ft, 2.900 Ft, 2.100 Ft","hivatkozas_gomb_szovege":"Tov\u00e1bb","hivatkozas_gomg_url-je":"https:\/\/www.mupa.hu\/program\/csaladi-es-ifjusagi-programok\/csajkovszkij-a-diotoro-oriasbabokkal-2017-12-27_11-00-bbnh","youtube_id":"","old_id":"","is_muvekrol_reszletesen_en":false,"is_muveszekrol_reszletesen_en":false},"publishpress_future_workflow_manual_trigger":{"enabledWorkflows":[]},"_links":{"self":[{"href":"https:\/\/www.filharmonikusok.hu\/en\/wp-json\/wp\/v2\/concerts\/101835","targetHints":{"allow":["GET"]}}],"collection":[{"href":"https:\/\/www.filharmonikusok.hu\/en\/wp-json\/wp\/v2\/concerts"}],"about":[{"href":"https:\/\/www.filharmonikusok.hu\/en\/wp-json\/wp\/v2\/types\/concerts"}],"wp:attachment":[{"href":"https:\/\/www.filharmonikusok.hu\/en\/wp-json\/wp\/v2\/media?parent=101835"}],"curies":[{"name":"wp","href":"https:\/\/api.w.org\/{rel}","templated":true}]}}