{"id":101812,"date":"2017-05-30T16:56:05","date_gmt":"2017-05-30T16:56:05","guid":{"rendered":"http:\/\/www.filharmonikusok.hu\/?post_type=concerts&#038;p=101812"},"modified":"2017-10-11T15:58:33","modified_gmt":"2017-10-11T15:58:33","slug":"schumann-es-severin-von-eckardstein-2","status":"publish","type":"concerts","link":"https:\/\/www.filharmonikusok.hu\/en\/koncertek\/schumann-es-severin-von-eckardstein-2\/","title":{"rendered":"Schumann \u00e9s Severin von Eckardstein"},"content":{"rendered":"<p><span style=\"font-weight: 400;\">T\u00fcnd\u00e9rkir\u00e1ly, Puck, Titania, a lelk\u00e9t var\u00e1zstoj\u00e1sban \u0151rz\u0151 Gonosz var\u00e1zsl\u00f3, a h\u0151s Iv\u00e1n herceg \u00e9s a zenet\u00f6rt\u00e9net t\u00f6bbi j\u00f3l ismert mesealakja \u2013 vel\u00fck tal\u00e1lkozhatunk ezen az est\u00e9n egy olyan nagyszer\u0171 zongoram\u0171v\u00e9sz k\u00f6zrem\u0171k\u00f6d\u00e9s\u00e9vel, akit a vil\u00e1g egyik legjelent\u0151sebb verseny\u00e9n, a br\u00fcsszeli Erzs\u00e9bet Kir\u00e1lyn\u0151 Versenyen el\u00e9rt gy\u0151zelem ind\u00edtott el a p\u00e1ly\u00e1j\u00e1n, \u00e9s akit az\u00f3ta is a romantikus zongorairodalom kiemelked\u0151 tolm\u00e1csol\u00f3jak\u00e9nt tartanak sz\u00e1mon. A saj\u00e1t fant\u00e1ziavil\u00e1got teremt\u0151, a zene \u00e1lmokkal teli \u00e9jszakai oldal\u00e1t is megannyi remekm\u0171ben megjelen\u00edt\u0151 Robert Schumann csodasz\u00e9p a-moll zongoraversenye a romantika mint \u00e9let\u00e9rz\u00e9s par excellence kifejez\u0151d\u00e9se, \u00e9s ha kimondatlanul is, de bizony\u00e1ra ebben is szerepet kaptak k\u00e9pzelet\u00e9nek kital\u00e1lt alakjai. A koncertet nyit\u00f3 alkot\u00e1s egy t\u00fcnd\u00e9ropera karaktereit vonultatja fel b\u00e1mulatos sz\u00edness\u00e9ggel \u00e9s nem kev\u00e9s humorral, a m\u0171sor m\u00e1sodik r\u00e9sz\u00e9ben megsz\u00f3lal\u00f3 m\u0171 pedig a hangszerel\u00e9s csod\u00e1ja, amely a zenekari sz\u00ednek ma is k\u00e1pr\u00e1ztat\u00f3 gazdags\u00e1g\u00e1val festi le a gonosz Kascsej kertj\u00e9t \u00e9s a benne j\u00e1tsz\u00f3d\u00f3, b\u00e1jos \u00e9s ijeszt\u0151 epiz\u00f3dokban egyar\u00e1nt b\u0151velked\u0151 t\u00f6rt\u00e9netet.<\/span><\/p>\n","protected":false},"template":"","class_list":["post-101812","concerts","type-concerts","status-publish","hentry"],"translation":{"provider":"WPGlobus","version":"3.0.2","language":"en","enabled_languages":["hu","en"],"languages":{"hu":{"title":true,"content":true,"excerpt":false},"en":{"title":false,"content":false,"excerpt":false}}},"acf":{"alcim":"","kiemelt_kep":null,"kiemelt_kep_en":null,"megjegyzes":"","esemeny_datum":"20171127","esemeny_idopontja":"19.00","sajat_program":false,"esemeny_tipusa":["koncertek"],"esemeny_helyszine":{"ID":87543,"post_author":"1","post_date":"2016-09-08 08:02:37","post_date_gmt":"2016-09-08 08:02:37","post_content":"","post_title":"{:hu}V\u00f6r\u00f6smarty Sz\u00ednh\u00e1z{:}{:en}V\u00f6r\u00f6smarty Sz\u00ednh\u00e1z{:}","post_excerpt":"","post_status":"publish","comment_status":"closed","ping_status":"closed","post_password":"","post_name":"vorosmarty-szinhaz","to_ping":"","pinged":"","post_modified":"2016-09-08 08:02:37","post_modified_gmt":"2016-09-08 08:02:37","post_content_filtered":"","post_parent":0,"guid":"http:\/\/www.filharmonikusok.hu\/places\/vorosmarty-szinhaz\/","menu_order":0,"post_type":"places","post_mime_type":"","comment_count":"0","filter":"raw","varos":"{:hu}Sz\u00e9kesfeh\u00e9rv\u00e1r{:}{:en}Sz\u00e9kesfeh\u00e9rv\u00e1r{:}","orszag":"{:hu}Magyarorsz\u00e1g{:}{:en}Hungary{:}","cim":"8000. F\u0151 utca 8.","megjegyzes":"Sz\u00e9kesfeh\u00e9rv\u00e1ri V\u00f6r\u00f6smarty Sz\u00ednh\u00e1z<br>Tel: +(36 22) 515-350, 502-745<br>Fax: +(36 22) 311-415<br> E-mail: szfvar.szinhaz@matavnet.hu","weboldal":"w3.datatrans.hu\/szinhaz\/"},"helyszin_kategoria":"videk","karmester":{"ID":101545,"post_author":"1","post_date":"2017-05-30 19:58:57","post_date_gmt":"2017-05-30 19:58:57","post_content":"{:hu}Fels\u0151fok\u00fa tanulm\u00e1nyait a Liszt Ferenc Zenem\u0171v\u00e9szeti F\u0151iskol\u00e1n folytatta, zeneszerz\u00e9s tan\u00e1ra Petrovics Emil, karmester tan\u00e1rai Luk\u00e1cs Ervin \u00e9s G\u00e1l Tam\u00e1s voltak. 1995-ben kit\u00fcntet\u00e9ssel diplom\u00e1zott.\r\n\r\nP\u00e1ly\u00e1ja a Magyar Telev\u00edzi\u00f3 Nemzetk\u00f6zi Karmesterverseny\u00e9n nyert 2. d\u00edjjal \u00e9s k\u00f6z\u00f6ns\u00e9gd\u00edjjal indult. 1996-ban a spanyolorsz\u00e1gi Cadaques-ben rendezett karmesterversenyen ugyancsak 2. d\u00edjat nyert, 1997-ben a Portug\u00e1l R\u00e1di\u00f3 Nemzetk\u00f6zi Karmesterverseny\u00e9n 1. helyezett lett, majd a Trent\u00f3i Antonio Pedrotti Versenyen szint\u00e9n az 1. helyen v\u00e9gzett.\r\n\r\n1997 \u0151sz\u00e9n Kocsis Zolt\u00e1n zeneigazgat\u00f3 javaslat\u00e1ra a Nemzeti Filharmonikusok els\u0151 \u00e1lland\u00f3 karmester\u00e9v\u00e9 nevezt\u00e9k ki. 1998-ben Lorin Maazel asszisztense a Salzburgi \u00dcnnepi J\u00e1t\u00e9kokon. 2000-t\u0151l 2009-ig a Pannon Filharmonikusok zeneigazgat\u00f3ja \u00e9s vezet\u0151 karmestere, ezzel p\u00e1rhuzamosan az Orchestra di Padova e del Veneto els\u0151 vend\u00e9gkarmestere.\r\n\r\nRendszeres vend\u00e9g Eur\u00f3pa, Jap\u00e1n \u00e9s az Egyes\u00fclt \u00c1llamok zenekarain\u00e1l \u00e9s koncerttermeiben. Fell\u00e9pett szinte minden magyar szimfonikus egy\u00fcttessel. 2001 \u00f3ta rendszeresen vez\u00e9nyel a Magyar \u00c1llami Operah\u00e1zban, sz\u00edvesen l\u00e1tott vend\u00e9g a k\u00fclf\u00f6ldi dalsz\u00ednh\u00e1zakban is. 2005 \u00e9s 2011 k\u00f6z\u00f6tt a Z\u00fcrichi Operah\u00e1zban dolgozott a vil\u00e1gh\u00edr\u0171 dalsz\u00ednh\u00e1z \u00e1lland\u00f3 karmesterek\u00e9nt. 2012-t\u0151l 2016-ig a Wiesbadeni Operah\u00e1z (Hessisches Staatstheater) f\u0151zeneigazgat\u00f3ja volt.\r\n\r\n<em>\u00a0<\/em>A Nemzeti Filharmonikus Zenekarral Liszt m\u0171veket, a Pannon Filharmonikusokkal Mahler I. szimf\u00f3ni\u00e1j\u00e1nak 1893-as weimari v\u00e1ltozat\u00e1t r\u00f6gz\u00edtette CD-re a Hungaroton kiad\u00e1s\u00e1ban.\r\n\r\n2011 j\u00fanius\u00e1ban sikeresen fejezte be habilit\u00e1ci\u00f3j\u00e1t a Liszt Ferenc Zenem\u0171v\u00e9szeti Egyetemen. 2016 \u00f3ta a szombathelyi Nemzetk\u00f6zi Bart\u00f3k Szemin\u00e1rium \u00e9s Fesztiv\u00e1l karmesterkurzus\u00e1nak professzora.\r\n\r\n2017 m\u00e1rcius\u00e1t\u00f3l 2020 augusztus\u00e1ig vezette a Nemzeti Filharmonikusok Zenekar\u00e1t.\r\n\r\nMunk\u00e1ss\u00e1ga elismer\u00e9sek\u00e9nt 2001-ben Liszt-d\u00edjat, 2006-ban a Magyar K\u00f6zt\u00e1rsas\u00e1gi \u00c9rdemrend Lovagkeresztj\u00e9t vehette \u00e1t, 2017-ben pedig \u00c9rdemes M\u0171v\u00e9sz d\u00edjban r\u00e9szes\u00fclt.{:}{:en}Hamar pursued his advanced studies at Budapest\u2019s Franz Liszt Academy of Music, graduating with honours in 1995 after studying music composition under Emil Petrovics and conducting under Ervin Luk\u00e1cs and Tam\u00e1s G\u00e1l. He launched his career by taking second place and the audience prize at the Hungarian Television International Conducting Competition. He has also won prizes at several other international competitions (taking second place at the Cadaqu\u00e9s Orchestra International Conducting Competition in Spain and first place at both the Portuguese Radio Conducting Competition and the Antonio Pedrotti International Conducting Competition in Trento, Italy). In 1997, he was invited by Zolt\u00e1n Kocsis to serve as first permanent conductor of the Hungarian National Philharmonic Orchestra. After working as Lorin Maazel\u2019s assistant at the Salzburg Festival in 1998, he spent the years from 2000 to 2009 as the music director of the Pannon Philharmonic while simultaneously serving as first guest conductor of the Orchestra di Padova e del Veneto.\r\n\r\nA regular guest with orchestras and at concert halls around Europe, Japan and the USA, he has also appeared with nearly every symphonic ensemble in Hungary. Hamar has regularly conducted at the Hungarian State Opera since 2001 and is a welcome guest at opera houses in other countries as well. Between 2005 and 2011, he worked as a permanent conductor at the world-famous Opernhaus Z\u00fcrich. He has recorded works by Liszt together with the Hungarian National Philharmonic and Mahler\u2019s <em>First Symphony<\/em> with the Pannon Philharmonic. From 2012 to 2016, he served as the chief music director of Wiesbaden\u2019s opera house.\r\n\r\nHe headed the Hungarian National Philharmonic as Musical Director from March 2017 to August 2020.{:}","post_title":"{:hu}Hamar Zsolt{:}{:en}Zsolt Hamar{:}","post_excerpt":"","post_status":"publish","comment_status":"closed","ping_status":"closed","post_password":"","post_name":"hamar-zsolt-3","to_ping":"","pinged":"","post_modified":"2020-08-10 08:31:17","post_modified_gmt":"2020-08-10 08:31:17","post_content_filtered":"","post_parent":0,"guid":"http:\/\/www.filharmonikusok.hu\/?post_type=artists&#038;p=101545","menu_order":0,"post_type":"artists","post_mime_type":"","comment_count":"0","filter":"raw"},"hazigazda":null,"muvek":[{"ID":101486,"post_author":"3","post_date":"2017-05-29 19:32:48","post_date_gmt":"2017-05-29 19:32:48","post_content":"Az <em>Oberon, or the Elf King\u2019s Oath<\/em> Carl Maria von Weber utols\u00f3 oper\u00e1ja. Charles Kemble londoni sz\u00edn\u00e9sz-impressz\u00e1ri\u00f3 k\u00e9rte fel a zeneszerz\u0151t egy \u00faj m\u0171 kompon\u00e1l\u00e1s\u00e1ra, amelyet a <em>B\u0171v\u00f6s vad\u00e1sz<\/em> \u00e9s a <em>Preciosa<\/em> mellett tervezett sz\u00ednpadra \u00e1ll\u00edtani Londonban. Az orvosok \u00f3va intett\u00e9k Webert el\u0151rehaladott tuberkol\u00f3zisa miatt, de a zeneszerz\u0151 els\u0151sorban csal\u00e1dja financi\u00e1lis helyzet\u00e9t tekintetbe v\u00e9ve elv\u00e1llalta az utaz\u00e1ssal \u00e9s megterhel\u0151 pr\u00f3bafolyamattal j\u00e1r\u00f3 felk\u00e9r\u00e9st.\r\n\r\nWeber az angol nyelv min\u00e9l teljesebb elsaj\u00e1t\u00edt\u00e1sa \u00e9rdek\u00e9ben intenz\u00edv tanulm\u00e1nyokba kezdett. 1826 febru\u00e1rj\u00e1ban utazott el Londonba, a m\u00e9g nem teljesen k\u00e9sz m\u0171 partit\u00far\u00e1j\u00e1val. A zen\u00e9s sz\u00e1mok egy r\u00e9sz\u00e9t a pr\u00f3bafolyamat k\u00f6zben \u00edrta meg \u2013 az egyik f\u0151szerepl\u0151 \u00faj \u00e1ri\u00e1t is k\u00e9rt t\u0151le, hogy \u00e9nektechnik\u00e1j\u00e1t csillogtathassa \u2013, mindez a betan\u00edt\u00e1ssal \u00e9s a t\u00e1rsas\u00e1gi k\u00f6telezetts\u00e9gekkel egy\u00fctt rendk\u00edv\u00fcl megterhelte a zeneszerz\u0151 am\u00fagy is gyenge eg\u00e9szs\u00e9gi \u00e1llapot\u00e1t. Az <em>Oberon<\/em> \u0151sbemutat\u00f3j\u00e1ra 1826. \u00e1prilis 12-\u00e9n ker\u00fclt sor Londonban, a m\u0171 rendk\u00edv\u00fcl nagy sikert aratott. Weber ugyanakkor nem volt el\u00e9gedett az oper\u00e1val, m\u00e1r ekkor tervezte az \u00e1tdolgoz\u00e1s\u00e1t, de erre v\u00e9g\u00fcl betegs\u00e9ge miatt m\u00e1r nem ker\u00fclhetett sor: a bemutat\u00f3 ut\u00e1n sz\u0171k k\u00e9t h\u00f3nappal Londonban hunyt el, egy nappal tervezett hazaindul\u00e1sa el\u0151tt.\r\n\r\nAz <em>Oberon<\/em> hamar nemzetk\u00f6zi h\u00edrn\u00e9vre tett szert, m\u00e1r a bemutat\u00f3 \u00e9v\u00e9ben Amerik\u00e1ban is el\u0151adt\u00e1k. N\u00e9met nyelvre is leford\u00edtott\u00e1k, Magyarorsz\u00e1gon 1829-ben j\u00e1tszott\u00e1k el\u0151sz\u00f6r. K\u00e9s\u0151bb t\u00f6bb alkalommal \u00e1tdolgozt\u00e1k, Franz W\u00fcllner recitativ\u00f3kkal helyettes\u00edtette az eredeti verzi\u00f3 pr\u00f3zai dial\u00f3gusait, Gustav Mahler pedig egy komplett \u00faj v\u00e1ltozatot k\u00e9sz\u00edtett bel\u0151le, hangszeres \u00f6sszek\u00f6t\u0151 zen\u00e9ket is kompon\u00e1lt hozz\u00e1. A n\u00e9met operai reperto\u00e1ron hamar \u00e1tvette Paul Wranitzky kor\u00e1bban rendk\u00edv\u00fcl n\u00e9pszer\u0171 <em>Oberon, K\u00f6nig der Elfen <\/em>(bemutat\u00f3: 1789., B\u00e9cs) c\u00edm\u0171 oper\u00e1j\u00e1nak hely\u00e9t, ugyanakkor \u00e9rdekes, hogy 1847-ben Hamburgban Wranitzky oper\u00e1j\u00e1nak el\u0151ad\u00e1sai el\u0151tt Weber <em>Oberon<\/em>j\u00e1nak nyit\u00e1ny\u00e1t j\u00e1tszott\u00e1k.\r\n\r\nA nyit\u00e1ny zen\u00e9j\u00e9t Weber az opera r\u00e9szleteib\u0151l \u00e1ll\u00edtotta \u00f6ssze, ugyanakkor \u00f6nmag\u00e1ban is \u00e9rv\u00e9nyes, n\u00e9pszer\u0171 hangversenysz\u00e1m. A lass\u00fa bevezet\u0151 elej\u00e9n Oberon m\u00e1gikus k\u00fcrtjel\u00e9t \u00e9s a t\u00fcnd\u00e9rvil\u00e1g hangjait halljuk, a Huon lovag \u00e9s Reiza hercegn\u0151 kalandjait megjelen\u00edt\u0151 virtu\u00f3z gyors szakaszba be\u00e9kel\u0151dve Huon \u00e1ri\u00e1ja (\u201eFrom Boyhood Trained\u201d) hangzik el klarin\u00e9ton, m\u00edg a nyit\u00e1nyt Reiza n\u00e9pszer\u0171 \u00e1ri\u00e1j\u00e1nak (\u201eOcean! Thou Mighty Monster\u201d) gyors szakasza z\u00e1rja.","post_title":"Oberon-nyit\u00e1ny, op. 62","post_excerpt":"","post_status":"publish","comment_status":"closed","ping_status":"closed","post_password":"","post_name":"oberon-nyitany-op-62","to_ping":"","pinged":"","post_modified":"2017-09-19 13:37:48","post_modified_gmt":"2017-09-19 13:37:48","post_content_filtered":"","post_parent":0,"guid":"http:\/\/www.filharmonikusok.hu\/?post_type=muvek&#038;p=101486","menu_order":0,"post_type":"muvek","post_mime_type":"","comment_count":"0","filter":"raw","szerzo":["Weber"]},{"ID":91925,"post_author":"1","post_date":"2016-09-08 08:57:59","post_date_gmt":"2016-09-08 08:57:59","post_content":"<ol>\r\n \t<li>Allegro affettuoso<\/li>\r\n \t<li>Intermezzo. Andantino grazioso<\/li>\r\n \t<li>Allegro vivace<\/li>\r\n<\/ol>\r\nSchumann \u00e9letm\u0171ve a rendszeret\u0151 zenet\u00f6rt\u00e9n\u00e9szek sz\u00e1m\u00e1ra rendk\u00edv\u00fcl vonz\u00f3. P\u00e1ly\u00e1ja k\u00f6nnyen oszthat\u00f3 korszakokra, m\u00e9gpedig m\u0171fajok szerint: 1833 \u00e9s 1839 k\u00f6z\u00f6tt szinte kiz\u00e1r\u00f3lag zongoram\u0171veket kompon\u00e1l, 1840-ben \u00edrja dalterm\u00e9s\u00e9nek nagy r\u00e9sz\u00e9t, 1841-ben a szimfonikus m\u0171vek domin\u00e1lnak, 1842-ben f\u0151k\u00e9nt kamaram\u0171veket \u00edr, 1845-ben szigor\u00fa ellenpontra \u00e9p\u00fcl\u0151 darabokkal foglalkozik, 1847 a sz\u00ednpadi zene, 1852 az egyh\u00e1zi zene \u00e9ve. Nem tudhatjuk, hogy Schumann sz\u00e1m\u00e1ra vil\u00e1gos volt-e ez a m\u0171fajr\u00f3l m\u0171fajra val\u00f3 halad\u00e1s, e vonz\u00f3 rendszer mindenesetre n\u00e9mi kiigaz\u00edt\u00e1sra szorul. Schumann ugyanis az egyes m\u0171fajok hat\u00e1rait kit\u00e1g\u00edtotta, \u00e9s sokszor \u00f6tv\u00f6z\u00f6tt egym\u00e1ssal, kor\u00e1bban vil\u00e1gosan elk\u00fcl\u00f6n\u00fcl\u0151 form\u00e1kat, \u00edgy teszi a l\u00edrai kisform\u00e1kat \u00e9s a dalt a szimf\u00f3nia \u00e9s a versenym\u0171 r\u00e9sz\u00e9v\u00e9, vagy olvasztja fel a f\u00faga szik\u00e1r szerkezet\u00e9t k\u00f6lt\u0151i k\u00f6zj\u00e1t\u00e9kokkal.\r\n\r\nA zongoraverseny\u00e9nek alapj\u00e1ul szolg\u00e1l\u00f3 t\u00e9tel ugyancsak t\u00f6bb m\u0171faj kevered\u00e9s\u00e9nek eredm\u00e9nye. 1841 m\u00e1jus\u00e1ban fogott hozz\u00e1, de terve m\u00e1r \u00e9vekkel kor\u00e1bban felmer\u00fclt. \u201eA szimf\u00f3nia, a concerto \u00e9s a Grande Sonate kever\u00e9ke lesz; k\u00e9ptelen vagyok virtu\u00f3zok sz\u00e1m\u00e1ra kompon\u00e1lni, valami m\u00e1sra kell gondolnom.\u201d \u2013 \u00edrja menyasszony\u00e1nak, Claranak 1839-ben. Az elk\u00e9sz\u00fclt t\u00e9tel val\u00f3ban furcsa kever\u00e9ke zongoraversenynek, dalnak, l\u00edrai zongoradarabnak. A nem sokkal kor\u00e1bban befejezett 1. szimf\u00f3ni\u00e1ban Schumann a szimfonikus nagyform\u00e1t h\u00f3d\u00edtja meg, s a Beethovent k\u00f6vet\u0151 gener\u00e1ci\u00f3 tagjak\u00e9nt legf\u0151bb probl\u00e9m\u00e1ja, hogy a l\u00edrai anyagot hogyan lehet egy dinamikus forma keretein bel\u00fcl feldolgozni. Erre a k\u00e9rd\u00e9sre kev\u00e9s m\u0171 ad meggy\u0151z\u0151bb v\u00e1laszt, mint Schumann zongoraverseny\u00e9nek els\u0151 t\u00e9tele. Szemben a virtu\u00f3z concert\u00f3kkal, ahol a sz\u00f3lista technikai tud\u00e1s\u00e1nak bemutat\u00e1sa a c\u00e9l, s ahol a zenekar puszt\u00e1n a h\u00e1tteret szolg\u00e1ltatja a cirkuszi produkci\u00f3hoz, Schumann a zongora sz\u00f3lam\u00e1t a szimfonikus anyagba olvasztja, s n\u00e1la a k\u00e9t f\u00e9l \u2013 zongora \u00e9s zenekar \u2013 egyenrang\u00fa \u00e9s egym\u00e1st seg\u00edti. A t\u00e9tel form\u00e1ja m\u00e9g a szon\u00e1taform\u00e1ban gy\u00f6kerezik, j\u00f3l elk\u00fcl\u00f6n\u00edthet\u0151 a f\u0151t\u00e9ma-csoport \u00e9s a mell\u00e9kt\u00e9ma-csoport, s b\u00e1r a klasszikus mintak\u00e9pekt\u0151l elt\u00e9r\u0151 karakter\u0171 a kidolgoz\u00e1si r\u00e9sz, amit egy megrend\u00edt\u0151en sz\u00e9p Asz-d\u00far szakasz (a zongora \u00e9s a klarin\u00e9t p\u00e1rbesz\u00e9de) ind\u00edt el, a visszat\u00e9r\u00e9s a klasszikus elveknek \u00e9s hangnemrendnek megfelel\u0151en t\u00f6rt\u00e9nik. A hangv\u00e9tel azonban, s a formar\u00e9szek egym\u00e1sba f\u0171z\u00e9se hasonl\u00edthatatlanul romantikus \u00e9s schumanni.\r\n\r\nEz a Koncert-fant\u00e1zi\u00e1nak nevezett t\u00e9tel \u00f6nmag\u00e1ban soha nem ker\u00fclt el\u0151ad\u00e1sra: az 1. szimf\u00f3nia sikere ellen\u00e9re h\u00e1rom kiad\u00f3 is visszautas\u00edtotta publik\u00e1l\u00e1s\u00e1t, s csak n\u00e9gy \u00e9vvel k\u00e9s\u0151bb mutatt\u00e1k be, amikor Schumann \u2013 feltehet\u0151en \u00e9pp a jobb eladhat\u00f3s\u00e1g \u00e9rdek\u00e9ben \u2013 k\u00e9t t\u00e9telt kompon\u00e1lt mell\u00e9 \u00edgy eg\u00e9sz\u00edtve ki a t\u00e9telt \u201erendes\u201d zongoraversenny\u00e9. A m\u00e1sodik t\u00e9tel intermezzo, k\u00f6zj\u00e1t\u00e9k a k\u00e9t nagyszab\u00e1s\u00fa sz\u00e9ls\u0151 t\u00e9tel k\u00f6z\u00f6tt: zongora \u00e9s zenekar intim p\u00e1rbesz\u00e9de, melyhez sz\u00fcnet n\u00e9lk\u00fcl kapcsol\u00f3dik az energikus z\u00e1r\u00f3t\u00e9tel. A drezdai \u0151sbemutat\u00f3t r\u00f6vid id\u0151n bel\u00fcl sz\u00e1mos nagy siker\u0171 el\u0151ad\u00e1s k\u00f6vette Lipcs\u00e9ben, Pr\u00e1g\u00e1ban, B\u00e9csben, minden alkalommal a karrierje cs\u00facs\u00e1n \u00e1ll\u00f3 szt\u00e1rzongorista, Clara Schumann el\u0151ad\u00e1s\u00e1ban.\r\n\r\n&nbsp;","post_title":"{:hu}Zongoraverseny a-moll, op. 54{:}{:en}Piano Concerto in A minor{:}","post_excerpt":"","post_status":"publish","comment_status":"closed","ping_status":"closed","post_password":"","post_name":"zongoraverseny-a-moll","to_ping":"","pinged":"","post_modified":"2017-10-02 14:51:01","post_modified_gmt":"2017-10-02 14:51:01","post_content_filtered":"","post_parent":0,"guid":"http:\/\/www.filharmonikusok.hu\/muvek\/zongoraverseny-a-moll\/","menu_order":0,"post_type":"muvek","post_mime_type":"","comment_count":"0","filter":"raw","szerzo":["Schumann"]},{"ID":101810,"post_author":"1","post_date":"2017-05-30 16:39:41","post_date_gmt":"2017-05-30 16:39:41","post_content":"A <em>T\u0171zmad\u00e1r<\/em> Sztravinszkij els\u0151, Gyagilev balettegy\u00fcttese sz\u00e1m\u00e1ra kompon\u00e1lt t\u00e1ncj\u00e1t\u00e9ka, melyet a t\u00e1rsulat 1910-ben, P\u00e1rizsban mutatott be. A balett sikere egy csap\u00e1sra ismertt\u00e9 tette Sztravinszkij nev\u00e9t. A balett forgat\u00f3k\u00f6nyv\u00e9t \u00e9s koreogr\u00e1fi\u00e1j\u00e1t Mihail Fokin k\u00e9sz\u00edtette. A balett fel\u00e9p\u00edt\u00e9se:\r\n<ol>\r\n \t<li>Bevezet\u00e9s.<\/li>\r\n \t<li>Kascsej elvar\u00e1zsolt kertje.<\/li>\r\n \t<li>Az Iv\u00e1n c\u00e1revics \u00fcld\u00f6zte T\u0171zmad\u00e1r megjelen\u00e9se.<\/li>\r\n \t<li>A T\u0171zmad\u00e1r t\u00e1nca.<\/li>\r\n \t<li>Iv\u00e1n c\u00e1revics foglyul ejti a T\u0171zmadarat.<\/li>\r\n \t<li>A T\u0171zmad\u00e1r k\u00f6ny\u00f6rg\u00e9se.<\/li>\r\n \t<li>A tizenh\u00e1rom elvar\u00e1zsolt hercegn\u0151 megjelen\u00e9se.<\/li>\r\n \t<li>A hercegn\u0151k j\u00e1t\u00e9ka az aranyalm\u00e1kkal.<\/li>\r\n \t<li>Iv\u00e1n c\u00e1revics hirtelen megjelen\u00e9se.<\/li>\r\n \t<li>A hercegn\u0151k k\u00f6rt\u00e1nca.<\/li>\r\n \t<li>Hajnal.<\/li>\r\n \t<li>B\u0171v\u00f6s harang; a Kascsejt \u0151rz\u0151 sz\u00f6rnyetegek megjelen\u00e9se, Iv\u00e1n c\u00e1revics foglyul ejt\u00e9se.<\/li>\r\n \t<li>A Halhatatlan Kascsej megjelen\u00e9se, p\u00e1rbesz\u00e9de Iv\u00e1n c\u00e1reviccsel; a hercegn\u0151k k\u00f6zbenj\u00e1r\u00e1sa.<\/li>\r\n \t<li>A T\u0171zmad\u00e1r megjelen\u00e9se.<\/li>\r\n \t<li>Kascsej k\u00eds\u00e9ret\u00e9nek t\u00e1nca a T\u0171zmad\u00e1r var\u00e1zslat\u00e1ra.<\/li>\r\n \t<li>Kascsej alattval\u00f3inak pokoli t\u00e1nca.<\/li>\r\n \t<li>B\u00f6lcs\u0151dal.<\/li>\r\n \t<li>Kascsej hal\u00e1la.<\/li>\r\n \t<li>A palota elt\u0171nik \u00e9s Kascsej var\u00e1zslatai szertefoszlanak; a k\u0151v\u00e9 v\u00e1lt harcosok \u00e9letre kelnek; \u00e1ltal\u00e1nos \u00f6r\u00f6mujjong\u00e1s.<\/li>\r\n<\/ol>\r\nA halhatatlan gonosz Kascsej elvar\u00e1zsolt birodalm\u00e1ban l\u00e1nyokat tart fogva, a f\u00e9rfiakat k\u0151v\u00e9 v\u00e1ltoztatja. Csak addig marad halhatatlan, am\u00edg lelke, amelyet toj\u00e1s form\u00e1j\u00e1ban kos\u00e1rban \u0151riznek, s\u00e9rtetlen marad. Iv\u00e1n c\u00e1revics, mik\u00f6zben a T\u0171zmadarat \u00fcld\u00f6zi Kascsej elvar\u00e1zsolt kertj\u00e9be t\u00e9ved. Miut\u00e1n megfogja a madarat, egy toll\u00e1t k\u00e9ri, majd szabadon engedi. Ezut\u00e1n tal\u00e1lkozik tizenh\u00e1rom le\u00e1nnyal, egyikbe azonnal szerelmes is lesz. Megtudja, hogy mindannyian hercegn\u0151k, akik a z\u00f6ldkarm\u00fa emberev\u0151 \u00f3ri\u00e1s var\u00e1zslata alatt \u00e9lnek. K\u00f6veti \u0151ket az \u00f3ri\u00e1s palot\u00e1j\u00e1ba, ahol az \u0151rt \u00e1ll\u00f3 sz\u00f6rnyek foglyul ejtik. \u00c1m miel\u0151tt \u0151 is k\u0151v\u00e9 v\u00e1ltozna, esz\u00e9be jut a T\u0171zmad\u00e1r b\u0171v\u00f6s tolla. Meglengeti \u00e9s megjelenik a T\u0171zmad\u00e1r, aki el\u00e1rulja Kascsej halhatatlans\u00e1g\u00e1nak titk\u00e1t. Iv\u00e1n \u00f6sszet\u00f6ri az \u00e9letet jelent\u0151 toj\u00e1st \u00e9s Kascsej azonnal elpusztul. Var\u00e1zslatai szertefoszlanak, valamennyi foglya megszabadul. Iv\u00e1n \u00e9s a hercegn\u0151 megtartja k\u00e9zfog\u00f3j\u00e1t.","post_title":"T\u0171zmad\u00e1r \u2013 teljes balettzene Cak\u00f3 Ferenc homokanim\u00e1ci\u00f3j\u00e1val","post_excerpt":"","post_status":"publish","comment_status":"closed","ping_status":"closed","post_password":"","post_name":"tuzmadar-teljes-balettzene-czako-ferenc-homok-animaciojaval","to_ping":"","pinged":"","post_modified":"2017-11-20 13:36:53","post_modified_gmt":"2017-11-20 13:36:53","post_content_filtered":"","post_parent":0,"guid":"http:\/\/www.filharmonikusok.hu\/?post_type=muvek&#038;p=101810","menu_order":0,"post_type":"muvek","post_mime_type":"","comment_count":"0","filter":"raw","szerzo":["Stravinsky"]}],"muvekrol_reszletesen":true,"kozr_szemelyek":[{"ID":101808,"post_author":"1","post_date":"2017-05-30 16:36:06","post_date_gmt":"2017-05-30 16:36:06","post_content":"{:hu}1978-ban sz\u00fcletett D\u00fcsseldorfban. M\u00e1sok mellett Barbara Szczepanska and Klaus Hellwig tan\u00edtv\u00e1nyak\u00e9nt nemzed\u00e9ke egyik els\u0151 sz\u00e1m\u00fa zongorist\u00e1j\u00e1v\u00e1 n\u0151tte ki mag\u00e1t. A vil\u00e1g jelent\u0151s koncerttermeiben adott sz\u00f3l\u00f3esteket \u00e9s l\u00e9pett fel vezet\u0151 karmesterek p\u00e1lc\u00e1ja alatt, illetve nemzetk\u00f6zi versenyeken nyert d\u00edjakat.\r\n\r\nKiterjedt reperto\u00e1rja a barokkt\u00f3l a 21. sz\u00e1zadig terjed. J\u00e1t\u00e9ka sz\u00e1mos CD-felv\u00e9telen hallhat\u00f3.{:}{:en}He was born in Duesseldorf in 1978. Having studied under Barbara Szczepanska and Klaus Hellwig among others, he has become one of the leading pianists of his generation. He has performed extensively around the world in solo recitals and under the baton of leading conductors, and won prizes at international competitions.\r\n\r\nHis comprehensive repertoire spans the baroque period up through music of the 21st century. He has contributed to several CD recordings.{:}","post_title":"{:hu}Severin von Eckardstein{:}{:en}Severin von Eckardstein{:}","post_excerpt":"","post_status":"publish","comment_status":"closed","ping_status":"closed","post_password":"","post_name":"severin-von-eckardstein","to_ping":"","pinged":"","post_modified":"2017-11-15 16:59:06","post_modified_gmt":"2017-11-15 16:59:06","post_content_filtered":"","post_parent":0,"guid":"http:\/\/www.filharmonikusok.hu\/?post_type=artists&#038;p=101808","menu_order":0,"post_type":"artists","post_mime_type":"","comment_count":"0","filter":"raw","hangszer":"{:hu}zongora{:}{:en}piano{:}"}],"muveszekrol_reszletesen":true,"kozr_szemelyek_feluldefinialasa":"","kozr_intezmenyek":[{"ID":87472,"post_author":"1","post_date":"2016-09-08 07:58:44","post_date_gmt":"2016-09-08 07:58:44","post_content":"{:hu}<img class=\"size-medium wp-image-115524 alignnone\" src=\"https:\/\/www.filharmonikusok.hu\/wp-content\/uploads\/2016\/09\/MNF_Mupa_Evad-egyuttese_2019_20_foto_Csibi-Szilvia10-555x555-1-300x300.jpg\" alt=\"\" width=\"300\" height=\"300\" \/>\r\n\r\nA Nemzeti Filharmonikus Zenekar Magyarorsz\u00e1g egyik vezet\u0151 szimfonikus zenekara t\u00f6bb mint kilencven \u00e9ve. Ferencsik J\u00e1nos, Kobayashi Ken-Ichiro ut\u00e1n 1997-ben Kocsis Zolt\u00e1n f\u0151zeneigazgat\u00f3 ir\u00e1ny\u00edt\u00e1sa alatt a zenekar meg\u00fajult, a nemzeti szimfonikus egy\u00fctteshez m\u00e9lt\u00f3 sokoldal\u00fas\u00e1ggal nemcsak a klasszikus m\u0171veket, hanem ezek mellett a megszokott reperto\u00e1rr\u00f3l hi\u00e1nyz\u00f3 fontos alkot\u00e1sokat is megsz\u00f3laltatott, tov\u00e1bb\u00e1 a k\u00f6zelm\u00falt \u00e9s napjaink magyar zen\u00e9j\u00e9t is megismerteti k\u00f6z\u00f6ns\u00e9g\u00e9vel, valamint n\u00e9pszer\u0171ek kamarazenei \u00e9s ifj\u00fas\u00e1gi sorozatai is. \u00a02017 m\u00e1rcius\u00e1t\u00f3l 2020 augusztus\u00e1ig a a zenekarn\u00e1l kor\u00e1bban \u00e9veken \u00e1t els\u0151 \u00e1lland\u00f3 karmesterk\u00e9nt k\u00f6zrem\u0171k\u00f6d\u0151, komoly nemzetk\u00f6zi karriert maga m\u00f6g\u00f6tt tudhat\u00f3, Liszt Ferenc-d\u00edjas Hamar Zsolt t\u00f6lt\u00f6tte be a Nemzeti Filharmonikusok zeneigazgat\u00f3i posztj\u00e1t.\r\n\r\nAz egy\u00fcttes reperto\u00e1rj\u00e1n hangs\u00falyosan szerepel a Bart\u00f3k-\u00e9letm\u0171; m\u00e9rt\u00e9kad\u00f3 interpret\u00e1ci\u00f3i 2006 \u00f3ta a Bart\u00f3k \u00daj Sorozatban jelennek meg, de sz\u00ednfoltot k\u00e9pviselnek reperto\u00e1rj\u00e1n Kocsis Zolt\u00e1n Debussy, Rachmaninov, Bart\u00f3k m\u0171veib\u0151l k\u00e9sz\u00edtett \u00e1tiratai is. Hangversenyb\u00e9rleti el\u0151ad\u00e1sain vil\u00e1gh\u00edr\u0171 vend\u00e9gm\u0171v\u00e9szek \u00e9s vend\u00e9gkarmesterek l\u00e9pnek fel, valamint feladat\u00e1nak tekinti a kiemelked\u0151 p\u00e1lyakezd\u0151 magyar muzsikusok megh\u00edv\u00e1s\u00e1t is. Olyan neves helysz\u00edneken \u00e9s fesztiv\u00e1lokon l\u00e9pett fel az ut\u00f3bbi \u00e9vtizedekben, mint a New York-i Avery Fisher Hall, a toki\u00f3i Suntory Hall, a birminghami Symphony Hall, az ath\u00e9ni Megaron, a br\u00fcsszeli Bozar K\u00f6zpont, a bukaresti Enescu Fesztiv\u00e1l, a Colmari \u00e9s a Kan\u00e1ri-szigeteki Fesztiv\u00e1l. Az elm\u00falt 15 \u00e9vben mintegy 40 orsz\u00e1gban t\u00f6bb mint 330 k\u00fclf\u00f6ldi turn\u00e9koncertet adott.{:}{:en}<img class=\"size-medium wp-image-115524 alignnone\" src=\"https:\/\/www.filharmonikusok.hu\/wp-content\/uploads\/2016\/09\/MNF_Mupa_Evad-egyuttese_2019_20_foto_Csibi-Szilvia10-555x555-1-300x300.jpg\" alt=\"\" width=\"300\" height=\"300\" \/>\r\nThe Hungarian National Philharmonic Orchestra has been one of Hungary\u2019s leading symphony orchestras for over ninety years. The era marked by the name of J\u00e1nos Ferencsik and Kobayashi Ken-Ichiro was followed by a new chapter in the history of the orchestra when in 1997 Zolt\u00e1n Kocsis became general music director until his death. In almost two decades the National Philharmonic Orchestra underwent renewal. After the death of Zolt\u00e1n Kocsis, the Ferenc Liszt Award-winning Zsolt Hamar held the post of Musical Director at the Hungarian National Philharmonic from March 2017 to August 2020. He previously worked with the orchestra as its first permanent conductor and built up an impressive international career.\r\n\r\nThe Orchestra is one of the top interpreters of the work of B\u00e9la Bart\u00f3k, and the albums of the <em>Bart\u00f3k New Series<\/em> have won numerous accolades in Hungary and abroad. The orchestra perform not only classics but also numerous other important works previously missing from the repertoire, many of which require a large orchestral apparatus. It attaches great importance to introducing contemporary Hungarian works to the audiences. It has given many popular chamber music concerts and hosted events for young people.\r\n\r\nThe orchestra\u2019s concerts have featured world-famous soloists and conductors. It supports young musicians recently embarked on an international career. In recent decades, the National Philharmonic Orchestra has appeared in the greatest venues and festivals around the world, including the Avery Fisher Hall in New York, the Suntory Hall in Tokyo, the Birmingham Symphony Hall, the Megaron in Athens, Bozar Centre in Brussels, the Enescu Festival in Bucharest, the Beethoven Festival in Bogot\u00e1, as well as the Colmar and Canary Island Festivals. In the past two decades, the National Philharmonic Orchestra has given more than 330 concerts in some 40 countries.\r\n\r\n&nbsp;\r\n\r\n&nbsp;\r\n\r\n&nbsp;{:}","post_title":"{:hu}Nemzeti Filharmonikus Zenekar{:}{:en}Hungarian National Philharmonic Orchestra{:}","post_excerpt":"","post_status":"publish","comment_status":"closed","ping_status":"closed","post_password":"","post_name":"nemzeti-filharmonikus-zenekar","to_ping":"","pinged":"","post_modified":"2020-08-10 08:27:54","post_modified_gmt":"2020-08-10 08:27:54","post_content_filtered":"","post_parent":0,"guid":"http:\/\/www.filharmonikusok.hu\/institutions\/nemzeti-filharmonikus-zenekar\/","menu_order":0,"post_type":"institutions","post_mime_type":"","comment_count":"0","filter":"raw"}],"gombtipus":"link","jegyarak":"","hivatkozas_gomb_szovege":"Tov\u00e1bb","hivatkozas_gomg_url-je":"","youtube_id":"","old_id":"","is_muvekrol_reszletesen_en":false,"is_muveszekrol_reszletesen_en":false},"publishpress_future_workflow_manual_trigger":{"enabledWorkflows":[]},"_links":{"self":[{"href":"https:\/\/www.filharmonikusok.hu\/en\/wp-json\/wp\/v2\/concerts\/101812","targetHints":{"allow":["GET"]}}],"collection":[{"href":"https:\/\/www.filharmonikusok.hu\/en\/wp-json\/wp\/v2\/concerts"}],"about":[{"href":"https:\/\/www.filharmonikusok.hu\/en\/wp-json\/wp\/v2\/types\/concerts"}],"wp:attachment":[{"href":"https:\/\/www.filharmonikusok.hu\/en\/wp-json\/wp\/v2\/media?parent=101812"}],"curies":[{"name":"wp","href":"https:\/\/api.w.org\/{rel}","templated":true}]}}