{"id":101715,"date":"2017-05-30T19:08:37","date_gmt":"2017-05-30T19:08:37","guid":{"rendered":"http:\/\/www.filharmonikusok.hu\/?post_type=concerts&#038;p=101715"},"modified":"2018-02-17T10:04:05","modified_gmt":"2018-02-17T10:04:05","slug":"brahms-es-puccini","status":"publish","type":"concerts","link":"https:\/\/www.filharmonikusok.hu\/en\/koncertek\/brahms-es-puccini\/","title":{"rendered":"Brahms and Puccini"},"content":{"rendered":"<p><strong>Peter Sonn Tenor<\/strong><\/p>\n<p>Born and raised in Salzburg, and a graduate of the Mozarteum, Peter Sonn made his operatic breakthrough at the Salzburger Festival while still a student. The Austrian tenor, with his warm voice and lyric timbre is making his way into the ranks of the first class singers of the opera world and sings the major roles of his repertoire from Berlin to Milan, Zurich, and Vienna at the foremost international opera houses. His lyric tenor voice is at home with Mozart and branches with ease into the romantic roles of Prince Igor, Lenski, Max, and Don Jos\u00e9. Recently he made his debut as Eisenstein in Strau\u00df\u2019 Die Fledermaus at the Teatro alla Scala. He regularly works with renowned conductors and stage directors.<\/p>\n<p>&nbsp;<\/p>\n<p><strong>Benjamin Russel\u00a0 Bariton <\/strong><\/p>\n<p>Benjamin Russell is a member of the ensemble of the Hessisches Staatstheater Wiesbaden. His many international awards include the Joan Sutherland prize for \u201cMost Promising Singer\u201d (2010). His roles have included Papageno, Figaro, Falke, Donner and Schaunard. He has also performed recitals of Mahler\u2019s Lieder eines Fahrenden Gesellen and Schumann\u2019s Dichterliebe. This season he will perform Bach\u2019s Cantata Ich habe genug with the Wiesbaden Sinfonieorchester under the baton of Patrick Lange and baritone soloist in Puccini\u2019s Missa di Gloria with the Hungarian National Philharmonic Orchestra with Zsolt Hamar.<\/p>\n<p>&nbsp;<\/p>\n<p>&nbsp;<\/p>\n<p>&nbsp;<\/p>\n<p>&nbsp;<\/p>\n","protected":false},"template":"","class_list":["post-101715","concerts","type-concerts","status-publish","hentry"],"translation":{"provider":"WPGlobus","version":"3.0.2","language":"en","enabled_languages":["hu","en"],"languages":{"hu":{"title":true,"content":true,"excerpt":false},"en":{"title":true,"content":true,"excerpt":false}}},"acf":{"alcim":"Ferencsik Season Pass 6.","kiemelt_kep":{"ID":104924,"id":104924,"title":"hamar-event","filename":"hamar-event.jpg","filesize":532914,"url":"https:\/\/www.filharmonikusok.hu\/wp-content\/uploads\/2017\/05\/hamar-event.jpg","link":"https:\/\/www.filharmonikusok.hu\/en\/koncertek\/brahms-es-puccini\/hamar-event\/","alt":"","author":"1","description":"","caption":"","name":"hamar-event","status":"inherit","uploaded_to":101715,"date":"2018-01-18 10:17:21","modified":"2018-01-18 10:17:24","menu_order":0,"mime_type":"image\/jpeg","type":"image","subtype":"jpeg","icon":"https:\/\/www.filharmonikusok.hu\/wp-includes\/images\/media\/default.png","width":1920,"height":560,"sizes":{"thumbnail":"https:\/\/www.filharmonikusok.hu\/wp-content\/uploads\/2017\/05\/hamar-event-150x150.jpg","thumbnail-width":150,"thumbnail-height":150,"medium":"https:\/\/www.filharmonikusok.hu\/wp-content\/uploads\/2017\/05\/hamar-event-300x88.jpg","medium-width":300,"medium-height":88,"medium_large":"https:\/\/www.filharmonikusok.hu\/wp-content\/uploads\/2017\/05\/hamar-event-768x224.jpg","medium_large-width":640,"medium_large-height":187,"large":"https:\/\/www.filharmonikusok.hu\/wp-content\/uploads\/2017\/05\/hamar-event-1024x299.jpg","large-width":640,"large-height":187,"1536x1536":"https:\/\/www.filharmonikusok.hu\/wp-content\/uploads\/2017\/05\/hamar-event.jpg","1536x1536-width":1536,"1536x1536-height":448,"2048x2048":"https:\/\/www.filharmonikusok.hu\/wp-content\/uploads\/2017\/05\/hamar-event.jpg","2048x2048-width":1920,"2048x2048-height":560,"person-size":"https:\/\/www.filharmonikusok.hu\/wp-content\/uploads\/2017\/05\/hamar-event-165x165.jpg","person-size-width":165,"person-size-height":165,"person-size-2":"https:\/\/www.filharmonikusok.hu\/wp-content\/uploads\/2017\/05\/hamar-event.jpg","person-size-2-width":165,"person-size-2-height":48,"album-size":"https:\/\/www.filharmonikusok.hu\/wp-content\/uploads\/2017\/05\/hamar-event-263x263.jpg","album-size-width":263,"album-size-height":263,"news-lead-size":"https:\/\/www.filharmonikusok.hu\/wp-content\/uploads\/2017\/05\/hamar-event-360x203.jpg","news-lead-size-width":360,"news-lead-size-height":203,"director-index-size":"https:\/\/www.filharmonikusok.hu\/wp-content\/uploads\/2017\/05\/hamar-event-359x450.jpg","director-index-size-width":359,"director-index-size-height":450,"person-lead-size":"https:\/\/www.filharmonikusok.hu\/wp-content\/uploads\/2017\/05\/hamar-event-555x555.jpg","person-lead-size-width":555,"person-lead-size-height":555,"slider-size":"https:\/\/www.filharmonikusok.hu\/wp-content\/uploads\/2017\/05\/hamar-event-1600x560.jpg","slider-size-width":1600,"slider-size-height":560}},"kiemelt_kep_en":null,"megjegyzes":"","esemeny_datum":"20180217","esemeny_idopontja":"19.30","sajat_program":true,"esemeny_tipusa":["koncertek"],"esemeny_helyszine":{"ID":87689,"post_author":"1","post_date":"2016-09-08 08:02:38","post_date_gmt":"2016-09-08 08:02:38","post_content":"","post_title":"{:hu}M\u00fcpa - Bart\u00f3k B\u00e9la Nemzeti Hangversenyterem{:}{:en}M\u00fcpa - B\u00e9la Bart\u00f3k National Concert Hall{:}","post_excerpt":"","post_status":"publish","comment_status":"closed","ping_status":"closed","post_password":"","post_name":"mupa-bartok-bela-nemzeti-hangversenyterem","to_ping":"","pinged":"","post_modified":"2016-09-08 08:02:38","post_modified_gmt":"2016-09-08 08:02:38","post_content_filtered":"","post_parent":0,"guid":"http:\/\/www.filharmonikusok.hu\/places\/mupa-bartok-bela-nemzeti-hangversenyterem\/","menu_order":0,"post_type":"places","post_mime_type":"","comment_count":"0","filter":"raw","varos":"{:hu}Budapest{:}{:en}Budapest{:}","orszag":"{:hu}Magyarorsz\u00e1g{:}{:en}Magyarorsz\u00e1g{:}","cim":"<p>1095 Budapest, Komor Marcell u. 1.<\/p>","megjegyzes":"","weboldal":"http:\/\/www.muveszetekpalotaja.hu"},"helyszin_kategoria":"budapest","karmester":{"ID":101545,"post_author":"1","post_date":"2017-05-30 19:58:57","post_date_gmt":"2017-05-30 19:58:57","post_content":"{:hu}Fels\u0151fok\u00fa tanulm\u00e1nyait a Liszt Ferenc Zenem\u0171v\u00e9szeti F\u0151iskol\u00e1n folytatta, zeneszerz\u00e9s tan\u00e1ra Petrovics Emil, karmester tan\u00e1rai Luk\u00e1cs Ervin \u00e9s G\u00e1l Tam\u00e1s voltak. 1995-ben kit\u00fcntet\u00e9ssel diplom\u00e1zott.\r\n\r\nP\u00e1ly\u00e1ja a Magyar Telev\u00edzi\u00f3 Nemzetk\u00f6zi Karmesterverseny\u00e9n nyert 2. d\u00edjjal \u00e9s k\u00f6z\u00f6ns\u00e9gd\u00edjjal indult. 1996-ban a spanyolorsz\u00e1gi Cadaques-ben rendezett karmesterversenyen ugyancsak 2. d\u00edjat nyert, 1997-ben a Portug\u00e1l R\u00e1di\u00f3 Nemzetk\u00f6zi Karmesterverseny\u00e9n 1. helyezett lett, majd a Trent\u00f3i Antonio Pedrotti Versenyen szint\u00e9n az 1. helyen v\u00e9gzett.\r\n\r\n1997 \u0151sz\u00e9n Kocsis Zolt\u00e1n zeneigazgat\u00f3 javaslat\u00e1ra a Nemzeti Filharmonikusok els\u0151 \u00e1lland\u00f3 karmester\u00e9v\u00e9 nevezt\u00e9k ki. 1998-ben Lorin Maazel asszisztense a Salzburgi \u00dcnnepi J\u00e1t\u00e9kokon. 2000-t\u0151l 2009-ig a Pannon Filharmonikusok zeneigazgat\u00f3ja \u00e9s vezet\u0151 karmestere, ezzel p\u00e1rhuzamosan az Orchestra di Padova e del Veneto els\u0151 vend\u00e9gkarmestere.\r\n\r\nRendszeres vend\u00e9g Eur\u00f3pa, Jap\u00e1n \u00e9s az Egyes\u00fclt \u00c1llamok zenekarain\u00e1l \u00e9s koncerttermeiben. Fell\u00e9pett szinte minden magyar szimfonikus egy\u00fcttessel. 2001 \u00f3ta rendszeresen vez\u00e9nyel a Magyar \u00c1llami Operah\u00e1zban, sz\u00edvesen l\u00e1tott vend\u00e9g a k\u00fclf\u00f6ldi dalsz\u00ednh\u00e1zakban is. 2005 \u00e9s 2011 k\u00f6z\u00f6tt a Z\u00fcrichi Operah\u00e1zban dolgozott a vil\u00e1gh\u00edr\u0171 dalsz\u00ednh\u00e1z \u00e1lland\u00f3 karmesterek\u00e9nt. 2012-t\u0151l 2016-ig a Wiesbadeni Operah\u00e1z (Hessisches Staatstheater) f\u0151zeneigazgat\u00f3ja volt.\r\n\r\n<em>\u00a0<\/em>A Nemzeti Filharmonikus Zenekarral Liszt m\u0171veket, a Pannon Filharmonikusokkal Mahler I. szimf\u00f3ni\u00e1j\u00e1nak 1893-as weimari v\u00e1ltozat\u00e1t r\u00f6gz\u00edtette CD-re a Hungaroton kiad\u00e1s\u00e1ban.\r\n\r\n2011 j\u00fanius\u00e1ban sikeresen fejezte be habilit\u00e1ci\u00f3j\u00e1t a Liszt Ferenc Zenem\u0171v\u00e9szeti Egyetemen. 2016 \u00f3ta a szombathelyi Nemzetk\u00f6zi Bart\u00f3k Szemin\u00e1rium \u00e9s Fesztiv\u00e1l karmesterkurzus\u00e1nak professzora.\r\n\r\n2017 m\u00e1rcius\u00e1t\u00f3l 2020 augusztus\u00e1ig vezette a Nemzeti Filharmonikusok Zenekar\u00e1t.\r\n\r\nMunk\u00e1ss\u00e1ga elismer\u00e9sek\u00e9nt 2001-ben Liszt-d\u00edjat, 2006-ban a Magyar K\u00f6zt\u00e1rsas\u00e1gi \u00c9rdemrend Lovagkeresztj\u00e9t vehette \u00e1t, 2017-ben pedig \u00c9rdemes M\u0171v\u00e9sz d\u00edjban r\u00e9szes\u00fclt.{:}{:en}Hamar pursued his advanced studies at Budapest\u2019s Franz Liszt Academy of Music, graduating with honours in 1995 after studying music composition under Emil Petrovics and conducting under Ervin Luk\u00e1cs and Tam\u00e1s G\u00e1l. He launched his career by taking second place and the audience prize at the Hungarian Television International Conducting Competition. He has also won prizes at several other international competitions (taking second place at the Cadaqu\u00e9s Orchestra International Conducting Competition in Spain and first place at both the Portuguese Radio Conducting Competition and the Antonio Pedrotti International Conducting Competition in Trento, Italy). In 1997, he was invited by Zolt\u00e1n Kocsis to serve as first permanent conductor of the Hungarian National Philharmonic Orchestra. After working as Lorin Maazel\u2019s assistant at the Salzburg Festival in 1998, he spent the years from 2000 to 2009 as the music director of the Pannon Philharmonic while simultaneously serving as first guest conductor of the Orchestra di Padova e del Veneto.\r\n\r\nA regular guest with orchestras and at concert halls around Europe, Japan and the USA, he has also appeared with nearly every symphonic ensemble in Hungary. Hamar has regularly conducted at the Hungarian State Opera since 2001 and is a welcome guest at opera houses in other countries as well. Between 2005 and 2011, he worked as a permanent conductor at the world-famous Opernhaus Z\u00fcrich. He has recorded works by Liszt together with the Hungarian National Philharmonic and Mahler\u2019s <em>First Symphony<\/em> with the Pannon Philharmonic. From 2012 to 2016, he served as the chief music director of Wiesbaden\u2019s opera house.\r\n\r\nHe headed the Hungarian National Philharmonic as Musical Director from March 2017 to August 2020.{:}","post_title":"{:hu}Hamar Zsolt{:}{:en}Zsolt Hamar{:}","post_excerpt":"","post_status":"publish","comment_status":"closed","ping_status":"closed","post_password":"","post_name":"hamar-zsolt-3","to_ping":"","pinged":"","post_modified":"2020-08-10 08:31:17","post_modified_gmt":"2020-08-10 08:31:17","post_content_filtered":"","post_parent":0,"guid":"http:\/\/www.filharmonikusok.hu\/?post_type=artists&#038;p=101545","menu_order":0,"post_type":"artists","post_mime_type":"","comment_count":"0","filter":"raw"},"hazigazda":null,"muvek":[{"ID":101524,"post_author":"3","post_date":"2017-05-30 06:44:58","post_date_gmt":"2017-05-30 06:44:58","post_content":"{:hu}Rinaldo, a keresztes lovag t\u00f6rt\u00e9nete Torquato Tasso <em>A megszabad\u00edtott Jeruzs\u00e1lem<\/em> c\u00edm\u0171 k\u00f6ltem\u00e9ny\u00e9nek egyik legh\u00edresebb epiz\u00f3dja, sz\u00e1mos zenem\u0171 ihlet\u0151je. Tasso k\u00f6ltem\u00e9ny\u00e9nek f\u0151szerepl\u0151je val\u00f3j\u00e1ban Armida, a var\u00e1zsl\u00f3n\u0151, aki a lovagot elcs\u00e1b\u00edtja, s egy lakatlan szigeten a hatalm\u00e1ban tartja. Brahms m\u0171v\u00e9nek sz\u00f6veg\u00edr\u00f3ja, Johann Wolfgang Goethe m\u0171v\u00e9ben ezzel szemben Armida meg sem sz\u00f3lal, csup\u00e1n Rinaldo k\u00e9pzelet\u00e9ben jelenik meg. A lovag recitativ\u00f3k \u00e9s t\u00f6bb\u00e9-kev\u00e9sb\u00e9 z\u00e1rt \u00e1ri\u00e1k sor\u00e1n visszaid\u00e9zi, mintegy \u00fajra v\u00e9gig\u00e9li a k\u00f6zelm\u00falt esem\u00e9nyeit. El\u0151sz\u00f6r a sziget, a palot\u00e1k \u00e9s vir\u00e1goskertek sz\u00e9ps\u00e9geit l\u00e1tja \u00e9s l\u00e1ttatja a hallgat\u00f3val, majd j\u00f6n a keser\u0171 \u00e9bred\u00e9s (megment\u00e9s\u00e9re \u00e9rkezett lovagt\u00e1rsai egy gy\u00e9m\u00e1ntt\u00fck\u00f6rben szembes\u00edtik elpuhult \u00f6nmag\u00e1val), s a szak\u00edt\u00e1s, amelynek k\u00f6vetkezm\u00e9nyek\u00e9nt Armida puszt\u00edt\u00f3 d\u00e9monn\u00e1 v\u00e1ltozva lerombolja a palot\u00e1kat, s mindent, ami valaha sz\u00e9p \u00e9s var\u00e1zslatos volt. Rinaldo a f\u00e1jdalomt\u00f3l les\u00fajtva t\u00e1vozik a lovagokkal. V\u00e9gleges megnyugv\u00e1st csak a visszafel\u00e9 tart\u00f3 haj\u00f3utat megjelen\u00edt\u0151, er\u0151t\u0151l duzzad\u00f3 z\u00e1r\u00f3k\u00f3rusban tal\u00e1l.{:}{:en}The story of the crusader Rinaldo, is one of the most famous episodes of Torquato Tasso's epic poem Jerusalem Delivered, which inspired countless musical works. The protagonist of Tasso's work is in fact is the witch Armida, who seduces the knight and keeps him under her control on an enchanted island. In contrast with Johann Wolfgang Goethe's work, the librettist of Brahms's work gave Armida a \"silent\" role in that she merely appears in Rinaldo's imagination. In a series of recitativos and more or less close arias, the knight evokes and relives the events of the recent past. First he conjures up the beauties of the island, the palaces and flower gardens, which is followed by a bitter awakening (the fellow knights arriving to his rescue confront him with his softened former self by means of a diamond mirror) and his breaking with Armida, transforming the witch into a destructive demon, who destroys the palaces and everything beautiful and magical. Struck by pain, Rinaldo leaves with the knights. He finally finds relief in the powerful closing chorus, depicting the voyage home.\r\n\r\n&nbsp;{:}","post_title":"{:hu}Rinaldo - kant\u00e1ta, op. 50{:}{:en}Rinaldo-cantata, op. 50{:}","post_excerpt":"","post_status":"publish","comment_status":"closed","ping_status":"closed","post_password":"","post_name":"rinaldo-kantata","to_ping":"","pinged":"","post_modified":"2018-02-08 15:01:08","post_modified_gmt":"2018-02-08 15:01:08","post_content_filtered":"","post_parent":0,"guid":"http:\/\/www.filharmonikusok.hu\/?post_type=muvek&#038;p=101524","menu_order":0,"post_type":"muvek","post_mime_type":"","comment_count":"0","filter":"raw","szerzo":["Brahms"]},{"ID":101717,"post_author":"1","post_date":"2017-05-30 14:03:23","post_date_gmt":"2017-05-30 14:03:23","post_content":"{:hu}Puccini f\u00e9rfi \u00e9nekes sz\u00f3list\u00e1kra, n\u00e9gysz\u00f3lam\u00fa \u00e9nekkarra \u00e9s szimfonikus zenekarra kompon\u00e1lt mis\u00e9je fiatalkori m\u0171: a zeneszerz\u0151 22 \u00e9ves kora el\u0151tt kompon\u00e1lta. A zeneszerz\u0151 egy, eredetileg \u00f6n\u00e1ll\u00f3 m\u0171nek sz\u00e1nt Credo t\u00e9telt eg\u00e9sz\u00edtett ki teljes misekompoz\u00edci\u00f3v\u00e1, mely a luccai Istituto Musicale Paciniban v\u00e9gzett tanulm\u00e1nyai z\u00e1r\u00e1sak\u00e9nt, 1880. j\u00falius 12-\u00e9n hangzott el el\u0151sz\u00f6r. Nem kell meglep\u0151dn\u00fcnk azon, hogy a k\u00e9s\u0151bbi vil\u00e1gh\u00edr\u0171 operaszerz\u0151 fiatalon egyh\u00e1zzen\u00e9t kompon\u00e1lt, hiszen csal\u00e1dja m\u00e1r t\u00f6bb gener\u00e1ci\u00f3 \u00f3ta egyh\u00e1zzen\u00e9szk\u00e9nt szolg\u00e1lt Lucc\u00e1ban. Ugyanakkor, b\u00e1r fiatalkori \u00e9s egyh\u00e1zi m\u0171r\u0151l van sz\u00f3, m\u00e9gis felfedezhet\u0151k benne a k\u00e9s\u0151bbi operaszerz\u0151 st\u00edlusjegyei. Nem v\u00e9letlen, hogy Puccini zeneszerz\u00e9s-tan\u00e1ra a mis\u00e9t t\u00fals\u00e1gosan sz\u00ednpadiasnak tal\u00e1lta. B\u00e1r a Mise sikert aratott a bemutat\u00f3n, Puccini soha t\u00f6bb\u00e9 nem adatta el\u0151. Csak \u00e9vtizedekkel a zeneszerz\u0151 hal\u00e1la ut\u00e1n 1952-ben, Chicag\u00f3ban sz\u00f3lalt meg legk\u00f6zelebb.{:}{:en}Puccini was just 21 when he composed this mass for male soloists, four-part choir and symphony orchestra. The Credo had been intended as a self-contained work, which Puccini worked into a full mass as his graduation exercise from the luccai Istituto Musicale Pacini. It received its first performance on 12 July 1880. It is no surprise that the future world-famous opera composer wrote sacred music as a young man, given that his family had served as church musicians in Lucca for generations. Even though it is a juvenile and a sacred work, it bears the traits of the future opera composer. It is no accident that his composition teacher criticised it for its theatrical character. Although the Mass was a success at the premiere, it was never performed again until after his death, in Chicago in 1952.{:}","post_title":"{:hu}Messa di Gloria{:}{:en}Messa di Gloria{:}","post_excerpt":"","post_status":"publish","comment_status":"closed","ping_status":"closed","post_password":"","post_name":"messa-di-gloria-2","to_ping":"","pinged":"","post_modified":"2018-02-19 11:07:07","post_modified_gmt":"2018-02-19 11:07:07","post_content_filtered":"","post_parent":0,"guid":"http:\/\/www.filharmonikusok.hu\/?post_type=muvek&#038;p=101717","menu_order":0,"post_type":"muvek","post_mime_type":"","comment_count":"0","filter":"raw","szerzo":["Puccini"]}],"muvekrol_reszletesen":true,"kozr_szemelyek":[{"ID":105429,"post_author":"951582","post_date":"2018-02-17 10:01:08","post_date_gmt":"2018-02-17 10:01:08","post_content":"Johannes Chum\u00a0(tenor) Grazb\u00f3l \u00e9rkezett a Nemzeti Filharmonikusokhoz, hogy\u00a0ma este - Peter Sonn megbeteged\u00e9se\u00a0miatt -\u00a0k\u00f6zrem\u0171k\u00f6dj\u00f6n Brahms Rinaldo-kant\u00e1ta c\u00edm\u0171 m\u0171v\u00e9ben...","post_title":"{:hu}Johannes Chum{:}{:en}Johannes Chum{:}","post_excerpt":"","post_status":"publish","comment_status":"closed","ping_status":"closed","post_password":"","post_name":"johannes-chum","to_ping":"","pinged":"","post_modified":"2018-02-17 10:28:01","post_modified_gmt":"2018-02-17 10:28:01","post_content_filtered":"","post_parent":0,"guid":"http:\/\/www.filharmonikusok.hu\/?post_type=artists&#038;p=105429","menu_order":0,"post_type":"artists","post_mime_type":"","comment_count":"0","filter":"raw","hangszer":"{:hu}tenor{:}{:en}tenor{:}"},{"ID":101721,"post_author":"1","post_date":"2017-05-30 14:06:17","post_date_gmt":"2017-05-30 14:06:17","post_content":"Benjamin Russel a wiesbadeni Hessei \u00c1llami Sz\u00ednh\u00e1z tagja. Sz\u00e1mos nemzetk\u00f6zi d\u00edj nyertese, egyebek mellett 2010-ben neki \u00edt\u00e9lt\u00e9k a Joan Sutherland \u201eLeg\u00edg\u00e9retesebb \u00e9nekes\u201d d\u00edjat. Legfontosabb szerepei\u00a0 Papageno, Figaro, Falke, Donner \u00e9s Schaunard. \u00c9nekelte tov\u00e1bb\u00e1 Mahler Egy v\u00e1ndorleg\u00e9ny dalait, valamint Schumann A k\u00f6lt\u0151 szerelm\u00e9t. Ebben az \u00e9vadban a Wiesbadeni Szimfonikus Zenakarral el\u0151adja Bach 82. kant\u00e1t\u00e1j\u00e1t Patrick Lange vez\u00e9nylet\u00e9vel, valamint Puccini Missa di Glori\u00e1j\u00e1t a Magyar Nemzeti Filharmonikusokkal Hamar Zsolt vez\u00e9nylet\u00e9vel.","post_title":"Benjamin Russell","post_excerpt":"","post_status":"publish","comment_status":"closed","ping_status":"closed","post_password":"","post_name":"benjamin-russell","to_ping":"","pinged":"","post_modified":"2018-02-08 15:11:30","post_modified_gmt":"2018-02-08 15:11:30","post_content_filtered":"","post_parent":0,"guid":"http:\/\/www.filharmonikusok.hu\/?post_type=artists&#038;p=101721","menu_order":0,"post_type":"artists","post_mime_type":"","comment_count":"0","filter":"raw","hangszer":"{:hu}bariton{:}{:en}baritone{:}"},{"ID":86824,"post_author":"1","post_date":"2016-09-21 08:41:56","post_date_gmt":"2016-09-21 08:41:56","post_content":"{:hu}<p style=\"text-align: justify;\">A budapesti Liszt Ferenc Zeneakad\u00e9mi\u00e1n szerzett klarin\u00e9tm\u0171v\u00e9szi diplom\u00e1ja ut\u00e1n az int\u00e9zm\u00e9ny \u00e9nekm\u0171v\u00e9szi diplom\u00e1j\u00e1t is megszerezte. Tanulm\u00e1nyait az augsburgi Hochschule f\u00fcr Musik mesteroszt\u00e1ly\u00e1ban folytatta, ahol 2008-ban a N\u00e9metorsz\u00e1gban el\u00e9rhet\u0151 legmagasabb rang\u00fa diplom\u00e1t kapta meg. \u00c9nektud\u00e1s\u00e1t t\u00f6bbek k\u00f6z\u00f6tt Nicolai Gedd\u00e1n\u00e1l, Renata Scotton\u00e1l, Robert Holln\u00e1l, Hamari J\u00fali\u00e1n\u00e1l, Brigitte Fassbaendern\u00e9l fejlesztette tov\u00e1bb. A Sz\u00e9kely Mih\u00e1ly, valamint a Sim\u00e1ndy J\u00f3zsef Orsz\u00e1gos \u00c9nekverseny gy\u0151ztese, a Ferruccio Tagliavini Nemzetk\u00f6zi \u00c9nekverseny m\u00e1sodik helyezettje, \u00e9s 2008-ban a Queen Elisabeth Nemzetk\u00f6zi \u00c9nekverseny els\u0151 d\u00edjasa. Rendszeresen koncertezik a hazai vezet\u0151 zenekarokkal, valamint sz\u00e1mos koncerten \u00e9s fesztiv\u00e1lon l\u00e9p fel k\u00fclf\u00f6ld\u00f6n, t\u00f6bbek k\u00f6z\u00f6tt Helmut Rilling, Kazushi Ono, Nicola Luisotti, Valery Gergiev, Christopher Warren-Green vez\u00e9nylet\u00e9vel. K\u00fclf\u00f6ld\u00f6n a Bayerische Staatsoper, az Oper Frankfurt valamint a Nationaltheater Weimar vend\u00e9gsz\u00f3list\u00e1jak\u00e9nt \u00e9nekel. F\u0151bb szerepei k\u00f6z\u00e9 tartozik Nemorino, Lenszkij, Romeo, Alfredo, Belmonte, Orfeo \u00e9s Tamino.<\/p>{:}{:en}<p style=\"text-align: justify;\">Born in 1980, received a diploma in clarinet and teaching in 2002, and in voice and teaching in 2006 at the Liszt Ferenc Academy of Music. From 2006 he has been a post-graduate student at the Augsburg Hochschule f\u00fcr Musik. He has also participated in the master courses of a number of famous singers, including Robert Holl, J\u00falia Hamari, Renata Scotto and Nicolai Gedda. In 2000 he won first prize at the National Mih\u00e1ly Sz\u00e9kely Singing Competition, and in the following year he took first prize at the J\u00f3zsef Sim\u00e1ndy Singing Competition, then in 2004 he finished second in the International Ferruccio Tagliavini Singing Competition.<\/p>\r\n<p style=\"text-align: justify;\">Besides performing in the Hungarian State Opera, he regularly works with the leading Hungarian orchestras as a soloist and also appears on stage abroad.<\/p>{:}","post_title":"{:hu}Brickner Szabolcs{:}{:en}Szabolcs Brickner{:}","post_excerpt":"","post_status":"publish","comment_status":"closed","ping_status":"closed","post_password":"","post_name":"brickner-szabolcs","to_ping":"","pinged":"","post_modified":"2018-02-15 10:10:27","post_modified_gmt":"2018-02-15 10:10:27","post_content_filtered":"","post_parent":0,"guid":"http:\/\/www.filharmonikusok.hu\/?post_type=artists&#038;p=86824","menu_order":0,"post_type":"artists","post_mime_type":"","comment_count":"0","filter":"raw","hangszer":"{:hu}tenor{:}{:en}tenor{:}"}],"muveszekrol_reszletesen":true,"kozr_szemelyek_feluldefinialasa":"","kozr_intezmenyek":[{"ID":87528,"post_author":"1","post_date":"2016-09-08 07:58:45","post_date_gmt":"2016-09-08 07:58:45","post_content":"{:hu}<img class=\"alignnone size-medium wp-image-115522\" src=\"https:\/\/www.filharmonikusok.hu\/wp-content\/uploads\/2017\/10\/MNF_Mupa_Evad-egyuttese_2019_20_foto_Csibi-Szilvia11_555x555-300x300.jpg\" alt=\"\" width=\"300\" height=\"300\" \/>A Nemzeti \u00c9nekkar 1985-ben alakult \u00c1llami \u00c9nekkar n\u00e9ven, 2016. janu\u00e1r 1-t\u0151l vezet\u0151 karnagya Somos Csaba. Az \u00e9nekkar Magyarorsz\u00e1g egyik vezet\u0151 hivat\u00e1sos k\u00f3rusa, amelynek profilja a zenekar-k\u00eds\u00e9retes kompoz\u00edci\u00f3k, orat\u00f3riumok, valamint a cappella m\u0171vek el\u0151ad\u00e1sa. Reperto\u00e1rja ennek megfelel\u0151en rendk\u00edv\u00fcl gazdag, a kora barokk Sch\u00fctz alkot\u00e1sait\u00f3l Bach, a b\u00e9csi klasszikusok \u00e9s a 19. sz\u00e1zad zeneszerz\u0151inek kompoz\u00edci\u00f3in kereszt\u00fcl a 20. sz\u00e1zad \u00e9s a kort\u00e1rs zen\u00e9ig minden ir\u00e1nyba nyitott, m\u0171faji hat\u00e1rok n\u00e9lk\u00fcl, de a ritk\u00e1n m\u0171sorra ker\u00fcl\u0151 alkot\u00e1sok megsz\u00f3laltat\u00e1s\u00e1ban is elk\u00f6telezett. A reperto\u00e1rj\u00e1n hangs\u00falyosan jelen lev\u0151 19. sz\u00e1zadi orat\u00f3riumok mellett az egy\u00fcttes kiemelt fontoss\u00e1got tulajdon\u00edt a kort\u00e1rs m\u0171vek el\u0151ad\u00e1s\u00e1nak, sz\u00e1mos m\u0171 \u0151sbemutat\u00f3ja, illetve magyarorsz\u00e1gi bemutat\u00f3ja f\u0171z\u0151dik a nev\u00e9hez.\r\n\r\nA k\u00f3rus visszat\u00e9r\u0151 k\u00f6zrem\u0171k\u00f6d\u0151je a Nemzeti Filharmonikusok martonv\u00e1s\u00e1ri ny\u00e1ri Beethoven-sorozat\u00e1nak, kiemelked\u0151 szerepl\u0151je a zenekar csal\u00e1di matin\u00e9 koncertsorozat\u00e1nak, valamint a Kocsis Zolt\u00e1n m\u0171v\u00e9szeti vezet\u00e9s\u00e9vel 2006 \u00f3ta fel\u00e9p\u00fcl\u0151 Bart\u00f3k \u00daj Sorozatnak. A Nemzeti Filharmonikusok Richard Strauss oper\u00e1it bemutat\u00f3 nagy siker\u0171 sz\u00e9ri\u00e1j\u00e1ban \u00e9s Schoenberg M\u00f3zes \u00e9s \u00c1ron c\u00edm\u0171 oper\u00e1j\u00e1ban, az \u00e9nekkar mellett t\u00f6bb tagja sz\u00f3listak\u00e9nt is fell\u00e9pett. Az \u00e9nekkar a hazai koncertek mellett nemzetk\u00f6zi felk\u00e9r\u00e9seknek is eleget tesz, rendszeresen koncertezik a magyarok \u00e1ltal is lakott hat\u00e1ront\u00fali telep\u00fcl\u00e9seken. A Nemzeti \u00c9nekkar a M\u00fcp\u00e1ban megrendezett nagyszab\u00e1s\u00fa Wagner-napok rendszeresen megh\u00edvott k\u00f6zrem\u0171k\u00f6d\u0151je.{:}{:en}<img class=\"alignnone size-medium wp-image-115522\" src=\"https:\/\/www.filharmonikusok.hu\/wp-content\/uploads\/2017\/10\/MNF_Mupa_Evad-egyuttese_2019_20_foto_Csibi-Szilvia11_555x555-300x300.jpg\" alt=\"\" width=\"300\" height=\"300\" \/>\r\n\r\nThe Hungarian National Choir (originally called State Choir) was founded in 1985. Between 1990 and 2016 it was headed by M\u00e1ty\u00e1s Antal, who was succeeded by Csaba Somos on 1 January 2016. The choir is one of Hungary\u2019s leading professional choirs. It boasts a rich repertoire chiefly consisting of orchestra-accompanied and a capella choral music, as well as oratorios, ranging from works by the early-Baroque Sch\u00fctz to Bach, Viennese Classical, 19<sup>th<\/sup> and 20<sup>th<\/sup>-century composers, and contemporary music. The Hungarian National Choir is open to every genre and is dedicated to performing rarely heard works. While the backbone of the repertoire consists of 19<sup>th<\/sup>-century oratorios, the Hungarian National Choir attaches great importance to performing contemporary music. Numerous world and national premi\u00e8res are linked with its name.\r\n\r\nThey are\u00a0 returning guests at the Hungarian National Philharmonic Orchestra\u2019s summer Beethoven series in Martonv\u00e1s\u00e1r. It regularly appears in the Orchestra\u2019s family matin\u00e9e concerts, as well as the <em>Bart\u00f3k New Series<\/em>, launched in 2006. The successful performance of Richard Strauss\u2019s operas and Schoenberg\u2019s <em>Moses and Aron<\/em> has involved the National Choir and many of its soloists. In addition to concerts at home, the choir performs extensively abroad and regularly gives concerts in minority Hungarian areas across the border. The Hungarian National Choir is a regular participant of large-scale events at the Palace of Art, such as the Wagner Days.{:}","post_title":"{:hu}Nemzeti \u00c9nekkar (karigazgat\u00f3: Somos Csaba){:}{:en}Hungarian National Choir (choirmaster: Csaba Somos){:}","post_excerpt":"","post_status":"publish","comment_status":"closed","ping_status":"closed","post_password":"","post_name":"nemzeti-enekkar-karigazgato-somos-csaba","to_ping":"","pinged":"","post_modified":"2020-07-22 10:07:10","post_modified_gmt":"2020-07-22 10:07:10","post_content_filtered":"","post_parent":0,"guid":"http:\/\/www.filharmonikusok.hu\/institutions\/nemzeti-enekkar-karigazgato-somos-csaba\/","menu_order":0,"post_type":"institutions","post_mime_type":"","comment_count":"0","filter":"raw"},{"ID":87462,"post_author":"1","post_date":"2016-09-08 07:58:44","post_date_gmt":"2016-09-08 07:58:44","post_content":"A Honv\u00e9d F\u00e9rfikar unikum. Magyarorsz\u00e1g egyetlen, hivat\u00e1sos f\u00e9rfik\u00f3rusa, \u00edgy a m\u0171faj azon kev\u00e9s k\u00e9pvisel\u0151j\u00e9hez tartozik vil\u00e1gszerte, akik professzion\u00e1lis m\u00f3don, magas sz\u00ednvonalon sz\u00f3laltatj\u00e1k meg a f\u00e9rfikari zeneirodalom alkot\u00e1sait. Az operasz\u00ednpadok \u00e9s a n\u00edv\u00f3s klasszikus zenei fesztiv\u00e1lok \u00e1lland\u00f3 r\u00e9sztvev\u0151je, a hazai komolyzenei \u00e9let kiker\u00fclhetetlen szerepl\u0151je, a vil\u00e1g komolyzenei \u00e9let\u00e9nek t\u00f6bbsz\u00f6r\u00f6sen elismert tagja.\u00a0 Az elm\u00falt \u00e9vtizedek sor\u00e1n a Honv\u00e9d F\u00e9rfikar turn\u00e9zott n\u00e9gy kontinensen, t\u00f6bb tucat orsz\u00e1gban, Mexik\u00f3t\u00f3l az Egyes\u00fclt \u00c1llamokon \u00e1t K\u00edn\u00e1ig. Anyaint\u00e9zm\u00e9nye, a Honv\u00e9d Egy\u00fcttes keretein bel\u00fcl eddig t\u00f6bb, mint \u00f6tven orsz\u00e1g, n\u00e9gy kontinens \u00e9s k\u00f6zel harmincezer el\u0151ad\u00e1s \u00e1ll m\u00f6g\u00f6tte. A kar egy\u00fctt dolgozott sz\u00e1mtalan, vil\u00e1gh\u00edr\u0171 dirigenssel, \u00fagymint Sir Geroge Solti, Zubin Mehta, Ferencsik J\u00e1nos, Lamberto Gardelli, a teljess\u00e9g ig\u00e9nye n\u00e9lk\u00fcl. Sz\u00e1mos magyar zeneszerz\u0151 kompon\u00e1lt a\u2019cappella \u00e9s zenekari k\u00eds\u00e9retes m\u0171veket a Honv\u00e9d F\u00e9rfikarnak: Kod\u00e1ly Zolt\u00e1nt\u00f3l (H\u00e1ry Toborz\u00f3) eg\u00e9szen az ut\u00f3bbi \u00e9vek \u0151sbemutat\u00f3iig Tolcsvay L\u00e1szl\u00f3 (Testamentom), Vajda J\u00e1nos (Szent P\u00e9ter meg a zsoldosok) , Gy\u00f6ngy\u00f6si Levente, Szakcsi Lakatos B\u00e9la, Orb\u00e1n Gy\u00f6rgy, t\u00f6bbek k\u00f6z\u00f6tt.\u00a0 A nemzeti min\u0151s\u00edt\u00e9st elnyert egy\u00fcttes munk\u00e1ss\u00e1g\u00e1t eddig Prima Primissima d\u00edjjal, Magyar \u00d6r\u00f6ks\u00e9g d\u00edjjal, Bart\u00f3k-P\u00e1sztory d\u00edjjal, valamint a Charles Cross Hanglemezakad\u00e9mia Nagyd\u00edj\u00e1val ismert\u00e9k el. K\u00fcl\u00f6nlegess\u00e9g, hogy a Magyar \u00f6r\u00f6ks\u00e9g d\u00edjat eddig k\u00e9tszer \u00edt\u00e9lt\u00e9k oda munk\u00e1ss\u00e1g\u00e1\u00e9rt: egyszer a Honv\u00e9d Egy\u00fcttes keretein bel\u00fcl, m\u00e1sodszor pedig \u00f6n\u00e1ll\u00f3an is megkapta azt.\u00a0 A Honv\u00e9d F\u00e9rfikar m\u0171v\u00e9szeti vezet\u0151je, vezet\u0151 karnagya 2010 \u00f3ta Strausz K\u00e1lm\u00e1n, Liszt-d\u00edjas karnagy. A Budapesti Nemzetk\u00f6zi K\u00f3rusverseny megalap\u00edt\u00f3ja, k\u00e9tszeres Grammy-d\u00edjra jel\u00f6lt dirigens. Mesteriskol\u00e1kat vezet az Egyes\u00fclt \u00c1llamokban \u00e9s Eur\u00f3p\u00e1ban, eur\u00f3pai k\u00f3rusversenyek \u00e1lland\u00f3 zs\u0171ritagja.","post_title":"{:hu}Honv\u00e9d F\u00e9rfikar (karigazgat\u00f3: Strausz K\u00e1lm\u00e1n){:}{:en}Hungarian Army Men's Choir (Chorus Master: K\u00e1lm\u00e1n Strausz){:}","post_excerpt":"","post_status":"publish","comment_status":"closed","ping_status":"closed","post_password":"","post_name":"honved-ferfikar","to_ping":"","pinged":"","post_modified":"2018-02-09 10:43:52","post_modified_gmt":"2018-02-09 10:43:52","post_content_filtered":"","post_parent":0,"guid":"http:\/\/www.filharmonikusok.hu\/institutions\/honved-ferfikar\/","menu_order":0,"post_type":"institutions","post_mime_type":"","comment_count":"0","filter":"raw"},{"ID":87472,"post_author":"1","post_date":"2016-09-08 07:58:44","post_date_gmt":"2016-09-08 07:58:44","post_content":"{:hu}<img class=\"size-medium wp-image-115524 alignnone\" src=\"https:\/\/www.filharmonikusok.hu\/wp-content\/uploads\/2016\/09\/MNF_Mupa_Evad-egyuttese_2019_20_foto_Csibi-Szilvia10-555x555-1-300x300.jpg\" alt=\"\" width=\"300\" height=\"300\" \/>\r\n\r\nA Nemzeti Filharmonikus Zenekar Magyarorsz\u00e1g egyik vezet\u0151 szimfonikus zenekara t\u00f6bb mint kilencven \u00e9ve. Ferencsik J\u00e1nos, Kobayashi Ken-Ichiro ut\u00e1n 1997-ben Kocsis Zolt\u00e1n f\u0151zeneigazgat\u00f3 ir\u00e1ny\u00edt\u00e1sa alatt a zenekar meg\u00fajult, a nemzeti szimfonikus egy\u00fctteshez m\u00e9lt\u00f3 sokoldal\u00fas\u00e1ggal nemcsak a klasszikus m\u0171veket, hanem ezek mellett a megszokott reperto\u00e1rr\u00f3l hi\u00e1nyz\u00f3 fontos alkot\u00e1sokat is megsz\u00f3laltatott, tov\u00e1bb\u00e1 a k\u00f6zelm\u00falt \u00e9s napjaink magyar zen\u00e9j\u00e9t is megismerteti k\u00f6z\u00f6ns\u00e9g\u00e9vel, valamint n\u00e9pszer\u0171ek kamarazenei \u00e9s ifj\u00fas\u00e1gi sorozatai is. \u00a02017 m\u00e1rcius\u00e1t\u00f3l 2020 augusztus\u00e1ig a a zenekarn\u00e1l kor\u00e1bban \u00e9veken \u00e1t els\u0151 \u00e1lland\u00f3 karmesterk\u00e9nt k\u00f6zrem\u0171k\u00f6d\u0151, komoly nemzetk\u00f6zi karriert maga m\u00f6g\u00f6tt tudhat\u00f3, Liszt Ferenc-d\u00edjas Hamar Zsolt t\u00f6lt\u00f6tte be a Nemzeti Filharmonikusok zeneigazgat\u00f3i posztj\u00e1t.\r\n\r\nAz egy\u00fcttes reperto\u00e1rj\u00e1n hangs\u00falyosan szerepel a Bart\u00f3k-\u00e9letm\u0171; m\u00e9rt\u00e9kad\u00f3 interpret\u00e1ci\u00f3i 2006 \u00f3ta a Bart\u00f3k \u00daj Sorozatban jelennek meg, de sz\u00ednfoltot k\u00e9pviselnek reperto\u00e1rj\u00e1n Kocsis Zolt\u00e1n Debussy, Rachmaninov, Bart\u00f3k m\u0171veib\u0151l k\u00e9sz\u00edtett \u00e1tiratai is. Hangversenyb\u00e9rleti el\u0151ad\u00e1sain vil\u00e1gh\u00edr\u0171 vend\u00e9gm\u0171v\u00e9szek \u00e9s vend\u00e9gkarmesterek l\u00e9pnek fel, valamint feladat\u00e1nak tekinti a kiemelked\u0151 p\u00e1lyakezd\u0151 magyar muzsikusok megh\u00edv\u00e1s\u00e1t is. Olyan neves helysz\u00edneken \u00e9s fesztiv\u00e1lokon l\u00e9pett fel az ut\u00f3bbi \u00e9vtizedekben, mint a New York-i Avery Fisher Hall, a toki\u00f3i Suntory Hall, a birminghami Symphony Hall, az ath\u00e9ni Megaron, a br\u00fcsszeli Bozar K\u00f6zpont, a bukaresti Enescu Fesztiv\u00e1l, a Colmari \u00e9s a Kan\u00e1ri-szigeteki Fesztiv\u00e1l. Az elm\u00falt 15 \u00e9vben mintegy 40 orsz\u00e1gban t\u00f6bb mint 330 k\u00fclf\u00f6ldi turn\u00e9koncertet adott.{:}{:en}<img class=\"size-medium wp-image-115524 alignnone\" src=\"https:\/\/www.filharmonikusok.hu\/wp-content\/uploads\/2016\/09\/MNF_Mupa_Evad-egyuttese_2019_20_foto_Csibi-Szilvia10-555x555-1-300x300.jpg\" alt=\"\" width=\"300\" height=\"300\" \/>\r\nThe Hungarian National Philharmonic Orchestra has been one of Hungary\u2019s leading symphony orchestras for over ninety years. The era marked by the name of J\u00e1nos Ferencsik and Kobayashi Ken-Ichiro was followed by a new chapter in the history of the orchestra when in 1997 Zolt\u00e1n Kocsis became general music director until his death. In almost two decades the National Philharmonic Orchestra underwent renewal. After the death of Zolt\u00e1n Kocsis, the Ferenc Liszt Award-winning Zsolt Hamar held the post of Musical Director at the Hungarian National Philharmonic from March 2017 to August 2020. He previously worked with the orchestra as its first permanent conductor and built up an impressive international career.\r\n\r\nThe Orchestra is one of the top interpreters of the work of B\u00e9la Bart\u00f3k, and the albums of the <em>Bart\u00f3k New Series<\/em> have won numerous accolades in Hungary and abroad. The orchestra perform not only classics but also numerous other important works previously missing from the repertoire, many of which require a large orchestral apparatus. It attaches great importance to introducing contemporary Hungarian works to the audiences. It has given many popular chamber music concerts and hosted events for young people.\r\n\r\nThe orchestra\u2019s concerts have featured world-famous soloists and conductors. It supports young musicians recently embarked on an international career. In recent decades, the National Philharmonic Orchestra has appeared in the greatest venues and festivals around the world, including the Avery Fisher Hall in New York, the Suntory Hall in Tokyo, the Birmingham Symphony Hall, the Megaron in Athens, Bozar Centre in Brussels, the Enescu Festival in Bucharest, the Beethoven Festival in Bogot\u00e1, as well as the Colmar and Canary Island Festivals. In the past two decades, the National Philharmonic Orchestra has given more than 330 concerts in some 40 countries.\r\n\r\n&nbsp;\r\n\r\n&nbsp;\r\n\r\n&nbsp;{:}","post_title":"{:hu}Nemzeti Filharmonikus Zenekar{:}{:en}Hungarian National Philharmonic Orchestra{:}","post_excerpt":"","post_status":"publish","comment_status":"closed","ping_status":"closed","post_password":"","post_name":"nemzeti-filharmonikus-zenekar","to_ping":"","pinged":"","post_modified":"2020-08-10 08:27:54","post_modified_gmt":"2020-08-10 08:27:54","post_content_filtered":"","post_parent":0,"guid":"http:\/\/www.filharmonikusok.hu\/institutions\/nemzeti-filharmonikus-zenekar\/","menu_order":0,"post_type":"institutions","post_mime_type":"","comment_count":"0","filter":"raw"}],"gombtipus":"link","jegyarak":"5.200 Ft, 4.300 Ft, 3.600 Ft, 2.900 Ft, 2.100 Ft","jegyvasarlas_gomb":"","elkeltek_a_jegyek":false,"youtube_id":"","old_id":"","hivatkozas_gomb_szovege":"Next ","hivatkozas_gomg_url-je":"https:\/\/nfz.jegy.hu\/program\/ferencsik-berlet-6-vezenyel-hamar-zsolt-80733\/382493","muvek_feluldefinialasa":false,"is_muvekrol_reszletesen_en":true,"is_muveszekrol_reszletesen_en":false},"publishpress_future_workflow_manual_trigger":{"enabledWorkflows":[]},"_links":{"self":[{"href":"https:\/\/www.filharmonikusok.hu\/en\/wp-json\/wp\/v2\/concerts\/101715","targetHints":{"allow":["GET"]}}],"collection":[{"href":"https:\/\/www.filharmonikusok.hu\/en\/wp-json\/wp\/v2\/concerts"}],"about":[{"href":"https:\/\/www.filharmonikusok.hu\/en\/wp-json\/wp\/v2\/types\/concerts"}],"wp:attachment":[{"href":"https:\/\/www.filharmonikusok.hu\/en\/wp-json\/wp\/v2\/media?parent=101715"}],"curies":[{"name":"wp","href":"https:\/\/api.w.org\/{rel}","templated":true}]}}