{"id":101667,"date":"2017-05-31T07:33:23","date_gmt":"2017-05-31T07:33:23","guid":{"rendered":"http:\/\/www.filharmonikusok.hu\/?post_type=concerts&#038;p=101667"},"modified":"2017-10-19T13:22:41","modified_gmt":"2017-10-19T13:22:41","slug":"brahms-nemet-requiem","status":"publish","type":"concerts","link":"https:\/\/www.filharmonikusok.hu\/en\/koncertek\/brahms-nemet-requiem\/","title":{"rendered":"Brahms N\u00e9met requiem, G\u00e1rdonyi Zolt\u00e1n Dics\u00e9r\u0151 \u00e9nek a 45. zsolt\u00e1r verseire"},"content":{"rendered":"<p><span style=\"font-weight: 400;\">A gy\u00e1szmis\u00e9k a zenet\u00f6rt\u00e9net alighanem legszebb, legszem\u00e9lyesebb, leger\u0151teljesebb hat\u00e1s\u00fa m\u0171vei k\u00f6z\u00e9 tartoznak, amelyek kort\u00f3l f\u00fcggetlen\u00fcl, ak\u00e1r t\u00f6bb \u00e9vsz\u00e1zad t\u00e1vol\u00e1b\u00f3l is megragadj\u00e1k a hallgat\u00f3t, legyen sz\u00f3 Ockeghemr\u0151l, Mozartr\u00f3l, Verdir\u0151l, Dvo\u0159\u00e1kr\u00f3l, Brahmsr\u00f3l vagy Ligetir\u0151l. A N\u00e9met requiem m\u00e1r sz\u00f6vegv\u00e1laszt\u00e1s\u00e1val is remekm\u0171: a bibliai r\u00e9szeket dramaturgiai \u00edvben, szimmetrikus kupola-\u00e9p\u00edtm\u00e9nyhez hasonl\u00f3an egym\u00e1s mell\u00e9 helyez\u0151 \u00f6ssze\u00e1ll\u00edt\u00e1shoz a zene mint az elm\u00e9ly\u00fcl\u00e9s, a megb\u00e9k\u00e9l\u00e9s, a f\u00e1jdalom, a vigasz, a gy\u00e1sz m\u0171v\u00e9szi megfogalmaz\u00e1sa t\u00e1rsul. Az 1866-ban, a zeneszerz\u0151 \u00e9desanyja, illetve atyai j\u00f3 bar\u00e1tja, Robert Schumann hal\u00e1l\u00e1nak h\u00edr\u00e9re fogant alkot\u00e1s a rekviemek t\u00f6bb \u00e9vsz\u00e1zados hagyom\u00e1ny\u00e1val szak\u00edtva nem a liturgikus t\u00e9telrendet k\u00f6veti, hanem koncertszer\u0171 el\u0151ad\u00e1sra sz\u00fcletett, nem latin, hanem n\u00e9met nyelven. Brahms op. 45 jelz\u00e9s\u0171 alkot\u00e1sa el\u0151tt a 45. zsolt\u00e1r nyom\u00e1n \u00edrt kompoz\u00edci\u00f3 hangzik el, szint\u00e9n k\u00f3rusra \u00e9s zenekarra. Szerz\u0151je az 1906-ban sz\u00fcletett, \u00e9s 1986-ban elhunyt G\u00e1rdonyi Zolt\u00e1n, a Zeneakad\u00e9mia 1948-ban feloszlatott protest\u00e1ns egyh\u00e1zzenei tanszak\u00e1nak utols\u00f3 vezet\u0151je, nemzetk\u00f6zileg is nagyra becs\u00fclt zenetudom\u00e1nyi \u00e9s zeneelm\u00e9leti kutat\u00f3, akinek orgonam\u0171vei \u00e9s bibliai t\u00e1rgy\u00fa k\u00f3rusm\u0171vei a huszadik sz\u00e1zadi eur\u00f3pai egyh\u00e1zzen\u00e9ben egyed\u00fcl\u00e1ll\u00f3 \u00e9rt\u00e9ket k\u00e9pviselnek.<\/span><\/p>\n","protected":false},"template":"","class_list":["post-101667","concerts","type-concerts","status-publish","hentry"],"translation":{"provider":"WPGlobus","version":"3.0.2","language":"en","enabled_languages":["hu","en"],"languages":{"hu":{"title":true,"content":true,"excerpt":false},"en":{"title":false,"content":false,"excerpt":false}}},"acf":{"alcim":"Templomi  b\u00e9rlet 2.","kiemelt_kep":{"ID":101283,"id":101283,"title":"Slider_image_Nemzeti_\u00c9nekkar","filename":"Slider_image_Nemzeti_\u00c9nekkar.png","filesize":2248757,"url":"https:\/\/www.filharmonikusok.hu\/wp-content\/uploads\/2017\/05\/Slider_image_Nemzeti_\u00c9nekkar.png","link":"https:\/\/www.filharmonikusok.hu\/en\/slider_image_nemzeti_enekkar\/","alt":"","author":"1","description":"","caption":"","name":"slider_image_nemzeti_enekkar","status":"inherit","uploaded_to":0,"date":"2017-05-19 17:45:19","modified":"2017-10-19 13:22:37","menu_order":0,"mime_type":"image\/png","type":"image","subtype":"png","icon":"https:\/\/www.filharmonikusok.hu\/wp-includes\/images\/media\/default.png","width":1600,"height":722,"sizes":{"thumbnail":"https:\/\/www.filharmonikusok.hu\/wp-content\/uploads\/2017\/05\/Slider_image_Nemzeti_\u00c9nekkar-150x150.png","thumbnail-width":150,"thumbnail-height":150,"medium":"https:\/\/www.filharmonikusok.hu\/wp-content\/uploads\/2017\/05\/Slider_image_Nemzeti_\u00c9nekkar-300x135.png","medium-width":300,"medium-height":135,"medium_large":"https:\/\/www.filharmonikusok.hu\/wp-content\/uploads\/2017\/05\/Slider_image_Nemzeti_\u00c9nekkar-768x347.png","medium_large-width":640,"medium_large-height":289,"large":"https:\/\/www.filharmonikusok.hu\/wp-content\/uploads\/2017\/05\/Slider_image_Nemzeti_\u00c9nekkar-1024x462.png","large-width":640,"large-height":289,"1536x1536":"https:\/\/www.filharmonikusok.hu\/wp-content\/uploads\/2017\/05\/Slider_image_Nemzeti_\u00c9nekkar.png","1536x1536-width":1536,"1536x1536-height":693,"2048x2048":"https:\/\/www.filharmonikusok.hu\/wp-content\/uploads\/2017\/05\/Slider_image_Nemzeti_\u00c9nekkar.png","2048x2048-width":1600,"2048x2048-height":722,"person-size":"https:\/\/www.filharmonikusok.hu\/wp-content\/uploads\/2017\/05\/Slider_image_Nemzeti_\u00c9nekkar-165x165.png","person-size-width":165,"person-size-height":165,"person-size-2":"https:\/\/www.filharmonikusok.hu\/wp-content\/uploads\/2017\/05\/Slider_image_Nemzeti_\u00c9nekkar.png","person-size-2-width":165,"person-size-2-height":74,"album-size":"https:\/\/www.filharmonikusok.hu\/wp-content\/uploads\/2017\/05\/Slider_image_Nemzeti_\u00c9nekkar-263x263.png","album-size-width":263,"album-size-height":263,"news-lead-size":"https:\/\/www.filharmonikusok.hu\/wp-content\/uploads\/2017\/05\/Slider_image_Nemzeti_\u00c9nekkar-360x203.png","news-lead-size-width":360,"news-lead-size-height":203,"director-index-size":"https:\/\/www.filharmonikusok.hu\/wp-content\/uploads\/2017\/05\/Slider_image_Nemzeti_\u00c9nekkar-359x450.png","director-index-size-width":359,"director-index-size-height":450,"person-lead-size":"https:\/\/www.filharmonikusok.hu\/wp-content\/uploads\/2017\/05\/Slider_image_Nemzeti_\u00c9nekkar-555x555.png","person-lead-size-width":555,"person-lead-size-height":555,"slider-size":"https:\/\/www.filharmonikusok.hu\/wp-content\/uploads\/2017\/05\/Slider_image_Nemzeti_\u00c9nekkar.png","slider-size-width":1600,"slider-size-height":722}},"kiemelt_kep_en":null,"megjegyzes":"","esemeny_datum":"20171101","esemeny_idopontja":"20.00","sajat_program":true,"esemeny_tipusa":["koncertek"],"esemeny_helyszine":{"ID":101365,"post_author":"1","post_date":"2017-05-29 12:39:30","post_date_gmt":"2017-05-29 12:39:30","post_content":"","post_title":"Pozsonyi \u00fati Reform\u00e1tus Templom","post_excerpt":"","post_status":"publish","comment_status":"closed","ping_status":"closed","post_password":"","post_name":"pozsonyi-uti-reformatus-templom","to_ping":"","pinged":"","post_modified":"2017-05-31 12:52:48","post_modified_gmt":"2017-05-31 12:52:48","post_content_filtered":"","post_parent":0,"guid":"http:\/\/www.filharmonikusok.hu\/?post_type=places&#038;p=101365","menu_order":0,"post_type":"places","post_mime_type":"","comment_count":"0","filter":"raw","varos":"Budapest","orszag":"Magyarorsz\u00e1g","cim":"","megjegyzes":"","weboldal":""},"helyszin_kategoria":"budapest","karmester":{"ID":101545,"post_author":"1","post_date":"2017-05-30 19:58:57","post_date_gmt":"2017-05-30 19:58:57","post_content":"{:hu}Fels\u0151fok\u00fa tanulm\u00e1nyait a Liszt Ferenc Zenem\u0171v\u00e9szeti F\u0151iskol\u00e1n folytatta, zeneszerz\u00e9s tan\u00e1ra Petrovics Emil, karmester tan\u00e1rai Luk\u00e1cs Ervin \u00e9s G\u00e1l Tam\u00e1s voltak. 1995-ben kit\u00fcntet\u00e9ssel diplom\u00e1zott.\r\n\r\nP\u00e1ly\u00e1ja a Magyar Telev\u00edzi\u00f3 Nemzetk\u00f6zi Karmesterverseny\u00e9n nyert 2. d\u00edjjal \u00e9s k\u00f6z\u00f6ns\u00e9gd\u00edjjal indult. 1996-ban a spanyolorsz\u00e1gi Cadaques-ben rendezett karmesterversenyen ugyancsak 2. d\u00edjat nyert, 1997-ben a Portug\u00e1l R\u00e1di\u00f3 Nemzetk\u00f6zi Karmesterverseny\u00e9n 1. helyezett lett, majd a Trent\u00f3i Antonio Pedrotti Versenyen szint\u00e9n az 1. helyen v\u00e9gzett.\r\n\r\n1997 \u0151sz\u00e9n Kocsis Zolt\u00e1n zeneigazgat\u00f3 javaslat\u00e1ra a Nemzeti Filharmonikusok els\u0151 \u00e1lland\u00f3 karmester\u00e9v\u00e9 nevezt\u00e9k ki. 1998-ben Lorin Maazel asszisztense a Salzburgi \u00dcnnepi J\u00e1t\u00e9kokon. 2000-t\u0151l 2009-ig a Pannon Filharmonikusok zeneigazgat\u00f3ja \u00e9s vezet\u0151 karmestere, ezzel p\u00e1rhuzamosan az Orchestra di Padova e del Veneto els\u0151 vend\u00e9gkarmestere.\r\n\r\nRendszeres vend\u00e9g Eur\u00f3pa, Jap\u00e1n \u00e9s az Egyes\u00fclt \u00c1llamok zenekarain\u00e1l \u00e9s koncerttermeiben. Fell\u00e9pett szinte minden magyar szimfonikus egy\u00fcttessel. 2001 \u00f3ta rendszeresen vez\u00e9nyel a Magyar \u00c1llami Operah\u00e1zban, sz\u00edvesen l\u00e1tott vend\u00e9g a k\u00fclf\u00f6ldi dalsz\u00ednh\u00e1zakban is. 2005 \u00e9s 2011 k\u00f6z\u00f6tt a Z\u00fcrichi Operah\u00e1zban dolgozott a vil\u00e1gh\u00edr\u0171 dalsz\u00ednh\u00e1z \u00e1lland\u00f3 karmesterek\u00e9nt. 2012-t\u0151l 2016-ig a Wiesbadeni Operah\u00e1z (Hessisches Staatstheater) f\u0151zeneigazgat\u00f3ja volt.\r\n\r\n<em>\u00a0<\/em>A Nemzeti Filharmonikus Zenekarral Liszt m\u0171veket, a Pannon Filharmonikusokkal Mahler I. szimf\u00f3ni\u00e1j\u00e1nak 1893-as weimari v\u00e1ltozat\u00e1t r\u00f6gz\u00edtette CD-re a Hungaroton kiad\u00e1s\u00e1ban.\r\n\r\n2011 j\u00fanius\u00e1ban sikeresen fejezte be habilit\u00e1ci\u00f3j\u00e1t a Liszt Ferenc Zenem\u0171v\u00e9szeti Egyetemen. 2016 \u00f3ta a szombathelyi Nemzetk\u00f6zi Bart\u00f3k Szemin\u00e1rium \u00e9s Fesztiv\u00e1l karmesterkurzus\u00e1nak professzora.\r\n\r\n2017 m\u00e1rcius\u00e1t\u00f3l 2020 augusztus\u00e1ig vezette a Nemzeti Filharmonikusok Zenekar\u00e1t.\r\n\r\nMunk\u00e1ss\u00e1ga elismer\u00e9sek\u00e9nt 2001-ben Liszt-d\u00edjat, 2006-ban a Magyar K\u00f6zt\u00e1rsas\u00e1gi \u00c9rdemrend Lovagkeresztj\u00e9t vehette \u00e1t, 2017-ben pedig \u00c9rdemes M\u0171v\u00e9sz d\u00edjban r\u00e9szes\u00fclt.{:}{:en}Hamar pursued his advanced studies at Budapest\u2019s Franz Liszt Academy of Music, graduating with honours in 1995 after studying music composition under Emil Petrovics and conducting under Ervin Luk\u00e1cs and Tam\u00e1s G\u00e1l. He launched his career by taking second place and the audience prize at the Hungarian Television International Conducting Competition. He has also won prizes at several other international competitions (taking second place at the Cadaqu\u00e9s Orchestra International Conducting Competition in Spain and first place at both the Portuguese Radio Conducting Competition and the Antonio Pedrotti International Conducting Competition in Trento, Italy). In 1997, he was invited by Zolt\u00e1n Kocsis to serve as first permanent conductor of the Hungarian National Philharmonic Orchestra. After working as Lorin Maazel\u2019s assistant at the Salzburg Festival in 1998, he spent the years from 2000 to 2009 as the music director of the Pannon Philharmonic while simultaneously serving as first guest conductor of the Orchestra di Padova e del Veneto.\r\n\r\nA regular guest with orchestras and at concert halls around Europe, Japan and the USA, he has also appeared with nearly every symphonic ensemble in Hungary. Hamar has regularly conducted at the Hungarian State Opera since 2001 and is a welcome guest at opera houses in other countries as well. Between 2005 and 2011, he worked as a permanent conductor at the world-famous Opernhaus Z\u00fcrich. He has recorded works by Liszt together with the Hungarian National Philharmonic and Mahler\u2019s <em>First Symphony<\/em> with the Pannon Philharmonic. From 2012 to 2016, he served as the chief music director of Wiesbaden\u2019s opera house.\r\n\r\nHe headed the Hungarian National Philharmonic as Musical Director from March 2017 to August 2020.{:}","post_title":"{:hu}Hamar Zsolt{:}{:en}Zsolt Hamar{:}","post_excerpt":"","post_status":"publish","comment_status":"closed","ping_status":"closed","post_password":"","post_name":"hamar-zsolt-3","to_ping":"","pinged":"","post_modified":"2020-08-10 08:31:17","post_modified_gmt":"2020-08-10 08:31:17","post_content_filtered":"","post_parent":0,"guid":"http:\/\/www.filharmonikusok.hu\/?post_type=artists&#038;p=101545","menu_order":0,"post_type":"artists","post_mime_type":"","comment_count":"0","filter":"raw"},"hazigazda":null,"muvek":[{"ID":101461,"post_author":"3","post_date":"2017-05-29 19:00:48","post_date_gmt":"2017-05-29 19:00:48","post_content":"G\u00e1rdonyi Zolt\u00e1n \u201eDics\u00e9r\u0151 \u00e9nek\u201d c\u00edm\u0171 kompoz\u00edci\u00f3ja a 45. zsolt\u00e1r n\u00e9h\u00e1ny vers\u00e9t zen\u00e9s\u00edti meg K\u00e1roli G\u00e1sp\u00e1r bibliaford\u00edt\u00e1sa alapj\u00e1n. Eredetileg a budapest-kelenf\u00f6ldi evang\u00e9likus gy\u00fclekezet \u00e9nekkara \u00e9s zenekara sz\u00e1m\u00e1ra k\u00e9sz\u00fclt. A szimb\u00f3lumokban rendk\u00edv\u00fcl gazdag bibliai sz\u00f6veg egy menyegz\u0151j\u00e9t \u00fcl\u0151 \u00f3sz\u00f6vets\u00e9gi kir\u00e1ly dics\u00e9rete, mely a \u201ekir\u00e1lyok kir\u00e1ly\u00e1ra\u201d, J\u00e9zus Krisztusra vonatkozik. A zeneszerz\u0151 a m\u0171 sokr\u00e9t\u0171 instrument\u00e1lis anyag\u00e1t 1981-ben Karasszon Dezs\u0151 orgonam\u0171v\u00e9sz k\u00e9r\u00e9s\u00e9re egyetlen koncert\u00e1ns orgonasz\u00f3lamm\u00e1 alak\u00edtotta. Ez a revide\u00e1lt, vegyes karra \u00e9s orgon\u00e1ra k\u00e9sz\u00fclt v\u00e1ltozat 2002-ben n\u00e9met sz\u00f6veggel jelent meg nyomtat\u00e1sban, majd 2005-ben a n\u00e9met nyelv\u0171 zenekarral k\u00eds\u00e9rt v\u00e1ltozat is megjelent. 2006-ban G\u00e1rdonyi Zolt\u00e1n sz\u00fclet\u00e9s\u00e9nek centen\u00e1rium\u00e1ra jelent meg Budapesten a \u201eDics\u00e9r\u0151 \u00e9nek\u201d magyar nyelv\u0171 orgonak\u00eds\u00e9retes v\u00e1ltozata. A zenekarral k\u00eds\u00e9rt magyar nyelv\u0171 v\u00e1ltozatot a mostani el\u0151ad\u00e1s alkalm\u00e1val a Magyar Nemzeti Filharmonikus Zenekar \u00e9s \u00c9nekkar sz\u00e1m\u00e1ra G\u00e1rdonyi Zsolt, G\u00e1rdonyi Zolt\u00e1n fia k\u00e9sz\u00edtette el.\r\n\r\nG\u00e1rdonyi Zolt\u00e1n zeneszerz\u00e9s-tanulm\u00e1nyait 1923-t\u00f3l 1927-ig Budapesten a Liszt Ferenc Zenem\u0171v\u00e9szeti F\u0151iskol\u00e1n Kod\u00e1ly Zolt\u00e1n, majd 1927-t\u0151l 1930-ig Berlinben Paul Hindemith tan\u00edtv\u00e1nyak\u00e9nt v\u00e9gezte. A berlini egyetemen ezzel egyidej\u0171leg folytatott tanulm\u00e1nyait az ott 1931-ben megszerzett zenetudom\u00e1nyi doktor\u00e1tus\u00e1val z\u00e1rta le, majd t\u00edz \u00e9vig a soproni Evang\u00e9likus Tan\u00edt\u00f3k\u00e9pz\u0151 Int\u00e9zet, illetve a Teol\u00f3giai Fakult\u00e1s tan\u00e1ra \u00e9s a Soproni Zeneegyes\u00fclet karnagya volt. Ezt k\u00f6vet\u0151en G\u00e1rdonyi Zolt\u00e1n 1941-t\u0151l 1967-ig a budapesti Liszt Ferenc Zenem\u0171v\u00e9szeti F\u0151iskola professzorak\u00e9nt fejtett ki szerte\u00e1gaz\u00f3 tev\u00e9kenys\u00e9get; \u0151 volt a Zeneakad\u00e9mia 1948-ban feloszlatott protest\u00e1ns egyh\u00e1zzenei tanszak\u00e1nak utols\u00f3 vezet\u0151je is. Nemzetk\u00f6zileg is nagyra becs\u00fclt zenetudom\u00e1nyi \u00e9s zeneelm\u00e9leti munk\u00e1ss\u00e1g\u00e1nak mindenekel\u0151tt a Bach- \u00e9s a Liszt-kutat\u00e1s k\u00f6sz\u00f6nhet alapvet\u0151en fontos \u00faj eredm\u00e9nyeket.\r\n\r\nG\u00e1rdonyi Zolt\u00e1n zeneszerz\u0151i \u00e9letm\u0171ve fel\u00f6leli a szimfonikus- \u00e9s kamarazene, zongora- \u00e9s orgonakompoz\u00edci\u00f3k, az egyh\u00e1zi \u00e9s vil\u00e1gi sz\u00f6veg\u0171 vok\u00e1lis m\u0171vek tov\u00e1bb\u00e1 pedag\u00f3giai c\u00e9lzat\u00fa darabok legk\u00fcl\u00f6nf\u00e9l\u00e9bb m\u0171fajait. Orgonam\u0171vei \u00e9s bibliai sz\u00f6veg\u0171 k\u00f3rusm\u0171vei a huszadik sz\u00e1zadi eur\u00f3pai egyh\u00e1zzen\u00e9ben egyed\u00fcl\u00e1ll\u00f3 \u00e9rt\u00e9ket k\u00e9pviselnek. G\u00e1rdonyi Zolt\u00e1n 1972 \u00f3ta csal\u00e1dj\u00e1val egy\u00fctt N\u00e9metorsz\u00e1gban \u00e9lt \u00e9s 1986. j\u00fanius 27-\u00e9n, n\u00e9h\u00e1ny h\u00e9ttel nyolcvanadik sz\u00fclet\u00e9snapja ut\u00e1n hunyt el Herfordban. Szellemi hagyat\u00e9k\u00e1nak jelenkori kisug\u00e1rz\u00e1s\u00e1t a hal\u00e1la ut\u00e1n N\u00e9metorsz\u00e1gban \u00e9s Magyarorsz\u00e1gon kiadott mintegy sz\u00e1z m\u0171ve \u00e9s sz\u00e1mos CD-felv\u00e9tel is dokument\u00e1lja. \u00c9letm\u0171v\u00e9t 2016-ban Magyar \u00d6r\u00f6ks\u00e9g D\u00edjjal t\u00fcntett\u00e9k ki.","post_title":"Dics\u00e9r\u0151 \u00e9nek a 45. zsolt\u00e1r verseire","post_excerpt":"","post_status":"publish","comment_status":"closed","ping_status":"closed","post_password":"","post_name":"dicsoito-enek-45-zsoltar-nyoman","to_ping":"","pinged":"","post_modified":"2017-10-02 12:58:40","post_modified_gmt":"2017-10-02 12:58:40","post_content_filtered":"","post_parent":0,"guid":"http:\/\/www.filharmonikusok.hu\/?post_type=muvek&#038;p=101461","menu_order":0,"post_type":"muvek","post_mime_type":"","comment_count":"0","filter":"raw","szerzo":["G\u00e1rdonyi Zolt\u00e1n"]},{"ID":90949,"post_author":"1","post_date":"2016-09-08 08:57:46","post_date_gmt":"2016-09-08 08:57:46","post_content":"{:hu}A N\u00e9met requiem keletkez\u00e9s\u00e9nek ind\u00edt\u00e9k\u00e1t k\u00fcl\u00f6nb\u00f6z\u0151 kutat\u00f3k k\u00fcl\u00f6nb\u00f6z\u0151 helyeken kerest\u00e9k: volt, aki \u00fagy v\u00e9lte, hogy a m\u0171 Robert Schumannt, a nagy bar\u00e1tot \u00e9s tan\u00edt\u00f3mestert gy\u00e1szolja, m\u00e1sok szerint Brahms \u00e9desanyja hal\u00e1lakor \u00edrta a m\u0171vet. Mindk\u00e9t v\u00e9lem\u00e9ny tartalmaz r\u00e9szigazs\u00e1gokat. A kompoz\u00edci\u00f3 egyes r\u00e9szei, tervei val\u00f3ban 1856-ra, Schumann hal\u00e1l\u00e1nak \u00e9v\u00e9re mennek vissza, \u00e9s t\u00e9ny, hogy a legutolj\u00e1ra kompon\u00e1lt V. t\u00e9telben val\u00f3ban anyja hal\u00e1l\u00e1ra eml\u00e9kezett a mester.\r\n\r\n<!--more-->\r\nA N\u00e9met requiem a hagyom\u00e1ny\u0151rz\u00e9snek tal\u00e1n legszebb p\u00e9ld\u00e1ja Brahms oeuvre-j\u00e9ben. Ez a hagyom\u00e1ny pedig Brahms eset\u00e9ben mindig a n\u00e9met hagyom\u00e1ny: a Requiemben a n\u00e9met barokk els\u0151 \u00e9s utols\u00f3 nagymester\u00e9\u00e9, Sch\u00fctz\u00e9 \u00e9s Bach\u00e9. Ez egyben egyet jelent a n\u00e9met protest\u00e1ns egyh\u00e1zi zene hagyom\u00e1ny\u00e1val is.\r\n\r\nBrahms maga \u00e1ll\u00edtotta \u00f6ssze m\u0171vei textus\u00e1t a Szent\u00edr\u00e1s k\u00fcl\u00f6nb\u00f6z\u0151 k\u00f6nyveib\u0151l. Felhaszn\u00e1lta a zsolt\u00e1rokat, evang\u00e9liumokat, az apostolok leveleit, pr\u00f3f\u00e9tai k\u00f6nyveket, s\u0151t, k\u00e9t esetben a Biblia \u00fagynevezett apokrif, teh\u00e1t nem a kodifik\u00e1lt t\u00f6rzssz\u00f6veghez tartoz\u00f3 r\u00e9szeit is. Mindezekb\u0151l olyan sz\u00f6veg \u00e1llt el\u0151, amelyet a Requiem egy m\u00e9ltat\u00f3ja joggal nevezett ink\u00e1bb pr\u00e9dik\u00e1ci\u00f3nak, mint requiemnek.\r\n\r\nA h\u00e9t t\u00e9tel gy\u00f6ny\u00f6r\u0171 logik\u00e1val \u00e9s filozofikus emelkedetts\u00e9ggel foglalja \u00f6ssze az ember gondolatait a hal\u00e1lr\u00f3l. Term\u00e9szetesen a hit alapj\u00e1n \u00e1llva, de - ak\u00e1rcsak Beethoven Missa Solemnise - mindenf\u00e9le felekezeti k\u00f6t\u00f6tts\u00e9gt\u0151l mentesen. Az els\u0151 t\u00e9tel a vigasszal kezdi, csak azt\u00e1n ker\u00fcl sor a gondolatra: minden muland\u00f3. A harmadik t\u00e9tel az \u00e9let c\u00e9lj\u00e1t pr\u00f3b\u00e1lja megkeresni a l\u00e1tsz\u00f3lagos \u00e9rtelmetlens\u00e9gben. A l\u00e9lek v\u00e1gy\u00f3dik az \u00dar ut\u00e1n \u00e9s az \u00darban tal\u00e1lja meg vigasz\u00e1t is. Ilyen megvil\u00e1g\u00edt\u00e1sban a f\u00f6ldi \u00e9let val\u00f3ban \u00e1tmeneti \u00e1llom\u00e1s csak, \u00e9s a hal\u00e1l nem arathat diadalt. Boldogok teh\u00e1t a holtak. A kicseng\u00e9s, amely a m\u0171nek tulajdonk\u00e9ppeni \u00e1ltal\u00e1nos emberi \u00e9rv\u00e9ny\u00e9t \u00e9s felekezetek f\u00f6l\u00f6ttis\u00e9g\u00e9t, humanizmus\u00e1t adja, az utols\u00f3 sor, a J\u00e1nos jelen\u00e9seib\u0151l val\u00f3 id\u00e9zet: \"Megnyugosznak az \u0151 f\u00e1radts\u00e1gukt\u00f3l \u00e9s az \u0151 cselekedeteik k\u00f6vetik \u0151ket.\" Azaz, az embert munk\u00e1ja, m\u0171vei teszik halhatatlann\u00e1.{:}{:en}Various researchers have identified different motivations for the German Requiem. Some maintain that it mourns the death of Robert Schumann, who was the young man's mentor and friend. Others suspect it was inspired by the death of Brahms' mother. There is a degree of truth in both assertions. Parts of the composition date back to 1856, the year of Schumann's death, while there is no disputing that the Fifth movement, the last to be composed, was Brahms' memorial to his mother.\r\n\r\nThe German Requiem is perhaps the finest example of \"preserving tradition\" to be found among Brahms' oeuvre. This is the German baroque tradition, whose last masters were Bach and Sch\u00fctz. The Requiem also identifies itself with German Protestant ecclesiastical traditions.\r\n\r\nBrahms compiled the text for the Requiem himself from various books of Holy Scripture. He used the Psalms, the Evangelium, the Letters of the Apostles, the Book of Prophets, and even quotes twice from the so-called Apocryphal Books. The end result might be more fairly termed a sermon rather than a requiem.\r\n\r\nThe seven movements summarise human thoughts about death with beautiful logic and philosophical refinement. It is based on faith naturally, but - as with Beethoven's Missa Solemnis - is free of any denominational commitment. The first movement begins with consolation, and only later is the concept presented that everything is mortal. The third movement tries to find the goal of life amid the visible lack of meaning. The soul yearns for the Lord and finds consolation in the Lord. In this understanding, life on earth is truly a temporary station, and death cannot be triumphant. Therefore, it is the dead who are happy. The resonance of this work, with its humanism and freedom from denominational dogma, is reinforced by a quotation from the Revelation of St John, that it is man's work and his art that make him immortal.{:}","post_title":"{:hu}N\u00e9met requiem, op. 45{:}{:en}German Requiem, op. 45{:}","post_excerpt":"","post_status":"publish","comment_status":"closed","ping_status":"closed","post_password":"","post_name":"nemet-requiem-op-45","to_ping":"","pinged":"","post_modified":"2017-05-29 19:03:24","post_modified_gmt":"2017-05-29 19:03:24","post_content_filtered":"","post_parent":0,"guid":"http:\/\/www.filharmonikusok.hu\/muvek\/nemet-requiem-op-45\/","menu_order":0,"post_type":"muvek","post_mime_type":"","comment_count":"0","filter":"raw","szerzo":["Brahms"]}],"muvekrol_reszletesen":true,"kozr_szemelyek":[{"ID":87330,"post_author":"1","post_date":"2017-07-21 11:48:16","post_date_gmt":"2017-07-21 11:48:16","post_content":"Nagyk\u00fcrt\u00f6s\u00f6n, majd Ipolys\u00e1gon j\u00e1rt zeneiskol\u00e1ba, ahol 7 \u00e9ves kor\u00e1t\u00f3l szopr\u00e1n, majd alt furulya szakon tanult, 12 \u00e9ves kor\u00e1t\u00f3l pedig ezzel p\u00e1rhuzamosan elkezdte a klasszikus mag\u00e1n\u00e9nek szakot is. Els\u0151 \u00e9nektan\u00e1ra Mich\u0148a Ang\u00e9la volt. Gyermekkor\u00e1ban gyakran vett r\u00e9szt n\u00e9pdalversenyeken, ahol kit\u0171n\u0151 eredm\u00e9nyeket \u00e9rt el. Az ipolys\u00e1gi Fegyverneki Ferenc Nyolcoszt\u00e1lyos Egyh\u00e1zi Gimn\u00e1zium ut\u00e1n, 2004-t\u0151l a v\u00e1ci Pik\u00e9thy Tibor Zenem\u0171v\u00e9szeti Szakk\u00f6z\u00e9piskola mag\u00e1n\u00e9nek szak\u00e1t l\u00e1togatta Bakonyi Ilona n\u00f6vend\u00e9kek\u00e9nt. 2005-t\u0151l a budapesti Bart\u00f3k B\u00e9la Zenem\u0171v\u00e9szeti Szakk\u00f6z\u00e9piskola di\u00e1kja lett. Mag\u00e1n\u00e9nek tan\u00e1ra: Fekete M\u00e1ria. 2008-ban felv\u00e9telt nyert a Liszt Ferenc Zenem\u0171v\u00e9szeti Egyetem klasszikus \u00e9nekm\u0171v\u00e9sz szak\u00e1ra, ahol klasszikus \u00e9nekm\u0171v\u00e9sz alapszakos (2008-2011), illetve opera \u00e9nekm\u0171v\u00e9sz mesterszakos (2011-2013) diplom\u00e1t szerzett. Tanszakvezet\u0151 tan\u00e1ra Marton \u00c9va, az opera program vezet\u0151je Alm\u00e1si-T\u00f3th Andr\u00e1s rendez\u0151 volt. Egyetemi \u00e9nektan\u00e1ra mindv\u00e9gig P\u00e1szthy J\u00falia volt, akivel a mai napig egy\u00fctt dolgoznak. 2012-2013 k\u00f6z\u00f6tt opera \u00e9nekm\u0171v\u00e9sz tan\u00e1rszakos diplom\u00e1t szerzett, tanszakvezet\u0151 tan\u00e1ra Halmai Katalin volt. R\u00e9szt vett Walter Moore, Nicholas Clapton, Yevgeny Nesterenko, Gwynne Geyer, Perencz B\u00e9la, Koml\u00f3si Ildik\u00f3 mesterkurzusain. 2012 \u00f3ta a Magyar \u00c1llami Operah\u00e1z mag\u00e1n\u00e9nekese. Erkel Ferenc Hunyadi L\u00e1szl\u00f3 c\u00edm\u0171 oper\u00e1j\u00e1b\u00f3l Hunyadi M\u00e1ty\u00e1s szerep\u00e9ben deb\u00fct\u00e1lt, melynek \u0151sv\u00e1ltozat\u00e1b\u00f3l CD-felv\u00e9tel is k\u00e9sz\u00fclt. A kisebb szerepek mellett f\u0151szerepeket is \u00e9nekel, mint p\u00e9ld\u00e1ul Rosina (A sevillai borb\u00e9ly, az Operah\u00e1z 2015-\u00f6s jap\u00e1n turn\u00e9j\u00e1n is), Dorabella (Cos\u00ec fan tutte). Rendszeresen vend\u00e9gszerepel vid\u00e9ki \u00e9s k\u00fclf\u00f6ldi sz\u00ednh\u00e1zakban. Olyan neves \u00e9nekm\u0171v\u00e9szek partnere volt, mint Rost Andrea, S\u00fcmegi Eszter vagy Mikl\u00f3sa Erika, emellett olyan karmesterekkel dolgozhatott egy\u00fctt, mint Kocsis Zolt\u00e1n, V\u00e1s\u00e1ry Tam\u00e1s, Tak\u00e1cs Nagy G\u00e1bor, Bertrand de Billy, Pinchas Steinberg, Stefan Solt\u00e9sz, Douglas Boyd, Hal\u00e1sz P\u00e9ter, Kessely\u00e1k Gergely vagy Kov\u00e1cs J\u00e1nos. Operareperto\u00e1rja mellett sz\u00edvesen \u00e9nekel orat\u00f3riumokat \u00e9s ad dalesteket. T\u00f6bb nemzetk\u00f6zi \u00e9nekverseny gy\u0151ztese, sz\u00e1mos \u00f6szt\u00f6nd\u00edj \u00e9s d\u00edj tulajdonosa. 2010-ben megkapta az Ari Kupsus Stipendiumon, a Zeneakad\u00e9mi\u00e1n tanul\u00f3 tehets\u00e9ges di\u00e1koknak sz\u00f3l\u00f3 d\u00edjat. 2011-ben a Sim\u00e1ndy J\u00f3zsef Nemzetk\u00f6zi \u00c9nekversenyen m\u00e1sodik, a Iuventus Canti Nemzetk\u00f6zi \u00c9nekversenyen els\u0151 helyez\u00e9st \u00e9rt el, emellett elnyerte a legjobb el\u0151ad\u00f3 d\u00edj\u00e1t is. 2012-ben Gundel-d\u00edjat kapott, emellett megkapta Ari Kupsus \u201e\u00c1lom\u201c-d\u00edj\u00e1t a Zeneakad\u00e9mi\u00e1n tanul\u00f3 tehets\u00e9ges fiatal \u00e9nekm\u0171v\u00e9sz kiemelked\u0151 teljes\u00edtm\u00e9ny\u00e9\u00e9rt. Szint\u00e9n 2012-ben vehette \u00e1t a M\u00e1ndy Andor \u00e9s neje \u00e1ltal alap\u00edtott d\u00edjat, amely az Operah\u00e1zban dolgoz\u00f3 fiatal \u00e9nekesek kiemelked\u0151 teljes\u00edtm\u00e9ny\u00e9t ismeri el. 2013-ban a Wagner T\u00e1rsas\u00e1g bayreuth-i \u00f6szt\u00f6nd\u00edjat adom\u00e1nyozott neki. 2015-ben a Jakub Pustina Nemzetk\u00f6zi \u00c9nekversenyen els\u0151 helyez\u00e9st \u00e9rt el.","post_title":"{:hu}Balga Gabriella{:}{:en}Gabriella Balga{:}","post_excerpt":"","post_status":"publish","comment_status":"closed","ping_status":"closed","post_password":"","post_name":"balga-gabriella","to_ping":"","pinged":"","post_modified":"2017-10-02 13:57:04","post_modified_gmt":"2017-10-02 13:57:04","post_content_filtered":"","post_parent":0,"guid":"http:\/\/www.filharmonikusok.hu\/?post_type=artists&#038;p=87330","menu_order":0,"post_type":"artists","post_mime_type":"","comment_count":"0","filter":"raw","hangszer":"{:hu}szopr\u00e1n{:}{:en}soprano{:}"},{"ID":102279,"post_author":"951582","post_date":"2017-07-21 11:52:56","post_date_gmt":"2017-07-21 11:52:56","post_content":"Hat\u00e9vesen zongor\u00e1zott, k\u00e9s\u0151bb a klasszikus git\u00e1rhoz \u00e9s m\u00e1s hangszerekhez ny\u00falt. A kolozsv\u00e1ri G. Dima Zeneakad\u00e9mia hallgat\u00f3jak\u00e9nt v\u00e9gzett, ahol Verdi Nabucc\u00f3j\u00e1nak c\u00edmszerep\u00e9vel deb\u00fct\u00e1lt, a szerep az\u00f3ta is k\u00eds\u00e9ri p\u00e1ly\u00e1j\u00e1n. Nemzetk\u00f6zi karrierje a trieszti Teatro Verdi Nabucco-produkci\u00f3j\u00e1val vette kezdet\u00e9t, ami sz\u00e1mos felk\u00e9r\u00e9st hozott vil\u00e1gszerte. K\u00e1lm\u00e1ndy Mih\u00e1ly fell\u00e9pett t\u00f6bbek k\u00f6z\u00f6tt R\u00f3m\u00e1ban, N\u00e1polyban, B\u00e9csben, Stockholmban, Londonban, Vars\u00f3ban, de Sz\u00f6ulban \u00e9s \u00daj-Z\u00e9landon is tapsoltak neki. Mindek\u00f6zben a Magyar \u00c1llami Operah\u00e1zban folyamatosan \u00e9nekelte a nagy baritonszerepeket. Olyan kiv\u00e1l\u00f3 karmesterekkel dolgozott egy\u00fctt, mint p\u00e9ld\u00e1ul Esa-Pekka Salonen, Pier Giorgio Morandi, Kent Nagano vagy Pinchas Steinberg. Sz\u00ednpadi partnerei k\u00f6z\u00f6tt megtal\u00e1ljuk Marton \u00c9v\u00e1t, Edita Gruberov\u00e1t, Koml\u00f3si Ildik\u00f3t, Mikl\u00f3sa Erik\u00e1t, Placido Doming\u00f3t, Jos\u00e9 Cur\u00e1t is. A Magyar \u00c1llami Operah\u00e1z Kamara\u00e9nekese c\u00edmet 2013\/2014-ben viselte. 2015 tavasz\u00e1n a Halhatatlanok T\u00e1rsulata tagjai k\u00f6z\u00e9 v\u00e1lasztott\u00e1k.\r\n\r\n<strong> Tanulm\u00e1nyok:<\/strong>\r\n\r\nDima Zeneakad\u00e9mia, Kolozsv\u00e1r\r\n\r\n<strong> D\u00edjak \u00e9s elismer\u00e9sek:<\/strong>\r\n\r\nA Magyar \u00c1llami Operah\u00e1z Kamara\u00e9nekese 2013\/2014\r\n\r\nA Halhatatlanok T\u00e1rsulat\u00e1nak tagja (2015)\r\n\r\n<strong> M\u0171v\u00e9szi p\u00e1lya:<\/strong>\r\n\r\nTeatro Verdi, Trieszt\r\n\r\nTeatro dell\u2019Opera, R\u00f3ma\r\n\r\nTeatro di San Carlo, N\u00e1poly\r\n\r\nTeatro Massimo Bellini, Catania\r\n\r\nMusikverein, B\u00e9cs\r\n\r\nTonhalle, Z\u00fcrich\r\n\r\nSalzburger Landestheater\r\n\r\nAlte Oper, Frankfurt\r\n\r\nHessisches Staatstheater, Wiesbaden\r\n\r\nBadisches Staatstheater, Karlsruhe\r\n\r\nAalto Opera, Essen\r\n\r\nSv\u00e9d Kir\u00e1lyi Operah\u00e1z, Stockholm\r\n\r\nG\u00f6teborg Opera\r\n\r\nMinnesota Orchestra Hall\r\n\r\nBarbican Center, London\r\n\r\nRoyal Swedish Opera, Stockholm\r\n\r\nMinnesota Orchestra Hall\r\n\r\nTheatre Royal, Glasgow\r\n\r\nFestival Theatre, Edinburgh\r\n\r\nFree Trade Hall, Manchaster\r\n\r\nGrand Th\u00e9atre, Bordeaux\r\n\r\nValencia Opera\r\n\r\nTeatr Wielki, Vars\u00f3\r\n\r\nMihajlovszkij Sz\u00ednh\u00e1z, Szentp\u00e9terv\u00e1r\r\n\r\nSt\u00e1tn\u00ed Opera, Pr\u00e1ga\r\n\r\nPerth Concert Hall\r\n\r\nSavonlinna Opera Festival\r\n\r\nSala S\u00e3o Paulo\r\n\r\nNew Zealand Opera, Wellington\r\n\r\nPekingi Operah\u00e1z\r\n\r\nSz\u00f6uli Operah\u00e1z\r\n\r\n<strong> F\u0151bb szerepei:<\/strong>\r\n\r\nVerdi: <em>Nabucco <\/em>\u2013 c\u00edmszerep\r\n\r\nVerdi: <em>Macbeth \u2013 <\/em>c\u00edmszerep\r\n\r\nVerdi: <em>Rigoletto \u2013<\/em> c\u00edmszerep\r\n\r\nVerdi: <em>Don Carlos \u2013 <\/em>Posa m\u00e1rki\r\n\r\nVerdi: <em>Aida \u2013 <\/em>Amonasro\r\n\r\nVerdi: <em>\u00c1larcosb\u00e1l \u2013 <\/em>Renato\r\n\r\nVerdi: <em>A trubad\u00far \u2013 <\/em>Luna gr\u00f3f\r\n\r\nPuccini: <em>Edgar \u2013 <\/em>Frank\r\n\r\nRespighi: <em>A l\u00e1ng \u2013 <\/em>Basilio\r\n\r\nMassenet: <em>Miasszonyunk boh\u00f3ca \u2013 <\/em>Boniface\r\n\r\nWagner: <em>A bolyg\u00f3 hollandi \u2013 <\/em>A hollandi\r\n\r\nWagner: <em>Triszt\u00e1n \u00e9s Izolda \u2013 <\/em>Kurwenal\r\n\r\nBart\u00f3k B.: <em>A k\u00e9kszak\u00e1ll\u00fa herceg v\u00e1ra \u2013 <\/em>A k\u00e9kszak\u00e1ll\u00fa herceg","post_title":"{:hu}K\u00e1lm\u00e1ndy Mih\u00e1ly{:}{:en}Michele K\u00e1lm\u00e1ndy{:}","post_excerpt":"","post_status":"publish","comment_status":"closed","ping_status":"closed","post_password":"","post_name":"kalmandy-mihaly","to_ping":"","pinged":"","post_modified":"2019-04-23 05:03:01","post_modified_gmt":"2019-04-23 05:03:01","post_content_filtered":"","post_parent":0,"guid":"http:\/\/www.filharmonikusok.hu\/?post_type=artists&#038;p=102279","menu_order":0,"post_type":"artists","post_mime_type":"","comment_count":"0","filter":"raw","hangszer":"{:hu}bariton{:}{:en}baritone{:}"}],"muveszekrol_reszletesen":true,"kozr_szemelyek_feluldefinialasa":"","kozr_intezmenyek":[{"ID":87472,"post_author":"1","post_date":"2016-09-08 07:58:44","post_date_gmt":"2016-09-08 07:58:44","post_content":"{:hu}<img class=\"size-medium wp-image-115524 alignnone\" src=\"https:\/\/www.filharmonikusok.hu\/wp-content\/uploads\/2016\/09\/MNF_Mupa_Evad-egyuttese_2019_20_foto_Csibi-Szilvia10-555x555-1-300x300.jpg\" alt=\"\" width=\"300\" height=\"300\" \/>\r\n\r\nA Nemzeti Filharmonikus Zenekar Magyarorsz\u00e1g egyik vezet\u0151 szimfonikus zenekara t\u00f6bb mint kilencven \u00e9ve. Ferencsik J\u00e1nos, Kobayashi Ken-Ichiro ut\u00e1n 1997-ben Kocsis Zolt\u00e1n f\u0151zeneigazgat\u00f3 ir\u00e1ny\u00edt\u00e1sa alatt a zenekar meg\u00fajult, a nemzeti szimfonikus egy\u00fctteshez m\u00e9lt\u00f3 sokoldal\u00fas\u00e1ggal nemcsak a klasszikus m\u0171veket, hanem ezek mellett a megszokott reperto\u00e1rr\u00f3l hi\u00e1nyz\u00f3 fontos alkot\u00e1sokat is megsz\u00f3laltatott, tov\u00e1bb\u00e1 a k\u00f6zelm\u00falt \u00e9s napjaink magyar zen\u00e9j\u00e9t is megismerteti k\u00f6z\u00f6ns\u00e9g\u00e9vel, valamint n\u00e9pszer\u0171ek kamarazenei \u00e9s ifj\u00fas\u00e1gi sorozatai is. \u00a02017 m\u00e1rcius\u00e1t\u00f3l 2020 augusztus\u00e1ig a a zenekarn\u00e1l kor\u00e1bban \u00e9veken \u00e1t els\u0151 \u00e1lland\u00f3 karmesterk\u00e9nt k\u00f6zrem\u0171k\u00f6d\u0151, komoly nemzetk\u00f6zi karriert maga m\u00f6g\u00f6tt tudhat\u00f3, Liszt Ferenc-d\u00edjas Hamar Zsolt t\u00f6lt\u00f6tte be a Nemzeti Filharmonikusok zeneigazgat\u00f3i posztj\u00e1t.\r\n\r\nAz egy\u00fcttes reperto\u00e1rj\u00e1n hangs\u00falyosan szerepel a Bart\u00f3k-\u00e9letm\u0171; m\u00e9rt\u00e9kad\u00f3 interpret\u00e1ci\u00f3i 2006 \u00f3ta a Bart\u00f3k \u00daj Sorozatban jelennek meg, de sz\u00ednfoltot k\u00e9pviselnek reperto\u00e1rj\u00e1n Kocsis Zolt\u00e1n Debussy, Rachmaninov, Bart\u00f3k m\u0171veib\u0151l k\u00e9sz\u00edtett \u00e1tiratai is. Hangversenyb\u00e9rleti el\u0151ad\u00e1sain vil\u00e1gh\u00edr\u0171 vend\u00e9gm\u0171v\u00e9szek \u00e9s vend\u00e9gkarmesterek l\u00e9pnek fel, valamint feladat\u00e1nak tekinti a kiemelked\u0151 p\u00e1lyakezd\u0151 magyar muzsikusok megh\u00edv\u00e1s\u00e1t is. Olyan neves helysz\u00edneken \u00e9s fesztiv\u00e1lokon l\u00e9pett fel az ut\u00f3bbi \u00e9vtizedekben, mint a New York-i Avery Fisher Hall, a toki\u00f3i Suntory Hall, a birminghami Symphony Hall, az ath\u00e9ni Megaron, a br\u00fcsszeli Bozar K\u00f6zpont, a bukaresti Enescu Fesztiv\u00e1l, a Colmari \u00e9s a Kan\u00e1ri-szigeteki Fesztiv\u00e1l. Az elm\u00falt 15 \u00e9vben mintegy 40 orsz\u00e1gban t\u00f6bb mint 330 k\u00fclf\u00f6ldi turn\u00e9koncertet adott.{:}{:en}<img class=\"size-medium wp-image-115524 alignnone\" src=\"https:\/\/www.filharmonikusok.hu\/wp-content\/uploads\/2016\/09\/MNF_Mupa_Evad-egyuttese_2019_20_foto_Csibi-Szilvia10-555x555-1-300x300.jpg\" alt=\"\" width=\"300\" height=\"300\" \/>\r\nThe Hungarian National Philharmonic Orchestra has been one of Hungary\u2019s leading symphony orchestras for over ninety years. The era marked by the name of J\u00e1nos Ferencsik and Kobayashi Ken-Ichiro was followed by a new chapter in the history of the orchestra when in 1997 Zolt\u00e1n Kocsis became general music director until his death. In almost two decades the National Philharmonic Orchestra underwent renewal. After the death of Zolt\u00e1n Kocsis, the Ferenc Liszt Award-winning Zsolt Hamar held the post of Musical Director at the Hungarian National Philharmonic from March 2017 to August 2020. He previously worked with the orchestra as its first permanent conductor and built up an impressive international career.\r\n\r\nThe Orchestra is one of the top interpreters of the work of B\u00e9la Bart\u00f3k, and the albums of the <em>Bart\u00f3k New Series<\/em> have won numerous accolades in Hungary and abroad. The orchestra perform not only classics but also numerous other important works previously missing from the repertoire, many of which require a large orchestral apparatus. It attaches great importance to introducing contemporary Hungarian works to the audiences. It has given many popular chamber music concerts and hosted events for young people.\r\n\r\nThe orchestra\u2019s concerts have featured world-famous soloists and conductors. It supports young musicians recently embarked on an international career. In recent decades, the National Philharmonic Orchestra has appeared in the greatest venues and festivals around the world, including the Avery Fisher Hall in New York, the Suntory Hall in Tokyo, the Birmingham Symphony Hall, the Megaron in Athens, Bozar Centre in Brussels, the Enescu Festival in Bucharest, the Beethoven Festival in Bogot\u00e1, as well as the Colmar and Canary Island Festivals. In the past two decades, the National Philharmonic Orchestra has given more than 330 concerts in some 40 countries.\r\n\r\n&nbsp;\r\n\r\n&nbsp;\r\n\r\n&nbsp;{:}","post_title":"{:hu}Nemzeti Filharmonikus Zenekar{:}{:en}Hungarian National Philharmonic Orchestra{:}","post_excerpt":"","post_status":"publish","comment_status":"closed","ping_status":"closed","post_password":"","post_name":"nemzeti-filharmonikus-zenekar","to_ping":"","pinged":"","post_modified":"2020-08-10 08:27:54","post_modified_gmt":"2020-08-10 08:27:54","post_content_filtered":"","post_parent":0,"guid":"http:\/\/www.filharmonikusok.hu\/institutions\/nemzeti-filharmonikus-zenekar\/","menu_order":0,"post_type":"institutions","post_mime_type":"","comment_count":"0","filter":"raw"},{"ID":87528,"post_author":"1","post_date":"2016-09-08 07:58:45","post_date_gmt":"2016-09-08 07:58:45","post_content":"{:hu}<img class=\"alignnone size-medium wp-image-115522\" src=\"https:\/\/www.filharmonikusok.hu\/wp-content\/uploads\/2017\/10\/MNF_Mupa_Evad-egyuttese_2019_20_foto_Csibi-Szilvia11_555x555-300x300.jpg\" alt=\"\" width=\"300\" height=\"300\" \/>A Nemzeti \u00c9nekkar 1985-ben alakult \u00c1llami \u00c9nekkar n\u00e9ven, 2016. janu\u00e1r 1-t\u0151l vezet\u0151 karnagya Somos Csaba. Az \u00e9nekkar Magyarorsz\u00e1g egyik vezet\u0151 hivat\u00e1sos k\u00f3rusa, amelynek profilja a zenekar-k\u00eds\u00e9retes kompoz\u00edci\u00f3k, orat\u00f3riumok, valamint a cappella m\u0171vek el\u0151ad\u00e1sa. Reperto\u00e1rja ennek megfelel\u0151en rendk\u00edv\u00fcl gazdag, a kora barokk Sch\u00fctz alkot\u00e1sait\u00f3l Bach, a b\u00e9csi klasszikusok \u00e9s a 19. sz\u00e1zad zeneszerz\u0151inek kompoz\u00edci\u00f3in kereszt\u00fcl a 20. sz\u00e1zad \u00e9s a kort\u00e1rs zen\u00e9ig minden ir\u00e1nyba nyitott, m\u0171faji hat\u00e1rok n\u00e9lk\u00fcl, de a ritk\u00e1n m\u0171sorra ker\u00fcl\u0151 alkot\u00e1sok megsz\u00f3laltat\u00e1s\u00e1ban is elk\u00f6telezett. A reperto\u00e1rj\u00e1n hangs\u00falyosan jelen lev\u0151 19. sz\u00e1zadi orat\u00f3riumok mellett az egy\u00fcttes kiemelt fontoss\u00e1got tulajdon\u00edt a kort\u00e1rs m\u0171vek el\u0151ad\u00e1s\u00e1nak, sz\u00e1mos m\u0171 \u0151sbemutat\u00f3ja, illetve magyarorsz\u00e1gi bemutat\u00f3ja f\u0171z\u0151dik a nev\u00e9hez.\r\n\r\nA k\u00f3rus visszat\u00e9r\u0151 k\u00f6zrem\u0171k\u00f6d\u0151je a Nemzeti Filharmonikusok martonv\u00e1s\u00e1ri ny\u00e1ri Beethoven-sorozat\u00e1nak, kiemelked\u0151 szerepl\u0151je a zenekar csal\u00e1di matin\u00e9 koncertsorozat\u00e1nak, valamint a Kocsis Zolt\u00e1n m\u0171v\u00e9szeti vezet\u00e9s\u00e9vel 2006 \u00f3ta fel\u00e9p\u00fcl\u0151 Bart\u00f3k \u00daj Sorozatnak. A Nemzeti Filharmonikusok Richard Strauss oper\u00e1it bemutat\u00f3 nagy siker\u0171 sz\u00e9ri\u00e1j\u00e1ban \u00e9s Schoenberg M\u00f3zes \u00e9s \u00c1ron c\u00edm\u0171 oper\u00e1j\u00e1ban, az \u00e9nekkar mellett t\u00f6bb tagja sz\u00f3listak\u00e9nt is fell\u00e9pett. Az \u00e9nekkar a hazai koncertek mellett nemzetk\u00f6zi felk\u00e9r\u00e9seknek is eleget tesz, rendszeresen koncertezik a magyarok \u00e1ltal is lakott hat\u00e1ront\u00fali telep\u00fcl\u00e9seken. A Nemzeti \u00c9nekkar a M\u00fcp\u00e1ban megrendezett nagyszab\u00e1s\u00fa Wagner-napok rendszeresen megh\u00edvott k\u00f6zrem\u0171k\u00f6d\u0151je.{:}{:en}<img class=\"alignnone size-medium wp-image-115522\" src=\"https:\/\/www.filharmonikusok.hu\/wp-content\/uploads\/2017\/10\/MNF_Mupa_Evad-egyuttese_2019_20_foto_Csibi-Szilvia11_555x555-300x300.jpg\" alt=\"\" width=\"300\" height=\"300\" \/>\r\n\r\nThe Hungarian National Choir (originally called State Choir) was founded in 1985. Between 1990 and 2016 it was headed by M\u00e1ty\u00e1s Antal, who was succeeded by Csaba Somos on 1 January 2016. The choir is one of Hungary\u2019s leading professional choirs. It boasts a rich repertoire chiefly consisting of orchestra-accompanied and a capella choral music, as well as oratorios, ranging from works by the early-Baroque Sch\u00fctz to Bach, Viennese Classical, 19<sup>th<\/sup> and 20<sup>th<\/sup>-century composers, and contemporary music. The Hungarian National Choir is open to every genre and is dedicated to performing rarely heard works. While the backbone of the repertoire consists of 19<sup>th<\/sup>-century oratorios, the Hungarian National Choir attaches great importance to performing contemporary music. Numerous world and national premi\u00e8res are linked with its name.\r\n\r\nThey are\u00a0 returning guests at the Hungarian National Philharmonic Orchestra\u2019s summer Beethoven series in Martonv\u00e1s\u00e1r. It regularly appears in the Orchestra\u2019s family matin\u00e9e concerts, as well as the <em>Bart\u00f3k New Series<\/em>, launched in 2006. The successful performance of Richard Strauss\u2019s operas and Schoenberg\u2019s <em>Moses and Aron<\/em> has involved the National Choir and many of its soloists. In addition to concerts at home, the choir performs extensively abroad and regularly gives concerts in minority Hungarian areas across the border. The Hungarian National Choir is a regular participant of large-scale events at the Palace of Art, such as the Wagner Days.{:}","post_title":"{:hu}Nemzeti \u00c9nekkar (karigazgat\u00f3: Somos Csaba){:}{:en}Hungarian National Choir (choirmaster: Csaba Somos){:}","post_excerpt":"","post_status":"publish","comment_status":"closed","ping_status":"closed","post_password":"","post_name":"nemzeti-enekkar-karigazgato-somos-csaba","to_ping":"","pinged":"","post_modified":"2020-07-22 10:07:10","post_modified_gmt":"2020-07-22 10:07:10","post_content_filtered":"","post_parent":0,"guid":"http:\/\/www.filharmonikusok.hu\/institutions\/nemzeti-enekkar-karigazgato-somos-csaba\/","menu_order":0,"post_type":"institutions","post_mime_type":"","comment_count":"0","filter":"raw"}],"gombtipus":"link","jegyarak":"2.500 Ft","hivatkozas_gomb_szovege":"Tov\u00e1bb","hivatkozas_gomg_url-je":"https:\/\/nfz.jegy.hu\/","youtube_id":"","old_id":"","is_muvekrol_reszletesen_en":false,"is_muveszekrol_reszletesen_en":false},"publishpress_future_workflow_manual_trigger":{"enabledWorkflows":[]},"_links":{"self":[{"href":"https:\/\/www.filharmonikusok.hu\/en\/wp-json\/wp\/v2\/concerts\/101667","targetHints":{"allow":["GET"]}}],"collection":[{"href":"https:\/\/www.filharmonikusok.hu\/en\/wp-json\/wp\/v2\/concerts"}],"about":[{"href":"https:\/\/www.filharmonikusok.hu\/en\/wp-json\/wp\/v2\/types\/concerts"}],"wp:attachment":[{"href":"https:\/\/www.filharmonikusok.hu\/en\/wp-json\/wp\/v2\/media?parent=101667"}],"curies":[{"name":"wp","href":"https:\/\/api.w.org\/{rel}","templated":true}]}}