{"id":87404,"date":"2017-10-13T10:18:28","date_gmt":"2017-10-13T10:18:28","guid":{"rendered":"http:\/\/www.filharmonikusok.hu\/?post_type=artists&#038;p=87404"},"modified":"2025-10-03T11:47:23","modified_gmt":"2025-10-03T11:47:23","slug":"wittinger-gertrud","status":"publish","type":"artists","link":"https:\/\/www.filharmonikusok.hu\/en\/artists\/wittinger-gertrud\/","title":{"rendered":"Gertr\u00fad Wittinger"},"content":{"rendered":"<p>Gertr\u00fad Wittinger started her advanced music studies in the opera course at the Franz Liszt Academy of Music in 1993. There, her teachers were Erika Sziklay, \u00c1d\u00e1m Medveczky and Bal\u00e1zs Kovalik. She earned her degree in opera voice and voice pedagogy in 1998, which was followed by another supplementary degree in voice in 2000. Between 1998 and 2000, she studied on a scholarship in the opera department of Vienna&#8217;s Hochschule f\u00fcr Musik und Darstellende Kunst under the guidance of professors Ralf D\u00f6ring, Reto Nickler and Dieter Paier. She also studied at Sz\u00e9chenyi Istv\u00e1n University&#8217;s Ap\u00e1czai Csere J\u00e1nos Faculty of Humanities from 2014 until 2017, earning a degree in speech therapy.<\/p>\n<p>In 1998, she earned first place at the Rolando Nicolesi Competition in Taranto, in addition to reaching the finals of singing competitions in Krakow, Passau and Deutschlandsberg. In 2007, she received a scholarship from the Wagner Society of Budapest after winning its competition.<\/p>\n<p>Between 2000 and 2003, she sang the following roles as a guest performer at the Wiener Staatsoper and Wiener Volksoper: Donna Anna (<em>Don Giovanni<\/em>), First Lady (<em>Die Zauberfl\u00f6te<\/em>), Helmwige (<em>Die Walk\u00fcre<\/em>) and Fourth Maid (<em>Elektra<\/em>).<\/p>\n<p>In 2004, her guest roles at the Hungarian State Opera consisted of Donna Elvira (<em>Don Giovanni<\/em>), First Lady (<em>Die Zauberfl\u00f6te<\/em>), and she also served as a cover for the roles of Elsa (<em>Lohengrin<\/em>) and Chrysothemis (<em>Elektra<\/em>).<\/p>\n<p>The following year saw her portray Elettra in <em>Idomeneo<\/em> at the National Theatre of Debrecen.<\/p>\n<p>Also in 2005, she joined the Auris Opera Group founded by Gy\u00f6rgy Selmeczi and made appearances at M\u00fcpa Budapest, the Miskolc International Opera Festival and Kaposv\u00e1r&#8217;s Csiky Gergely Theatre as Agatha in <em>Der Freisch\u00fctz<\/em> and Czipra in <em>The Gypsy Baron<\/em>.<\/p>\n<p>As a member of the National Theatre of Szeged between 2006 and 2009, she sang the roles of Donna Anna (<em>Don Giovanni<\/em>), Leonora (<em>Il trovatore<\/em>), Leonora (<em>La forza del destino<\/em>), Desdemona (<em>Otello<\/em>), Frau Fluth (<em>Die lustigen Weiber von Windsor<\/em>), Michaela (<em>Carmen<\/em>) and Ang\u00e8le (<em>The Count of Luxembourg<\/em>).<\/p>\n<p>From 2007 until 2019, she was a regular fixture in performances of the Budapest Wagner Days festival, singing the role of Helmwige in <em>Die Walk\u00fcre<\/em> under the baton of \u00c1d\u00e1m Fischer.<\/p>\n<p>In 2010, she took the stage of the Op\u00e9ra Bastille to portray Ortlinde in <em>Die Walk\u00fcre<\/em>, with Philippe Jordan on the conductor&#8217;s podium.<\/p>\n<p>In October of 2015, she sang the role of Juli in the world premi\u00e8re of S\u00e1ndor Balassa&#8217;s <em>Cataclysm<\/em> at M\u00fcpa Budapest, in addition to portraying the wife, she was asked to cover the role of Maria in Richard Strauss&#8217;s <em>Friedenstag<\/em>.<\/p>\n<p>Between March and November of 2016, she again sang Helmwige in <em>Die Walk\u00fcre<\/em>, this time at the Hungarian State Opera.<\/p>\n<p>In 2017, she sang the role of the Lady in Iv\u00e1n Madar\u00e1sz&#8217;s piece <em>The Last Waltz<\/em>.<\/p>\n<p>In October 2017 and January 2018, she sang the role of the Innkeeper&#8217;s Wife in the world premi\u00e8re (and other premi\u00e8res) of Gy\u00f6rgy Selmeczi&#8217;s opera <em>Our Lady&#8217;s Knight<\/em> at M\u00fcpa Budapest and in Kolozsv\u00e1r (Cluj-Napoca) and Nagyv\u00e1rad (Oradea).<\/p>\n<p>In the autumn of 2017, she returned as a guest of the Hungarian State Opera to sing the role of Rosalinde in <em>Die Fledermaus<\/em> on its tour of Japan.<\/p>\n<p>At the 2018 Budapest Wagner Days held at M\u00fcpa Budapest, she was asked to cover the role of Isolde, in Cesare Lievi&#8217;s production conducted by \u00c1d\u00e1m Fischer.<\/p>\n<p>On 14 and 21 June 2019, she again appeared as Helmwige in <em>Die Walk\u00fcre<\/em> at the Budapest Wagner Days festival, while also covering the role of Br\u00fcnnhilde in <em>Siegfried<\/em>.<\/p>\n","protected":false},"menu_order":0,"template":"","class_list":["post-87404","artists","type-artists","status-publish","hentry"],"translation":{"provider":"WPGlobus","version":"3.0.2","language":"en","enabled_languages":["hu","en"],"languages":{"hu":{"title":true,"content":true,"excerpt":false},"en":{"title":true,"content":true,"excerpt":false}}},"acf":{"old_id":"9043","rovid_nev":"Gertr\u00fad Wittinger","katalogus_nev":"Gertr\u00fad Wittinger","kiemelt_kep":{"ID":125421,"id":125421,"title":"Wittinger Gertr\u00fad_N5A1560_kicsi_nyit\u00f3","filename":"Wittinger-Gertrud_N5A1560_kicsi_nyito.jpg","filesize":1452540,"url":"https:\/\/www.filharmonikusok.hu\/wp-content\/uploads\/2025\/10\/Wittinger-Gertrud_N5A1560_kicsi_nyito.jpg","link":"https:\/\/www.filharmonikusok.hu\/en\/artists\/wittinger-gertrud\/wittinger-gertrud_n5a1560_kicsi_nyito\/","alt":"","author":"951582","description":"","caption":"","name":"wittinger-gertrud_n5a1560_kicsi_nyito","status":"inherit","uploaded_to":87404,"date":"2025-10-01 13:02:13","modified":"2025-10-03 11:47:24","menu_order":0,"mime_type":"image\/jpeg","type":"image","subtype":"jpeg","icon":"https:\/\/www.filharmonikusok.hu\/wp-includes\/images\/media\/default.png","width":1334,"height":2000,"sizes":{"thumbnail":"https:\/\/www.filharmonikusok.hu\/wp-content\/uploads\/2025\/10\/Wittinger-Gertrud_N5A1560_kicsi_nyito-150x150.jpg","thumbnail-width":150,"thumbnail-height":150,"medium":"https:\/\/www.filharmonikusok.hu\/wp-content\/uploads\/2025\/10\/Wittinger-Gertrud_N5A1560_kicsi_nyito-200x300.jpg","medium-width":200,"medium-height":300,"medium_large":"https:\/\/www.filharmonikusok.hu\/wp-content\/uploads\/2025\/10\/Wittinger-Gertrud_N5A1560_kicsi_nyito-768x1151.jpg","medium_large-width":640,"medium_large-height":959,"large":"https:\/\/www.filharmonikusok.hu\/wp-content\/uploads\/2025\/10\/Wittinger-Gertrud_N5A1560_kicsi_nyito-683x1024.jpg","large-width":640,"large-height":960,"1536x1536":"https:\/\/www.filharmonikusok.hu\/wp-content\/uploads\/2025\/10\/Wittinger-Gertrud_N5A1560_kicsi_nyito-1025x1536.jpg","1536x1536-width":1025,"1536x1536-height":1536,"2048x2048":"https:\/\/www.filharmonikusok.hu\/wp-content\/uploads\/2025\/10\/Wittinger-Gertrud_N5A1560_kicsi_nyito.jpg","2048x2048-width":1334,"2048x2048-height":2000,"person-size":"https:\/\/www.filharmonikusok.hu\/wp-content\/uploads\/2025\/10\/Wittinger-Gertrud_N5A1560_kicsi_nyito-165x165.jpg","person-size-width":165,"person-size-height":165,"person-size-2":"https:\/\/www.filharmonikusok.hu\/wp-content\/uploads\/2025\/10\/Wittinger-Gertrud_N5A1560_kicsi_nyito-165x220.jpg","person-size-2-width":165,"person-size-2-height":220,"album-size":"https:\/\/www.filharmonikusok.hu\/wp-content\/uploads\/2025\/10\/Wittinger-Gertrud_N5A1560_kicsi_nyito-263x263.jpg","album-size-width":263,"album-size-height":263,"news-lead-size":"https:\/\/www.filharmonikusok.hu\/wp-content\/uploads\/2025\/10\/Wittinger-Gertrud_N5A1560_kicsi_nyito-360x203.jpg","news-lead-size-width":360,"news-lead-size-height":203,"director-index-size":"https:\/\/www.filharmonikusok.hu\/wp-content\/uploads\/2025\/10\/Wittinger-Gertrud_N5A1560_kicsi_nyito-359x450.jpg","director-index-size-width":359,"director-index-size-height":450,"person-lead-size":"https:\/\/www.filharmonikusok.hu\/wp-content\/uploads\/2025\/10\/Wittinger-Gertrud_N5A1560_kicsi_nyito-555x555.jpg","person-lead-size-width":555,"person-lead-size-height":555,"slider-size":"https:\/\/www.filharmonikusok.hu\/wp-content\/uploads\/2025\/10\/Wittinger-Gertrud_N5A1560_kicsi_nyito-1334x722.jpg","slider-size-width":1334,"slider-size-height":722}},"bevezeto_szoveg":"<p>After completing my voice studies at the music academies of Budapest and Vienna, I sang for years as a soloist. In January of 2017, I joined the Hungarian National Choir, where we work on a daily basis with a range of music significantly wider than my repertoire as a soloist.<br \/>\nThe difficult aspects of singing in a choir \u2013 constantly mastering new composers, styles, languages and even singing techniques at short notice \u2013 are also the beautiful part about it.<br \/>\nAs a soloist, I never would have encountered Ligeti's Requiem or worked together with the Modern Art Orchestra led by Korn\u00e9l Fekete-Kov\u00e1cs.<br \/>\nSome of my colleagues are true friends, while I see that many others possess hidden treasures, whether it be talent as a poet, translator or simply the ability to make people laugh or to bake marvellous cakes and cookies.<br \/>\nWe look out for each other through good and bad.<\/p>\n","hangszerek":"{:hu}szopr\u00e1n{:}{:en}soprano{:}","szemely_kategoria":"{:hu}\u00e9nekkari tag{:}{:en}chorister{:}","oldal_megjelenes":["enekkari"],"videok":false,"szolamvezeto":false,"kiemeles_menube":false,"szulesi_szabadsagon":false},"publishpress_future_workflow_manual_trigger":{"enabledWorkflows":[]},"_links":{"self":[{"href":"https:\/\/www.filharmonikusok.hu\/en\/wp-json\/wp\/v2\/artists\/87404","targetHints":{"allow":["GET"]}}],"collection":[{"href":"https:\/\/www.filharmonikusok.hu\/en\/wp-json\/wp\/v2\/artists"}],"about":[{"href":"https:\/\/www.filharmonikusok.hu\/en\/wp-json\/wp\/v2\/types\/artists"}],"wp:attachment":[{"href":"https:\/\/www.filharmonikusok.hu\/en\/wp-json\/wp\/v2\/media?parent=87404"}],"curies":[{"name":"wp","href":"https:\/\/api.w.org\/{rel}","templated":true}]}}