{"id":86254,"date":"2019-11-07T09:49:20","date_gmt":"2019-11-07T09:49:20","guid":{"rendered":"http:\/\/www.filharmonikusok.hu\/?post_type=artists&#038;p=86254"},"modified":"2020-07-21T10:12:29","modified_gmt":"2020-07-21T10:12:29","slug":"boncser-gergely","status":"publish","type":"artists","link":"https:\/\/www.filharmonikusok.hu\/en\/artists\/boncser-gergely\/","title":{"rendered":"Gergely Boncs\u00e9r"},"content":{"rendered":"<p>He won first prize in the Ferenc Leh\u00e1r International Singing Competition in 2010, and he also took third prize at the Andrzej Hiolski Singing Competition in 2012. He sang his first role in Szeged, appearing as Rodolfo in Puccini\u2019s <em>La boh<\/em><strong><em>\u00e8<\/em><\/strong><em>me<\/em>. He has sung many other roles since then, including Lensky, Gabriele Adorno and Des Grieux.<\/p>\n","protected":false},"menu_order":0,"template":"","class_list":["post-86254","artists","type-artists","status-publish","hentry"],"translation":{"provider":"WPGlobus","version":"3.0.2","language":"en","enabled_languages":["hu","en"],"languages":{"hu":{"title":true,"content":true,"excerpt":false},"en":{"title":true,"content":true,"excerpt":false}}},"acf":{"old_id":"845","rovid_nev":"Gergely, Boncs\u00e9r","katalogus_nev":"Gergely, Boncs\u00e9r","kiemelt_kep":{"ID":115466,"id":115466,"title":"Boncse\u2560\u00fcr Gergely 555x555 1","filename":"Boncse\u2560\u00fcr-Gergely-555x555-1.jpg","filesize":170134,"url":"https:\/\/www.filharmonikusok.hu\/wp-content\/uploads\/2019\/11\/Boncse\u2560\u00fcr-Gergely-555x555-1.jpg","link":"https:\/\/www.filharmonikusok.hu\/en\/artists\/boncser-gergely\/boncse%e2%95%a0ur-gergely-555x555-1\/","alt":"","author":"951590","description":"","caption":"","name":"boncse%e2%95%a0ur-gergely-555x555-1","status":"inherit","uploaded_to":86254,"date":"2020-07-21 10:11:57","modified":"2020-07-21 10:11:57","menu_order":0,"mime_type":"image\/jpeg","type":"image","subtype":"jpeg","icon":"https:\/\/www.filharmonikusok.hu\/wp-includes\/images\/media\/default.png","width":555,"height":555,"sizes":{"thumbnail":"https:\/\/www.filharmonikusok.hu\/wp-content\/uploads\/2019\/11\/Boncse\u2560\u00fcr-Gergely-555x555-1-150x150.jpg","thumbnail-width":150,"thumbnail-height":150,"medium":"https:\/\/www.filharmonikusok.hu\/wp-content\/uploads\/2019\/11\/Boncse\u2560\u00fcr-Gergely-555x555-1-300x300.jpg","medium-width":300,"medium-height":300,"medium_large":"https:\/\/www.filharmonikusok.hu\/wp-content\/uploads\/2019\/11\/Boncse\u2560\u00fcr-Gergely-555x555-1.jpg","medium_large-width":555,"medium_large-height":555,"large":"https:\/\/www.filharmonikusok.hu\/wp-content\/uploads\/2019\/11\/Boncse\u2560\u00fcr-Gergely-555x555-1.jpg","large-width":555,"large-height":555,"1536x1536":"https:\/\/www.filharmonikusok.hu\/wp-content\/uploads\/2019\/11\/Boncse\u2560\u00fcr-Gergely-555x555-1.jpg","1536x1536-width":555,"1536x1536-height":555,"2048x2048":"https:\/\/www.filharmonikusok.hu\/wp-content\/uploads\/2019\/11\/Boncse\u2560\u00fcr-Gergely-555x555-1.jpg","2048x2048-width":555,"2048x2048-height":555,"person-size":"https:\/\/www.filharmonikusok.hu\/wp-content\/uploads\/2019\/11\/Boncse\u2560\u00fcr-Gergely-555x555-1-165x165.jpg","person-size-width":165,"person-size-height":165,"person-size-2":"https:\/\/www.filharmonikusok.hu\/wp-content\/uploads\/2019\/11\/Boncse\u2560\u00fcr-Gergely-555x555-1-165x220.jpg","person-size-2-width":165,"person-size-2-height":220,"album-size":"https:\/\/www.filharmonikusok.hu\/wp-content\/uploads\/2019\/11\/Boncse\u2560\u00fcr-Gergely-555x555-1-263x263.jpg","album-size-width":263,"album-size-height":263,"news-lead-size":"https:\/\/www.filharmonikusok.hu\/wp-content\/uploads\/2019\/11\/Boncse\u2560\u00fcr-Gergely-555x555-1-360x203.jpg","news-lead-size-width":360,"news-lead-size-height":203,"director-index-size":"https:\/\/www.filharmonikusok.hu\/wp-content\/uploads\/2019\/11\/Boncse\u2560\u00fcr-Gergely-555x555-1-359x450.jpg","director-index-size-width":359,"director-index-size-height":450,"person-lead-size":"https:\/\/www.filharmonikusok.hu\/wp-content\/uploads\/2019\/11\/Boncse\u2560\u00fcr-Gergely-555x555-1-555x555.jpg","person-lead-size-width":555,"person-lead-size-height":555,"slider-size":"https:\/\/www.filharmonikusok.hu\/wp-content\/uploads\/2019\/11\/Boncse\u2560\u00fcr-Gergely-555x555-1.jpg","slider-size-width":555,"slider-size-height":555}},"bevezeto_szoveg":"<p>Gergely Boncs\u00e9r he signed with the Hungarian State Opera as a soloist in 2008 and has been a member of the Budapest Operetta Theatre since 2009 as well.<\/p>\n","hangszerek":"{:hu}tenor{:}{:en}tenor{:}","szemely_kategoria":"{:hu}vend\u00e9gm\u0171v\u00e9sz{:}{:en}guest artist{:}","oldal_megjelenes":[],"videok":false,"szolamvezeto":false,"kiemeles_menube":false,"szulesi_szabadsagon":false},"publishpress_future_workflow_manual_trigger":{"enabledWorkflows":[]},"_links":{"self":[{"href":"https:\/\/www.filharmonikusok.hu\/en\/wp-json\/wp\/v2\/artists\/86254","targetHints":{"allow":["GET"]}}],"collection":[{"href":"https:\/\/www.filharmonikusok.hu\/en\/wp-json\/wp\/v2\/artists"}],"about":[{"href":"https:\/\/www.filharmonikusok.hu\/en\/wp-json\/wp\/v2\/types\/artists"}],"wp:attachment":[{"href":"https:\/\/www.filharmonikusok.hu\/en\/wp-json\/wp\/v2\/media?parent=86254"}],"curies":[{"name":"wp","href":"https:\/\/api.w.org\/{rel}","templated":true}]}}