{"id":122306,"date":"2023-08-31T14:43:37","date_gmt":"2023-08-31T14:43:37","guid":{"rendered":"https:\/\/www.filharmonikusok.hu\/?post_type=artists&#038;p=122306"},"modified":"2026-03-18T10:06:38","modified_gmt":"2026-03-18T10:06:38","slug":"nagy-anna-sara","status":"publish","type":"artists","link":"https:\/\/www.filharmonikusok.hu\/en\/artists\/nagy-anna-sara\/","title":{"rendered":"Panka Nagy"},"content":{"rendered":"<p>Panka Nagy\u00a0began her musical studies by playing the violin and simultaneously learned folk singing at the \u00d3buda Folk Music School. At the age of 10, she became a<\/p>\n<p>member of the Hungarian Radio Children\u2019s Choir and later graduated from the Szent\u00a0Istv\u00e1n Kir\u00e1ly Music Secondary School with a focus on solf\u00e8ge-music theory and vocal<\/p>\n<p>performance. Since 2021, she has been a member of the Purcell Choir, led by\u00a0Gy\u00f6rgy Vashegyi, and she has sung with the Collegium Vocale Gent under the<\/p>\n<p>direction of Philippe Herreweghe since 2025. As a soloist, she has collaborated on\u00a0several occasions with the Budapest Bach Consort and the Myzla Ensemble. Early<\/p>\n<p>music and singing in chamber ensembles are particularly close to her heart, which\u00a0she has demonstrated to audiences in various formations as a recurring performer at<\/p>\n<p>the Veszpr\u00e9m Early Music Days. She has been a member of the soprano section of\u00a0the National Choir since September 2023.<\/p>\n","protected":false},"menu_order":0,"template":"","class_list":["post-122306","artists","type-artists","status-publish","hentry"],"translation":{"provider":"WPGlobus","version":"3.0.2","language":"en","enabled_languages":["hu","en"],"languages":{"hu":{"title":true,"content":true,"excerpt":false},"en":{"title":true,"content":true,"excerpt":false}}},"acf":{"bevezeto_szoveg":"<p>\u201cIt is only possible to sing when the heart also bursts into song.\u201d<br \/>\nMikl\u00f3s Radn\u00f3ti<\/p>\n","rovid_nev":"S\u00e1ra Nagy Anna ","katalogus_nev":"S\u00e1ra Nagy Anna","hangszerek":"{:hu}szopr\u00e1n{:}{:en}soprano{:}","szemely_kategoria":"{:hu}\u00e9nekkari tag{:}{:en}chorister{:}","oldal_megjelenes":["enekkari"],"kiemelt_kep":{"ID":125531,"id":125531,"title":"Nagy Anna S\u00e1ra_N5A7708_kicsi_nyit\u00f3","filename":"Nagy-Anna-Sara_N5A7708_kicsi_nyito.jpg","filesize":1219374,"url":"https:\/\/www.filharmonikusok.hu\/wp-content\/uploads\/2025\/10\/Nagy-Anna-Sara_N5A7708_kicsi_nyito.jpg","link":"https:\/\/www.filharmonikusok.hu\/en\/artists\/nagy-anna-sara\/nagy-anna-sara_n5a7708_kicsi_nyito\/","alt":"","author":"951582","description":"","caption":"","name":"nagy-anna-sara_n5a7708_kicsi_nyito","status":"inherit","uploaded_to":122306,"date":"2025-10-03 09:29:02","modified":"2025-10-06 11:33:28","menu_order":0,"mime_type":"image\/jpeg","type":"image","subtype":"jpeg","icon":"https:\/\/www.filharmonikusok.hu\/wp-includes\/images\/media\/default.png","width":1668,"height":2500,"sizes":{"thumbnail":"https:\/\/www.filharmonikusok.hu\/wp-content\/uploads\/2025\/10\/Nagy-Anna-Sara_N5A7708_kicsi_nyito-150x150.jpg","thumbnail-width":150,"thumbnail-height":150,"medium":"https:\/\/www.filharmonikusok.hu\/wp-content\/uploads\/2025\/10\/Nagy-Anna-Sara_N5A7708_kicsi_nyito-200x300.jpg","medium-width":200,"medium-height":300,"medium_large":"https:\/\/www.filharmonikusok.hu\/wp-content\/uploads\/2025\/10\/Nagy-Anna-Sara_N5A7708_kicsi_nyito-768x1151.jpg","medium_large-width":640,"medium_large-height":959,"large":"https:\/\/www.filharmonikusok.hu\/wp-content\/uploads\/2025\/10\/Nagy-Anna-Sara_N5A7708_kicsi_nyito-683x1024.jpg","large-width":640,"large-height":960,"1536x1536":"https:\/\/www.filharmonikusok.hu\/wp-content\/uploads\/2025\/10\/Nagy-Anna-Sara_N5A7708_kicsi_nyito-1025x1536.jpg","1536x1536-width":1025,"1536x1536-height":1536,"2048x2048":"https:\/\/www.filharmonikusok.hu\/wp-content\/uploads\/2025\/10\/Nagy-Anna-Sara_N5A7708_kicsi_nyito-1366x2048.jpg","2048x2048-width":1366,"2048x2048-height":2048,"person-size":"https:\/\/www.filharmonikusok.hu\/wp-content\/uploads\/2025\/10\/Nagy-Anna-Sara_N5A7708_kicsi_nyito-165x165.jpg","person-size-width":165,"person-size-height":165,"person-size-2":"https:\/\/www.filharmonikusok.hu\/wp-content\/uploads\/2025\/10\/Nagy-Anna-Sara_N5A7708_kicsi_nyito-165x220.jpg","person-size-2-width":165,"person-size-2-height":220,"album-size":"https:\/\/www.filharmonikusok.hu\/wp-content\/uploads\/2025\/10\/Nagy-Anna-Sara_N5A7708_kicsi_nyito-263x263.jpg","album-size-width":263,"album-size-height":263,"news-lead-size":"https:\/\/www.filharmonikusok.hu\/wp-content\/uploads\/2025\/10\/Nagy-Anna-Sara_N5A7708_kicsi_nyito-360x203.jpg","news-lead-size-width":360,"news-lead-size-height":203,"director-index-size":"https:\/\/www.filharmonikusok.hu\/wp-content\/uploads\/2025\/10\/Nagy-Anna-Sara_N5A7708_kicsi_nyito-359x450.jpg","director-index-size-width":359,"director-index-size-height":450,"person-lead-size":"https:\/\/www.filharmonikusok.hu\/wp-content\/uploads\/2025\/10\/Nagy-Anna-Sara_N5A7708_kicsi_nyito-555x555.jpg","person-lead-size-width":555,"person-lead-size-height":555,"slider-size":"https:\/\/www.filharmonikusok.hu\/wp-content\/uploads\/2025\/10\/Nagy-Anna-Sara_N5A7708_kicsi_nyito-1600x722.jpg","slider-size-width":1600,"slider-size-height":722}},"videok":false,"galeria":[{"ID":125531,"id":125531,"title":"Nagy Anna S\u00e1ra_N5A7708_kicsi_nyit\u00f3","filename":"Nagy-Anna-Sara_N5A7708_kicsi_nyito.jpg","filesize":1219374,"url":"https:\/\/www.filharmonikusok.hu\/wp-content\/uploads\/2025\/10\/Nagy-Anna-Sara_N5A7708_kicsi_nyito.jpg","link":"https:\/\/www.filharmonikusok.hu\/en\/artists\/nagy-anna-sara\/nagy-anna-sara_n5a7708_kicsi_nyito\/","alt":"","author":"951582","description":"","caption":"","name":"nagy-anna-sara_n5a7708_kicsi_nyito","status":"inherit","uploaded_to":122306,"date":"2025-10-03 09:29:02","modified":"2025-10-06 11:33:28","menu_order":0,"mime_type":"image\/jpeg","type":"image","subtype":"jpeg","icon":"https:\/\/www.filharmonikusok.hu\/wp-includes\/images\/media\/default.png","width":1668,"height":2500,"sizes":{"thumbnail":"https:\/\/www.filharmonikusok.hu\/wp-content\/uploads\/2025\/10\/Nagy-Anna-Sara_N5A7708_kicsi_nyito-150x150.jpg","thumbnail-width":150,"thumbnail-height":150,"medium":"https:\/\/www.filharmonikusok.hu\/wp-content\/uploads\/2025\/10\/Nagy-Anna-Sara_N5A7708_kicsi_nyito-200x300.jpg","medium-width":200,"medium-height":300,"medium_large":"https:\/\/www.filharmonikusok.hu\/wp-content\/uploads\/2025\/10\/Nagy-Anna-Sara_N5A7708_kicsi_nyito-768x1151.jpg","medium_large-width":640,"medium_large-height":959,"large":"https:\/\/www.filharmonikusok.hu\/wp-content\/uploads\/2025\/10\/Nagy-Anna-Sara_N5A7708_kicsi_nyito-683x1024.jpg","large-width":640,"large-height":960,"1536x1536":"https:\/\/www.filharmonikusok.hu\/wp-content\/uploads\/2025\/10\/Nagy-Anna-Sara_N5A7708_kicsi_nyito-1025x1536.jpg","1536x1536-width":1025,"1536x1536-height":1536,"2048x2048":"https:\/\/www.filharmonikusok.hu\/wp-content\/uploads\/2025\/10\/Nagy-Anna-Sara_N5A7708_kicsi_nyito-1366x2048.jpg","2048x2048-width":1366,"2048x2048-height":2048,"person-size":"https:\/\/www.filharmonikusok.hu\/wp-content\/uploads\/2025\/10\/Nagy-Anna-Sara_N5A7708_kicsi_nyito-165x165.jpg","person-size-width":165,"person-size-height":165,"person-size-2":"https:\/\/www.filharmonikusok.hu\/wp-content\/uploads\/2025\/10\/Nagy-Anna-Sara_N5A7708_kicsi_nyito-165x220.jpg","person-size-2-width":165,"person-size-2-height":220,"album-size":"https:\/\/www.filharmonikusok.hu\/wp-content\/uploads\/2025\/10\/Nagy-Anna-Sara_N5A7708_kicsi_nyito-263x263.jpg","album-size-width":263,"album-size-height":263,"news-lead-size":"https:\/\/www.filharmonikusok.hu\/wp-content\/uploads\/2025\/10\/Nagy-Anna-Sara_N5A7708_kicsi_nyito-360x203.jpg","news-lead-size-width":360,"news-lead-size-height":203,"director-index-size":"https:\/\/www.filharmonikusok.hu\/wp-content\/uploads\/2025\/10\/Nagy-Anna-Sara_N5A7708_kicsi_nyito-359x450.jpg","director-index-size-width":359,"director-index-size-height":450,"person-lead-size":"https:\/\/www.filharmonikusok.hu\/wp-content\/uploads\/2025\/10\/Nagy-Anna-Sara_N5A7708_kicsi_nyito-555x555.jpg","person-lead-size-width":555,"person-lead-size-height":555,"slider-size":"https:\/\/www.filharmonikusok.hu\/wp-content\/uploads\/2025\/10\/Nagy-Anna-Sara_N5A7708_kicsi_nyito-1600x722.jpg","slider-size-width":1600,"slider-size-height":722}},{"ID":125533,"id":125533,"title":"Nagy Anna S\u00e1ra_N5A7761_kicsi_honlap 2","filename":"Nagy-Anna-Sara_N5A7761_kicsi_honlap-2.jpg","filesize":2036572,"url":"https:\/\/www.filharmonikusok.hu\/wp-content\/uploads\/2025\/10\/Nagy-Anna-Sara_N5A7761_kicsi_honlap-2.jpg","link":"https:\/\/www.filharmonikusok.hu\/en\/nagy-anna-sara_n5a7761_kicsi_honlap-2\/","alt":"","author":"951582","description":"","caption":"","name":"nagy-anna-sara_n5a7761_kicsi_honlap-2","status":"inherit","uploaded_to":0,"date":"2025-10-03 09:29:34","modified":"2025-10-03 09:29:34","menu_order":0,"mime_type":"image\/jpeg","type":"image","subtype":"jpeg","icon":"https:\/\/www.filharmonikusok.hu\/wp-includes\/images\/media\/default.png","width":2500,"height":1668,"sizes":{"thumbnail":"https:\/\/www.filharmonikusok.hu\/wp-content\/uploads\/2025\/10\/Nagy-Anna-Sara_N5A7761_kicsi_honlap-2-150x150.jpg","thumbnail-width":150,"thumbnail-height":150,"medium":"https:\/\/www.filharmonikusok.hu\/wp-content\/uploads\/2025\/10\/Nagy-Anna-Sara_N5A7761_kicsi_honlap-2-300x200.jpg","medium-width":300,"medium-height":200,"medium_large":"https:\/\/www.filharmonikusok.hu\/wp-content\/uploads\/2025\/10\/Nagy-Anna-Sara_N5A7761_kicsi_honlap-2-768x512.jpg","medium_large-width":640,"medium_large-height":427,"large":"https:\/\/www.filharmonikusok.hu\/wp-content\/uploads\/2025\/10\/Nagy-Anna-Sara_N5A7761_kicsi_honlap-2-1024x683.jpg","large-width":640,"large-height":427,"1536x1536":"https:\/\/www.filharmonikusok.hu\/wp-content\/uploads\/2025\/10\/Nagy-Anna-Sara_N5A7761_kicsi_honlap-2-1536x1025.jpg","1536x1536-width":1536,"1536x1536-height":1025,"2048x2048":"https:\/\/www.filharmonikusok.hu\/wp-content\/uploads\/2025\/10\/Nagy-Anna-Sara_N5A7761_kicsi_honlap-2-2048x1366.jpg","2048x2048-width":2048,"2048x2048-height":1366,"person-size":"https:\/\/www.filharmonikusok.hu\/wp-content\/uploads\/2025\/10\/Nagy-Anna-Sara_N5A7761_kicsi_honlap-2-165x165.jpg","person-size-width":165,"person-size-height":165,"person-size-2":"https:\/\/www.filharmonikusok.hu\/wp-content\/uploads\/2025\/10\/Nagy-Anna-Sara_N5A7761_kicsi_honlap-2-165x220.jpg","person-size-2-width":165,"person-size-2-height":220,"album-size":"https:\/\/www.filharmonikusok.hu\/wp-content\/uploads\/2025\/10\/Nagy-Anna-Sara_N5A7761_kicsi_honlap-2-263x263.jpg","album-size-width":263,"album-size-height":263,"news-lead-size":"https:\/\/www.filharmonikusok.hu\/wp-content\/uploads\/2025\/10\/Nagy-Anna-Sara_N5A7761_kicsi_honlap-2-360x203.jpg","news-lead-size-width":360,"news-lead-size-height":203,"director-index-size":"https:\/\/www.filharmonikusok.hu\/wp-content\/uploads\/2025\/10\/Nagy-Anna-Sara_N5A7761_kicsi_honlap-2-359x450.jpg","director-index-size-width":359,"director-index-size-height":450,"person-lead-size":"https:\/\/www.filharmonikusok.hu\/wp-content\/uploads\/2025\/10\/Nagy-Anna-Sara_N5A7761_kicsi_honlap-2-555x555.jpg","person-lead-size-width":555,"person-lead-size-height":555,"slider-size":"https:\/\/www.filharmonikusok.hu\/wp-content\/uploads\/2025\/10\/Nagy-Anna-Sara_N5A7761_kicsi_honlap-2-1600x722.jpg","slider-size-width":1600,"slider-size-height":722}},{"ID":125532,"id":125532,"title":"Nagy Anna S\u00e1ra_N5A7715_kicsi_f\u00fczet","filename":"Nagy-Anna-Sara_N5A7715_kicsi_fuzet.jpg","filesize":1179630,"url":"https:\/\/www.filharmonikusok.hu\/wp-content\/uploads\/2025\/10\/Nagy-Anna-Sara_N5A7715_kicsi_fuzet.jpg","link":"https:\/\/www.filharmonikusok.hu\/en\/nagy-anna-sara_n5a7715_kicsi_fuzet\/","alt":"","author":"951582","description":"","caption":"","name":"nagy-anna-sara_n5a7715_kicsi_fuzet","status":"inherit","uploaded_to":0,"date":"2025-10-03 09:29:19","modified":"2025-10-03 09:29:19","menu_order":0,"mime_type":"image\/jpeg","type":"image","subtype":"jpeg","icon":"https:\/\/www.filharmonikusok.hu\/wp-includes\/images\/media\/default.png","width":1668,"height":2500,"sizes":{"thumbnail":"https:\/\/www.filharmonikusok.hu\/wp-content\/uploads\/2025\/10\/Nagy-Anna-Sara_N5A7715_kicsi_fuzet-150x150.jpg","thumbnail-width":150,"thumbnail-height":150,"medium":"https:\/\/www.filharmonikusok.hu\/wp-content\/uploads\/2025\/10\/Nagy-Anna-Sara_N5A7715_kicsi_fuzet-200x300.jpg","medium-width":200,"medium-height":300,"medium_large":"https:\/\/www.filharmonikusok.hu\/wp-content\/uploads\/2025\/10\/Nagy-Anna-Sara_N5A7715_kicsi_fuzet-768x1151.jpg","medium_large-width":640,"medium_large-height":959,"large":"https:\/\/www.filharmonikusok.hu\/wp-content\/uploads\/2025\/10\/Nagy-Anna-Sara_N5A7715_kicsi_fuzet-683x1024.jpg","large-width":640,"large-height":960,"1536x1536":"https:\/\/www.filharmonikusok.hu\/wp-content\/uploads\/2025\/10\/Nagy-Anna-Sara_N5A7715_kicsi_fuzet-1025x1536.jpg","1536x1536-width":1025,"1536x1536-height":1536,"2048x2048":"https:\/\/www.filharmonikusok.hu\/wp-content\/uploads\/2025\/10\/Nagy-Anna-Sara_N5A7715_kicsi_fuzet-1366x2048.jpg","2048x2048-width":1366,"2048x2048-height":2048,"person-size":"https:\/\/www.filharmonikusok.hu\/wp-content\/uploads\/2025\/10\/Nagy-Anna-Sara_N5A7715_kicsi_fuzet-165x165.jpg","person-size-width":165,"person-size-height":165,"person-size-2":"https:\/\/www.filharmonikusok.hu\/wp-content\/uploads\/2025\/10\/Nagy-Anna-Sara_N5A7715_kicsi_fuzet-165x220.jpg","person-size-2-width":165,"person-size-2-height":220,"album-size":"https:\/\/www.filharmonikusok.hu\/wp-content\/uploads\/2025\/10\/Nagy-Anna-Sara_N5A7715_kicsi_fuzet-263x263.jpg","album-size-width":263,"album-size-height":263,"news-lead-size":"https:\/\/www.filharmonikusok.hu\/wp-content\/uploads\/2025\/10\/Nagy-Anna-Sara_N5A7715_kicsi_fuzet-360x203.jpg","news-lead-size-width":360,"news-lead-size-height":203,"director-index-size":"https:\/\/www.filharmonikusok.hu\/wp-content\/uploads\/2025\/10\/Nagy-Anna-Sara_N5A7715_kicsi_fuzet-359x450.jpg","director-index-size-width":359,"director-index-size-height":450,"person-lead-size":"https:\/\/www.filharmonikusok.hu\/wp-content\/uploads\/2025\/10\/Nagy-Anna-Sara_N5A7715_kicsi_fuzet-555x555.jpg","person-lead-size-width":555,"person-lead-size-height":555,"slider-size":"https:\/\/www.filharmonikusok.hu\/wp-content\/uploads\/2025\/10\/Nagy-Anna-Sara_N5A7715_kicsi_fuzet-1600x722.jpg","slider-size-width":1600,"slider-size-height":722}}],"szolamvezeto":false,"szulesi_szabadsagon":false,"kiemeles_menube":false,"old_id":""},"publishpress_future_workflow_manual_trigger":{"enabledWorkflows":[]},"_links":{"self":[{"href":"https:\/\/www.filharmonikusok.hu\/en\/wp-json\/wp\/v2\/artists\/122306","targetHints":{"allow":["GET"]}}],"collection":[{"href":"https:\/\/www.filharmonikusok.hu\/en\/wp-json\/wp\/v2\/artists"}],"about":[{"href":"https:\/\/www.filharmonikusok.hu\/en\/wp-json\/wp\/v2\/types\/artists"}],"wp:attachment":[{"href":"https:\/\/www.filharmonikusok.hu\/en\/wp-json\/wp\/v2\/media?parent=122306"}],"curies":[{"name":"wp","href":"https:\/\/api.w.org\/{rel}","templated":true}]}}